{"id":48330,"date":"2026-01-26T15:28:20","date_gmt":"2026-01-26T14:28:20","guid":{"rendered":"https:\/\/arbejdermuseet.dk\/?post_type=standout_event&#038;p=48330"},"modified":"2026-01-29T06:59:32","modified_gmt":"2026-01-29T05:59:32","slug":"sing-along-and-peoples-kitchen-2","status":"publish","type":"standout_event","link":"https:\/\/arbejdermuseet.dk\/en\/event\/sing-along-and-peoples-kitchen-2\/","title":{"rendered":"Sing-along and People&#8217;s Kitchen"},"content":{"rendered":"\r\n\r\n<section class=\"standout-section standout-block standout-basic is-aligned alignwide\" data-block-id=\"block_947722eec3dea7d65e70a7f3e8a890a2\" style=\"--block-background-color: transparent; --block-text-color: inherit; --standout-block-gap: var(--gap-m);\">\r\n\r\n\t<div class=\"standout-max-container\">\t\r\n\r\n<div class=\"standout-block-inner\">\r\n\t\r\n\t\t\t<div class=\"acf-innerblocks-container\">\n\n\n\n\n\n<h4 class=\"wp-block-heading\"><strong>Harald Bergstedt &#8211; Poet gone astray<\/strong><\/h4>\n\n\n\n<p>Historian Mikkel Skvovgaard Petersen, who will also set the tone on the piano, is behind the evening&#8217;s historical feature. The evening&#8217;s host is event manager Josefine Albris.<\/p>\n\n\n\n<p>Can a song be silenced or banned? We revisit some moral considerations around some of our song heritage&#8217;s most treasured songs. These include Solen er s\u00e5 r\u00f8d mor, Jeg ved en l\u00e6rkerede and Danmarks b\u00f8rn lad sangen klinge. The author of these songs was one of the greatest lyricists of the labor movement throughout the 20s and 30s and a standard-bearer for the workers&#8217; song. But Harald Bergstedt made a fateful choice and supported Nazi ideology with his journalistic agitation in the early 40s.<\/p>\n\n\n\n<p>The war was followed by imprisonment and loss of civil rights. And DR, for example, was banned from playing his songs until 1963. But that wasn&#8217;t enough to take the songs out of children&#8217;s rooms.<\/p>\n\n\n\n<p>Come and sing along to his famous songs and learn more about what really happened back then and afterwards.<\/p>\n\n\n\n<h4 class=\"wp-block-heading\">The people&#8217;s kitchen<\/h4>\n\n\n\n<p>The menu is on its way. Vegetarian version can be ordered by email to kokken@cafeogoelhalle.dk <a href=\"mailto:kokken@cafeogoelhalle.dk\">no later than<\/a> 6 days before the event.<\/p>\n\n\n\n<div style=\"height:20px\" aria-hidden=\"true\" class=\"wp-block-spacer\"><\/div>\n\n\n\n<div class=\"wp-block-buttons is-layout-flex wp-block-buttons-is-layout-flex\">\n<div class=\"wp-block-button is-style-standout-primary\"><span class=\"btn_wrapper\"><a class=\"wp-block-button__link wp-element-button\" href=\"https:\/\/billet.arbejdermuseet.dk\/arrangement?e=pkS6HQ4iiN6XiSPsgTKT\">Buy a ticket<svg class=\"icon_flag\" width=\"16\" height=\"18\" viewBox=\"0 0 16 18\" fill=\"none\" xmlns=\"http:\/\/www.w3.org\/2000\/svg\"><path d=\"M13.468 2.67599L13.141 2.88681C13.1281 2.89542 11.9019 3.67846 10.9137 3.5752C10.6413 2.48669 10.3487 1.52007 10.0991 1.09986C9.50397 0.093091 8.3294 -0.243934 6.87661 0.177706C6.35745 0.328291 5.80387 0.711209 5.1628 1.15436C4.35968 1.70938 3.45043 2.33753 2.47521 2.56843C1.64771 2.77495 0.54628 2.23284 0.536241 2.2271C0.467402 2.20129 0.389958 2.19268 0.31108 2.20846C0.0988258 2.25435 -0.0359841 2.4623 0.00847448 2.67456L3.20806 17.6872C3.24678 17.8722 3.41027 17.9984 3.59098 17.9984C3.61823 17.9984 3.64548 17.9956 3.67272 17.9898C3.88498 17.9439 4.01979 17.736 3.97533 17.5237L2.51537 10.6699C2.6932 10.7287 2.95565 10.7832 3.32136 10.7832C3.54939 10.7832 3.81614 10.7617 4.12735 10.7058C4.77128 10.5911 5.52134 10.1551 6.39044 9.65169C7.28678 9.13109 8.30359 8.54166 9.47529 8.13006C10.5982 7.73567 10.9682 7.93071 11.0744 8.03254C11.2192 8.17165 11.1991 8.40542 11.1848 8.47712C11.1289 8.64349 11.0342 8.7869 10.931 8.94322C10.733 9.24152 10.5093 9.57855 10.6312 10.0762C10.7115 10.4247 10.9682 10.6857 11.3526 10.8105C11.5376 10.8707 11.747 10.8994 11.9736 10.8994C12.8986 10.8994 14.0975 10.4218 14.9752 9.65886L15.1 9.54987L13.4694 2.67312L13.468 2.67599Z\" fill=\"currentcolor\"\/><\/svg><\/a><\/span><\/div>\n<\/div>\n\n\n\n<div style=\"height:61px\" aria-hidden=\"true\" class=\"wp-block-spacer\"><\/div>\n\n\n\n<h4 class=\"wp-block-heading\">History and wish concert<\/h4>\n\n\n\n<p>Join the community as we sing our way through the Labor Songbook. The first set consists of the historical element. In the second set of the evening, it&#8217;s up to the guests to decide which songs to sing from the Workers&#8217; Songbook. A little anecdote about the songs is welcome!<\/p>\n\n\n\n<h4 class=\"wp-block-heading\">The People&#8217;s Kitchen<\/h4>\n\n\n\n<p>After we&#8217;ve sung ourselves happy and warm in the workers&#8217; song traditions, Caf\u00e9 &amp; \u00d8l-Halle serves a favorite from the Danish folk kitchen<\/p>\n\n<\/div>\r\n\t<\/div>\r\n\r\n\r\n\r\n\t\t<\/div>\r\n<\/section>\n\n\r\n\r\n<section class=\"standout-section standout-block standout-related-content is-aligned alignfull off-center-slider has-bg has-bg-color\" data-block-id=\"block_4e3345cabd6e2bcc17962e336827dd08\" style=\"--block-background-color: var(--wp--preset--color--color-4); --block-text-color: inherit;\">\r\n\r\n\t<div class=\"standout-max-container\">\t\r\n\r\n<div class=\"standout-block-inner\">\r\n\t\t\t<div class=\"acf-innerblocks-container\">\n\n<h2 class=\"wp-block-heading\" style=\"text-transform:uppercase\">IF YOU find the topic exciting<\/h2>\n\n\n\r\n\r\n<section class=\"standout-block standout-related-content-inner is-aligned alignfull\" data-block-id=\"block_6e4461fb6d661c4be7739b156a342231\" style=\"--block-background-color: transparent; --block-text-color: inherit;\" data-related-content=\"tag\">\r\n\r\n\t<div class=\"standout-max-container\">\t\r\n\r\n\r\n\r\n<div class=\"standout-block-inner\">\r\n\t\t\t\r\n\r\n<section class=\"standout-section standout-block standout-posts is-aligned alignwide\" data-block-id=\"block_1be3a7e5b2270186063b0f0379935829\" style=\"--block-background-color: transparent; --block-text-color: inherit;\" template=\"02\">\r\n\r\n\t<div class=\"standout-max-container\">\t\r\n\r\n<div class=\"standout-block-inner\">\r\n\t<div class=\"acf-innerblocks-container\">\r\n\t\t\r\n\r\n<section class=\"standout-section standout-block standout-slider is-aligned alignfull has-bg\" data-block-id=\"block_53c5a103ab9b1e35bed7cbe76279df0e\" style=\"--block-background-color: transparent; --block-text-color: inherit; --slider-columns: 4;\" data-columns=\"4\" data-slider=\"{&quot;slidesToShow&quot;:&quot;4&quot;,&quot;slidesToScroll&quot;:&quot;1&quot;,&quot;dots&quot;:&quot;false&quot;,&quot;arrows&quot;:&quot;true&quot;,&quot;adaptiveHeight&quot;:&quot;false&quot;,&quot;autoplay&quot;:&quot;true&quot;,&quot;autoplaySpeed&quot;:&quot;5000&quot;,&quot;speed&quot;:&quot;1000&quot;,&quot;infinite&quot;:&quot;true&quot;,&quot;centerMode&quot;:&quot;false&quot;,&quot;fade&quot;:&quot;false&quot;}\" data-slider-responsive=\"null\">\r\n\r\n\t<div class=\"standout-max-container\">\t\n\n<div class=\"standout-block-inner\" >\n\t\t\t\t\t<div class=\"acf-innerblocks-container is-slick-slider\">\n\t\t\t\r\n\r\n<section class=\"standout-block standout-slide-element is-aligned alignwide\" data-block-id=\"block_fe1302c8bc38f2cde1c9c375b6319d27\" style=\"--block-background-color: transparent; --block-text-color: inherit;\">\r\n\r\n\t\t\r\n\r\n\t<div class=\"acf-innerblocks-container\">\r\n\t\t\r\n<div class=\"post post-loop post-loop-type-page\">\r\n\t\t\t<div class=\"post-thumbnail-wrap\">\r\n\t\t\t\t\t\t\t<img loading=\"lazy\" decoding=\"async\" width=\"1920\" height=\"1280\" src=\"https:\/\/arbejdermuseet.dk\/en\/wp-content\/uploads\/sites\/2\/2025\/12\/bevaeg-1.jpg\" class=\"attachment-post-thumbnail size-post-thumbnail wp-post-image\" alt=\"Bev\u00e6gelsen 1871-2021\" srcset=\"https:\/\/arbejdermuseet.dk\/en\/wp-content\/uploads\/sites\/2\/2025\/12\/bevaeg-1.jpg 1920w, https:\/\/arbejdermuseet.dk\/en\/wp-content\/uploads\/sites\/2\/2025\/12\/bevaeg-1-600x400.jpg 600w, https:\/\/arbejdermuseet.dk\/en\/wp-content\/uploads\/sites\/2\/2025\/12\/bevaeg-1-300x200.jpg 300w, https:\/\/arbejdermuseet.dk\/en\/wp-content\/uploads\/sites\/2\/2025\/12\/bevaeg-1-768x512.jpg 768w, https:\/\/arbejdermuseet.dk\/en\/wp-content\/uploads\/sites\/2\/2025\/12\/bevaeg-1-1536x1024.jpg 1536w, https:\/\/arbejdermuseet.dk\/en\/wp-content\/uploads\/sites\/2\/2025\/12\/bevaeg-1-135x90.jpg 135w, https:\/\/arbejdermuseet.dk\/en\/wp-content\/uploads\/sites\/2\/2025\/12\/bevaeg-1-1200x800.jpg 1200w\" sizes=\"(max-width: 1920px) 100vw, 1920px\" data-copyright=\"\" data-headline=\"Bev\u00e6gelsen 1871-2021\" data-description=\"\"  data-full-url=\"\" \/>\t\t\t\t\t<\/div>\r\n\t\r\n\t\t\t\t<div class=\"post-ancestor-title\">\r\n\t\t\t<span>LABOUR HISTORY<\/span>\r\n\t\t<\/div>\r\n\t\r\n\t<div class=\"post-title-wrap\">\r\n\t\t<span class=\"post-title\">The movement 1871-2021<\/span>\r\n\t<\/div>\r\n\r\n\t<a class=\"post-read-more-link\" href=\"https:\/\/arbejdermuseet.dk\/en\/its-happening\/the-movement-1871-2021\/\">\r\n\t\tRead more <span height=\"1em\" class=\"standout-custom-svg custom-svg\"><svg height=\"1em\" xmlns=\"http:\/\/www.w3.org\/2000\/svg\" viewBox=\"0 0 17 8\" fill=\"none\">\r\n  <path d=\"M9.95456 0L9.5654 0.627408L14.4402 3.631H0V4.36826H14.4402L9.5654 7.37259L9.95456 8L16.4444 3.99963L9.95456 0Z\" fill=\"#B12320\"\/>\r\n<\/svg><\/span>\t<\/a>\r\n<\/div>\r\n\t<\/div>\r\n\r\n\r\n\r\n\t\t\r\n<\/section>\r\n\r\n<section class=\"standout-block standout-slide-element is-aligned alignwide\" data-block-id=\"block_66d4568d8e703bcd1911e2c36848ff1f\" style=\"--block-background-color: transparent; --block-text-color: inherit;\">\r\n\r\n\t<div class=\"standout-max-container\">\t\r\n\r\n\t<div class=\"acf-innerblocks-container\">\r\n\t\t\r\n<div class=\"post post-loop post-loop-type-standout_event\">\r\n\t\t\t<div class=\"post-thumbnail-wrap\">\r\n\t\t\t\t\t\t\t<img loading=\"lazy\" decoding=\"async\" width=\"780\" height=\"408\" src=\"https:\/\/arbejdermuseet.dk\/en\/wp-content\/uploads\/sites\/2\/2026\/01\/faellessang-og-folkets-koekken-2025_1920x1005-780x408-1-1.jpg\" class=\"attachment-post-thumbnail size-post-thumbnail wp-post-image\" alt=\"\" srcset=\"https:\/\/arbejdermuseet.dk\/en\/wp-content\/uploads\/sites\/2\/2026\/01\/faellessang-og-folkets-koekken-2025_1920x1005-780x408-1-1.jpg 780w, https:\/\/arbejdermuseet.dk\/en\/wp-content\/uploads\/sites\/2\/2026\/01\/faellessang-og-folkets-koekken-2025_1920x1005-780x408-1-1-600x314.jpg 600w, https:\/\/arbejdermuseet.dk\/en\/wp-content\/uploads\/sites\/2\/2026\/01\/faellessang-og-folkets-koekken-2025_1920x1005-780x408-1-1-300x157.jpg 300w, https:\/\/arbejdermuseet.dk\/en\/wp-content\/uploads\/sites\/2\/2026\/01\/faellessang-og-folkets-koekken-2025_1920x1005-780x408-1-1-768x402.jpg 768w, https:\/\/arbejdermuseet.dk\/en\/wp-content\/uploads\/sites\/2\/2026\/01\/faellessang-og-folkets-koekken-2025_1920x1005-780x408-1-1-172x90.jpg 172w\" sizes=\"(max-width: 780px) 100vw, 780px\" data-copyright=\"\" data-headline=\"faellessang-og-folkets-koekken-2025_1920x1005-780x408\" data-description=\"\"  data-full-url=\"\" \/>\t\t\t\t\t<\/div>\r\n\t\r\n\t\t\t\t<div class=\"post-ancestor-title\">\r\n\t\t\t<span>EVENTS<\/span>\r\n\t\t<\/div>\r\n\t\r\n\t<div class=\"post-title-wrap\">\r\n\t\t<span class=\"post-title\">Sing-along and People&#8217;s Kitchen<\/span>\r\n\t<\/div>\r\n\r\n\t<a class=\"post-read-more-link\" href=\"https:\/\/arbejdermuseet.dk\/en\/event\/sing-along-and-peoples-kitchen\/\">\r\n\t\tRead more <span height=\"1em\" class=\"standout-custom-svg custom-svg\"><svg height=\"1em\" xmlns=\"http:\/\/www.w3.org\/2000\/svg\" viewBox=\"0 0 17 8\" fill=\"none\">\r\n  <path d=\"M9.95456 0L9.5654 0.627408L14.4402 3.631H0V4.36826H14.4402L9.5654 7.37259L9.95456 8L16.4444 3.99963L9.95456 0Z\" fill=\"#B12320\"\/>\r\n<\/svg><\/span>\t<\/a>\r\n<\/div>\r\n\t<\/div>\r\n\r\n\r\n\r\n\t\t<\/div>\r\n<\/section>\r\n\r\n<section class=\"standout-block standout-slide-element is-aligned alignwide\" data-block-id=\"block_9be75cd27b0f14c075d9f00c08037aa4\" style=\"--block-background-color: transparent; --block-text-color: inherit;\">\r\n\r\n\t<div class=\"standout-max-container\">\t\r\n\r\n\t<div class=\"acf-innerblocks-container\">\r\n\t\t\r\n<div class=\"post post-loop post-loop-type-page\">\r\n\t\t\t<div class=\"post-thumbnail-wrap\">\r\n\t\t\t\t\t\t\t<img loading=\"lazy\" decoding=\"async\" width=\"2560\" height=\"1617\" src=\"https:\/\/arbejdermuseet.dk\/en\/wp-content\/uploads\/sites\/2\/2026\/02\/F20090112007-scaled-1.jpg\" class=\"attachment-post-thumbnail size-post-thumbnail wp-post-image\" alt=\"\" srcset=\"https:\/\/arbejdermuseet.dk\/en\/wp-content\/uploads\/sites\/2\/2026\/02\/F20090112007-scaled-1.jpg 2560w, https:\/\/arbejdermuseet.dk\/en\/wp-content\/uploads\/sites\/2\/2026\/02\/F20090112007-scaled-1-600x379.jpg 600w, https:\/\/arbejdermuseet.dk\/en\/wp-content\/uploads\/sites\/2\/2026\/02\/F20090112007-scaled-1-1920x1213.jpg 1920w, https:\/\/arbejdermuseet.dk\/en\/wp-content\/uploads\/sites\/2\/2026\/02\/F20090112007-scaled-1-300x189.jpg 300w, https:\/\/arbejdermuseet.dk\/en\/wp-content\/uploads\/sites\/2\/2026\/02\/F20090112007-scaled-1-768x485.jpg 768w, https:\/\/arbejdermuseet.dk\/en\/wp-content\/uploads\/sites\/2\/2026\/02\/F20090112007-scaled-1-1536x970.jpg 1536w, https:\/\/arbejdermuseet.dk\/en\/wp-content\/uploads\/sites\/2\/2026\/02\/F20090112007-scaled-1-2048x1294.jpg 2048w, https:\/\/arbejdermuseet.dk\/en\/wp-content\/uploads\/sites\/2\/2026\/02\/F20090112007-scaled-1-142x90.jpg 142w, https:\/\/arbejdermuseet.dk\/en\/wp-content\/uploads\/sites\/2\/2026\/02\/F20090112007-scaled-1-1200x758.jpg 1200w\" sizes=\"(max-width: 2560px) 100vw, 2560px\" data-copyright=\"\" data-headline=\"F20090112007\" data-description=\"\"  data-full-url=\"\" \/>\t\t\t\t\t<\/div>\r\n\t\r\n\t\t\t\t<div class=\"post-ancestor-title\">\r\n\t\t\t<span>LEARN<\/span>\r\n\t\t<\/div>\r\n\t\r\n\t<div class=\"post-title-wrap\">\r\n\t\t<span class=\"post-title\">The right to equal pay<\/span>\r\n\t<\/div>\r\n\r\n\t<a class=\"post-read-more-link\" href=\"https:\/\/arbejdermuseet.dk\/en\/teaching\/digital-learning-tools\/the-right-to-equal-pay\/\">\r\n\t\tRead more <span height=\"1em\" class=\"standout-custom-svg custom-svg\"><svg height=\"1em\" xmlns=\"http:\/\/www.w3.org\/2000\/svg\" viewBox=\"0 0 17 8\" fill=\"none\">\r\n  <path d=\"M9.95456 0L9.5654 0.627408L14.4402 3.631H0V4.36826H14.4402L9.5654 7.37259L9.95456 8L16.4444 3.99963L9.95456 0Z\" fill=\"#B12320\"\/>\r\n<\/svg><\/span>\t<\/a>\r\n<\/div>\r\n\t<\/div>\r\n\r\n\r\n\r\n\t\t<\/div>\r\n<\/section>\r\n\r\n<section class=\"standout-block standout-slide-element is-aligned alignwide\" data-block-id=\"block_9b02f91ca770b56d478f5b7c3e49a06d\" style=\"--block-background-color: transparent; --block-text-color: inherit;\">\r\n\r\n\t<div class=\"standout-max-container\">\t\r\n\r\n\t<div class=\"acf-innerblocks-container\">\r\n\t\t\r\n<div class=\"post post-loop post-loop-type-page\">\r\n\t\t\t<div class=\"post-thumbnail-wrap\">\r\n\t\t\t\t\t\t\t<img loading=\"lazy\" decoding=\"async\" width=\"1414\" height=\"2000\" src=\"https:\/\/arbejdermuseet.dk\/en\/wp-content\/uploads\/sites\/2\/2025\/12\/Arbejderhistorieprisen-Nov2.jpg\" class=\"attachment-post-thumbnail size-post-thumbnail wp-post-image\" alt=\"\" srcset=\"https:\/\/arbejdermuseet.dk\/en\/wp-content\/uploads\/sites\/2\/2025\/12\/Arbejderhistorieprisen-Nov2.jpg 1414w, https:\/\/arbejdermuseet.dk\/en\/wp-content\/uploads\/sites\/2\/2025\/12\/Arbejderhistorieprisen-Nov2-424x600.jpg 424w, https:\/\/arbejdermuseet.dk\/en\/wp-content\/uploads\/sites\/2\/2025\/12\/Arbejderhistorieprisen-Nov2-1357x1920.jpg 1357w, https:\/\/arbejdermuseet.dk\/en\/wp-content\/uploads\/sites\/2\/2025\/12\/Arbejderhistorieprisen-Nov2-212x300.jpg 212w, https:\/\/arbejdermuseet.dk\/en\/wp-content\/uploads\/sites\/2\/2025\/12\/Arbejderhistorieprisen-Nov2-768x1086.jpg 768w, https:\/\/arbejdermuseet.dk\/en\/wp-content\/uploads\/sites\/2\/2025\/12\/Arbejderhistorieprisen-Nov2-1086x1536.jpg 1086w, https:\/\/arbejdermuseet.dk\/en\/wp-content\/uploads\/sites\/2\/2025\/12\/Arbejderhistorieprisen-Nov2-64x90.jpg 64w, https:\/\/arbejdermuseet.dk\/en\/wp-content\/uploads\/sites\/2\/2025\/12\/Arbejderhistorieprisen-Nov2-1200x1697.jpg 1200w\" sizes=\"(max-width: 1414px) 100vw, 1414px\" data-copyright=\"\" data-headline=\"Arbejderhistorieprisen Nov2\" data-description=\"\"  data-full-url=\"\" \/>\t\t\t\t\t<\/div>\r\n\t\r\n\t\t\t\t<div class=\"post-ancestor-title\">\r\n\t\t\t<span>LABOUR HISTORY<\/span>\r\n\t\t<\/div>\r\n\t\r\n\t<div class=\"post-title-wrap\">\r\n\t\t<span class=\"post-title\">Labor History Prize<\/span>\r\n\t<\/div>\r\n\r\n\t<a class=\"post-read-more-link\" href=\"https:\/\/arbejdermuseet.dk\/en\/library-archive\/labor-history-prize\/\">\r\n\t\tRead more <span height=\"1em\" class=\"standout-custom-svg custom-svg\"><svg height=\"1em\" xmlns=\"http:\/\/www.w3.org\/2000\/svg\" viewBox=\"0 0 17 8\" fill=\"none\">\r\n  <path d=\"M9.95456 0L9.5654 0.627408L14.4402 3.631H0V4.36826H14.4402L9.5654 7.37259L9.95456 8L16.4444 3.99963L9.95456 0Z\" fill=\"#B12320\"\/>\r\n<\/svg><\/span>\t<\/a>\r\n<\/div>\r\n\t<\/div>\r\n\r\n\r\n\r\n\t\t<\/div>\r\n<\/section>\r\n\r\n<section class=\"standout-block standout-slide-element is-aligned alignwide\" data-block-id=\"block_f0d6d9094b2ad02ee4f9a217a4b741a0\" style=\"--block-background-color: transparent; --block-text-color: inherit;\">\r\n\r\n\t<div class=\"standout-max-container\">\t\r\n\r\n\t<div class=\"acf-innerblocks-container\">\r\n\t\t\r\n<div class=\"post post-loop post-loop-type-standout_event\">\r\n\t\t\t<div class=\"post-thumbnail-wrap\">\r\n\t\t\t\t\t\t\t<img loading=\"lazy\" decoding=\"async\" width=\"780\" height=\"408\" src=\"https:\/\/arbejdermuseet.dk\/en\/wp-content\/uploads\/sites\/2\/2026\/01\/faellessang-og-folkets-koekken-2025_1920x1005-780x408-1.jpg\" class=\"attachment-post-thumbnail size-post-thumbnail wp-post-image\" alt=\"\" srcset=\"https:\/\/arbejdermuseet.dk\/en\/wp-content\/uploads\/sites\/2\/2026\/01\/faellessang-og-folkets-koekken-2025_1920x1005-780x408-1.jpg 780w, https:\/\/arbejdermuseet.dk\/en\/wp-content\/uploads\/sites\/2\/2026\/01\/faellessang-og-folkets-koekken-2025_1920x1005-780x408-1-600x314.jpg 600w, https:\/\/arbejdermuseet.dk\/en\/wp-content\/uploads\/sites\/2\/2026\/01\/faellessang-og-folkets-koekken-2025_1920x1005-780x408-1-300x157.jpg 300w, https:\/\/arbejdermuseet.dk\/en\/wp-content\/uploads\/sites\/2\/2026\/01\/faellessang-og-folkets-koekken-2025_1920x1005-780x408-1-768x402.jpg 768w, https:\/\/arbejdermuseet.dk\/en\/wp-content\/uploads\/sites\/2\/2026\/01\/faellessang-og-folkets-koekken-2025_1920x1005-780x408-1-172x90.jpg 172w\" sizes=\"(max-width: 780px) 100vw, 780px\" data-copyright=\"\" data-headline=\"faellessang-og-folkets-koekken-2025_1920x1005-780x408\" data-description=\"\"  data-full-url=\"\" \/>\t\t\t\t\t<\/div>\r\n\t\r\n\t\t\t\t<div class=\"post-ancestor-title\">\r\n\t\t\t<span>EVENTS<\/span>\r\n\t\t<\/div>\r\n\t\r\n\t<div class=\"post-title-wrap\">\r\n\t\t<span class=\"post-title\">Sing-along and People&#8217;s Kitchen<\/span>\r\n\t<\/div>\r\n\r\n\t<a class=\"post-read-more-link\" href=\"https:\/\/arbejdermuseet.dk\/en\/event\/sing-along-and-peoples-kitchen-3\/\">\r\n\t\tRead more <span height=\"1em\" class=\"standout-custom-svg custom-svg\"><svg height=\"1em\" xmlns=\"http:\/\/www.w3.org\/2000\/svg\" viewBox=\"0 0 17 8\" fill=\"none\">\r\n  <path d=\"M9.95456 0L9.5654 0.627408L14.4402 3.631H0V4.36826H14.4402L9.5654 7.37259L9.95456 8L16.4444 3.99963L9.95456 0Z\" fill=\"#B12320\"\/>\r\n<\/svg><\/span>\t<\/a>\r\n<\/div>\r\n\t<\/div>\r\n\r\n\r\n\r\n\t\t<\/div>\r\n<\/section>\r\n\r\n<section class=\"standout-block standout-slide-element is-aligned alignwide\" data-block-id=\"block_32411910150897e54d79aa01aadaaa5c\" style=\"--block-background-color: transparent; --block-text-color: inherit;\">\r\n\r\n\t<div class=\"standout-max-container\">\t\r\n\r\n\t<div class=\"acf-innerblocks-container\">\r\n\t\t\r\n<div class=\"post post-loop post-loop-type-page\">\r\n\t\t\t<div class=\"post-thumbnail-wrap\">\r\n\t\t\t\t\t\t\t<img loading=\"lazy\" decoding=\"async\" width=\"2000\" height=\"1000\" src=\"https:\/\/arbejdermuseet.dk\/en\/wp-content\/uploads\/sites\/2\/2026\/02\/banner-drengene_2000x1000px-3.png\" class=\"attachment-post-thumbnail size-post-thumbnail wp-post-image\" alt=\"\" srcset=\"https:\/\/arbejdermuseet.dk\/en\/wp-content\/uploads\/sites\/2\/2026\/02\/banner-drengene_2000x1000px-3.png 2000w, https:\/\/arbejdermuseet.dk\/en\/wp-content\/uploads\/sites\/2\/2026\/02\/banner-drengene_2000x1000px-3-600x300.png 600w, https:\/\/arbejdermuseet.dk\/en\/wp-content\/uploads\/sites\/2\/2026\/02\/banner-drengene_2000x1000px-3-1920x960.png 1920w, https:\/\/arbejdermuseet.dk\/en\/wp-content\/uploads\/sites\/2\/2026\/02\/banner-drengene_2000x1000px-3-300x150.png 300w, https:\/\/arbejdermuseet.dk\/en\/wp-content\/uploads\/sites\/2\/2026\/02\/banner-drengene_2000x1000px-3-768x384.png 768w, https:\/\/arbejdermuseet.dk\/en\/wp-content\/uploads\/sites\/2\/2026\/02\/banner-drengene_2000x1000px-3-1536x768.png 1536w, https:\/\/arbejdermuseet.dk\/en\/wp-content\/uploads\/sites\/2\/2026\/02\/banner-drengene_2000x1000px-3-180x90.png 180w, https:\/\/arbejdermuseet.dk\/en\/wp-content\/uploads\/sites\/2\/2026\/02\/banner-drengene_2000x1000px-3-1200x600.png 1200w\" sizes=\"(max-width: 2000px) 100vw, 2000px\" data-copyright=\"\" data-headline=\"banner-drengene_2000x1000px-3\" data-description=\"\"  data-full-url=\"\" \/>\t\t\t\t\t<\/div>\r\n\t\r\n\t\t\t\t<div class=\"post-ancestor-title\">\r\n\t\t\t<span>LEARN<\/span>\r\n\t\t<\/div>\r\n\t\r\n\t<div class=\"post-title-wrap\">\r\n\t\t<span class=\"post-title\">What about the boys? Gender equality in the classroom<\/span>\r\n\t<\/div>\r\n\r\n\t<a class=\"post-read-more-link\" href=\"https:\/\/arbejdermuseet.dk\/en\/teaching\/digital-learning-tools\/what-about-the-boys-gender-equality-in-the-classroom\/\">\r\n\t\tRead more <span height=\"1em\" class=\"standout-custom-svg custom-svg\"><svg height=\"1em\" xmlns=\"http:\/\/www.w3.org\/2000\/svg\" viewBox=\"0 0 17 8\" fill=\"none\">\r\n  <path d=\"M9.95456 0L9.5654 0.627408L14.4402 3.631H0V4.36826H14.4402L9.5654 7.37259L9.95456 8L16.4444 3.99963L9.95456 0Z\" fill=\"#B12320\"\/>\r\n<\/svg><\/span>\t<\/a>\r\n<\/div>\r\n\t<\/div>\r\n\r\n\r\n\r\n\t\t<\/div>\r\n<\/section>\r\n\r\n<section class=\"standout-block standout-slide-element is-aligned alignwide\" data-block-id=\"block_553d42e8d382a394b3c50e2e27d352b1\" style=\"--block-background-color: transparent; --block-text-color: inherit;\">\r\n\r\n\t<div class=\"standout-max-container\">\t\r\n\r\n\t<div class=\"acf-innerblocks-container\">\r\n\t\t\r\n<div class=\"post post-loop post-loop-type-page\">\r\n\t\t\t<div class=\"post-thumbnail-wrap\">\r\n\t\t\t\t\t\t\t<img loading=\"lazy\" decoding=\"async\" width=\"2000\" height=\"1268\" src=\"https:\/\/arbejdermuseet.dk\/en\/wp-content\/uploads\/sites\/2\/2025\/12\/F20120223058.webp\" class=\"attachment-post-thumbnail size-post-thumbnail wp-post-image\" alt=\"\" srcset=\"https:\/\/arbejdermuseet.dk\/en\/wp-content\/uploads\/sites\/2\/2025\/12\/F20120223058.webp 2000w, https:\/\/arbejdermuseet.dk\/en\/wp-content\/uploads\/sites\/2\/2025\/12\/F20120223058-600x380.webp 600w, https:\/\/arbejdermuseet.dk\/en\/wp-content\/uploads\/sites\/2\/2025\/12\/F20120223058-1920x1217.webp 1920w, https:\/\/arbejdermuseet.dk\/en\/wp-content\/uploads\/sites\/2\/2025\/12\/F20120223058-300x190.webp 300w, https:\/\/arbejdermuseet.dk\/en\/wp-content\/uploads\/sites\/2\/2025\/12\/F20120223058-768x487.webp 768w, https:\/\/arbejdermuseet.dk\/en\/wp-content\/uploads\/sites\/2\/2025\/12\/F20120223058-1536x974.webp 1536w, https:\/\/arbejdermuseet.dk\/en\/wp-content\/uploads\/sites\/2\/2025\/12\/F20120223058-142x90.webp 142w, https:\/\/arbejdermuseet.dk\/en\/wp-content\/uploads\/sites\/2\/2025\/12\/F20120223058-1200x761.webp 1200w\" sizes=\"(max-width: 2000px) 100vw, 2000px\" data-copyright=\"\" data-headline=\"F20120223058\" data-description=\"\"  data-full-url=\"\" \/>\t\t\t\t\t<\/div>\r\n\t\r\n\t\t\t\t<div class=\"post-ancestor-title\">\r\n\t\t\t<span>LABOUR HISTORY<\/span>\r\n\t\t<\/div>\r\n\t\r\n\t<div class=\"post-title-wrap\">\r\n\t\t<span class=\"post-title\">The emigrant home at City Hall Square<\/span>\r\n\t<\/div>\r\n\r\n\t<a class=\"post-read-more-link\" href=\"https:\/\/arbejdermuseet.dk\/en\/library-archive\/international-solidarity\/the-emigrant-home-at-city-hall-square\/\">\r\n\t\tRead more <span height=\"1em\" class=\"standout-custom-svg custom-svg\"><svg height=\"1em\" xmlns=\"http:\/\/www.w3.org\/2000\/svg\" viewBox=\"0 0 17 8\" fill=\"none\">\r\n  <path d=\"M9.95456 0L9.5654 0.627408L14.4402 3.631H0V4.36826H14.4402L9.5654 7.37259L9.95456 8L16.4444 3.99963L9.95456 0Z\" fill=\"#B12320\"\/>\r\n<\/svg><\/span>\t<\/a>\r\n<\/div>\r\n\t<\/div>\r\n\r\n\r\n\r\n\t\t<\/div>\r\n<\/section>\r\n\r\n<section class=\"standout-block standout-slide-element is-aligned alignwide\" data-block-id=\"block_f4d955aecec2a239c157e2c732a8f895\" style=\"--block-background-color: transparent; --block-text-color: inherit;\">\r\n\r\n\t<div class=\"standout-max-container\">\t\r\n\r\n\t<div class=\"acf-innerblocks-container\">\r\n\t\t\r\n<div class=\"post post-loop post-loop-type-standout_event\">\r\n\t\t\t<div class=\"post-thumbnail-wrap\">\r\n\t\t\t\t\t\t\t<img loading=\"lazy\" decoding=\"async\" width=\"768\" height=\"420\" src=\"https:\/\/arbejdermuseet.dk\/en\/wp-content\/uploads\/sites\/2\/2026\/01\/f20131126043_bea-768x420-1.jpg\" class=\"attachment-post-thumbnail size-post-thumbnail wp-post-image\" alt=\"\" srcset=\"https:\/\/arbejdermuseet.dk\/en\/wp-content\/uploads\/sites\/2\/2026\/01\/f20131126043_bea-768x420-1.jpg 768w, https:\/\/arbejdermuseet.dk\/en\/wp-content\/uploads\/sites\/2\/2026\/01\/f20131126043_bea-768x420-1-600x328.jpg 600w, https:\/\/arbejdermuseet.dk\/en\/wp-content\/uploads\/sites\/2\/2026\/01\/f20131126043_bea-768x420-1-300x164.jpg 300w, https:\/\/arbejdermuseet.dk\/en\/wp-content\/uploads\/sites\/2\/2026\/01\/f20131126043_bea-768x420-1-165x90.jpg 165w\" sizes=\"(max-width: 768px) 100vw, 768px\" data-copyright=\"\" data-headline=\"f20131126043_bea-768x420-1\" data-description=\"\"  data-full-url=\"\" \/>\t\t\t\t\t<\/div>\r\n\t\r\n\t\t\t\t<div class=\"post-ancestor-title\">\r\n\t\t\t<span>EVENTS<\/span>\r\n\t\t<\/div>\r\n\t\r\n\t<div class=\"post-title-wrap\">\r\n\t\t<span class=\"post-title\">WIKi writing room<\/span>\r\n\t<\/div>\r\n\r\n\t<a class=\"post-read-more-link\" href=\"https:\/\/arbejdermuseet.dk\/en\/event\/wiki-writing-room\/\">\r\n\t\tRead more <span height=\"1em\" class=\"standout-custom-svg custom-svg\"><svg height=\"1em\" xmlns=\"http:\/\/www.w3.org\/2000\/svg\" viewBox=\"0 0 17 8\" fill=\"none\">\r\n  <path d=\"M9.95456 0L9.5654 0.627408L14.4402 3.631H0V4.36826H14.4402L9.5654 7.37259L9.95456 8L16.4444 3.99963L9.95456 0Z\" fill=\"#B12320\"\/>\r\n<\/svg><\/span>\t<\/a>\r\n<\/div>\r\n\t<\/div>\r\n\r\n\r\n\r\n\t\t<\/div>\r\n<\/section>\t\t<\/div>\n\t\n\t\n\t\n<\/div>\n\n\n\t<style>\n\t\t.standout-slider[data-block-id=\"block_53c5a103ab9b1e35bed7cbe76279df0e\"]>*>*>.acf-innerblocks-container:not(.slick-initialized)>*:nth-child(4)~* {\n\t\t\tdisplay: none;\n\t\t}\n\t<\/style>\n\n\n\r\n\t\t<\/div>\r\n<\/section>\t<\/div>\r\n<\/div>\r\n\r\n\r\n\r\n\t\t<\/div>\r\n<\/section>\t<\/div>\r\n\r\n\r\n\r\n\t\t<\/div>\r\n<\/section>\n<\/div>\r\n\t<\/div>\r\n\r\n\r\n\r\n\t\t<\/div>\r\n<\/section>","protected":false},"excerpt":{"rendered":"<p>This time, F\u00e6llessang and Folkets K\u00f8kken is about Harald Bergstedt &#8211; poet gone astray. We sing ourselves happy and warm and Caf\u00e9 &amp; \u00d8l-Halle serves a favorite from Danish home cooking.<\/p>\n","protected":false},"author":3,"featured_media":48323,"template":"","meta":{"_acf_changed":false,"editor_notices":[]},"standout_event_category":[24],"class_list":["post-48330","standout_event","type-standout_event","status-publish","has-post-thumbnail","hentry"],"acf":[],"yoast_head":"<!-- This site is optimized with the Yoast SEO plugin v26.3 - https:\/\/yoast.com\/wordpress\/plugins\/seo\/ -->\n<title>Sing-along and People&#039;s Kitchen - Arbejdermuseet<\/title>\n<meta name=\"description\" content=\"F\u00e6llessang og Folkets K\u00f8kken, denne gang med om Harald Bergstedt - Digter p\u00e5 afveje. V\u00e6r med i f\u00e6llesskabet, n\u00e5r vi synger os gennem Arbejdersangbogen og spiser Caf\u00e9 &amp; \u00d8l-Halles servering fra det danske k\u00f8kken.\" \/>\n<meta name=\"robots\" content=\"index, follow, max-snippet:-1, max-image-preview:large, max-video-preview:-1\" \/>\n<link rel=\"canonical\" href=\"https:\/\/arbejdermuseet.dk\/en\/event\/sing-along-and-peoples-kitchen-2\/\" \/>\n<meta property=\"og:locale\" content=\"en_US\" \/>\n<meta property=\"og:type\" content=\"article\" \/>\n<meta property=\"og:title\" content=\"Sing-along and People&#039;s Kitchen - Arbejdermuseet\" \/>\n<meta property=\"og:description\" content=\"F\u00e6llessang og Folkets K\u00f8kken, denne gang med om Harald Bergstedt - Digter p\u00e5 afveje. V\u00e6r med i f\u00e6llesskabet, n\u00e5r vi synger os gennem Arbejdersangbogen og spiser Caf\u00e9 &amp; \u00d8l-Halles servering fra det danske k\u00f8kken.\" \/>\n<meta property=\"og:url\" content=\"https:\/\/arbejdermuseet.dk\/en\/event\/sing-along-and-peoples-kitchen-2\/\" \/>\n<meta property=\"og:site_name\" content=\"Arbejdermuseet\" \/>\n<meta property=\"article:modified_time\" content=\"2026-01-29T05:59:32+00:00\" \/>\n<meta property=\"og:image\" content=\"https:\/\/arbejdermuseet.dk\/en\/wp-content\/uploads\/sites\/2\/2026\/01\/faellessang-og-folkets-koekken-2025_1920x1005-780x408-1.jpg\" \/>\n\t<meta property=\"og:image:width\" content=\"780\" \/>\n\t<meta property=\"og:image:height\" content=\"408\" \/>\n\t<meta property=\"og:image:type\" content=\"image\/jpeg\" \/>\n<meta name=\"twitter:card\" content=\"summary_large_image\" \/>\n<meta name=\"twitter:label1\" content=\"Est. reading time\" \/>\n\t<meta name=\"twitter:data1\" content=\"2 minutes\" \/>\n<!-- \/ Yoast SEO plugin. -->","yoast_head_json":{"title":"Sing-along and People's Kitchen - Arbejdermuseet","description":"F\u00e6llessang og Folkets K\u00f8kken, denne gang med om Harald Bergstedt - Digter p\u00e5 afveje. V\u00e6r med i f\u00e6llesskabet, n\u00e5r vi synger os gennem Arbejdersangbogen og spiser Caf\u00e9 & \u00d8l-Halles servering fra det danske k\u00f8kken.","robots":{"index":"index","follow":"follow","max-snippet":"max-snippet:-1","max-image-preview":"max-image-preview:large","max-video-preview":"max-video-preview:-1"},"canonical":"https:\/\/arbejdermuseet.dk\/en\/event\/sing-along-and-peoples-kitchen-2\/","og_locale":"en_US","og_type":"article","og_title":"Sing-along and People's Kitchen - Arbejdermuseet","og_description":"F\u00e6llessang og Folkets K\u00f8kken, denne gang med om Harald Bergstedt - Digter p\u00e5 afveje. V\u00e6r med i f\u00e6llesskabet, n\u00e5r vi synger os gennem Arbejdersangbogen og spiser Caf\u00e9 & \u00d8l-Halles servering fra det danske k\u00f8kken.","og_url":"https:\/\/arbejdermuseet.dk\/en\/event\/sing-along-and-peoples-kitchen-2\/","og_site_name":"Arbejdermuseet","article_modified_time":"2026-01-29T05:59:32+00:00","og_image":[{"width":780,"height":408,"url":"https:\/\/arbejdermuseet.dk\/en\/wp-content\/uploads\/sites\/2\/2026\/01\/faellessang-og-folkets-koekken-2025_1920x1005-780x408-1.jpg","type":"image\/jpeg"}],"twitter_card":"summary_large_image","twitter_misc":{"Est. reading time":"2 minutes"},"schema":{"@context":"https:\/\/schema.org","@graph":[{"@type":"WebPage","@id":"https:\/\/arbejdermuseet.dk\/en\/event\/sing-along-and-peoples-kitchen-2\/","url":"https:\/\/arbejdermuseet.dk\/en\/event\/sing-along-and-peoples-kitchen-2\/","name":"Sing-along and People's Kitchen - Arbejdermuseet","isPartOf":{"@id":"https:\/\/arbejdermuseet.dk\/en\/#website"},"primaryImageOfPage":{"@id":"https:\/\/arbejdermuseet.dk\/en\/event\/sing-along-and-peoples-kitchen-2\/#primaryimage"},"image":{"@id":"https:\/\/arbejdermuseet.dk\/en\/event\/sing-along-and-peoples-kitchen-2\/#primaryimage"},"thumbnailUrl":"https:\/\/arbejdermuseet.dk\/en\/wp-content\/uploads\/sites\/2\/2026\/01\/faellessang-og-folkets-koekken-2025_1920x1005-780x408-1.jpg","datePublished":"2026-01-26T14:28:20+00:00","dateModified":"2026-01-29T05:59:32+00:00","description":"F\u00e6llessang og Folkets K\u00f8kken, denne gang med om Harald Bergstedt - Digter p\u00e5 afveje. V\u00e6r med i f\u00e6llesskabet, n\u00e5r vi synger os gennem Arbejdersangbogen og spiser Caf\u00e9 & \u00d8l-Halles servering fra det danske k\u00f8kken.","breadcrumb":{"@id":"https:\/\/arbejdermuseet.dk\/en\/event\/sing-along-and-peoples-kitchen-2\/#breadcrumb"},"inLanguage":"en-US","potentialAction":[{"@type":"ReadAction","target":["https:\/\/arbejdermuseet.dk\/en\/event\/sing-along-and-peoples-kitchen-2\/"]}]},{"@type":"ImageObject","inLanguage":"en-US","@id":"https:\/\/arbejdermuseet.dk\/en\/event\/sing-along-and-peoples-kitchen-2\/#primaryimage","url":"https:\/\/arbejdermuseet.dk\/en\/wp-content\/uploads\/sites\/2\/2026\/01\/faellessang-og-folkets-koekken-2025_1920x1005-780x408-1.jpg","contentUrl":"https:\/\/arbejdermuseet.dk\/en\/wp-content\/uploads\/sites\/2\/2026\/01\/faellessang-og-folkets-koekken-2025_1920x1005-780x408-1.jpg","width":780,"height":408},{"@type":"BreadcrumbList","@id":"https:\/\/arbejdermuseet.dk\/en\/event\/sing-along-and-peoples-kitchen-2\/#breadcrumb","itemListElement":[{"@type":"ListItem","position":1,"name":"Hjem","item":"https:\/\/arbejdermuseet.dk\/en\/"},{"@type":"ListItem","position":2,"name":"Sing-along and People&#8217;s Kitchen"}]},{"@type":"WebSite","@id":"https:\/\/arbejdermuseet.dk\/en\/#website","url":"https:\/\/arbejdermuseet.dk\/en\/","name":"Arbejdermuseet","description":"","publisher":{"@id":"https:\/\/arbejdermuseet.dk\/en\/#organization"},"potentialAction":[{"@type":"SearchAction","target":{"@type":"EntryPoint","urlTemplate":"https:\/\/arbejdermuseet.dk\/en\/?s={search_term_string}"},"query-input":{"@type":"PropertyValueSpecification","valueRequired":true,"valueName":"search_term_string"}}],"inLanguage":"en-US"},{"@type":"Organization","@id":"https:\/\/arbejdermuseet.dk\/en\/#organization","name":"Arbejdermuseet","url":"https:\/\/arbejdermuseet.dk\/en\/","logo":{"@type":"ImageObject","inLanguage":"en-US","@id":"https:\/\/arbejdermuseet.dk\/en\/#\/schema\/logo\/image\/","url":"https:\/\/arbejdermuseet.dk\/en\/wp-content\/uploads\/sites\/2\/2025\/01\/Logo.svg","contentUrl":"https:\/\/arbejdermuseet.dk\/en\/wp-content\/uploads\/sites\/2\/2025\/01\/Logo.svg","caption":"Arbejdermuseet"},"image":{"@id":"https:\/\/arbejdermuseet.dk\/en\/#\/schema\/logo\/image\/"}}]}},"_links":{"self":[{"href":"https:\/\/arbejdermuseet.dk\/en\/wp-json\/wp\/v2\/standout_event\/48330","targetHints":{"allow":["GET"]}}],"collection":[{"href":"https:\/\/arbejdermuseet.dk\/en\/wp-json\/wp\/v2\/standout_event"}],"about":[{"href":"https:\/\/arbejdermuseet.dk\/en\/wp-json\/wp\/v2\/types\/standout_event"}],"author":[{"embeddable":true,"href":"https:\/\/arbejdermuseet.dk\/en\/wp-json\/wp\/v2\/users\/3"}],"wp:featuredmedia":[{"embeddable":true,"href":"https:\/\/arbejdermuseet.dk\/en\/wp-json\/wp\/v2\/media\/48323"}],"wp:attachment":[{"href":"https:\/\/arbejdermuseet.dk\/en\/wp-json\/wp\/v2\/media?parent=48330"}],"wp:term":[{"taxonomy":"standout_event_category","embeddable":true,"href":"https:\/\/arbejdermuseet.dk\/en\/wp-json\/wp\/v2\/standout_event_category?post=48330"}],"curies":[{"name":"wp","href":"https:\/\/api.w.org\/{rel}","templated":true}]}}