{"id":46542,"date":"2025-12-16T14:17:22","date_gmt":"2025-12-16T13:17:22","guid":{"rendered":"https:\/\/arbejdermuseet.dk\/?post_type=standout_event&#038;p=46542"},"modified":"2026-01-29T07:00:04","modified_gmt":"2026-01-29T06:00:04","slug":"conversation-series-the-world-of-leif-sylvester-youth","status":"publish","type":"standout_event","link":"https:\/\/arbejdermuseet.dk\/en\/event\/conversation-series-the-world-of-leif-sylvester-youth\/","title":{"rendered":"Conversation series: The world of Leif Sylvester &#8211; Youth"},"content":{"rendered":"\r\n\r\n<section class=\"standout-section standout-block standout-basic is-aligned alignwide\" data-block-id=\"block_ac84bec466e41b14a3a8afed58e10ebb\" style=\"--block-background-color: transparent; --block-text-color: inherit; --standout-block-gap: var(--gap-m);\">\r\n\r\n\t<div class=\"standout-max-container\">\t\r\n\r\n<div class=\"standout-block-inner\">\r\n\t\r\n\t\t\t<div class=\"acf-innerblocks-container\">\n\n<p>As a young man, Leif Sylvester Petersen was apprenticed as a carpenter, but his apprenticeship was characterized by conflicts and clashes with both master and journeymen. Nevertheless, in 1959, the young Leif Petersen received his certificate of apprenticeship.<\/p>\n\n\n\n<blockquote class=\"wp-block-quote is-layout-flow wp-block-quote-is-layout-flow\">\n<p>&#8220;I tended to explode and play tricks when others wanted to boss me around.&#8221;<\/p>\n<\/blockquote>\n\n\n\n<p>In this conversation between Sylvester and radio host S\u00f8ren Dahl, it&#8217;s about youthful rebellion, the search for identity and artistic beginnings. And how the driving force behind those early rebellions became the foundation for his lifelong fight for freedom and integrity. This is the second conversation of four.<\/p>\n\n\n\n<div class=\"wp-block-buttons is-layout-flex wp-block-buttons-is-layout-flex\">\n<div class=\"wp-block-button is-style-standout-primary\"><span class=\"btn_wrapper\"><a class=\"wp-block-button__link wp-element-button\" href=\"https:\/\/billet.arbejdermuseet.dk\/arrangement?e=JGeFaxlJw1iRxgLhFBmG\" target=\"_blank\" rel=\"noreferrer noopener\">Buy your ticket<svg class=\"icon_flag\" width=\"16\" height=\"18\" viewBox=\"0 0 16 18\" fill=\"none\" xmlns=\"http:\/\/www.w3.org\/2000\/svg\"><path d=\"M13.468 2.67599L13.141 2.88681C13.1281 2.89542 11.9019 3.67846 10.9137 3.5752C10.6413 2.48669 10.3487 1.52007 10.0991 1.09986C9.50397 0.093091 8.3294 -0.243934 6.87661 0.177706C6.35745 0.328291 5.80387 0.711209 5.1628 1.15436C4.35968 1.70938 3.45043 2.33753 2.47521 2.56843C1.64771 2.77495 0.54628 2.23284 0.536241 2.2271C0.467402 2.20129 0.389958 2.19268 0.31108 2.20846C0.0988258 2.25435 -0.0359841 2.4623 0.00847448 2.67456L3.20806 17.6872C3.24678 17.8722 3.41027 17.9984 3.59098 17.9984C3.61823 17.9984 3.64548 17.9956 3.67272 17.9898C3.88498 17.9439 4.01979 17.736 3.97533 17.5237L2.51537 10.6699C2.6932 10.7287 2.95565 10.7832 3.32136 10.7832C3.54939 10.7832 3.81614 10.7617 4.12735 10.7058C4.77128 10.5911 5.52134 10.1551 6.39044 9.65169C7.28678 9.13109 8.30359 8.54166 9.47529 8.13006C10.5982 7.73567 10.9682 7.93071 11.0744 8.03254C11.2192 8.17165 11.1991 8.40542 11.1848 8.47712C11.1289 8.64349 11.0342 8.7869 10.931 8.94322C10.733 9.24152 10.5093 9.57855 10.6312 10.0762C10.7115 10.4247 10.9682 10.6857 11.3526 10.8105C11.5376 10.8707 11.747 10.8994 11.9736 10.8994C12.8986 10.8994 14.0975 10.4218 14.9752 9.65886L15.1 9.54987L13.4694 2.67312L13.468 2.67599Z\" fill=\"currentcolor\"\/><\/svg><\/a><\/span><\/div>\n<\/div>\n\n\n\n<div style=\"height:29px\" aria-hidden=\"true\" class=\"wp-block-spacer\"><\/div>\n\n\n\n\n\n\n\n<p>\ud83d\udccdThe conversation takes place in the ballroom. The ticket includes access to the major exhibition <em>Leif Sylvester &#8211; Freedom Flies<\/em> in the lower floor of the museum.<\/p>\n\n\n\n<div style=\"height:10px\" aria-hidden=\"true\" class=\"wp-block-spacer\"><\/div>\n\n\n\n<h4 class=\"wp-block-heading\"><strong>Four conversations in total<\/strong><\/h4>\n\n\n\n<p>Leif Sylvester is a living piece of Danish history. For five decades, he has insisted on bringing art down from the pedestal and out to the people. The desire for freedom, humor and social indignation run like a common thread throughout Leif Sylvester&#8217;s work &#8211; and form the focal point of a total of four conversations with radio host S\u00f8ren Dahl:<\/p>\n\n\n\n<ol class=\"wp-block-list\">\n<li>Childhood (Thursday, October 23, 2025)<\/li>\n\n\n\n<li><strong>Youth (Thursday, October 23, 2025) <\/strong><\/li>\n\n\n\n<li>Love (Thursday, March 12, 2026)<\/li>\n\n\n\n<li>Achieving your goals with art (Thursday, May 28, 2026)<\/li>\n<\/ol>\n\n\n\n\n\n\n\n<p><strong>About S\u00f8ren Dahl<\/strong><br>S\u00f8ren Dahl is a talk show host, musician, composer, comedian, lecturer and author &#8211; known from Caf\u00e9 Hack and Dahl at Hack and most recently Dahl in R\u00f8dovre. He holds a degree in music education from the Royal Danish Academy of Music and has published several books, most recently <em>S\u00e5 grin dog<\/em> med S\u00f8ren \u00d8stergaard and <em>Med k\u00e6rlighed fra mig<\/em> about Johnny Hansen from Kandis.<\/p>\n\n<\/div>\r\n\t<\/div>\r\n\r\n\r\n\r\n\t\t<\/div>\r\n<\/section>\n\n\r\n\r\n<section class=\"standout-section standout-block standout-related-content is-aligned alignfull off-center-slider has-bg has-bg-color\" data-block-id=\"block_5975410a5e66c15770ae9d35855d079e\" style=\"--block-background-color: var(--wp--preset--color--color-4); --block-text-color: inherit;\">\r\n\r\n\t<div class=\"standout-max-container\">\t\r\n\r\n<div class=\"standout-block-inner\">\r\n\t\t\t<div class=\"acf-innerblocks-container\">\n\n<h2 class=\"wp-block-heading\" style=\"text-transform:uppercase\">IF YOU find the topic exciting<\/h2>\n\n\n\r\n\r\n<section class=\"standout-block standout-related-content-inner is-aligned alignfull\" data-block-id=\"block_65c8a5f22107c59f76cda386a5f4d903\" style=\"--block-background-color: transparent; --block-text-color: inherit;\" data-related-content=\"tag\">\r\n\r\n\t<div class=\"standout-max-container\">\t\r\n\r\n\r\n\r\n<div class=\"standout-block-inner\">\r\n\t\t\t\r\n\r\n<section class=\"standout-section standout-block standout-posts is-aligned alignwide\" data-block-id=\"block_817f754180688fe58bb46fcf675ed5d6\" style=\"--block-background-color: transparent; --block-text-color: inherit;\" template=\"02\">\r\n\r\n\t<div class=\"standout-max-container\">\t\r\n\r\n<div class=\"standout-block-inner\">\r\n\t<div class=\"acf-innerblocks-container\">\r\n\t\t\r\n\r\n<section class=\"standout-section standout-block standout-slider is-aligned alignfull has-bg\" data-block-id=\"block_0baa892e93753820d92a118738b6a647\" style=\"--block-background-color: transparent; --block-text-color: inherit; --slider-columns: 4;\" data-columns=\"4\" data-slider=\"{&quot;slidesToShow&quot;:&quot;4&quot;,&quot;slidesToScroll&quot;:&quot;1&quot;,&quot;dots&quot;:&quot;false&quot;,&quot;arrows&quot;:&quot;true&quot;,&quot;adaptiveHeight&quot;:&quot;false&quot;,&quot;autoplay&quot;:&quot;true&quot;,&quot;autoplaySpeed&quot;:&quot;5000&quot;,&quot;speed&quot;:&quot;1000&quot;,&quot;infinite&quot;:&quot;true&quot;,&quot;centerMode&quot;:&quot;false&quot;,&quot;fade&quot;:&quot;false&quot;}\" data-slider-responsive=\"null\">\r\n\r\n\t<div class=\"standout-max-container\">\t\n\n<div class=\"standout-block-inner\" >\n\t\t\t\t\t<div class=\"acf-innerblocks-container is-slick-slider\">\n\t\t\t\r\n\r\n<section class=\"standout-block standout-slide-element is-aligned alignwide\" data-block-id=\"block_0f668e878f2d62d5c0a01e2604880aa6\" style=\"--block-background-color: transparent; --block-text-color: inherit;\">\r\n\r\n\t\t\r\n\r\n\t<div class=\"acf-innerblocks-container\">\r\n\t\t\r\n<div class=\"post post-loop post-loop-type-page\">\r\n\t\t\t<div class=\"post-thumbnail-wrap\">\r\n\t\t\t\t\t\t\t<img loading=\"lazy\" decoding=\"async\" width=\"2200\" height=\"1400\" src=\"https:\/\/arbejdermuseet.dk\/en\/wp-content\/uploads\/sites\/2\/2025\/10\/Leif-banner-FINAL-2200x1400-1.jpg\" class=\"attachment-post-thumbnail size-post-thumbnail wp-post-image\" alt=\"\" srcset=\"https:\/\/arbejdermuseet.dk\/en\/wp-content\/uploads\/sites\/2\/2025\/10\/Leif-banner-FINAL-2200x1400-1.jpg 2200w, https:\/\/arbejdermuseet.dk\/en\/wp-content\/uploads\/sites\/2\/2025\/10\/Leif-banner-FINAL-2200x1400-1-600x382.jpg 600w, https:\/\/arbejdermuseet.dk\/en\/wp-content\/uploads\/sites\/2\/2025\/10\/Leif-banner-FINAL-2200x1400-1-1920x1222.jpg 1920w, https:\/\/arbejdermuseet.dk\/en\/wp-content\/uploads\/sites\/2\/2025\/10\/Leif-banner-FINAL-2200x1400-1-300x191.jpg 300w, https:\/\/arbejdermuseet.dk\/en\/wp-content\/uploads\/sites\/2\/2025\/10\/Leif-banner-FINAL-2200x1400-1-768x489.jpg 768w, https:\/\/arbejdermuseet.dk\/en\/wp-content\/uploads\/sites\/2\/2025\/10\/Leif-banner-FINAL-2200x1400-1-1536x977.jpg 1536w, https:\/\/arbejdermuseet.dk\/en\/wp-content\/uploads\/sites\/2\/2025\/10\/Leif-banner-FINAL-2200x1400-1-2048x1303.jpg 2048w, https:\/\/arbejdermuseet.dk\/en\/wp-content\/uploads\/sites\/2\/2025\/10\/Leif-banner-FINAL-2200x1400-1-141x90.jpg 141w, https:\/\/arbejdermuseet.dk\/en\/wp-content\/uploads\/sites\/2\/2025\/10\/Leif-banner-FINAL-2200x1400-1-1200x764.jpg 1200w\" sizes=\"(max-width: 2200px) 100vw, 2200px\" data-copyright=\"\" data-headline=\"Leif-banner-FINAL-2200x1400\" data-description=\"\"  data-full-url=\"\" \/>\t\t\t\t\t<\/div>\r\n\t\r\n\t\t\t\t<div class=\"post-ancestor-title\">\r\n\t\t\t<span>EXHIBITIONS<\/span>\r\n\t\t<\/div>\r\n\t\r\n\t<div class=\"post-title-wrap\">\r\n\t\t<span class=\"post-title\">Leif Sylvester &#8211; Flying Free<\/span>\r\n\t<\/div>\r\n\r\n\t<a class=\"post-read-more-link\" href=\"https:\/\/arbejdermuseet.dk\/en\/its-happening\/leif-sylvester-freedom-flies\/\">\r\n\t\tRead more <span height=\"1em\" class=\"standout-custom-svg custom-svg\"><svg height=\"1em\" xmlns=\"http:\/\/www.w3.org\/2000\/svg\" viewBox=\"0 0 17 8\" fill=\"none\">\r\n  <path d=\"M9.95456 0L9.5654 0.627408L14.4402 3.631H0V4.36826H14.4402L9.5654 7.37259L9.95456 8L16.4444 3.99963L9.95456 0Z\" fill=\"#B12320\"\/>\r\n<\/svg><\/span>\t<\/a>\r\n<\/div>\r\n\t<\/div>\r\n\r\n\r\n\r\n\t\t\r\n<\/section>\r\n\r\n<section class=\"standout-block standout-slide-element is-aligned alignwide\" data-block-id=\"block_14ecfa9707ec4238d37b5d4716c1965d\" style=\"--block-background-color: transparent; --block-text-color: inherit;\">\r\n\r\n\t<div class=\"standout-max-container\">\t\r\n\r\n\t<div class=\"acf-innerblocks-container\">\r\n\t\t\r\n<div class=\"post post-loop post-loop-type-standout_event\">\r\n\t\t\t<div class=\"post-thumbnail-wrap\">\r\n\t\t\t\t\t\t\t<img loading=\"lazy\" decoding=\"async\" width=\"1920\" height=\"1080\" src=\"https:\/\/arbejdermuseet.dk\/en\/wp-content\/uploads\/sites\/2\/2025\/12\/Ekspertomvisning.jpg\" class=\"attachment-post-thumbnail size-post-thumbnail wp-post-image\" alt=\"Foto fra udstillingen Leif Sylvester - Friheden flyver\" srcset=\"https:\/\/arbejdermuseet.dk\/en\/wp-content\/uploads\/sites\/2\/2025\/12\/Ekspertomvisning.jpg 1920w, https:\/\/arbejdermuseet.dk\/en\/wp-content\/uploads\/sites\/2\/2025\/12\/Ekspertomvisning-600x338.jpg 600w, https:\/\/arbejdermuseet.dk\/en\/wp-content\/uploads\/sites\/2\/2025\/12\/Ekspertomvisning-300x169.jpg 300w, https:\/\/arbejdermuseet.dk\/en\/wp-content\/uploads\/sites\/2\/2025\/12\/Ekspertomvisning-768x432.jpg 768w, https:\/\/arbejdermuseet.dk\/en\/wp-content\/uploads\/sites\/2\/2025\/12\/Ekspertomvisning-1536x864.jpg 1536w, https:\/\/arbejdermuseet.dk\/en\/wp-content\/uploads\/sites\/2\/2025\/12\/Ekspertomvisning-160x90.jpg 160w, https:\/\/arbejdermuseet.dk\/en\/wp-content\/uploads\/sites\/2\/2025\/12\/Ekspertomvisning-1200x675.jpg 1200w\" sizes=\"(max-width: 1920px) 100vw, 1920px\" data-copyright=\"\" data-headline=\"Foto fra udstillingen Leif Sylvester - Friheden flyver\" data-description=\"\"  data-full-url=\"\" \/>\t\t\t\t\t<\/div>\r\n\t\r\n\t\t\t\t<div class=\"post-ancestor-title\">\r\n\t\t\t<span>EVENTS<\/span>\r\n\t\t<\/div>\r\n\t\r\n\t<div class=\"post-title-wrap\">\r\n\t\t<span class=\"post-title\">Expert tour: Leif Sylvester &#8211; Freedom Flies<\/span>\r\n\t<\/div>\r\n\r\n\t<a class=\"post-read-more-link\" href=\"https:\/\/arbejdermuseet.dk\/en\/event\/expert-tour-leif-sylvester-freedom-flies\/\">\r\n\t\tRead more <span height=\"1em\" class=\"standout-custom-svg custom-svg\"><svg height=\"1em\" xmlns=\"http:\/\/www.w3.org\/2000\/svg\" viewBox=\"0 0 17 8\" fill=\"none\">\r\n  <path d=\"M9.95456 0L9.5654 0.627408L14.4402 3.631H0V4.36826H14.4402L9.5654 7.37259L9.95456 8L16.4444 3.99963L9.95456 0Z\" fill=\"#B12320\"\/>\r\n<\/svg><\/span>\t<\/a>\r\n<\/div>\r\n\t<\/div>\r\n\r\n\r\n\r\n\t\t<\/div>\r\n<\/section>\r\n\r\n<section class=\"standout-block standout-slide-element is-aligned alignwide\" data-block-id=\"block_cc09d04bf9490dcad87a6bc8d80b5605\" style=\"--block-background-color: transparent; --block-text-color: inherit;\">\r\n\r\n\t<div class=\"standout-max-container\">\t\r\n\r\n\t<div class=\"acf-innerblocks-container\">\r\n\t\t\r\n<div class=\"post post-loop post-loop-type-page\">\r\n\t\t\t<div class=\"post-thumbnail-wrap\">\r\n\t\t\t\t\t\t\t<img loading=\"lazy\" decoding=\"async\" width=\"2560\" height=\"1692\" src=\"https:\/\/arbejdermuseet.dk\/en\/wp-content\/uploads\/sites\/2\/2025\/11\/F20180801004_01-scaled.jpg\" class=\"attachment-post-thumbnail size-post-thumbnail wp-post-image\" alt=\"\" srcset=\"https:\/\/arbejdermuseet.dk\/en\/wp-content\/uploads\/sites\/2\/2025\/11\/F20180801004_01-scaled.jpg 2560w, https:\/\/arbejdermuseet.dk\/en\/wp-content\/uploads\/sites\/2\/2025\/11\/F20180801004_01-600x397.jpg 600w, https:\/\/arbejdermuseet.dk\/en\/wp-content\/uploads\/sites\/2\/2025\/11\/F20180801004_01-1920x1269.jpg 1920w, https:\/\/arbejdermuseet.dk\/en\/wp-content\/uploads\/sites\/2\/2025\/11\/F20180801004_01-300x198.jpg 300w, https:\/\/arbejdermuseet.dk\/en\/wp-content\/uploads\/sites\/2\/2025\/11\/F20180801004_01-768x508.jpg 768w, https:\/\/arbejdermuseet.dk\/en\/wp-content\/uploads\/sites\/2\/2025\/11\/F20180801004_01-1536x1015.jpg 1536w, https:\/\/arbejdermuseet.dk\/en\/wp-content\/uploads\/sites\/2\/2025\/11\/F20180801004_01-2048x1354.jpg 2048w, https:\/\/arbejdermuseet.dk\/en\/wp-content\/uploads\/sites\/2\/2025\/11\/F20180801004_01-136x90.jpg 136w, https:\/\/arbejdermuseet.dk\/en\/wp-content\/uploads\/sites\/2\/2025\/11\/F20180801004_01-1200x793.jpg 1200w\" sizes=\"(max-width: 2560px) 100vw, 2560px\" data-copyright=\"\" data-headline=\"F20180801004_01\" data-description=\"\"  data-full-url=\"\" \/>\t\t\t\t\t<\/div>\r\n\t\r\n\t\t\t\t<div class=\"post-ancestor-title\">\r\n\t\t\t<span>LABOUR HISTORY<\/span>\r\n\t\t<\/div>\r\n\t\r\n\t<div class=\"post-title-wrap\">\r\n\t\t<span class=\"post-title\">South Africa solidarity in ABA<\/span>\r\n\t<\/div>\r\n\r\n\t<a class=\"post-read-more-link\" href=\"https:\/\/arbejdermuseet.dk\/en\/library-archive\/international-solidarity\/south-africa-solidarity-in-aba\/\">\r\n\t\tRead more <span height=\"1em\" class=\"standout-custom-svg custom-svg\"><svg height=\"1em\" xmlns=\"http:\/\/www.w3.org\/2000\/svg\" viewBox=\"0 0 17 8\" fill=\"none\">\r\n  <path d=\"M9.95456 0L9.5654 0.627408L14.4402 3.631H0V4.36826H14.4402L9.5654 7.37259L9.95456 8L16.4444 3.99963L9.95456 0Z\" fill=\"#B12320\"\/>\r\n<\/svg><\/span>\t<\/a>\r\n<\/div>\r\n\t<\/div>\r\n\r\n\r\n\r\n\t\t<\/div>\r\n<\/section>\r\n\r\n<section class=\"standout-block standout-slide-element is-aligned alignwide\" data-block-id=\"block_f0fd326df0cd9fa0071d130904a02f58\" style=\"--block-background-color: transparent; --block-text-color: inherit;\">\r\n\r\n\t<div class=\"standout-max-container\">\t\r\n\r\n\t<div class=\"acf-innerblocks-container\">\r\n\t\t\r\n<div class=\"post post-loop post-loop-type-standout_event\">\r\n\t\t\t<div class=\"post-thumbnail-wrap\">\r\n\t\t\t\t\t\t\t<img loading=\"lazy\" decoding=\"async\" width=\"780\" height=\"439\" src=\"https:\/\/arbejdermuseet.dk\/en\/wp-content\/uploads\/sites\/2\/2025\/12\/kunstogmaal-780x439-1.jpg\" class=\"attachment-post-thumbnail size-post-thumbnail wp-post-image\" alt=\"\" srcset=\"https:\/\/arbejdermuseet.dk\/en\/wp-content\/uploads\/sites\/2\/2025\/12\/kunstogmaal-780x439-1.jpg 780w, https:\/\/arbejdermuseet.dk\/en\/wp-content\/uploads\/sites\/2\/2025\/12\/kunstogmaal-780x439-1-600x338.jpg 600w, https:\/\/arbejdermuseet.dk\/en\/wp-content\/uploads\/sites\/2\/2025\/12\/kunstogmaal-780x439-1-300x169.jpg 300w, https:\/\/arbejdermuseet.dk\/en\/wp-content\/uploads\/sites\/2\/2025\/12\/kunstogmaal-780x439-1-768x432.jpg 768w, https:\/\/arbejdermuseet.dk\/en\/wp-content\/uploads\/sites\/2\/2025\/12\/kunstogmaal-780x439-1-160x90.jpg 160w\" sizes=\"(max-width: 780px) 100vw, 780px\" data-copyright=\"\" data-headline=\"kunstogmaal-780x439\" data-description=\"\"  data-full-url=\"\" \/>\t\t\t\t\t<\/div>\r\n\t\r\n\t\t\t\t<div class=\"post-ancestor-title\">\r\n\t\t\t<span>EVENTS<\/span>\r\n\t\t<\/div>\r\n\t\r\n\t<div class=\"post-title-wrap\">\r\n\t\t<span class=\"post-title\">Conversation Series: Leif Sylvester&#8217;s World &#8211; Reaching your goals with art<\/span>\r\n\t<\/div>\r\n\r\n\t<a class=\"post-read-more-link\" href=\"https:\/\/arbejdermuseet.dk\/en\/event\/conversation-series-leif-sylvesters-world-reaching-your-goals-with-art\/\">\r\n\t\tRead more <span height=\"1em\" class=\"standout-custom-svg custom-svg\"><svg height=\"1em\" xmlns=\"http:\/\/www.w3.org\/2000\/svg\" viewBox=\"0 0 17 8\" fill=\"none\">\r\n  <path d=\"M9.95456 0L9.5654 0.627408L14.4402 3.631H0V4.36826H14.4402L9.5654 7.37259L9.95456 8L16.4444 3.99963L9.95456 0Z\" fill=\"#B12320\"\/>\r\n<\/svg><\/span>\t<\/a>\r\n<\/div>\r\n\t<\/div>\r\n\r\n\r\n\r\n\t\t<\/div>\r\n<\/section>\r\n\r\n<section class=\"standout-block standout-slide-element is-aligned alignwide\" data-block-id=\"block_3b0962e2d4fa87bd073e10332b34a3b7\" style=\"--block-background-color: transparent; --block-text-color: inherit;\">\r\n\r\n\t<div class=\"standout-max-container\">\t\r\n\r\n\t<div class=\"acf-innerblocks-container\">\r\n\t\t\r\n<div class=\"post post-loop post-loop-type-page\">\r\n\t\t\t<div class=\"post-thumbnail-wrap\">\r\n\t\t\t\t\t\t\t<img loading=\"lazy\" decoding=\"async\" width=\"600\" height=\"337\" src=\"https:\/\/arbejdermuseet.dk\/en\/wp-content\/uploads\/sites\/2\/2026\/01\/8-8-8-arbejderhistorie-aspect-ratio-420-236-600x337.jpg\" class=\"attachment-medium size-medium\" alt=\"\" srcset=\"https:\/\/arbejdermuseet.dk\/en\/wp-content\/uploads\/sites\/2\/2026\/01\/8-8-8-arbejderhistorie-aspect-ratio-420-236-600x337.jpg 600w, https:\/\/arbejdermuseet.dk\/en\/wp-content\/uploads\/sites\/2\/2026\/01\/8-8-8-arbejderhistorie-aspect-ratio-420-236-300x168.jpg 300w, https:\/\/arbejdermuseet.dk\/en\/wp-content\/uploads\/sites\/2\/2026\/01\/8-8-8-arbejderhistorie-aspect-ratio-420-236-768x431.jpg 768w, https:\/\/arbejdermuseet.dk\/en\/wp-content\/uploads\/sites\/2\/2026\/01\/8-8-8-arbejderhistorie-aspect-ratio-420-236-160x90.jpg 160w, https:\/\/arbejdermuseet.dk\/en\/wp-content\/uploads\/sites\/2\/2026\/01\/8-8-8-arbejderhistorie-aspect-ratio-420-236-1200x674.jpg 1200w, https:\/\/arbejdermuseet.dk\/en\/wp-content\/uploads\/sites\/2\/2026\/01\/8-8-8-arbejderhistorie-aspect-ratio-420-236.jpg 1500w\" sizes=\"(max-width: 600px) 100vw, 600px\" data-copyright=\"\" data-headline=\"8-8-8-arbejderhistorie-aspect-ratio-420-236\" data-description=\"\"  data-full-url=\"\" \/>\t\t\t\t\t<\/div>\r\n\t\r\n\t\t\t\t<div class=\"post-ancestor-title\">\r\n\t\t\t<span>LABOUR HISTORY<\/span>\r\n\t\t<\/div>\r\n\t\r\n\t<div class=\"post-title-wrap\">\r\n\t\t<span class=\"post-title\">A black panther in Folkets Hus<\/span>\r\n\t<\/div>\r\n\r\n\t<a class=\"post-read-more-link\" href=\"https:\/\/arbejdermuseet.dk\/en\/library-archive\/international-solidarity\/a-black-panther-in-folkets-hus\/\">\r\n\t\tRead more <span height=\"1em\" class=\"standout-custom-svg custom-svg\"><svg height=\"1em\" xmlns=\"http:\/\/www.w3.org\/2000\/svg\" viewBox=\"0 0 17 8\" fill=\"none\">\r\n  <path d=\"M9.95456 0L9.5654 0.627408L14.4402 3.631H0V4.36826H14.4402L9.5654 7.37259L9.95456 8L16.4444 3.99963L9.95456 0Z\" fill=\"#B12320\"\/>\r\n<\/svg><\/span>\t<\/a>\r\n<\/div>\r\n\t<\/div>\r\n\r\n\r\n\r\n\t\t<\/div>\r\n<\/section>\r\n\r\n<section class=\"standout-block standout-slide-element is-aligned alignwide\" data-block-id=\"block_eddc7dbe1fb20a6d6142a355d7494192\" style=\"--block-background-color: transparent; --block-text-color: inherit;\">\r\n\r\n\t<div class=\"standout-max-container\">\t\r\n\r\n\t<div class=\"acf-innerblocks-container\">\r\n\t\t\r\n<div class=\"post post-loop post-loop-type-standout_event\">\r\n\t\t\t<div class=\"post-thumbnail-wrap\">\r\n\t\t\t\t\t\t\t<img loading=\"lazy\" decoding=\"async\" width=\"780\" height=\"439\" src=\"https:\/\/arbejdermuseet.dk\/en\/wp-content\/uploads\/sites\/2\/2025\/12\/kaerlighed-780x439-1.jpg\" class=\"attachment-post-thumbnail size-post-thumbnail wp-post-image\" alt=\"\" srcset=\"https:\/\/arbejdermuseet.dk\/en\/wp-content\/uploads\/sites\/2\/2025\/12\/kaerlighed-780x439-1.jpg 780w, https:\/\/arbejdermuseet.dk\/en\/wp-content\/uploads\/sites\/2\/2025\/12\/kaerlighed-780x439-1-600x338.jpg 600w, https:\/\/arbejdermuseet.dk\/en\/wp-content\/uploads\/sites\/2\/2025\/12\/kaerlighed-780x439-1-300x169.jpg 300w, https:\/\/arbejdermuseet.dk\/en\/wp-content\/uploads\/sites\/2\/2025\/12\/kaerlighed-780x439-1-768x432.jpg 768w, https:\/\/arbejdermuseet.dk\/en\/wp-content\/uploads\/sites\/2\/2025\/12\/kaerlighed-780x439-1-160x90.jpg 160w\" sizes=\"(max-width: 780px) 100vw, 780px\" data-copyright=\"\" data-headline=\"kaerlighed-780x439\" data-description=\"\"  data-full-url=\"\" \/>\t\t\t\t\t<\/div>\r\n\t\r\n\t\t\t\t<div class=\"post-ancestor-title\">\r\n\t\t\t<span>EVENTS<\/span>\r\n\t\t<\/div>\r\n\t\r\n\t<div class=\"post-title-wrap\">\r\n\t\t<span class=\"post-title\">Conversation series: The world of Leif Sylvester &#8211; Love<\/span>\r\n\t<\/div>\r\n\r\n\t<a class=\"post-read-more-link\" href=\"https:\/\/arbejdermuseet.dk\/en\/event\/conversation-series-the-world-of-leif-sylvester-love\/\">\r\n\t\tRead more <span height=\"1em\" class=\"standout-custom-svg custom-svg\"><svg height=\"1em\" xmlns=\"http:\/\/www.w3.org\/2000\/svg\" viewBox=\"0 0 17 8\" fill=\"none\">\r\n  <path d=\"M9.95456 0L9.5654 0.627408L14.4402 3.631H0V4.36826H14.4402L9.5654 7.37259L9.95456 8L16.4444 3.99963L9.95456 0Z\" fill=\"#B12320\"\/>\r\n<\/svg><\/span>\t<\/a>\r\n<\/div>\r\n\t<\/div>\r\n\r\n\r\n\r\n\t\t<\/div>\r\n<\/section>\r\n\r\n<section class=\"standout-block standout-slide-element is-aligned alignwide\" data-block-id=\"block_cbdccf85824f41ff1a6b1f800b4e2c68\" style=\"--block-background-color: transparent; --block-text-color: inherit;\">\r\n\r\n\t<div class=\"standout-max-container\">\t\r\n\r\n\t<div class=\"acf-innerblocks-container\">\r\n\t\t\r\n<div class=\"post post-loop post-loop-type-page\">\r\n\t\t\t<div class=\"post-thumbnail-wrap\">\r\n\t\t\t\t\t\t\t<img loading=\"lazy\" decoding=\"async\" width=\"2560\" height=\"1350\" src=\"https:\/\/arbejdermuseet.dk\/en\/wp-content\/uploads\/sites\/2\/2025\/11\/F20100722043_01-scaled.jpg\" class=\"attachment-post-thumbnail size-post-thumbnail wp-post-image\" alt=\"\" srcset=\"https:\/\/arbejdermuseet.dk\/en\/wp-content\/uploads\/sites\/2\/2025\/11\/F20100722043_01-scaled.jpg 2560w, https:\/\/arbejdermuseet.dk\/en\/wp-content\/uploads\/sites\/2\/2025\/11\/F20100722043_01-600x316.jpg 600w, https:\/\/arbejdermuseet.dk\/en\/wp-content\/uploads\/sites\/2\/2025\/11\/F20100722043_01-1920x1013.jpg 1920w, https:\/\/arbejdermuseet.dk\/en\/wp-content\/uploads\/sites\/2\/2025\/11\/F20100722043_01-300x158.jpg 300w, https:\/\/arbejdermuseet.dk\/en\/wp-content\/uploads\/sites\/2\/2025\/11\/F20100722043_01-768x405.jpg 768w, https:\/\/arbejdermuseet.dk\/en\/wp-content\/uploads\/sites\/2\/2025\/11\/F20100722043_01-1536x810.jpg 1536w, https:\/\/arbejdermuseet.dk\/en\/wp-content\/uploads\/sites\/2\/2025\/11\/F20100722043_01-2048x1080.jpg 2048w, https:\/\/arbejdermuseet.dk\/en\/wp-content\/uploads\/sites\/2\/2025\/11\/F20100722043_01-171x90.jpg 171w, https:\/\/arbejdermuseet.dk\/en\/wp-content\/uploads\/sites\/2\/2025\/11\/F20100722043_01-1200x633.jpg 1200w\" sizes=\"(max-width: 2560px) 100vw, 2560px\" data-copyright=\"\" data-headline=\"F20100722043_01\" data-description=\"\"  data-full-url=\"\" \/>\t\t\t\t\t<\/div>\r\n\t\r\n\t\t\t\t<div class=\"post-ancestor-title\">\r\n\t\t\t<span>LABOUR HISTORY<\/span>\r\n\t\t<\/div>\r\n\t\r\n\t<div class=\"post-title-wrap\">\r\n\t\t<span class=\"post-title\">The Students&#8217; Vietnam Action<\/span>\r\n\t<\/div>\r\n\r\n\t<a class=\"post-read-more-link\" href=\"https:\/\/arbejdermuseet.dk\/en\/library-archive\/international-solidarity\/the-students-vietnam-action\/\">\r\n\t\tRead more <span height=\"1em\" class=\"standout-custom-svg custom-svg\"><svg height=\"1em\" xmlns=\"http:\/\/www.w3.org\/2000\/svg\" viewBox=\"0 0 17 8\" fill=\"none\">\r\n  <path d=\"M9.95456 0L9.5654 0.627408L14.4402 3.631H0V4.36826H14.4402L9.5654 7.37259L9.95456 8L16.4444 3.99963L9.95456 0Z\" fill=\"#B12320\"\/>\r\n<\/svg><\/span>\t<\/a>\r\n<\/div>\r\n\t<\/div>\r\n\r\n\r\n\r\n\t\t<\/div>\r\n<\/section>\r\n\r\n<section class=\"standout-block standout-slide-element is-aligned alignwide\" data-block-id=\"block_f007ebac13f5a90a0bb03a829eb63619\" style=\"--block-background-color: transparent; --block-text-color: inherit;\">\r\n\r\n\t<div class=\"standout-max-container\">\t\r\n\r\n\t<div class=\"acf-innerblocks-container\">\r\n\t\t\r\n<div class=\"post post-loop post-loop-type-standout_event\">\r\n\t\t\t<div class=\"post-thumbnail-wrap\">\r\n\t\t\t\t\t\t\t<img loading=\"lazy\" decoding=\"async\" width=\"1920\" height=\"1080\" src=\"https:\/\/arbejdermuseet.dk\/en\/wp-content\/uploads\/sites\/2\/2025\/12\/Ekspertomvisning.jpg\" class=\"attachment-post-thumbnail size-post-thumbnail wp-post-image\" alt=\"Foto fra udstillingen Leif Sylvester - Friheden flyver\" srcset=\"https:\/\/arbejdermuseet.dk\/en\/wp-content\/uploads\/sites\/2\/2025\/12\/Ekspertomvisning.jpg 1920w, https:\/\/arbejdermuseet.dk\/en\/wp-content\/uploads\/sites\/2\/2025\/12\/Ekspertomvisning-600x338.jpg 600w, https:\/\/arbejdermuseet.dk\/en\/wp-content\/uploads\/sites\/2\/2025\/12\/Ekspertomvisning-300x169.jpg 300w, https:\/\/arbejdermuseet.dk\/en\/wp-content\/uploads\/sites\/2\/2025\/12\/Ekspertomvisning-768x432.jpg 768w, https:\/\/arbejdermuseet.dk\/en\/wp-content\/uploads\/sites\/2\/2025\/12\/Ekspertomvisning-1536x864.jpg 1536w, https:\/\/arbejdermuseet.dk\/en\/wp-content\/uploads\/sites\/2\/2025\/12\/Ekspertomvisning-160x90.jpg 160w, https:\/\/arbejdermuseet.dk\/en\/wp-content\/uploads\/sites\/2\/2025\/12\/Ekspertomvisning-1200x675.jpg 1200w\" sizes=\"(max-width: 1920px) 100vw, 1920px\" data-copyright=\"\" data-headline=\"Foto fra udstillingen Leif Sylvester - Friheden flyver\" data-description=\"\"  data-full-url=\"\" \/>\t\t\t\t\t<\/div>\r\n\t\r\n\t\t\t\t<div class=\"post-ancestor-title\">\r\n\t\t\t<span>EVENTS<\/span>\r\n\t\t<\/div>\r\n\t\r\n\t<div class=\"post-title-wrap\">\r\n\t\t<span class=\"post-title\">Expert tour: Leif Sylvester &#8211; Flying free<\/span>\r\n\t<\/div>\r\n\r\n\t<a class=\"post-read-more-link\" href=\"https:\/\/arbejdermuseet.dk\/en\/event\/expert-tour-leif-sylvester-freedom-flies-2\/\">\r\n\t\tRead more <span height=\"1em\" class=\"standout-custom-svg custom-svg\"><svg height=\"1em\" xmlns=\"http:\/\/www.w3.org\/2000\/svg\" viewBox=\"0 0 17 8\" fill=\"none\">\r\n  <path d=\"M9.95456 0L9.5654 0.627408L14.4402 3.631H0V4.36826H14.4402L9.5654 7.37259L9.95456 8L16.4444 3.99963L9.95456 0Z\" fill=\"#B12320\"\/>\r\n<\/svg><\/span>\t<\/a>\r\n<\/div>\r\n\t<\/div>\r\n\r\n\r\n\r\n\t\t<\/div>\r\n<\/section>\t\t<\/div>\n\t\n\t\n\t\n<\/div>\n\n\n\t<style>\n\t\t.standout-slider[data-block-id=\"block_0baa892e93753820d92a118738b6a647\"]>*>*>.acf-innerblocks-container:not(.slick-initialized)>*:nth-child(4)~* {\n\t\t\tdisplay: none;\n\t\t}\n\t<\/style>\n\n\n\r\n\t\t<\/div>\r\n<\/section>\t<\/div>\r\n<\/div>\r\n\r\n\r\n\r\n\t\t<\/div>\r\n<\/section>\t<\/div>\r\n\r\n\r\n\r\n\t\t<\/div>\r\n<\/section>\n<\/div>\r\n\t<\/div>\r\n\r\n\r\n\r\n\t\t<\/div>\r\n<\/section>","protected":false},"excerpt":{"rendered":"<p>Experience a unique series of conversations with artist Leif Sylvester and radio host S\u00f8ren Dahl. We&#8217;ll sing, laugh and learn.<\/p>\n","protected":false},"author":3,"featured_media":46543,"template":"","meta":{"_acf_changed":false,"editor_notices":[]},"standout_event_category":[28],"class_list":["post-46542","standout_event","type-standout_event","status-publish","has-post-thumbnail","hentry"],"acf":[],"yoast_head":"<!-- This site is optimized with the Yoast SEO plugin v26.3 - https:\/\/yoast.com\/wordpress\/plugins\/seo\/ -->\n<title>Conversation series: The world of Leif Sylvester - Youth l Arbejdermuseet<\/title>\n<meta name=\"description\" content=\"Oplev en unik samtaler\u00e6kke med kunstner Leif Sylvester og radiov\u00e6rt S\u00f8ren Dahl. Vi skal b\u00e5de synge, grine og blive klogere.\" \/>\n<meta name=\"robots\" content=\"index, follow, max-snippet:-1, max-image-preview:large, max-video-preview:-1\" \/>\n<link rel=\"canonical\" href=\"https:\/\/arbejdermuseet.dk\/en\/event\/conversation-series-the-world-of-leif-sylvester-youth\/\" \/>\n<meta property=\"og:locale\" content=\"en_US\" \/>\n<meta property=\"og:type\" content=\"article\" \/>\n<meta property=\"og:title\" content=\"Conversation series: The world of Leif Sylvester - Youth l Arbejdermuseet\" \/>\n<meta property=\"og:description\" content=\"Oplev en unik samtaler\u00e6kke med kunstner Leif Sylvester og radiov\u00e6rt S\u00f8ren Dahl. Vi skal b\u00e5de synge, grine og blive klogere.\" \/>\n<meta property=\"og:url\" content=\"https:\/\/arbejdermuseet.dk\/en\/event\/conversation-series-the-world-of-leif-sylvester-youth\/\" \/>\n<meta property=\"og:site_name\" content=\"Arbejdermuseet\" \/>\n<meta property=\"article:modified_time\" content=\"2026-01-29T06:00:04+00:00\" \/>\n<meta property=\"og:image\" content=\"https:\/\/arbejdermuseet.dk\/en\/wp-content\/uploads\/sites\/2\/2025\/12\/ls-ungdom.jpeg\" \/>\n\t<meta property=\"og:image:width\" content=\"1920\" \/>\n\t<meta property=\"og:image:height\" content=\"1080\" \/>\n\t<meta property=\"og:image:type\" content=\"image\/jpeg\" \/>\n<meta name=\"twitter:card\" content=\"summary_large_image\" \/>\n<meta name=\"twitter:label1\" content=\"Est. reading time\" \/>\n\t<meta name=\"twitter:data1\" content=\"2 minutes\" \/>\n<!-- \/ Yoast SEO plugin. -->","yoast_head_json":{"title":"Conversation series: The world of Leif Sylvester - Youth l Arbejdermuseet","description":"Oplev en unik samtaler\u00e6kke med kunstner Leif Sylvester og radiov\u00e6rt S\u00f8ren Dahl. Vi skal b\u00e5de synge, grine og blive klogere.","robots":{"index":"index","follow":"follow","max-snippet":"max-snippet:-1","max-image-preview":"max-image-preview:large","max-video-preview":"max-video-preview:-1"},"canonical":"https:\/\/arbejdermuseet.dk\/en\/event\/conversation-series-the-world-of-leif-sylvester-youth\/","og_locale":"en_US","og_type":"article","og_title":"Conversation series: The world of Leif Sylvester - Youth l Arbejdermuseet","og_description":"Oplev en unik samtaler\u00e6kke med kunstner Leif Sylvester og radiov\u00e6rt S\u00f8ren Dahl. Vi skal b\u00e5de synge, grine og blive klogere.","og_url":"https:\/\/arbejdermuseet.dk\/en\/event\/conversation-series-the-world-of-leif-sylvester-youth\/","og_site_name":"Arbejdermuseet","article_modified_time":"2026-01-29T06:00:04+00:00","og_image":[{"width":1920,"height":1080,"url":"https:\/\/arbejdermuseet.dk\/en\/wp-content\/uploads\/sites\/2\/2025\/12\/ls-ungdom.jpeg","type":"image\/jpeg"}],"twitter_card":"summary_large_image","twitter_misc":{"Est. reading time":"2 minutes"},"schema":{"@context":"https:\/\/schema.org","@graph":[{"@type":"WebPage","@id":"https:\/\/arbejdermuseet.dk\/en\/event\/conversation-series-the-world-of-leif-sylvester-youth\/","url":"https:\/\/arbejdermuseet.dk\/en\/event\/conversation-series-the-world-of-leif-sylvester-youth\/","name":"Conversation series: The world of Leif Sylvester - Youth l Arbejdermuseet","isPartOf":{"@id":"https:\/\/arbejdermuseet.dk\/en\/#website"},"primaryImageOfPage":{"@id":"https:\/\/arbejdermuseet.dk\/en\/event\/conversation-series-the-world-of-leif-sylvester-youth\/#primaryimage"},"image":{"@id":"https:\/\/arbejdermuseet.dk\/en\/event\/conversation-series-the-world-of-leif-sylvester-youth\/#primaryimage"},"thumbnailUrl":"https:\/\/arbejdermuseet.dk\/en\/wp-content\/uploads\/sites\/2\/2025\/12\/ls-ungdom.jpeg","datePublished":"2025-12-16T13:17:22+00:00","dateModified":"2026-01-29T06:00:04+00:00","description":"Oplev en unik samtaler\u00e6kke med kunstner Leif Sylvester og radiov\u00e6rt S\u00f8ren Dahl. Vi skal b\u00e5de synge, grine og blive klogere.","breadcrumb":{"@id":"https:\/\/arbejdermuseet.dk\/en\/event\/conversation-series-the-world-of-leif-sylvester-youth\/#breadcrumb"},"inLanguage":"en-US","potentialAction":[{"@type":"ReadAction","target":["https:\/\/arbejdermuseet.dk\/en\/event\/conversation-series-the-world-of-leif-sylvester-youth\/"]}]},{"@type":"ImageObject","inLanguage":"en-US","@id":"https:\/\/arbejdermuseet.dk\/en\/event\/conversation-series-the-world-of-leif-sylvester-youth\/#primaryimage","url":"https:\/\/arbejdermuseet.dk\/en\/wp-content\/uploads\/sites\/2\/2025\/12\/ls-ungdom.jpeg","contentUrl":"https:\/\/arbejdermuseet.dk\/en\/wp-content\/uploads\/sites\/2\/2025\/12\/ls-ungdom.jpeg","width":1920,"height":1080},{"@type":"BreadcrumbList","@id":"https:\/\/arbejdermuseet.dk\/en\/event\/conversation-series-the-world-of-leif-sylvester-youth\/#breadcrumb","itemListElement":[{"@type":"ListItem","position":1,"name":"Hjem","item":"https:\/\/arbejdermuseet.dk\/en\/"},{"@type":"ListItem","position":2,"name":"Conversation series: The world of Leif Sylvester &#8211; Youth"}]},{"@type":"WebSite","@id":"https:\/\/arbejdermuseet.dk\/en\/#website","url":"https:\/\/arbejdermuseet.dk\/en\/","name":"Arbejdermuseet","description":"","publisher":{"@id":"https:\/\/arbejdermuseet.dk\/en\/#organization"},"potentialAction":[{"@type":"SearchAction","target":{"@type":"EntryPoint","urlTemplate":"https:\/\/arbejdermuseet.dk\/en\/?s={search_term_string}"},"query-input":{"@type":"PropertyValueSpecification","valueRequired":true,"valueName":"search_term_string"}}],"inLanguage":"en-US"},{"@type":"Organization","@id":"https:\/\/arbejdermuseet.dk\/en\/#organization","name":"Arbejdermuseet","url":"https:\/\/arbejdermuseet.dk\/en\/","logo":{"@type":"ImageObject","inLanguage":"en-US","@id":"https:\/\/arbejdermuseet.dk\/en\/#\/schema\/logo\/image\/","url":"https:\/\/arbejdermuseet.dk\/en\/wp-content\/uploads\/sites\/2\/2025\/01\/Logo.svg","contentUrl":"https:\/\/arbejdermuseet.dk\/en\/wp-content\/uploads\/sites\/2\/2025\/01\/Logo.svg","caption":"Arbejdermuseet"},"image":{"@id":"https:\/\/arbejdermuseet.dk\/en\/#\/schema\/logo\/image\/"}}]}},"_links":{"self":[{"href":"https:\/\/arbejdermuseet.dk\/en\/wp-json\/wp\/v2\/standout_event\/46542","targetHints":{"allow":["GET"]}}],"collection":[{"href":"https:\/\/arbejdermuseet.dk\/en\/wp-json\/wp\/v2\/standout_event"}],"about":[{"href":"https:\/\/arbejdermuseet.dk\/en\/wp-json\/wp\/v2\/types\/standout_event"}],"author":[{"embeddable":true,"href":"https:\/\/arbejdermuseet.dk\/en\/wp-json\/wp\/v2\/users\/3"}],"wp:featuredmedia":[{"embeddable":true,"href":"https:\/\/arbejdermuseet.dk\/en\/wp-json\/wp\/v2\/media\/46543"}],"wp:attachment":[{"href":"https:\/\/arbejdermuseet.dk\/en\/wp-json\/wp\/v2\/media?parent=46542"}],"wp:term":[{"taxonomy":"standout_event_category","embeddable":true,"href":"https:\/\/arbejdermuseet.dk\/en\/wp-json\/wp\/v2\/standout_event_category?post=46542"}],"curies":[{"name":"wp","href":"https:\/\/api.w.org\/{rel}","templated":true}]}}