{"id":45444,"date":"2025-12-04T13:22:32","date_gmt":"2025-12-04T12:22:32","guid":{"rendered":"https:\/\/arbejdermuseet.dk\/?post_type=standout_event&#038;p=45444"},"modified":"2026-01-29T07:00:08","modified_gmt":"2026-01-29T06:00:08","slug":"the-little-culture-night-2026","status":"publish","type":"standout_event","link":"https:\/\/arbejdermuseet.dk\/en\/event\/the-little-culture-night-2026\/","title":{"rendered":"The Little Culture Night 2026"},"content":{"rendered":"\r\n\r\n<section class=\"standout-section standout-block standout-basic is-aligned alignwide\" data-block-id=\"block_9c129def75e5485fa52473fbd13ab895\" style=\"--block-background-color: transparent; --block-text-color: inherit; --standout-block-gap: var(--gap-m);\">\r\n\r\n\t<div class=\"standout-max-container\">\t\r\n\r\n<div class=\"standout-block-inner\">\r\n\t\r\n\t\t\t<div class=\"acf-innerblocks-container\">\n\n\n\n\n\n<p>At <em>The Little Culture Night<\/em>, we follow in the footsteps of working children to strengthen our courage. In the Festival Hall, you can train your courage and juggling skills, and maybe do something you&#8217;ve never dared to do before. In the Leif Sylvester exhibition you can capture &#8220;freedom&#8221; with our new discovery hunt. In the backyard, we explore together and find out if there could be traces of freedom and play even on shitty days. When darkness falls, you can make your own rag dolls in the school room, and you can join us when darkness falls in the Children&#8217;s Labor Museum as we say goodnight together.<\/p>\n\n\n\n<p>You get access to The Little Culture Night at the Workers&#8217; Museum when you buy a Culture Pass on the Culture Night website.<\/p>\n\n\n\n<div class=\"wp-block-buttons is-layout-flex wp-block-buttons-is-layout-flex\">\n<div class=\"wp-block-button is-style-standout-primary\"><span class=\"btn_wrapper\"><a class=\"wp-block-button__link wp-element-button\" href=\"https:\/\/kulturnatten.dk\/kulturpas\/\">Buy a ticket<svg class=\"icon_flag\" width=\"16\" height=\"18\" viewBox=\"0 0 16 18\" fill=\"none\" xmlns=\"http:\/\/www.w3.org\/2000\/svg\"><path d=\"M13.468 2.67599L13.141 2.88681C13.1281 2.89542 11.9019 3.67846 10.9137 3.5752C10.6413 2.48669 10.3487 1.52007 10.0991 1.09986C9.50397 0.093091 8.3294 -0.243934 6.87661 0.177706C6.35745 0.328291 5.80387 0.711209 5.1628 1.15436C4.35968 1.70938 3.45043 2.33753 2.47521 2.56843C1.64771 2.77495 0.54628 2.23284 0.536241 2.2271C0.467402 2.20129 0.389958 2.19268 0.31108 2.20846C0.0988258 2.25435 -0.0359841 2.4623 0.00847448 2.67456L3.20806 17.6872C3.24678 17.8722 3.41027 17.9984 3.59098 17.9984C3.61823 17.9984 3.64548 17.9956 3.67272 17.9898C3.88498 17.9439 4.01979 17.736 3.97533 17.5237L2.51537 10.6699C2.6932 10.7287 2.95565 10.7832 3.32136 10.7832C3.54939 10.7832 3.81614 10.7617 4.12735 10.7058C4.77128 10.5911 5.52134 10.1551 6.39044 9.65169C7.28678 9.13109 8.30359 8.54166 9.47529 8.13006C10.5982 7.73567 10.9682 7.93071 11.0744 8.03254C11.2192 8.17165 11.1991 8.40542 11.1848 8.47712C11.1289 8.64349 11.0342 8.7869 10.931 8.94322C10.733 9.24152 10.5093 9.57855 10.6312 10.0762C10.7115 10.4247 10.9682 10.6857 11.3526 10.8105C11.5376 10.8707 11.747 10.8994 11.9736 10.8994C12.8986 10.8994 14.0975 10.4218 14.9752 9.65886L15.1 9.54987L13.4694 2.67312L13.468 2.67599Z\" fill=\"currentcolor\"\/><\/svg><\/a><\/span><\/div>\n<\/div>\n\n\n\n<div style=\"height:32px\" aria-hidden=\"true\" class=\"wp-block-spacer\"><\/div>\n\n\n\n<h3 class=\"wp-block-heading\" style=\"text-transform:uppercase\">Program<\/h3>\n\n\n\n<div style=\"height:7px\" aria-hidden=\"true\" class=\"wp-block-spacer\"><\/div>\n\n\n\n<h5 class=\"wp-block-heading\"><strong>Juggler workshop<\/strong> <\/h5>\n\n\n\n<p><strong><strong>\ud83d\udccdWe meet in the Ballroom at 16:30, 17:15 and 18:30<\/strong><\/strong><br><em>Recommended age: 5+<\/em> <br><em>Duration: Approximately 30 minutes<\/em><\/p>\n\n\n\n<p>Join us as we transform the Ballroom into a magician&#8217;s workshop for children and young minds. Bring your inner circus artist to life and join us as we join the professional jugglers from Cph Circus Space to strengthen our courage and practice juggling, acrobatics and clowning.<strong><br><\/strong><\/p>\n\n\n\n<h5 class=\"wp-block-heading\"><strong><strong>A Day of Shit <\/strong> <\/strong> <\/h5>\n\n\n\n<p><strong><strong>\ud83d\udccdWe<\/strong>meet in the store at 16:15 and 17:45 <\/strong><br><em>Recommended age: 4+<\/em> <br><em>Duration: Approximately 30 minutes<\/em> <\/p>\n\n\n\n<p>Join us as we transform the Ballroom into a jester&#8217;s workshop for kids and kids at heart. Bring your inner circus artist to life and join us as we join the professional jugglers from Cph Circus Space to strengthen our courage and practice juggling, acrobatics and clowning.<strong><em><br><\/em><\/strong><\/p>\n\n\n\n<h5 class=\"wp-block-heading\">Discovery hunt: Freedom flies &#8211; can you catch it?<\/h5>\n\n\n\n<p><strong><strong>\ud83d\udccdFrom<\/strong>16:00-20:00 <\/strong><br><em>Recommended age: 6+<\/em> <\/p>\n\n\n\n<p>What does freedom look like? How are freedom and dreams connected? And who is really indispensable for you to experience freedom? With our new discovery and activity booklet in hand, you can try to capture freedom together in the exhibition<em>Leif Sylvester &#8211; Freedom flies<\/em>. Here you can explore Leif Sylvester&#8217;s art and life &#8211; and explore what freedom means to you.<strong><em><br><\/em><\/strong><\/p>\n\n\n\n<h5 class=\"wp-block-heading\"><strong>Make your own rag dolls in the classroom<\/strong> <\/h5>\n\n\n\n<p><strong><strong>\ud83d\udccdThe rag doll workshop<\/strong>is open 16.00-19.30 <\/strong><br><em>Recommended age: 4+<\/em> <\/p>\n\n\n\n<p>In the rag doll workshop, we celebrate those who are important to others! Here you can turn your own brave everyday heroes into rag dolls made from scraps of fabric, just like the working children did when they couldn&#8217;t afford new toys. Maybe you want to give your rag dolls as gifts to your heroes? Or maybe you want to take them home to remember your own heroes?<strong><br><\/strong><\/p>\n\n\n\n<h5 class=\"wp-block-heading\"><strong>Explore the Children&#8217;s Labor Museum<\/strong><\/h5>\n\n\n\n<p><em>Recommended age: 3+<\/em> <\/p>\n\n\n\n<p>Explore the Children&#8217;s Working Museum where you can play with everything. Here you can dress up as a working-class child and help out at the grocery store, cycle out with goods or sort bottles. When you&#8217;re off work, you can stop by the dance school and then finish up at home in the small backyard apartment. Maybe you can find the chamber pot? <a href=\"https:\/\/www.arbejdermuseet.dk\/det-sker\/udstillinger\/boernenes-arbejdermuseum\/\" target=\"_blank\" rel=\"noreferrer noopener\">read more about the Children&#8217;s Labor Museum<\/a>.<strong><br><\/strong><\/p>\n\n\n\n<h5 class=\"wp-block-heading\"><strong><strong>Join us when the museum goes to sleep<\/strong><\/strong><\/h5>\n\n\n\n<p>At 19:40, we follow the working-class boy Knud and his life as darkness falls and the lights go out in the Children&#8217;s Working Museum.<\/p>\n\n\n\n<h4 class=\"wp-block-heading\"><strong><strong><strong>access with a Culture Pass<\/strong> <\/strong><\/strong><\/h4>\n\n\n\n<p>You must purchase a Culture Pass to visit the Workers&#8217; Museum on The Little Culture Night. The Culture Pass costs DKK 125 when you are 12 years old and can be purchased on the<a href=\"https:\/\/www.kulturnatten.dk\/da\/Kulturnatten\" target=\"_blank\" rel=\"noreferrer noopener\">Culture Night website.<\/a>it is free to bring two children under the age of 12 with the purchase of a Culture Pass. Your Culture Pass is also your ticket for free transportation by bus, train and metro in the Greater Copenhagen area zone 1-99 from 15:00-21:00 and is also valid as admission to all the other cultural experiences on the night. See<a href=\"https:\/\/www.kulturnatten.dk\/da\/Kulturnatten\/Program\/Se-programmet\" target=\"_blank\" rel=\"noreferrer noopener\">the full program<\/a>from 3 March on the Culture Night website.<\/p>\n\n\n\n\n\n<\/div>\r\n\t<\/div>\r\n\r\n\r\n\r\n\t\t<\/div>\r\n<\/section>\n\n\r\n\r\n<section class=\"standout-section standout-block standout-related-content is-aligned alignfull off-center-slider has-bg has-bg-color\" data-block-id=\"block_66040f6b6f61e368bb374364e6f50c13\" style=\"--block-background-color: var(--wp--preset--color--color-4); --block-text-color: inherit;\">\r\n\r\n\t<div class=\"standout-max-container\">\t\r\n\r\n<div class=\"standout-block-inner\">\r\n\t\t\t<div class=\"acf-innerblocks-container\">\n\n<h2 class=\"wp-block-heading\" style=\"text-transform:uppercase\">IF YOU think the topic is exciting<\/h2>\n\n\n\r\n\r\n<section class=\"standout-block standout-related-content-inner is-aligned alignfull\" data-block-id=\"block_ce5caab03ddc6fd16dd7efbcc711089a\" style=\"--block-background-color: transparent; --block-text-color: inherit;\" data-related-content=\"tag\">\r\n\r\n\t<div class=\"standout-max-container\">\t\r\n\r\n\r\n\r\n<div class=\"standout-block-inner\">\r\n\t\t\t\r\n\r\n<section class=\"standout-section standout-block standout-posts is-aligned alignwide\" data-block-id=\"block_0667fd9b76eb2bb2533700c22227aceb\" style=\"--block-background-color: transparent; --block-text-color: inherit;\" template=\"02\">\r\n\r\n\t<div class=\"standout-max-container\">\t\r\n\r\n<div class=\"standout-block-inner\">\r\n\t<div class=\"acf-innerblocks-container\">\r\n\t\t\r\n\r\n<section class=\"standout-section standout-block standout-slider is-aligned alignfull has-bg\" data-block-id=\"block_288390c809883b927c8768d719c2f012\" style=\"--block-background-color: transparent; --block-text-color: inherit; --slider-columns: 4;\" data-columns=\"4\" data-slider=\"{&quot;slidesToShow&quot;:&quot;4&quot;,&quot;slidesToScroll&quot;:&quot;1&quot;,&quot;dots&quot;:&quot;false&quot;,&quot;arrows&quot;:&quot;true&quot;,&quot;adaptiveHeight&quot;:&quot;false&quot;,&quot;autoplay&quot;:&quot;true&quot;,&quot;autoplaySpeed&quot;:&quot;5000&quot;,&quot;speed&quot;:&quot;1000&quot;,&quot;infinite&quot;:&quot;true&quot;,&quot;centerMode&quot;:&quot;false&quot;,&quot;fade&quot;:&quot;false&quot;}\" data-slider-responsive=\"null\">\r\n\r\n\t<div class=\"standout-max-container\">\t\n\n<div class=\"standout-block-inner\" >\n\t\t\t\t\t<div class=\"acf-innerblocks-container is-slick-slider\">\n\t\t\t\r\n\r\n<section class=\"standout-block standout-slide-element is-aligned alignwide\" data-block-id=\"block_adba0474ba8fbe90dfc5a5060d17ed3d\" style=\"--block-background-color: transparent; --block-text-color: inherit;\">\r\n\r\n\t\t\r\n\r\n\t<div class=\"acf-innerblocks-container\">\r\n\t\t\r\n<div class=\"post post-loop post-loop-type-page\">\r\n\t\t\t<div class=\"post-thumbnail-wrap\">\r\n\t\t\t\t\t\t\t<img loading=\"lazy\" decoding=\"async\" width=\"1920\" height=\"1280\" src=\"https:\/\/arbejdermuseet.dk\/en\/wp-content\/uploads\/sites\/2\/2025\/11\/20A1F21920x12xx.jpg\" class=\"attachment-post-thumbnail size-post-thumbnail wp-post-image\" alt=\"\" srcset=\"https:\/\/arbejdermuseet.dk\/en\/wp-content\/uploads\/sites\/2\/2025\/11\/20A1F21920x12xx.jpg 1920w, https:\/\/arbejdermuseet.dk\/en\/wp-content\/uploads\/sites\/2\/2025\/11\/20A1F21920x12xx-600x400.jpg 600w, https:\/\/arbejdermuseet.dk\/en\/wp-content\/uploads\/sites\/2\/2025\/11\/20A1F21920x12xx-300x200.jpg 300w, https:\/\/arbejdermuseet.dk\/en\/wp-content\/uploads\/sites\/2\/2025\/11\/20A1F21920x12xx-768x512.jpg 768w, https:\/\/arbejdermuseet.dk\/en\/wp-content\/uploads\/sites\/2\/2025\/11\/20A1F21920x12xx-1536x1024.jpg 1536w, https:\/\/arbejdermuseet.dk\/en\/wp-content\/uploads\/sites\/2\/2025\/11\/20A1F21920x12xx-135x90.jpg 135w, https:\/\/arbejdermuseet.dk\/en\/wp-content\/uploads\/sites\/2\/2025\/11\/20A1F21920x12xx-1200x800.jpg 1200w\" sizes=\"(max-width: 1920px) 100vw, 1920px\" data-copyright=\"Malthe Folke Ivarsson\" data-headline=\"20A1F2~1920x12xx\" data-description=\"\"  data-full-url=\"\" \/>\t\t\t\t\t<\/div>\r\n\t\r\n\t\t\t\t<div class=\"post-ancestor-title\">\r\n\t\t\t<span>EXHIBITIONS<\/span>\r\n\t\t<\/div>\r\n\t\r\n\t<div class=\"post-title-wrap\">\r\n\t\t<span class=\"post-title\">Children&#8217;s Workers Museum<\/span>\r\n\t<\/div>\r\n\r\n\t<a class=\"post-read-more-link\" href=\"https:\/\/arbejdermuseet.dk\/en\/its-happening\/childrens-labor-museum\/\">\r\n\t\tRead more <span height=\"1em\" class=\"standout-custom-svg custom-svg\"><svg height=\"1em\" xmlns=\"http:\/\/www.w3.org\/2000\/svg\" viewBox=\"0 0 17 8\" fill=\"none\">\r\n  <path d=\"M9.95456 0L9.5654 0.627408L14.4402 3.631H0V4.36826H14.4402L9.5654 7.37259L9.95456 8L16.4444 3.99963L9.95456 0Z\" fill=\"#B12320\"\/>\r\n<\/svg><\/span>\t<\/a>\r\n<\/div>\r\n\t<\/div>\r\n\r\n\r\n\r\n\t\t\r\n<\/section>\r\n\r\n<section class=\"standout-block standout-slide-element is-aligned alignwide\" data-block-id=\"block_d45e7f291f1d48482c84371122aa0faf\" style=\"--block-background-color: transparent; --block-text-color: inherit;\">\r\n\r\n\t<div class=\"standout-max-container\">\t\r\n\r\n\t<div class=\"acf-innerblocks-container\">\r\n\t\t\r\n<div class=\"post post-loop post-loop-type-standout_event\">\r\n\t\t\t<div class=\"post-thumbnail-wrap\">\r\n\t\t\t\t\t\t\t<img loading=\"lazy\" decoding=\"async\" width=\"1920\" height=\"1080\" src=\"https:\/\/arbejdermuseet.dk\/en\/wp-content\/uploads\/sites\/2\/2026\/01\/Vinterferie2026_1920x1080.jpg\" class=\"attachment-post-thumbnail size-post-thumbnail wp-post-image\" alt=\"\" srcset=\"https:\/\/arbejdermuseet.dk\/en\/wp-content\/uploads\/sites\/2\/2026\/01\/Vinterferie2026_1920x1080.jpg 1920w, https:\/\/arbejdermuseet.dk\/en\/wp-content\/uploads\/sites\/2\/2026\/01\/Vinterferie2026_1920x1080-600x338.jpg 600w, https:\/\/arbejdermuseet.dk\/en\/wp-content\/uploads\/sites\/2\/2026\/01\/Vinterferie2026_1920x1080-300x169.jpg 300w, https:\/\/arbejdermuseet.dk\/en\/wp-content\/uploads\/sites\/2\/2026\/01\/Vinterferie2026_1920x1080-768x432.jpg 768w, https:\/\/arbejdermuseet.dk\/en\/wp-content\/uploads\/sites\/2\/2026\/01\/Vinterferie2026_1920x1080-1536x864.jpg 1536w, https:\/\/arbejdermuseet.dk\/en\/wp-content\/uploads\/sites\/2\/2026\/01\/Vinterferie2026_1920x1080-160x90.jpg 160w, https:\/\/arbejdermuseet.dk\/en\/wp-content\/uploads\/sites\/2\/2026\/01\/Vinterferie2026_1920x1080-1200x675.jpg 1200w\" sizes=\"(max-width: 1920px) 100vw, 1920px\" data-copyright=\"\" data-headline=\"Vinterferie2026_1920x1080\" data-description=\"\"  data-full-url=\"\" \/>\t\t\t\t\t<\/div>\r\n\t\r\n\t\t\t\t<div class=\"post-ancestor-title\">\r\n\t\t\t<span>EVENTS<\/span>\r\n\t\t<\/div>\r\n\t\r\n\t<div class=\"post-title-wrap\">\r\n\t\t<span class=\"post-title\">Flying Free &#8211; Winter break at the Workers&#8217; Museum<\/span>\r\n\t<\/div>\r\n\r\n\t<a class=\"post-read-more-link\" href=\"https:\/\/arbejdermuseet.dk\/en\/event\/freedom-flies-winter-break-at-the-workers-museum\/\">\r\n\t\tRead more <span height=\"1em\" class=\"standout-custom-svg custom-svg\"><svg height=\"1em\" xmlns=\"http:\/\/www.w3.org\/2000\/svg\" viewBox=\"0 0 17 8\" fill=\"none\">\r\n  <path d=\"M9.95456 0L9.5654 0.627408L14.4402 3.631H0V4.36826H14.4402L9.5654 7.37259L9.95456 8L16.4444 3.99963L9.95456 0Z\" fill=\"#B12320\"\/>\r\n<\/svg><\/span>\t<\/a>\r\n<\/div>\r\n\t<\/div>\r\n\r\n\r\n\r\n\t\t<\/div>\r\n<\/section>\r\n\r\n<section class=\"standout-block standout-slide-element is-aligned alignwide\" data-block-id=\"block_77054fca9d42df31c85a82f01d0a0c65\" style=\"--block-background-color: transparent; --block-text-color: inherit;\">\r\n\r\n\t<div class=\"standout-max-container\">\t\r\n\r\n\t<div class=\"acf-innerblocks-container\">\r\n\t\t\r\n<div class=\"post post-loop post-loop-type-page\">\r\n\t\t\t<div class=\"post-thumbnail-wrap\">\r\n\t\t\t\t\t\t\t<img loading=\"lazy\" decoding=\"async\" width=\"331\" height=\"450\" src=\"https:\/\/arbejdermuseet.dk\/en\/wp-content\/uploads\/sites\/2\/2025\/11\/Pedro.jpg\" class=\"attachment-post-thumbnail size-post-thumbnail wp-post-image\" alt=\"\" srcset=\"https:\/\/arbejdermuseet.dk\/en\/wp-content\/uploads\/sites\/2\/2025\/11\/Pedro.jpg 331w, https:\/\/arbejdermuseet.dk\/en\/wp-content\/uploads\/sites\/2\/2025\/11\/Pedro-221x300.jpg 221w, https:\/\/arbejdermuseet.dk\/en\/wp-content\/uploads\/sites\/2\/2025\/11\/Pedro-66x90.jpg 66w\" sizes=\"(max-width: 331px) 100vw, 331px\" data-copyright=\"\" data-headline=\"Pedro\" data-description=\"\"  data-full-url=\"\" \/>\t\t\t\t\t<\/div>\r\n\t\r\n\t\t\t\t<div class=\"post-ancestor-title\">\r\n\t\t\t<span>LABOUR HISTORY<\/span>\r\n\t\t<\/div>\r\n\t\r\n\t<div class=\"post-title-wrap\">\r\n\t\t<span class=\"post-title\">&#8220;Felice Navidades&#8221; &#8211; a Christmas greeting from Pedro<\/span>\r\n\t<\/div>\r\n\r\n\t<a class=\"post-read-more-link\" href=\"https:\/\/arbejdermuseet.dk\/en\/library-archive\/international-solidarity\/felice-navidades-a-christmas-greeting-from-pedro\/\">\r\n\t\tRead more <span height=\"1em\" class=\"standout-custom-svg custom-svg\"><svg height=\"1em\" xmlns=\"http:\/\/www.w3.org\/2000\/svg\" viewBox=\"0 0 17 8\" fill=\"none\">\r\n  <path d=\"M9.95456 0L9.5654 0.627408L14.4402 3.631H0V4.36826H14.4402L9.5654 7.37259L9.95456 8L16.4444 3.99963L9.95456 0Z\" fill=\"#B12320\"\/>\r\n<\/svg><\/span>\t<\/a>\r\n<\/div>\r\n\t<\/div>\r\n\r\n\r\n\r\n\t\t<\/div>\r\n<\/section>\r\n\r\n<section class=\"standout-block standout-slide-element is-aligned alignwide\" data-block-id=\"block_513e01610629f860395066e4098076ea\" style=\"--block-background-color: transparent; --block-text-color: inherit;\">\r\n\r\n\t<div class=\"standout-max-container\">\t\r\n\r\n\t<div class=\"acf-innerblocks-container\">\r\n\t\t\r\n<div class=\"post post-loop post-loop-type-standout_event\">\r\n\t\t\t<div class=\"post-thumbnail-wrap\">\r\n\t\t\t\t\t\t\t<img loading=\"lazy\" decoding=\"async\" width=\"1920\" height=\"1080\" src=\"https:\/\/arbejdermuseet.dk\/en\/wp-content\/uploads\/sites\/2\/2026\/01\/2063A3_1920x1080.jpg\" class=\"attachment-post-thumbnail size-post-thumbnail wp-post-image\" alt=\"\" srcset=\"https:\/\/arbejdermuseet.dk\/en\/wp-content\/uploads\/sites\/2\/2026\/01\/2063A3_1920x1080.jpg 1920w, https:\/\/arbejdermuseet.dk\/en\/wp-content\/uploads\/sites\/2\/2026\/01\/2063A3_1920x1080-600x338.jpg 600w, https:\/\/arbejdermuseet.dk\/en\/wp-content\/uploads\/sites\/2\/2026\/01\/2063A3_1920x1080-300x169.jpg 300w, https:\/\/arbejdermuseet.dk\/en\/wp-content\/uploads\/sites\/2\/2026\/01\/2063A3_1920x1080-768x432.jpg 768w, https:\/\/arbejdermuseet.dk\/en\/wp-content\/uploads\/sites\/2\/2026\/01\/2063A3_1920x1080-1536x864.jpg 1536w, https:\/\/arbejdermuseet.dk\/en\/wp-content\/uploads\/sites\/2\/2026\/01\/2063A3_1920x1080-160x90.jpg 160w, https:\/\/arbejdermuseet.dk\/en\/wp-content\/uploads\/sites\/2\/2026\/01\/2063A3_1920x1080-1200x675.jpg 1200w\" sizes=\"(max-width: 1920px) 100vw, 1920px\" data-copyright=\"Malthe Folke Ivarsson\" data-headline=\"2063A3_1920x1080\" data-description=\"\"  data-full-url=\"\" \/>\t\t\t\t\t<\/div>\r\n\t\r\n\t\t\t\t<div class=\"post-ancestor-title\">\r\n\t\t\t<span>EVENTS<\/span>\r\n\t\t<\/div>\r\n\t\r\n\t<div class=\"post-title-wrap\">\r\n\t\t<span class=\"post-title\">Family tour: Leif Sylvester &#8211; Freedom Flies<\/span>\r\n\t<\/div>\r\n\r\n\t<a class=\"post-read-more-link\" href=\"https:\/\/arbejdermuseet.dk\/en\/event\/family-tour-leif-sylvester-freedom-flies\/\">\r\n\t\tRead more <span height=\"1em\" class=\"standout-custom-svg custom-svg\"><svg height=\"1em\" xmlns=\"http:\/\/www.w3.org\/2000\/svg\" viewBox=\"0 0 17 8\" fill=\"none\">\r\n  <path d=\"M9.95456 0L9.5654 0.627408L14.4402 3.631H0V4.36826H14.4402L9.5654 7.37259L9.95456 8L16.4444 3.99963L9.95456 0Z\" fill=\"#B12320\"\/>\r\n<\/svg><\/span>\t<\/a>\r\n<\/div>\r\n\t<\/div>\r\n\r\n\r\n\r\n\t\t<\/div>\r\n<\/section>\r\n\r\n<section class=\"standout-block standout-slide-element is-aligned alignwide\" data-block-id=\"block_cdcf0db9d228332c84ecd7f02a8440a2\" style=\"--block-background-color: transparent; --block-text-color: inherit;\">\r\n\r\n\t<div class=\"standout-max-container\">\t\r\n\r\n\t<div class=\"acf-innerblocks-container\">\r\n\t\t\r\n<div class=\"post post-loop post-loop-type-page\">\r\n\t\t\t<div class=\"post-thumbnail-wrap\">\r\n\t\t\t\t\t\t\t<img loading=\"lazy\" decoding=\"async\" width=\"2394\" height=\"1664\" src=\"https:\/\/arbejdermuseet.dk\/en\/wp-content\/uploads\/sites\/2\/2025\/10\/F20120724057.jpg\" class=\"attachment-post-thumbnail size-post-thumbnail wp-post-image\" alt=\"\" srcset=\"https:\/\/arbejdermuseet.dk\/en\/wp-content\/uploads\/sites\/2\/2025\/10\/F20120724057.jpg 2394w, https:\/\/arbejdermuseet.dk\/en\/wp-content\/uploads\/sites\/2\/2025\/10\/F20120724057-600x417.jpg 600w, https:\/\/arbejdermuseet.dk\/en\/wp-content\/uploads\/sites\/2\/2025\/10\/F20120724057-1920x1335.jpg 1920w, https:\/\/arbejdermuseet.dk\/en\/wp-content\/uploads\/sites\/2\/2025\/10\/F20120724057-300x209.jpg 300w, https:\/\/arbejdermuseet.dk\/en\/wp-content\/uploads\/sites\/2\/2025\/10\/F20120724057-768x534.jpg 768w, https:\/\/arbejdermuseet.dk\/en\/wp-content\/uploads\/sites\/2\/2025\/10\/F20120724057-1536x1068.jpg 1536w, https:\/\/arbejdermuseet.dk\/en\/wp-content\/uploads\/sites\/2\/2025\/10\/F20120724057-2048x1424.jpg 2048w, https:\/\/arbejdermuseet.dk\/en\/wp-content\/uploads\/sites\/2\/2025\/10\/F20120724057-129x90.jpg 129w, https:\/\/arbejdermuseet.dk\/en\/wp-content\/uploads\/sites\/2\/2025\/10\/F20120724057-1200x834.jpg 1200w\" sizes=\"(max-width: 2394px) 100vw, 2394px\" data-copyright=\"\" data-headline=\"F20120724057\" data-description=\"\"  data-full-url=\"\" \/>\t\t\t\t\t<\/div>\r\n\t\r\n\t\t\t\t<div class=\"post-ancestor-title\">\r\n\t\t\t<span>LABOUR HISTORY<\/span>\r\n\t\t<\/div>\r\n\t\r\n\t<div class=\"post-title-wrap\">\r\n\t\t<span class=\"post-title\">Pages of DUI History<\/span>\r\n\t<\/div>\r\n\r\n\t<a class=\"post-read-more-link\" href=\"https:\/\/arbejdermuseet.dk\/en\/library-archive\/party\/social-democratic-party\/pages-of-dui-history\/\">\r\n\t\tRead more <span height=\"1em\" class=\"standout-custom-svg custom-svg\"><svg height=\"1em\" xmlns=\"http:\/\/www.w3.org\/2000\/svg\" viewBox=\"0 0 17 8\" fill=\"none\">\r\n  <path d=\"M9.95456 0L9.5654 0.627408L14.4402 3.631H0V4.36826H14.4402L9.5654 7.37259L9.95456 8L16.4444 3.99963L9.95456 0Z\" fill=\"#B12320\"\/>\r\n<\/svg><\/span>\t<\/a>\r\n<\/div>\r\n\t<\/div>\r\n\r\n\r\n\r\n\t\t<\/div>\r\n<\/section>\t\t<\/div>\n\t\n\t\n\t\n<\/div>\n\n\n\t<style>\n\t\t.standout-slider[data-block-id=\"block_288390c809883b927c8768d719c2f012\"]>*>*>.acf-innerblocks-container:not(.slick-initialized)>*:nth-child(4)~* {\n\t\t\tdisplay: none;\n\t\t}\n\t<\/style>\n\n\n\r\n\t\t<\/div>\r\n<\/section>\t<\/div>\r\n<\/div>\r\n\r\n\r\n\r\n\t\t<\/div>\r\n<\/section>\t<\/div>\r\n\r\n\r\n\r\n\t\t<\/div>\r\n<\/section>\n<\/div>\r\n\t<\/div>\r\n\r\n\r\n\r\n\t\t<\/div>\r\n<\/section>","protected":false},"excerpt":{"rendered":"<p>Bring the whole family to The Little Culture Night at the Workers&#8217; Museum, where it&#8217;s all about fun, freedom and silliness. At the Little Culture Night, we follow in the footsteps of the workers&#8217; children to strengthen our courage.<br \/>\nIn the Festival Hall, you can train your courage and juggling skills. Maybe you&#8217;ll do something you&#8217;ve never dared to do before. <\/p>\n","protected":false},"author":3,"featured_media":45541,"template":"","meta":{"_acf_changed":false,"editor_notices":[]},"standout_event_category":[32],"class_list":["post-45444","standout_event","type-standout_event","status-publish","has-post-thumbnail","hentry"],"acf":[],"yoast_head":"<!-- This site is optimized with the Yoast SEO plugin v26.3 - https:\/\/yoast.com\/wordpress\/plugins\/seo\/ -->\n<title>The Little Culture Night 2026 - Arbejdermuseet<\/title>\n<meta name=\"description\" content=\"Tag hele familien med til Den Lille Kulturnat p\u00e5 Arbejdermuseet, hvor den st\u00e5r p\u00e5 g\u00f8gleri, frihed og gakkel\u00f8jer.\u00a0Kom med og g\u00e5 i arbejderb\u00f8rnenes fodspor.\" \/>\n<meta name=\"robots\" content=\"index, follow, max-snippet:-1, max-image-preview:large, max-video-preview:-1\" \/>\n<link rel=\"canonical\" href=\"https:\/\/arbejdermuseet.dk\/en\/event\/the-little-culture-night-2026\/\" \/>\n<meta property=\"og:locale\" content=\"en_US\" \/>\n<meta property=\"og:type\" content=\"article\" \/>\n<meta property=\"og:title\" content=\"The Little Culture Night 2026 - Arbejdermuseet\" \/>\n<meta property=\"og:description\" content=\"Tag hele familien med til Den Lille Kulturnat p\u00e5 Arbejdermuseet, hvor den st\u00e5r p\u00e5 g\u00f8gleri, frihed og gakkel\u00f8jer.\u00a0Kom med og g\u00e5 i arbejderb\u00f8rnenes fodspor.\" \/>\n<meta property=\"og:url\" content=\"https:\/\/arbejdermuseet.dk\/en\/event\/the-little-culture-night-2026\/\" \/>\n<meta property=\"og:site_name\" content=\"Arbejdermuseet\" \/>\n<meta property=\"article:modified_time\" content=\"2026-01-29T06:00:08+00:00\" \/>\n<meta property=\"og:image\" content=\"https:\/\/arbejdermuseet.dk\/en\/wp-content\/uploads\/sites\/2\/2025\/12\/Kulturnat-1.jpg\" \/>\n\t<meta property=\"og:image:width\" content=\"1920\" \/>\n\t<meta property=\"og:image:height\" content=\"1080\" \/>\n\t<meta property=\"og:image:type\" content=\"image\/jpeg\" \/>\n<meta name=\"twitter:card\" content=\"summary_large_image\" \/>\n<meta name=\"twitter:label1\" content=\"Est. reading time\" \/>\n\t<meta name=\"twitter:data1\" content=\"4 minutes\" \/>\n<!-- \/ Yoast SEO plugin. -->","yoast_head_json":{"title":"The Little Culture Night 2026 - Arbejdermuseet","description":"Tag hele familien med til Den Lille Kulturnat p\u00e5 Arbejdermuseet, hvor den st\u00e5r p\u00e5 g\u00f8gleri, frihed og gakkel\u00f8jer.\u00a0Kom med og g\u00e5 i arbejderb\u00f8rnenes fodspor.","robots":{"index":"index","follow":"follow","max-snippet":"max-snippet:-1","max-image-preview":"max-image-preview:large","max-video-preview":"max-video-preview:-1"},"canonical":"https:\/\/arbejdermuseet.dk\/en\/event\/the-little-culture-night-2026\/","og_locale":"en_US","og_type":"article","og_title":"The Little Culture Night 2026 - Arbejdermuseet","og_description":"Tag hele familien med til Den Lille Kulturnat p\u00e5 Arbejdermuseet, hvor den st\u00e5r p\u00e5 g\u00f8gleri, frihed og gakkel\u00f8jer.\u00a0Kom med og g\u00e5 i arbejderb\u00f8rnenes fodspor.","og_url":"https:\/\/arbejdermuseet.dk\/en\/event\/the-little-culture-night-2026\/","og_site_name":"Arbejdermuseet","article_modified_time":"2026-01-29T06:00:08+00:00","og_image":[{"width":1920,"height":1080,"url":"https:\/\/arbejdermuseet.dk\/en\/wp-content\/uploads\/sites\/2\/2025\/12\/Kulturnat-1.jpg","type":"image\/jpeg"}],"twitter_card":"summary_large_image","twitter_misc":{"Est. reading time":"4 minutes"},"schema":{"@context":"https:\/\/schema.org","@graph":[{"@type":"WebPage","@id":"https:\/\/arbejdermuseet.dk\/en\/event\/the-little-culture-night-2026\/","url":"https:\/\/arbejdermuseet.dk\/en\/event\/the-little-culture-night-2026\/","name":"The Little Culture Night 2026 - Arbejdermuseet","isPartOf":{"@id":"https:\/\/arbejdermuseet.dk\/en\/#website"},"primaryImageOfPage":{"@id":"https:\/\/arbejdermuseet.dk\/en\/event\/the-little-culture-night-2026\/#primaryimage"},"image":{"@id":"https:\/\/arbejdermuseet.dk\/en\/event\/the-little-culture-night-2026\/#primaryimage"},"thumbnailUrl":"https:\/\/arbejdermuseet.dk\/en\/wp-content\/uploads\/sites\/2\/2025\/12\/Kulturnat-1.jpg","datePublished":"2025-12-04T12:22:32+00:00","dateModified":"2026-01-29T06:00:08+00:00","description":"Tag hele familien med til Den Lille Kulturnat p\u00e5 Arbejdermuseet, hvor den st\u00e5r p\u00e5 g\u00f8gleri, frihed og gakkel\u00f8jer.\u00a0Kom med og g\u00e5 i arbejderb\u00f8rnenes fodspor.","breadcrumb":{"@id":"https:\/\/arbejdermuseet.dk\/en\/event\/the-little-culture-night-2026\/#breadcrumb"},"inLanguage":"en-US","potentialAction":[{"@type":"ReadAction","target":["https:\/\/arbejdermuseet.dk\/en\/event\/the-little-culture-night-2026\/"]}]},{"@type":"ImageObject","inLanguage":"en-US","@id":"https:\/\/arbejdermuseet.dk\/en\/event\/the-little-culture-night-2026\/#primaryimage","url":"https:\/\/arbejdermuseet.dk\/en\/wp-content\/uploads\/sites\/2\/2025\/12\/Kulturnat-1.jpg","contentUrl":"https:\/\/arbejdermuseet.dk\/en\/wp-content\/uploads\/sites\/2\/2025\/12\/Kulturnat-1.jpg","width":1920,"height":1080},{"@type":"BreadcrumbList","@id":"https:\/\/arbejdermuseet.dk\/en\/event\/the-little-culture-night-2026\/#breadcrumb","itemListElement":[{"@type":"ListItem","position":1,"name":"Hjem","item":"https:\/\/arbejdermuseet.dk\/en\/"},{"@type":"ListItem","position":2,"name":"The Little Culture Night 2026"}]},{"@type":"WebSite","@id":"https:\/\/arbejdermuseet.dk\/en\/#website","url":"https:\/\/arbejdermuseet.dk\/en\/","name":"Arbejdermuseet","description":"","publisher":{"@id":"https:\/\/arbejdermuseet.dk\/en\/#organization"},"potentialAction":[{"@type":"SearchAction","target":{"@type":"EntryPoint","urlTemplate":"https:\/\/arbejdermuseet.dk\/en\/?s={search_term_string}"},"query-input":{"@type":"PropertyValueSpecification","valueRequired":true,"valueName":"search_term_string"}}],"inLanguage":"en-US"},{"@type":"Organization","@id":"https:\/\/arbejdermuseet.dk\/en\/#organization","name":"Arbejdermuseet","url":"https:\/\/arbejdermuseet.dk\/en\/","logo":{"@type":"ImageObject","inLanguage":"en-US","@id":"https:\/\/arbejdermuseet.dk\/en\/#\/schema\/logo\/image\/","url":"https:\/\/arbejdermuseet.dk\/en\/wp-content\/uploads\/sites\/2\/2025\/01\/Logo.svg","contentUrl":"https:\/\/arbejdermuseet.dk\/en\/wp-content\/uploads\/sites\/2\/2025\/01\/Logo.svg","caption":"Arbejdermuseet"},"image":{"@id":"https:\/\/arbejdermuseet.dk\/en\/#\/schema\/logo\/image\/"}}]}},"_links":{"self":[{"href":"https:\/\/arbejdermuseet.dk\/en\/wp-json\/wp\/v2\/standout_event\/45444","targetHints":{"allow":["GET"]}}],"collection":[{"href":"https:\/\/arbejdermuseet.dk\/en\/wp-json\/wp\/v2\/standout_event"}],"about":[{"href":"https:\/\/arbejdermuseet.dk\/en\/wp-json\/wp\/v2\/types\/standout_event"}],"author":[{"embeddable":true,"href":"https:\/\/arbejdermuseet.dk\/en\/wp-json\/wp\/v2\/users\/3"}],"wp:featuredmedia":[{"embeddable":true,"href":"https:\/\/arbejdermuseet.dk\/en\/wp-json\/wp\/v2\/media\/45541"}],"wp:attachment":[{"href":"https:\/\/arbejdermuseet.dk\/en\/wp-json\/wp\/v2\/media?parent=45444"}],"wp:term":[{"taxonomy":"standout_event_category","embeddable":true,"href":"https:\/\/arbejdermuseet.dk\/en\/wp-json\/wp\/v2\/standout_event_category?post=45444"}],"curies":[{"name":"wp","href":"https:\/\/api.w.org\/{rel}","templated":true}]}}