{"id":47740,"date":"2026-01-19T14:36:48","date_gmt":"2026-01-19T13:36:48","guid":{"rendered":"https:\/\/arbejdermuseet.dk\/?page_id=47740"},"modified":"2026-01-29T08:15:07","modified_gmt":"2026-01-29T07:15:07","slug":"sources-and-tasks-battle-of-faelleden","status":"publish","type":"page","link":"https:\/\/arbejdermuseet.dk\/en\/teaching\/digital-learning-tools\/sources-and-tasks-battle-of-faelleden\/","title":{"rendered":"Sources and tasks &#8211; Battle of F\u00e6lleden"},"content":{"rendered":"\n<p class=\"is-style-align-wide standout-subtitle-type\">Digital archive box and learning tool: STX, HF<\/p>\n\n\n\n<h1 class=\"wp-block-heading alignwide\">The Battle of F\u00e6lleden <\/h1>\n\n\n\r\n\r\n<section class=\"standout-section standout-block standout-slider is-aligned alignfull wp-elements-55d6e04fd88fd2f45bf43144bf5f50e7 has-bg has-text-color\" data-block-id=\"block_94eb613cfcc8613664df1f0e4d3e34dd\" style=\"--block-background-color: transparent; --block-text-color: var(--wp--preset--color--color-white); --standout-block-gap: var(--gap-m); --slider-columns: 1;\" data-columns=\"1\" data-slider=\"{&quot;slidesToShow&quot;:&quot;1&quot;,&quot;slidesToScroll&quot;:&quot;1&quot;,&quot;dots&quot;:&quot;false&quot;,&quot;arrows&quot;:&quot;true&quot;,&quot;adaptiveHeight&quot;:&quot;false&quot;,&quot;autoplay&quot;:&quot;true&quot;,&quot;autoplaySpeed&quot;:&quot;5000&quot;,&quot;speed&quot;:&quot;1000&quot;,&quot;infinite&quot;:&quot;true&quot;,&quot;fade&quot;:&quot;false&quot;,&quot;custom_input_data&quot;:[{&quot;name&quot;:&quot;centerPadding&quot;,&quot;value&quot;:&quot;23%&quot;}],&quot;centerMode&quot;:&quot;false&quot;}\" data-slider-responsive=\"false\">\r\n\r\n\t<div class=\"standout-max-container\">\t\n\n<div class=\"standout-block-inner\" >\n\t\t\t\t\t<div class=\"acf-innerblocks-container is-slick-slider\">\n\r\n\r\n<section class=\"standout-block standout-slide-element is-aligned alignwide\" data-block-id=\"block_0e9fb38152205b0fa170f40f7221f132\" style=\"--block-background-color: transparent; --block-text-color: inherit;\">\r\n\r\n\t\t\r\n\r\n\t\n\n<figure class=\"wp-block-image size-full\"><img loading=\"lazy\" decoding=\"async\" width=\"2240\" height=\"2046\" src=\"https:\/\/arbejdermuseet.dk\/wp-content\/uploads\/2025\/11\/DK45-scaled-e1764247916500.jpg\" alt=\"Tegning, hvor to politim\u00e6nd p\u00e5 heste har h\u00e6vet deres sabler og rider i en menneskem\u00e6ngde. Der er ogs\u00e5 politi med knibler, der g\u00e5r med anholdte personer. Illustrationen er en fremstilling af begivenheden &quot;Slaget p\u00e5 F\u00e6lleden&quot;, bragt i det socialdemokratiske tidsskrift &quot;Ravnen&quot; i 1889.\" class=\"wp-image-43779\" style=\"aspect-ratio:48\/25;object-fit:cover\" srcset=\"https:\/\/arbejdermuseet.dk\/en\/wp-content\/uploads\/sites\/2\/2025\/11\/DK45-scaled-e1764247916500.jpg 2240w, https:\/\/arbejdermuseet.dk\/en\/wp-content\/uploads\/sites\/2\/2025\/11\/DK45-scaled-e1764247916500-600x548.jpg 600w, https:\/\/arbejdermuseet.dk\/en\/wp-content\/uploads\/sites\/2\/2025\/11\/DK45-scaled-e1764247916500-1920x1754.jpg 1920w, https:\/\/arbejdermuseet.dk\/en\/wp-content\/uploads\/sites\/2\/2025\/11\/DK45-scaled-e1764247916500-300x274.jpg 300w, https:\/\/arbejdermuseet.dk\/en\/wp-content\/uploads\/sites\/2\/2025\/11\/DK45-scaled-e1764247916500-768x701.jpg 768w, https:\/\/arbejdermuseet.dk\/en\/wp-content\/uploads\/sites\/2\/2025\/11\/DK45-scaled-e1764247916500-1536x1403.jpg 1536w, https:\/\/arbejdermuseet.dk\/en\/wp-content\/uploads\/sites\/2\/2025\/11\/DK45-scaled-e1764247916500-2048x1871.jpg 2048w, https:\/\/arbejdermuseet.dk\/en\/wp-content\/uploads\/sites\/2\/2025\/11\/DK45-scaled-e1764247916500-99x90.jpg 99w, https:\/\/arbejdermuseet.dk\/en\/wp-content\/uploads\/sites\/2\/2025\/11\/DK45-scaled-e1764247916500-1200x1096.jpg 1200w\" sizes=\"(max-width: 2240px) 100vw, 2240px\"  data-full-url=\"https:\/\/arbejdermuseet.dk\/en\/wp-content\/uploads\/sites\/2\/2025\/11\/DK45-scaled-e1764247916500.jpg\" data-full-width=\"2240\" data-full-height=\"2046\" \/><\/figure>\n\n\r\n\r\n\r\n\r\n\t\t\r\n<\/section>\n\n\r\n\r\n<section class=\"standout-block standout-slide-element is-aligned alignwide\" data-block-id=\"block_0e9fb38152205b0fa170f40f7221f132\" style=\"--block-background-color: transparent; --block-text-color: inherit;\">\r\n\r\n\t<div class=\"standout-max-container\">\t\r\n\r\n\t\n\n<figure class=\"wp-block-image size-full\"><img loading=\"lazy\" decoding=\"async\" width=\"1286\" height=\"843\" src=\"https:\/\/arbejdermuseet.dk\/wp-content\/uploads\/2025\/11\/En_agitator_Henningsen-1.jpg\" alt=\"Maleri, der forestiller en agitator, der taler til et folkem\u00f8de p\u00e5 N\u00f8rre F\u00e6lled i K\u00f8benhavn. Taleren ligner Louis Pio, der stiftede arbejderbev\u00e6gelsen i Danmark. I forgrunden st\u00e5r en kvinde med et barn ved sin side og en baby p\u00e5 armen. Der er politi p\u00e5 hest ved siden af taleren. Maleriet hedder En agitator og er malet af Erik Henningsen i 1899.\" class=\"wp-image-44065\" style=\"aspect-ratio:48\/25;object-fit:cover\" srcset=\"https:\/\/arbejdermuseet.dk\/en\/wp-content\/uploads\/sites\/2\/2025\/11\/En_agitator_Henningsen-1.jpg 1286w, https:\/\/arbejdermuseet.dk\/en\/wp-content\/uploads\/sites\/2\/2025\/11\/En_agitator_Henningsen-1-600x393.jpg 600w, https:\/\/arbejdermuseet.dk\/en\/wp-content\/uploads\/sites\/2\/2025\/11\/En_agitator_Henningsen-1-300x197.jpg 300w, https:\/\/arbejdermuseet.dk\/en\/wp-content\/uploads\/sites\/2\/2025\/11\/En_agitator_Henningsen-1-768x503.jpg 768w, https:\/\/arbejdermuseet.dk\/en\/wp-content\/uploads\/sites\/2\/2025\/11\/En_agitator_Henningsen-1-137x90.jpg 137w, https:\/\/arbejdermuseet.dk\/en\/wp-content\/uploads\/sites\/2\/2025\/11\/En_agitator_Henningsen-1-1200x787.jpg 1200w\" sizes=\"(max-width: 1286px) 100vw, 1286px\"  data-full-url=\"https:\/\/arbejdermuseet.dk\/en\/wp-content\/uploads\/sites\/2\/2025\/11\/En_agitator_Henningsen-1.jpg\" data-full-width=\"1286\" data-full-height=\"843\" \/><\/figure>\n\n\r\n\r\n\r\n\r\n\t\t<\/div>\r\n<\/section>\n\n\r\n\r\n<section class=\"standout-block standout-slide-element is-aligned alignwide\" data-block-id=\"block_0e9fb38152205b0fa170f40f7221f132\" style=\"--block-background-color: transparent; --block-text-color: inherit;\">\r\n\r\n\t<div class=\"standout-max-container\">\t\r\n\r\n\t\n\n<figure class=\"wp-block-image size-full\"><img loading=\"lazy\" decoding=\"async\" width=\"1688\" height=\"1162\" src=\"https:\/\/arbejdermuseet.dk\/wp-content\/uploads\/2025\/12\/F20120223016.jpg\" alt=\"Foto fra grundlovsm\u00f8de p\u00e5 F\u00e6lleden i K\u00f8benhavn 1899\" class=\"wp-image-45860\" style=\"aspect-ratio:48\/25;object-fit:cover\" srcset=\"https:\/\/arbejdermuseet.dk\/en\/wp-content\/uploads\/sites\/2\/2025\/12\/F20120223016.jpg 1688w, https:\/\/arbejdermuseet.dk\/en\/wp-content\/uploads\/sites\/2\/2025\/12\/F20120223016-600x413.jpg 600w, https:\/\/arbejdermuseet.dk\/en\/wp-content\/uploads\/sites\/2\/2025\/12\/F20120223016-300x207.jpg 300w, https:\/\/arbejdermuseet.dk\/en\/wp-content\/uploads\/sites\/2\/2025\/12\/F20120223016-768x529.jpg 768w, https:\/\/arbejdermuseet.dk\/en\/wp-content\/uploads\/sites\/2\/2025\/12\/F20120223016-1536x1057.jpg 1536w, https:\/\/arbejdermuseet.dk\/en\/wp-content\/uploads\/sites\/2\/2025\/12\/F20120223016-131x90.jpg 131w, https:\/\/arbejdermuseet.dk\/en\/wp-content\/uploads\/sites\/2\/2025\/12\/F20120223016-1200x826.jpg 1200w\" sizes=\"(max-width: 1688px) 100vw, 1688px\"  data-full-url=\"https:\/\/arbejdermuseet.dk\/en\/wp-content\/uploads\/sites\/2\/2025\/12\/F20120223016.jpg\" data-full-width=\"1688\" data-full-height=\"1162\" \/><\/figure>\n\n\r\n\r\n\r\n\r\n\t\t<\/div>\r\n<\/section>\n\n\r\n\r\n<section class=\"standout-block standout-slide-element is-aligned alignwide\" data-block-id=\"block_0e9fb38152205b0fa170f40f7221f132\" style=\"--block-background-color: transparent; --block-text-color: inherit;\">\r\n\r\n\t<div class=\"standout-max-container\">\t\r\n\r\n\t\n\n<figure class=\"wp-block-image size-full\"><img loading=\"lazy\" decoding=\"async\" width=\"768\" height=\"545\" src=\"https:\/\/arbejdermuseet.dk\/wp-content\/uploads\/2025\/08\/flotte-murere-et-sjak-i-1910erne-f20070319037-kopi-768x545-1.jpg\" alt=\"\" class=\"wp-image-1108\" style=\"aspect-ratio:48\/25;object-fit:cover\" srcset=\"https:\/\/arbejdermuseet.dk\/en\/wp-content\/uploads\/sites\/2\/2025\/08\/flotte-murere-et-sjak-i-1910erne-f20070319037-kopi-768x545-1.jpg 768w, https:\/\/arbejdermuseet.dk\/en\/wp-content\/uploads\/sites\/2\/2025\/08\/flotte-murere-et-sjak-i-1910erne-f20070319037-kopi-768x545-1-300x213.jpg 300w, https:\/\/arbejdermuseet.dk\/en\/wp-content\/uploads\/sites\/2\/2025\/08\/flotte-murere-et-sjak-i-1910erne-f20070319037-kopi-768x545-1-600x426.jpg 600w, https:\/\/arbejdermuseet.dk\/en\/wp-content\/uploads\/sites\/2\/2025\/08\/flotte-murere-et-sjak-i-1910erne-f20070319037-kopi-768x545-1-127x90.jpg 127w\" sizes=\"(max-width: 768px) 100vw, 768px\"  data-full-url=\"https:\/\/arbejdermuseet.dk\/en\/wp-content\/uploads\/sites\/2\/2025\/08\/flotte-murere-et-sjak-i-1910erne-f20070319037-kopi-768x545-1.jpg\" data-full-width=\"768\" data-full-height=\"545\" \/><\/figure>\n\n\r\n\r\n\r\n\r\n\t\t<\/div>\r\n<\/section>\n<\/div>\n\t\n\t\n\t\n<\/div>\n\n\n\t<style>\n\t\t.standout-slider[data-block-id=\"block_94eb613cfcc8613664df1f0e4d3e34dd\"]>*>*>.acf-innerblocks-container:not(.slick-initialized)>*:nth-child(1)~* {\n\t\t\tdisplay: none;\n\t\t}\n\t<\/style>\n\n\n\r\n\t\t<\/div>\r\n<\/section>\n\n\r\n\r\n<section class=\"standout-section standout-block standout-navigation is-aligned alignwide\" data-block-id=\"block_9d83238dd5d3107303063a3c922fc13f\" style=\"--block-background-color: transparent; --block-text-color: inherit;\">\r\n\r\n\t<div class=\"standout-max-container\">\t\r\n\r\n<div class=\"standout-block-inner\">\r\n\t\t\t<div class=\"acf-innerblocks-container\">\r\n\t\t\t<div class=\"left\">\r\n\t\t\t\t\n\n<h4 class=\"wp-block-heading\" style=\"font-size:40px;text-transform:uppercase\">The Battle of F\u00e6lleden <\/h4>\n\n\n\n<p>The first and only open confrontation of the early Danish labor movement with the authorities is the Battle of F\u00e6lleden. It was supposed to be a meeting at F\u00e6lleden in Copenhagen, but turned into a violent clash between workers and law enforcement. The Battle of F\u00e6lleden is one of the most famous labor struggles in Denmark and is a symbol of the early labor movement&#8217;s fight for a better life.<br><br>On this page you will find <strong>sources<\/strong>, <strong>teaching materials, films and photos <\/strong>for history lessons about the Battle of F\u00e6lleden. <strong>The target group is STX and HF,<\/strong> but it can also be adapted for secondary schools. <\/p>\n\n\n\n<h4 class=\"wp-block-heading\" style=\"font-size:40px;text-transform:uppercase\">Digital archive box<\/h4>\n\n\n\n<p>Below you will find key historical sources that can shed light on the event, the Battle of F\u00e6lleden. There are 17 different sources, from different senders and with different purposes. Each source is accompanied by a brief presentation of the source&#8217;s <strong>author<\/strong>, <strong>genre<\/strong>, <strong>date <\/strong>and <strong>historical context<\/strong>. In addition, there are focus points to help you read them with a <strong>critical eye<\/strong>.<br>It is collected in a digital archive box. <br><\/p>\n\n\n\n<p>Through the sources, students can investigate, for example:<\/p>\n\n\n\n<h5 class=\"wp-block-heading\">What actually happened on the Common on Sunday, May 5, 1872?<\/h5>\n\n\n\n<h5 class=\"wp-block-heading\">Which sources and types of sources for the Battle of F\u00e6lleden are most credible? And the least? <\/h5>\n\n\n\n<h5 class=\"wp-block-heading\">Why have the events been given the name &#8220;Battle of F\u00e6lleden&#8221;? And is it historically accurate?<br><\/h5>\n\n\n\n<div class=\"wp-block-buttons is-layout-flex wp-block-buttons-is-layout-flex\">\n<div class=\"wp-block-button is-style-standout-bottom-border\"><span class=\"btn_wrapper\"><a class=\"wp-block-button__link wp-element-button\" href=\"#tema-hidden-full-content\">See the sources<svg class=\"icon_arrow\" width=\"17\" height=\"8\" viewBox=\"0 0 17 8\" fill=\"none\" xmlns=\"http:\/\/www.w3.org\/2000\/svg\"><path d=\"M10.2909 0L9.88856 0.627408L14.9281 3.631H0V4.36826H14.9281L9.88856 7.37259L10.2909 8L17 3.99963L10.2909 0Z\" fill=\"currentcolor\"\/><\/svg><\/a><\/span><\/div>\n\n\n<\/div>\n\n\r\n\t\t\t<\/div>\r\n\t\r\n\t\t\t<div class=\"right\" style=\"background-color:#abac94; color:#fff5e8;\">\r\n\t\t\t\t<h4 class=\"heading\">Work with the Battle of the Commons in multiple ways<\/h4>\r\n\t\r\n\t\t\t\t<div class=\"links\">\r\n\t\t\t\t\t\t\t\t\t\t\t\t\t\t\t\t\t\t\t\t\t\t\t\t\t\t\t\r\n\t\t\t\t\t\t\t<a class=\"link\" href=\"https:\/\/arbejdermuseet.dk\/wp-content\/uploads\/2026\/01\/slaget-paa-Faelleden_uv-materiale.pdf\" target=\"_blank\">\r\n\t\t\t\t\t\t\t\tSee educational material about the Battle of the Commons\t\t\t\t\t\t\t\t<span height=\"1em\" class=\"standout-custom-svg custom-svg\"><svg height=\"1em\" xmlns=\"http:\/\/www.w3.org\/2000\/svg\" viewBox=\"0 0 17 8\" fill=\"none\">\r\n  <path d=\"M9.95456 0L9.5654 0.627408L14.4402 3.631H0V4.36826H14.4402L9.5654 7.37259L9.95456 8L16.4444 3.99963L9.95456 0Z\" fill=\"#B12320\"\/>\r\n<\/svg><\/span>\t\t\t\t\t\t\t<\/a>\r\n\t\t\t\t\t\t\t\t\t\t\t\t\t\t\t\t\t\t\t\t\t\t\r\n\t\t\t\t\t\t\t<a class=\"link\" href=\"https:\/\/arbejdermuseet.dk\/wp-content\/uploads\/2026\/01\/Slaget-paa-Faelleden-Elevhaefte.pdf\" target=\"_blank\">\r\n\t\t\t\t\t\t\t\tSee student workbook about the Battle of F\u00e6lleden\t\t\t\t\t\t\t\t<span height=\"1em\" class=\"standout-custom-svg custom-svg\"><svg height=\"1em\" xmlns=\"http:\/\/www.w3.org\/2000\/svg\" viewBox=\"0 0 17 8\" fill=\"none\">\r\n  <path d=\"M9.95456 0L9.5654 0.627408L14.4402 3.631H0V4.36826H14.4402L9.5654 7.37259L9.95456 8L16.4444 3.99963L9.95456 0Z\" fill=\"#B12320\"\/>\r\n<\/svg><\/span>\t\t\t\t\t\t\t<\/a>\r\n\t\t\t\t\t\t\t\t\t\t\t\t\t\t\t\t\t\t\t\t\t\t\r\n\t\t\t\t\t\t\t<a class=\"link\" href=\"https:\/\/arbejdermuseet.dk\/en\/teaching\/battle-of-the-commons\/\" target=\"_blank\">\r\n\t\t\t\t\t\t\t\tBook a city walk about the Battle of F\u00e6lleden\t\t\t\t\t\t\t\t<span height=\"1em\" class=\"standout-custom-svg custom-svg\"><svg height=\"1em\" xmlns=\"http:\/\/www.w3.org\/2000\/svg\" viewBox=\"0 0 17 8\" fill=\"none\">\r\n  <path d=\"M9.95456 0L9.5654 0.627408L14.4402 3.631H0V4.36826H14.4402L9.5654 7.37259L9.95456 8L16.4444 3.99963L9.95456 0Z\" fill=\"#B12320\"\/>\r\n<\/svg><\/span>\t\t\t\t\t\t\t<\/a>\r\n\t\t\t\t\t\t\t\t\t\t\t\t\t\t\t\t\t\t\t\t\t\t\r\n\t\t\t\t\t\t\t<a class=\"link\" href=\"https:\/\/arbejdermuseet.dk\/en\/its-happening\/battle-of-the-commons\/\" target=\"_blank\">\r\n\t\t\t\t\t\t\t\tExperience audio storytelling at the museum\t\t\t\t\t\t\t\t<span height=\"1em\" class=\"standout-custom-svg custom-svg\"><svg height=\"1em\" xmlns=\"http:\/\/www.w3.org\/2000\/svg\" viewBox=\"0 0 17 8\" fill=\"none\">\r\n  <path d=\"M9.95456 0L9.5654 0.627408L14.4402 3.631H0V4.36826H14.4402L9.5654 7.37259L9.95456 8L16.4444 3.99963L9.95456 0Z\" fill=\"#B12320\"\/>\r\n<\/svg><\/span>\t\t\t\t\t\t\t<\/a>\r\n\t\t\t\t\t\t\t\t\t\t\t\t\t\t\t\t\t\t\t\t\t\t\r\n\t\t\t\t\t\t\t<a class=\"link\" href=\"https:\/\/arbejdermuseet.dk\/en\/library-archive\/the-early-labor-movement\/socialist-leaves-1871\/\" target=\"_blank\">\r\n\t\t\t\t\t\t\t\tRead about Louis Pio&#8217;s Socialist magazines from 1871\t\t\t\t\t\t\t\t<span height=\"1em\" class=\"standout-custom-svg custom-svg\"><svg height=\"1em\" xmlns=\"http:\/\/www.w3.org\/2000\/svg\" viewBox=\"0 0 17 8\" fill=\"none\">\r\n  <path d=\"M9.95456 0L9.5654 0.627408L14.4402 3.631H0V4.36826H14.4402L9.5654 7.37259L9.95456 8L16.4444 3.99963L9.95456 0Z\" fill=\"#B12320\"\/>\r\n<\/svg><\/span>\t\t\t\t\t\t\t<\/a>\r\n\t\t\t\t\t\t\t\t\t\t\t\t\t\t\t<\/div>\r\n\t\t\t<\/div>\r\n\t\t<\/div>\r\n\t<\/div>\r\n\r\n\r\n\r\n\t\t<\/div>\r\n<\/section>\n\n\r\n\r\n<section id=\"tema-hidden-full-content\" class=\"standout-section standout-block standout-hidden-content is-aligned alignwide\" data-block-id=\"block_f8124744f5fcdbbca0c70344479b5ca5\" style=\"--block-background-color: transparent; --block-text-color: inherit; display: none;\">\r\n\r\n\t<div class=\"standout-max-container\">\t\r\n\r\n<div class=\"standout-block-inner\">\r\n\t\t\t<div class=\"acf-innerblocks-container\">\n\r\n\r\n<section class=\"standout-section standout-block standout-columns is-aligned alignwide\" data-block-id=\"block_e568a436824d82bc09c4613519b24428\" style=\"--block-background-color: transparent; --block-text-color: inherit; --columns: 2; --column-span: 1; --row-span: 1; --element-alignment: flex-start;\" data-columns=\"2\">\r\n\r\n\t<div class=\"standout-max-container\">\t\r\n\r\n<div class=\"standout-block-inner\">\r\n\t\t\t<div class=\"acf-innerblocks-container\">\n\r\n\r\n<section class=\"standout-block standout-column-element is-aligned alignwide\" data-block-id=\"block_9d0d5e55901a99ba8110aa9e414791d6\" style=\"--block-background-color: transparent; --block-text-color: inherit; --align-content: flex-start;\" data-align-content=\"flex-start\">\r\n\r\n\t<div class=\"standout-max-container\">\t\r\n\r\n<div class=\"standout-block-inner\">\r\n\t\r\n\t\t\r\n\t\t\t<div class=\"acf-innerblocks-container\">\n\n<p>Each source is accompanied by a short presentation of the source&#8217;s <strong>author<\/strong>, <strong>genre<\/strong>, <strong>date <\/strong>and <strong>historical context<\/strong>. In addition, there are focus points to help you read them with a critical eye. <\/p>\n\n\n\n<p>The sources are in a <strong>transcribed <\/strong>form, but with the original language preserved. Where possible, the original source has also been scanned in.  <\/p>\n\n\n\n<p><br>Source 1: <a href=\"https:\/\/arbejdermuseet.dk\/wp-content\/uploads\/2026\/01\/kilde-1-Maalet-er-fuldt.pdf\"><strong>The goal is full<\/strong><\/a><br>Source 2: <a href=\"https:\/\/arbejdermuseet.dk\/wp-content\/uploads\/2026\/01\/kilde-2-\u2013-Politidirektoer-Crone-3.-maj-1872-til-Justitsministeren.pdf\"><strong>Commissioner Crone May 3, 1872 to the Minister of<\/strong><strong>Justice<\/strong><\/a><br>Source 3: <strong><a href=\"https:\/\/arbejdermuseet.dk\/wp-content\/uploads\/2026\/01\/kilde-3-Politidirektoer-Crones-bekendtgoerelse-af-4.-maj-1872.pdf\">Commissioner Crone&#8217;s order of May 4, 1872<\/a><\/strong><br>Source 4: <strong><a href=\"https:\/\/arbejdermuseet.dk\/wp-content\/uploads\/2026\/01\/kilde-4-Louis-Pios-erindring-1877.pdf\">Louis Pio&#8217;s memoirs, 1877<\/a><\/strong><br>Source 5: <strong><a href=\"https:\/\/arbejdermuseet.dk\/wp-content\/uploads\/2026\/01\/kilde-5-Uddrag-af-A.-F.-Kriegers-dagboeger.pdf\">Excerpts from A. F. Krieger&#8217;s diaries<\/a><\/strong><br>Source 6: <strong><a href=\"https:\/\/arbejdermuseet.dk\/wp-content\/uploads\/2026\/01\/kilde-6-\u2013-To-politirapporter-fra-5.-maj-1872.pdf\">Two police reports from May 5, 1872<\/a><\/strong><br>Source 7: <strong><a href=\"https:\/\/arbejdermuseet.dk\/wp-content\/uploads\/2026\/01\/kilde-7-\u2013-Thorvald-Niss-lykoenskningsbrev-5.-maj-1872.pdf\">Thorvald Niss&#8217; letter of congratulations, May 5, 1872<\/a><\/strong><br>Source 8: <strong><a href=\"https:\/\/arbejdermuseet.dk\/wp-content\/uploads\/2026\/01\/kilde-8-Uddrag-af-politiinspektoer-Clausens-rapport-af-6.-maj.pdf\">Excerpt from Police Inspector Clausen&#8217;s report of May 6<\/a><\/strong><br>Source 9: <strong><a href=\"https:\/\/arbejdermuseet.dk\/wp-content\/uploads\/2026\/01\/kilde-9-Berlingske-Tidende-6.-maj-1872.pdf\">Berlingske Tidende May 6, 1872<\/a><\/strong> <br>Source 10: <strong><a href=\"http:\/\/Socialisten den 9. maj 1872\">The Socialist on May 9, 1872<\/a><\/strong><br>Source 11: <strong><a href=\"https:\/\/arbejdermuseet.dk\/wp-content\/uploads\/2026\/01\/kilde-11-Louis-Pios-brev-til-Friedrich-Engels-fra-19.-august-1872.pdf\">Louis Pio&#8217;s letter to Friedrich Engels from August 19, 1872<\/a><\/strong><br>Source 12: <strong><a href=\"https:\/\/arbejdermuseet.dk\/wp-content\/uploads\/2026\/01\/kilde-12-Uddrag-af-Justitsministeriets-skrift-om-justitssagen-mod.pdf\">Excerpt from the Ministry of Justice&#8217;s publication about the trial<\/a><\/strong><br>Source 13: <strong><a href=\"https:\/\/arbejdermuseet.dk\/wp-content\/uploads\/2026\/01\/kilde-13-Illustration-fra-Ravnen.pdf\">Illustration from The Raven<\/a><\/strong><br>Source 14: <strong><a href=\"https:\/\/arbejdermuseet.dk\/wp-content\/uploads\/2026\/01\/kilde-14-W.-Lunds-erindring-nedskrevet-omkring-1923-25.pdf\">W. Lund&#8217;s memoir written around 1925<\/a><\/strong><br>Source 15: <strong><a href=\"https:\/\/arbejdermuseet.dk\/wp-content\/uploads\/2026\/01\/kilde-15-\u2013-Henrik-Cavlings-erindring-nedskrevet-omkring-1927.pdf\">Henrik Cavling&#8217;s memoir written around 1927<\/a><\/strong><br>Source 16: <strong><a href=\"https:\/\/arbejdermuseet.dk\/wp-content\/uploads\/2026\/01\/kilde-16-\u2013-Uddrag-af-bogen-Til-arbejdet-Liv-eller-doed-Louis-Pio-1979.pdf\">Excerpt from the book &#8220;To work! Life or death! (1979)<\/a><\/strong> <br>Source 17: <strong><a href=\"https:\/\/arbejdermuseet.dk\/wp-content\/uploads\/2026\/01\/kilde-17-uddrag-af-Bent-Egaa-Kristensens-bog-Historisk-metode-2007.pdf\">Excerpt from Bent Egaa Kristensen&#8217;s book, Historical Method (2007)<\/a><\/strong><\/p>\n\n<\/div>\r\n\t<\/div>\r\n\r\n\r\n\r\n\t\t<\/div>\r\n<\/section>\n<\/div>\r\n\t<\/div>\r\n\r\n\r\n\r\n\t\t<\/div>\r\n<\/section>\n<\/div>\r\n\t<\/div>\r\n\r\n\r\n\r\n\t\t<\/div>\r\n<\/section>\n\n\n<p><strong>Watch the movie about the flag that was seized by the police<\/strong> (2 min.)<\/p>\n\n\n\n<figure class=\"wp-block-embed is-type-video is-provider-youtube wp-block-embed-youtube wp-embed-aspect-16-9 wp-has-aspect-ratio\"><div class=\"wp-block-embed__wrapper\">\n<iframe loading=\"lazy\" title=\"Den r\u00f8de fanes historie\" width=\"500\" height=\"281\" src=\"https:\/\/www.youtube.com\/embed\/8K3ttnsaY8c?feature=oembed\" frameborder=\"0\" allow=\"accelerometer; autoplay; clipboard-write; encrypted-media; gyroscope; picture-in-picture; web-share\" referrerpolicy=\"strict-origin-when-cross-origin\" allowfullscreen><\/iframe>\n<\/div><\/figure>\n","protected":false},"excerpt":{"rendered":"<p>Digital archive box and learning tool: STX, HF The Battle of F\u00e6lleden Watch the movie about the flag that was seized by the police (2 min.)<\/p>\n","protected":false},"author":10,"featured_media":44065,"parent":40401,"menu_order":6,"comment_status":"closed","ping_status":"closed","template":"","meta":{"_acf_changed":false,"editor_notices":[],"footnotes":""},"class_list":["post-47740","page","type-page","status-publish","has-post-thumbnail","hentry"],"acf":[],"yoast_head":"<!-- This site is optimized with the Yoast SEO plugin v26.3 - https:\/\/yoast.com\/wordpress\/plugins\/seo\/ -->\n<title>Sources and tasks - Battle of F\u00e6lleden - Arbejdermuseet<\/title>\n<meta name=\"description\" content=\"Digital archive box with sources to shed light on the Battle of F\u00e6lleden. Use the sources and teaching material in history for STX.\" \/>\n<meta name=\"robots\" content=\"index, follow, max-snippet:-1, max-image-preview:large, max-video-preview:-1\" \/>\n<link rel=\"canonical\" href=\"https:\/\/arbejdermuseet.dk\/en\/teaching\/digital-learning-tools\/sources-and-tasks-battle-of-faelleden\/\" \/>\n<meta property=\"og:locale\" content=\"en_US\" \/>\n<meta property=\"og:type\" content=\"article\" \/>\n<meta property=\"og:title\" content=\"Sources and tasks - Battle of F\u00e6lleden - Arbejdermuseet\" \/>\n<meta property=\"og:description\" content=\"Digital archive box with sources to shed light on the Battle of F\u00e6lleden. Use the sources and teaching material in history for STX.\" \/>\n<meta property=\"og:url\" content=\"https:\/\/arbejdermuseet.dk\/en\/teaching\/digital-learning-tools\/sources-and-tasks-battle-of-faelleden\/\" \/>\n<meta property=\"og:site_name\" content=\"Arbejdermuseet\" \/>\n<meta property=\"article:modified_time\" content=\"2026-01-29T07:15:07+00:00\" \/>\n<meta property=\"og:image\" content=\"https:\/\/arbejdermuseet.dk\/en\/wp-content\/uploads\/sites\/2\/2025\/11\/En_agitator_Henningsen-1.jpg\" \/>\n\t<meta property=\"og:image:width\" content=\"1286\" \/>\n\t<meta property=\"og:image:height\" content=\"843\" \/>\n\t<meta property=\"og:image:type\" content=\"image\/jpeg\" \/>\n<meta name=\"twitter:card\" content=\"summary_large_image\" \/>\n<meta name=\"twitter:label1\" content=\"Est. reading time\" \/>\n\t<meta name=\"twitter:data1\" content=\"4 minutes\" \/>\n<!-- \/ Yoast SEO plugin. -->","yoast_head_json":{"title":"Sources and tasks - Battle of F\u00e6lleden - Arbejdermuseet","description":"Digital archive box with sources to shed light on the Battle of F\u00e6lleden. Use the sources and teaching material in history for STX.","robots":{"index":"index","follow":"follow","max-snippet":"max-snippet:-1","max-image-preview":"max-image-preview:large","max-video-preview":"max-video-preview:-1"},"canonical":"https:\/\/arbejdermuseet.dk\/en\/teaching\/digital-learning-tools\/sources-and-tasks-battle-of-faelleden\/","og_locale":"en_US","og_type":"article","og_title":"Sources and tasks - Battle of F\u00e6lleden - Arbejdermuseet","og_description":"Digital archive box with sources to shed light on the Battle of F\u00e6lleden. Use the sources and teaching material in history for STX.","og_url":"https:\/\/arbejdermuseet.dk\/en\/teaching\/digital-learning-tools\/sources-and-tasks-battle-of-faelleden\/","og_site_name":"Arbejdermuseet","article_modified_time":"2026-01-29T07:15:07+00:00","og_image":[{"width":1286,"height":843,"url":"https:\/\/arbejdermuseet.dk\/en\/wp-content\/uploads\/sites\/2\/2025\/11\/En_agitator_Henningsen-1.jpg","type":"image\/jpeg"}],"twitter_card":"summary_large_image","twitter_misc":{"Est. reading time":"4 minutes"},"schema":{"@context":"https:\/\/schema.org","@graph":[{"@type":"WebPage","@id":"https:\/\/arbejdermuseet.dk\/en\/teaching\/digital-learning-tools\/sources-and-tasks-battle-of-faelleden\/","url":"https:\/\/arbejdermuseet.dk\/en\/teaching\/digital-learning-tools\/sources-and-tasks-battle-of-faelleden\/","name":"Sources and tasks - Battle of F\u00e6lleden - Arbejdermuseet","isPartOf":{"@id":"https:\/\/arbejdermuseet.dk\/en\/#website"},"primaryImageOfPage":{"@id":"https:\/\/arbejdermuseet.dk\/en\/teaching\/digital-learning-tools\/sources-and-tasks-battle-of-faelleden\/#primaryimage"},"image":{"@id":"https:\/\/arbejdermuseet.dk\/en\/teaching\/digital-learning-tools\/sources-and-tasks-battle-of-faelleden\/#primaryimage"},"thumbnailUrl":"https:\/\/arbejdermuseet.dk\/en\/wp-content\/uploads\/sites\/2\/2025\/11\/En_agitator_Henningsen-1.jpg","datePublished":"2026-01-19T13:36:48+00:00","dateModified":"2026-01-29T07:15:07+00:00","description":"Digital archive box with sources to shed light on the Battle of F\u00e6lleden. Use the sources and teaching material in history for STX.","breadcrumb":{"@id":"https:\/\/arbejdermuseet.dk\/en\/teaching\/digital-learning-tools\/sources-and-tasks-battle-of-faelleden\/#breadcrumb"},"inLanguage":"en-US","potentialAction":[{"@type":"ReadAction","target":["https:\/\/arbejdermuseet.dk\/en\/teaching\/digital-learning-tools\/sources-and-tasks-battle-of-faelleden\/"]}]},{"@type":"ImageObject","inLanguage":"en-US","@id":"https:\/\/arbejdermuseet.dk\/en\/teaching\/digital-learning-tools\/sources-and-tasks-battle-of-faelleden\/#primaryimage","url":"https:\/\/arbejdermuseet.dk\/en\/wp-content\/uploads\/sites\/2\/2025\/11\/En_agitator_Henningsen-1.jpg","contentUrl":"https:\/\/arbejdermuseet.dk\/en\/wp-content\/uploads\/sites\/2\/2025\/11\/En_agitator_Henningsen-1.jpg","width":1286,"height":843,"caption":"Maleri, der forestiller en agitator, der taler til et folkem\u00f8de p\u00e5 N\u00f8rre F\u00e6lled i K\u00f8benhavn. Taleren ligner Louis Pio, der stiftede arbejderbev\u00e6gelsen i Danmark. I forgrunden st\u00e5r en kvinde med et barn ved sin side og en baby p\u00e5 armen. Der er politi p\u00e5 hest ved siden af taleren. Maleriet hedder En agitator og er malet af Erik Henningsen i 1899."},{"@type":"BreadcrumbList","@id":"https:\/\/arbejdermuseet.dk\/en\/teaching\/digital-learning-tools\/sources-and-tasks-battle-of-faelleden\/#breadcrumb","itemListElement":[{"@type":"ListItem","position":1,"name":"Hjem","item":"https:\/\/arbejdermuseet.dk\/en\/"},{"@type":"ListItem","position":2,"name":"LEARN","item":"https:\/\/arbejdermuseet.dk\/en\/teaching\/"},{"@type":"ListItem","position":3,"name":"Digital learning tools","item":"https:\/\/arbejdermuseet.dk\/en\/teaching\/digital-learning-tools\/"},{"@type":"ListItem","position":4,"name":"Sources and tasks &#8211; Battle of F\u00e6lleden"}]},{"@type":"WebSite","@id":"https:\/\/arbejdermuseet.dk\/en\/#website","url":"https:\/\/arbejdermuseet.dk\/en\/","name":"Arbejdermuseet","description":"","publisher":{"@id":"https:\/\/arbejdermuseet.dk\/en\/#organization"},"potentialAction":[{"@type":"SearchAction","target":{"@type":"EntryPoint","urlTemplate":"https:\/\/arbejdermuseet.dk\/en\/?s={search_term_string}"},"query-input":{"@type":"PropertyValueSpecification","valueRequired":true,"valueName":"search_term_string"}}],"inLanguage":"en-US"},{"@type":"Organization","@id":"https:\/\/arbejdermuseet.dk\/en\/#organization","name":"Arbejdermuseet","url":"https:\/\/arbejdermuseet.dk\/en\/","logo":{"@type":"ImageObject","inLanguage":"en-US","@id":"https:\/\/arbejdermuseet.dk\/en\/#\/schema\/logo\/image\/","url":"https:\/\/arbejdermuseet.dk\/en\/wp-content\/uploads\/sites\/2\/2025\/01\/Logo.svg","contentUrl":"https:\/\/arbejdermuseet.dk\/en\/wp-content\/uploads\/sites\/2\/2025\/01\/Logo.svg","caption":"Arbejdermuseet"},"image":{"@id":"https:\/\/arbejdermuseet.dk\/en\/#\/schema\/logo\/image\/"}}]}},"_links":{"self":[{"href":"https:\/\/arbejdermuseet.dk\/en\/wp-json\/wp\/v2\/pages\/47740","targetHints":{"allow":["GET"]}}],"collection":[{"href":"https:\/\/arbejdermuseet.dk\/en\/wp-json\/wp\/v2\/pages"}],"about":[{"href":"https:\/\/arbejdermuseet.dk\/en\/wp-json\/wp\/v2\/types\/page"}],"author":[{"embeddable":true,"href":"https:\/\/arbejdermuseet.dk\/en\/wp-json\/wp\/v2\/users\/10"}],"replies":[{"embeddable":true,"href":"https:\/\/arbejdermuseet.dk\/en\/wp-json\/wp\/v2\/comments?post=47740"}],"version-history":[{"count":15,"href":"https:\/\/arbejdermuseet.dk\/en\/wp-json\/wp\/v2\/pages\/47740\/revisions"}],"predecessor-version":[{"id":49044,"href":"https:\/\/arbejdermuseet.dk\/en\/wp-json\/wp\/v2\/pages\/47740\/revisions\/49044"}],"up":[{"embeddable":true,"href":"https:\/\/arbejdermuseet.dk\/en\/wp-json\/wp\/v2\/pages\/40401"}],"wp:featuredmedia":[{"embeddable":true,"href":"https:\/\/arbejdermuseet.dk\/en\/wp-json\/wp\/v2\/media\/44065"}],"wp:attachment":[{"href":"https:\/\/arbejdermuseet.dk\/en\/wp-json\/wp\/v2\/media?parent=47740"}],"curies":[{"name":"wp","href":"https:\/\/api.w.org\/{rel}","templated":true}]}}