{"id":46000,"date":"2025-12-09T09:18:52","date_gmt":"2025-12-09T08:18:52","guid":{"rendered":"https:\/\/arbejdermuseet.dk\/?page_id=46000"},"modified":"2026-02-03T14:04:10","modified_gmt":"2026-02-03T13:04:10","slug":"the-voices-of-the-ballroom","status":"publish","type":"page","link":"https:\/\/arbejdermuseet.dk\/en\/its-happening\/the-voices-of-the-ballroom\/","title":{"rendered":"The voices of the Banquet Hall"},"content":{"rendered":"\n<p style=\"font-style:normal;font-weight:500\">In the banquet hall you can listen to the sound and light installation <em>Voices of the Banquet Hall<\/em>, which consists of four sound collages and 20 working songs. The work was created in 2021 by director Astrid Hansen Holm and composer Sandra Boss from Kunstnerkolletivet Von Trapp.<\/p>\n\n\n\n<p><em>The Voice of the People <\/em>was added in 2024 and is made by Astrid Hansen Holm and composer Kristian Hverring. Technical design by Tue Selmer. Lighting by For the Love of Light.<\/p>\n\n\n\n<p>Here you can read more about the content of the audio stories and the events they are based on:<\/p>\n\n\n\n<h3 class=\"wp-block-heading\" style=\"font-size:50px;text-transform:uppercase\">1. the International Voice<\/h3>\n\n\n\n<p><strong>The secret congress of the German Social Democratic Party in April 1883<\/strong><br>The Social Democratic newspapers in several countries had spread the word that the congress was taking place in Austria, while 60 German Social Democrats were staying in Copenhagen. They managed to hold the congress before they were discovered.<\/p>\n\n\n\n<p><strong>The Great Lockout of 1899 and the many letters from abroad<\/strong><br>The September Agreement was signed on September 5, 1899 after the largest lockout in Danish history; the lockout was called a hunger war that tested workers&#8217; endurance. Letters arrived from all over the world with monetary contributions.<\/p>\n\n\n\n<p><strong>The Eighth International Socialist Congress<\/strong><br>In 1910, 900 social democrats from 23 countries attended <em>the Eighth International Socialist Congress<\/em>. On September 1, a number of local electoral associations announced that Rosa Luxemburg would speak in the ballroom.<\/p>\n\n\n\n<p><strong>Mandela&#8217;s visit to the Ceremonial Hall on February 4, 1992<\/strong><br>Nelson Mandela spoke at the Ceremonial Hall on February 4, 1992. After 28 years in prison, he visited Denmark. Now he had the opportunity to thank the Danish people for their support for his ANC party.<\/p>\n\n\n\n<p><strong>The workers&#8217; choir <\/strong>sings the American civil rights song <em>We Shall Overcome<\/em>.<\/p>\n\n\n\n<figure class=\"wp-block-image size-full\"><img loading=\"lazy\" decoding=\"async\" width=\"2000\" height=\"1470\" src=\"https:\/\/arbejdermuseet.dk\/wp-content\/uploads\/2025\/12\/Mandela.jpg\" alt=\"Nelson Mandela, 1992\" class=\"wp-image-46042\" style=\"aspect-ratio:4\/3;object-fit:cover\" srcset=\"https:\/\/arbejdermuseet.dk\/en\/wp-content\/uploads\/sites\/2\/2025\/12\/Mandela.jpg 2000w, https:\/\/arbejdermuseet.dk\/en\/wp-content\/uploads\/sites\/2\/2025\/12\/Mandela-600x441.jpg 600w, https:\/\/arbejdermuseet.dk\/en\/wp-content\/uploads\/sites\/2\/2025\/12\/Mandela-1920x1411.jpg 1920w, https:\/\/arbejdermuseet.dk\/en\/wp-content\/uploads\/sites\/2\/2025\/12\/Mandela-300x221.jpg 300w, https:\/\/arbejdermuseet.dk\/en\/wp-content\/uploads\/sites\/2\/2025\/12\/Mandela-768x564.jpg 768w, https:\/\/arbejdermuseet.dk\/en\/wp-content\/uploads\/sites\/2\/2025\/12\/Mandela-1536x1129.jpg 1536w, https:\/\/arbejdermuseet.dk\/en\/wp-content\/uploads\/sites\/2\/2025\/12\/Mandela-122x90.jpg 122w, https:\/\/arbejdermuseet.dk\/en\/wp-content\/uploads\/sites\/2\/2025\/12\/Mandela-1200x882.jpg 1200w\" sizes=\"(max-width: 2000px) 100vw, 2000px\"  data-full-url=\"https:\/\/arbejdermuseet.dk\/en\/wp-content\/uploads\/sites\/2\/2025\/12\/Mandela.jpg\" data-full-width=\"2000\" data-full-height=\"1470\" \/><figcaption class=\"wp-element-caption\">4. february 1992, Nelson Mandela visits the Workers&#8217; Museum.<\/figcaption><\/figure>\n\n\n\n<p style=\"text-transform:uppercase\"><\/p>\n\n\n\n<h3 class=\"wp-block-heading\" style=\"font-size:50px;text-transform:uppercase\">2. THE VOICE OF WOMEN<\/h3>\n\n\n\n<p><strong>List of organized women in different professions<\/strong><br>The figures are taken from Nelly Hansen&#8217;s speech from the Women&#8217;s Congress in London in 1899 and Elisabeth Mac&#8217;s speech at the Women&#8217;s Congress in Copenhagen in 1910.<\/p>\n\n\n\n<p><strong>May speeches<\/strong><br>In 1899, female speakers appeared for the first time on May Day at F\u00e6lleden. The politician Nina Bang believed that the eight-hour day would give freedom to both women and men. Olivia Nielsen, chairwoman of the Women&#8217;s Workers&#8217; Union, called for equal pay for equal work.<\/p>\n\n\n\n<p><strong>Audio clip from the Nurses&#8217; strike for higher pay in 2021<\/strong><\/p>\n\n\n\n<p><strong>100th anniversary of women&#8217;s municipal suffrage in 2008<\/strong><br>Former President of the Swedish Trade Union Confederation Lizette Risgaard&#8217;s speech gives a perspective on how little women&#8217;s struggle for equality has progressed in 100 years.<\/p>\n\n\n\n<figure class=\"wp-block-image size-full\"><img loading=\"lazy\" decoding=\"async\" width=\"933\" height=\"700\" src=\"https:\/\/arbejdermuseet.dk\/wp-content\/uploads\/2025\/12\/7a12f033-6693-4889-a4b5-041008c8167a.jpg\" alt=\"Dirigentklokke, 1920-1929\" class=\"wp-image-46047\" style=\"aspect-ratio:3\/2;object-fit:cover\" srcset=\"https:\/\/arbejdermuseet.dk\/en\/wp-content\/uploads\/sites\/2\/2025\/12\/7a12f033-6693-4889-a4b5-041008c8167a.jpg 933w, https:\/\/arbejdermuseet.dk\/en\/wp-content\/uploads\/sites\/2\/2025\/12\/7a12f033-6693-4889-a4b5-041008c8167a-600x450.jpg 600w, https:\/\/arbejdermuseet.dk\/en\/wp-content\/uploads\/sites\/2\/2025\/12\/7a12f033-6693-4889-a4b5-041008c8167a-300x225.jpg 300w, https:\/\/arbejdermuseet.dk\/en\/wp-content\/uploads\/sites\/2\/2025\/12\/7a12f033-6693-4889-a4b5-041008c8167a-768x576.jpg 768w, https:\/\/arbejdermuseet.dk\/en\/wp-content\/uploads\/sites\/2\/2025\/12\/7a12f033-6693-4889-a4b5-041008c8167a-120x90.jpg 120w\" sizes=\"(max-width: 933px) 100vw, 933px\"  data-full-url=\"https:\/\/arbejdermuseet.dk\/en\/wp-content\/uploads\/sites\/2\/2025\/12\/7a12f033-6693-4889-a4b5-041008c8167a.jpg\" data-full-width=\"933\" data-full-height=\"700\" \/><figcaption class=\"wp-element-caption\">Conductor&#8217;s bell, 1920-1929<\/figcaption><\/figure>\n\n\n\n<h3 class=\"wp-block-heading\" style=\"font-size:50px;text-transform:uppercase\">3. the voice of the building<\/h3>\n\n\n\n<p><em><strong>In flight, time passes over the wave of life<\/strong><\/em><br>The workers&#8217; choir sings U.P. Overby&#8217;s song, which was sung at the inauguration of the hall.<\/p>\n\n\n\n<p><strong>Conductor bells<\/strong> from the Labor Museum&#8217;s collection. The role of the bell is to structure and bring order to a meeting.<\/p>\n\n\n\n<p><strong>Archive recording<\/strong> from various associations&#8217; general assemblies and meetings.<\/p>\n\n\n\n<p><strong>Archive recording<\/strong> from the cultural magazine <em>Hvad som helsts<\/em> Christmas party in 1979.<\/p>\n\n\n\n<p><strong>Archive recordings<\/strong> of various politicians&#8217; speeches and readings, including Stauning, Aksel Larsen, Anker J\u00f8rgensen, Hans Hedtoft.<\/p>\n\n\n\r\n\r\n<section class=\"standout-section standout-block standout-media-text is-aligned alignfull has-bg has-bg-color\" data-block-id=\"block_355728ac77d88d4c5018046e71b22caf\" style=\"--block-background-color: var(--wp--preset--color--color-light-mustard); --block-text-color: inherit; --standout-block-gap: var(--gap-xl); --content-align: center;\" data-media-size=\"bigger\" data-media-position=\"left\" data-section-height=\"img\" data-content-size=\"full\" data-content-align=\"center\" data-content-spacing=\"yes\">\r\n\r\n\t<div class=\"standout-max-container\">\t\r\n\r\n<div class=\"standout-block-inner\">\r\n\t<div class=\"standout-media-text_media-wrap\">\r\n\t\t<figure>\r\n\t\t\t\t\t\t\t<img loading=\"lazy\" decoding=\"async\" width=\"2000\" height=\"1362\" src=\"https:\/\/arbejdermuseet.dk\/en\/wp-content\/uploads\/sites\/2\/2025\/12\/Esbjerg-Hoejskole.jpg\" class=\"attachment-full size-full\" alt=\"Dagligstuen p\u00e5 Esbjerg H\u00f8jskole, 1930&#039;erne\" srcset=\"https:\/\/arbejdermuseet.dk\/en\/wp-content\/uploads\/sites\/2\/2025\/12\/Esbjerg-Hoejskole.jpg 2000w, https:\/\/arbejdermuseet.dk\/en\/wp-content\/uploads\/sites\/2\/2025\/12\/Esbjerg-Hoejskole-600x409.jpg 600w, https:\/\/arbejdermuseet.dk\/en\/wp-content\/uploads\/sites\/2\/2025\/12\/Esbjerg-Hoejskole-1920x1308.jpg 1920w, https:\/\/arbejdermuseet.dk\/en\/wp-content\/uploads\/sites\/2\/2025\/12\/Esbjerg-Hoejskole-300x204.jpg 300w, https:\/\/arbejdermuseet.dk\/en\/wp-content\/uploads\/sites\/2\/2025\/12\/Esbjerg-Hoejskole-768x523.jpg 768w, https:\/\/arbejdermuseet.dk\/en\/wp-content\/uploads\/sites\/2\/2025\/12\/Esbjerg-Hoejskole-1536x1046.jpg 1536w, https:\/\/arbejdermuseet.dk\/en\/wp-content\/uploads\/sites\/2\/2025\/12\/Esbjerg-Hoejskole-132x90.jpg 132w, https:\/\/arbejdermuseet.dk\/en\/wp-content\/uploads\/sites\/2\/2025\/12\/Esbjerg-Hoejskole-1200x817.jpg 1200w\" sizes=\"(max-width: 2000px) 100vw, 2000px\" data-copyright=\"\" data-headline=\"Dagligstuen p\u00e5 Esbjerg H\u00f8jskole, 1930&#039;erne\" data-description=\"Dagligstuen p\u00e5 Esbjerg H\u00f8jskole, 1930&#039;erne\"  data-full-url=\"\" \/>\t\t\t\t\r\n\t\t\t\t\t\t\t<a href=\"https:\/\/arbejdermuseet.dk\/en\/wp-content\/uploads\/sites\/2\/2025\/12\/Esbjerg-Hoejskole.jpg\" class=\"standout-media-text_media-link\" target=\"_blank\">Dagligstuen p\u00e5 Esbjerg H\u00f8jskole, 1930&#8217;erne <\/a>\r\n\t\t\t\t\t<\/figure>\r\n\t<\/div>\r\n\r\n\t\t\t<div class=\"acf-innerblocks-container\">\n\n<div class=\"wp-block-group standout-media-text_text-inner is-layout-flow wp-block-group-is-layout-flow\">\n<h3 class=\"wp-block-heading\" style=\"font-size:50px;text-transform:uppercase\">4. the voice of the people<\/h3>\n\n\n\n<p><strong>Stauning&#8217;s speech at the opening of Roskilde Workers&#8217; Folk High School 1930<\/strong><br>In 1929, Arbejdernes Oplysningsforbund bought and took over the management of Roskilde Folk High School, which had been a general Grundtvigian folk high school since its foundation in 1907. The folk high school became the country&#8217;s second working-class folk high school. At the opening of Roskilde Folk High School on June 9, 1930, then Prime Minister Thorvald Stauning gave the opening speech.<\/p>\n\n\n\n<p><strong>Selma, student at Esbjerg Folk High School in the 1920s<\/strong><br>Esbjerg Folk High School was the country&#8217;s first working-class college founded in 1910. A student named Selma Kristensen talks about the importance of both men and women jointly engaging in educational work.<\/p>\n\n\n\n<p><strong>Grethe Bruun, crafts consultant, AOF Copenhagen branch 1967<\/strong><br>AOF&#8217;s wide range of courses also offered a large number of sewing and needlework courses. Here, women in particular could find meaningful communities outside the home. It also gave women the confidence to sew and create something themselves.<\/p>\n\n\n\n<p><strong>Carina Helligs\u00f8 Allentoft, dyslexia student 2021<\/strong><br>In recent years, AOF has worked actively with dyslexia education (OBU), to the great benefit of people with dyslexia.<\/p>\n\n\n\n<p><strong>Nathalia Zak, language student 2017<\/strong><br>AOF offers a wide range of language courses, including Danish courses for foreigners like Nathalia. In addition to learning the Danish language, the students enjoy a rewarding community of like-minded people.<\/p>\n\n\n\n<p><strong>John Meinert Jakobsen, CEO of AOF 2024<\/strong><br>John Meinert Jakobsen&#8217;s speech at AOF&#8217;s 100th anniversary celebration on January 9, 2024.<\/p>\n\n\n\n\n<\/div>\n\n<\/div>\r\n\t<\/div>\r\n\r\n\r\n\r\n\t\t<\/div>\r\n<\/section>\n\n\n<h3 class=\"wp-block-heading\" style=\"font-size:50px;text-transform:uppercase\">Workers&#8217; songs<\/h3>\n\n\n\n<p>All over the world, wherever there are movements, there is song. In the labor movement, song has helped express the very idea of solidarity. There are hundreds of workers&#8217; songs for different purposes: marching songs, spring songs, peace songs, women&#8217;s songs, fight songs and protest songs. 20 songs were sung by the Workers&#8217; Choir, which was founded on this occasion. Some of the singers came from the existing October Choir.<\/p>\n\n\n\n\n\n\n\n<p class=\"is-style-default\"><em>Soon it will be time, brothers (March of the Socialists)<\/em> &#8211; Text: U.P. Overby, Composer: C.J. Rasmussen, 1871<\/p>\n\n\n\n<p><em>In flight, time passes over the waves of life (Workers&#8217; song)<\/em> &#8211; Text: U.P. Overby, Melody: German folk melody, 1875<\/p>\n\n\n\n<p><em>Fallen are now the last barriers of winter \/ The 8-hour song<\/em> &#8211; Text: A.C. Meyer, Melody: O. Linblad, 1890<\/p>\n\n\n\n<p><em>Even though we are women<\/em>, Text and melody: Unknown, 1900<\/p>\n\n\n\n<p><em>Hello, what a glorious wind, now summer is blowing in<\/em> &#8211; Text: Jeppe Aakj\u00e6r, 1904<\/p>\n\n\n\n<p><em>Jens Vejmand<\/em>, Text: Jeppe Aakj\u00e6r, Melody: Carl Nielsen, 1905<\/p>\n\n\n\n<p><em>Tyende-Sang \/ Her kommer fra dybet den m\u00f8rke arme<\/em>, Text: Jeppe Aakj\u00e6r, Melody: Niels Clemmensen, Johannes Torrild, 1907<\/p>\n\n\n\n<p><em>Arise you damned here on earth \/ International<\/em>. Text: Hans Laursen. Melody: Pierre de Degeyter, 1911.<\/p>\n\n\n\n<p><em>Brothers, let arms be raised.<\/em> Text: Oskar Hansen, 1919, Melody: Russian Student Song.<\/p>\n\n\n\n<p><em>When I see a red flag fly \/ Young flag song<\/em>. Text: Oskar Hansen, Melody: Johannes Madsen, 1923<\/p>\n\n\n\n<p><em>Denmark for the people <\/em>&#8211; Text: Oskar Hansen. Melody: Oskar Gyldmark, 1934.<\/p>\n\n\n\n<p><em>Kringsatt av Fiender \/ Til ungdommen<\/em> &#8211; Text: Nordahl Grieg. Melody: Otto Mogensen, 1936.<\/p>\n\n\n\n<p><em>Sangen om Larsen<\/em> &#8211; Text: Svenn M\u00f8ller Kristensen, Melody: Koppel and Christensen, 1936.<\/p>\n\n\n\n<p><em>We Shall Overcome<\/em>, Text and melody: Pete Seeger, 1963.<\/p>\n\n\n\n<p><em>The Chain<\/em> &#8211; Text: Halfdan Rasmussen. Melody: Benny E. Andersen, 1969.<\/p>\n\n\n\n<p><em>F\u00e6llessang (Er du enlig mor i Esbjerg?)<\/em> &#8211; Text and melody: Women in Denmark, 1973.<\/p>\n\n\n\n<p><em>Rosa Danser<\/em>, Text and melody Troels Trier, 1970.<\/p>\n\n\n\n<p><em>Hope Computer!<\/em> &#8211; Text and melody: Lars Madsen aka S\u00f8ren Sidewind, 1974.<\/p>\n\n\n\n<p><em>Do you hear someone calling<\/em> &#8211; Text: Carl Scharnberg. Melody: Peter Abrahamsen, 1976.<\/p>\n\n\n\n<p><em>To learn is to want to<\/em>. Text: Halfdan Rasmussen, 1949. Melody: Erling Lindgren, 1985.<\/p>\n\n\n\n<p class=\"has-color-1-color has-text-color has-link-color wp-elements-f4daae7cecbe88007d2e6ca5f579fd44\"><\/p>\n\n\n\n<div class=\"wp-block-group standout-media-text_text-inner is-layout-flow wp-block-group-is-layout-flow\">\n<h2 class=\"wp-block-heading\">colophon<\/h2>\n\n\n\n\n\n\n\n<p>The work is performed by: Astrid Hansen Holm and Sandra Boss from Kunstnerkollektivet Vontrapp in collaboration with Arbejdermuseet in 2021.<\/p>\n\n\n\n<p class=\"has-text-align-left\">Director\/dramaturge: Astrid Hansen Holm<br>Editing and Sound Design: Sandra Boss<br>Studio technician and mix: Eske N\u00f8rholm<br>Producer: Christian Henckel Lund Nielsen<br>Coding: Taintec by Tue Selmer Friborg<br>Lighting: For the love of light<br>Sound archive: Labor Movement Library and Archive<br>Choir conductor: Susanna Wium Hallstr\u00f8m<\/p>\n\n\n\n<p class=\"has-text-align-left\"><strong>Actors\/Voices:<\/strong><br>Nina Bang: Ina Miriam Rosenbaum<br>Olivia Nielsen: Marina Bouras<br>Vilhelm Liebknecht: Constantin Gindele<br>Rosa Luxemburg: Katrin Weisser<br>Social-Demokraten reporter 1: Lars Knutzon<br>Social-Demokraten reporter 2: Kristian Bonde J\u00f8rgensen<\/p>\n\n\n\n<p><strong>Narrator voices: <br><\/strong>Julie Sten-Knudsen, Lizette Risgaard, John Larsen, Josefine Albris, Julie Thalund, Kristina Funkeson, Timo Gerritsjans, Dominique Jal, Jon Skulberg<\/p>\n\n\n\n<p><strong>Music:<\/strong><br><em>Translated Motion<\/em> by Sandra Boss<br><em>Adventure<\/em> by Sandra Boss &amp; Jonas Olesen<br><em>Electric Storm<\/em> by Dorit Chrysler<br><em>Circle<\/em>, <em>Delicate Memories<\/em> and <em>Dream Delight<\/em> by Band Ane<br><em>We shall overcome<\/em> by Pete Seeger<br><em>International<\/em> by Hans Laursen\/de Geyter<br><em>In flight, time passes over the waves of life<\/em> by Overby<br><em>When I see a red flag fly<\/em> by Oskar Hansen<\/p>\n\n\n\n<p><strong>The Workers&#8217; Choir<\/strong><br>Anne-Marie Nielsen, Dorthe Pedersen, Else Guldager, Eva Reinwald, Svend Nielsen, Inge Kofoed, Inge-Lise Palbo, Jan Lars Nielsen, J\u00f8rgen Nyeng, Keld Hedstr\u00f8m, Ole Gleerup, Ann Dorthe Engelhardt, Camilla Meyer, Bjarne \u00d8rbekker, Casper Dahl Stenfelt, Else Langballe, Hanne Eriksen, Jane Frimand Pedersen, Jannick Neumann, J\u00f8rn Petersen, Kirsten Buch Ohlsen, Michael Neumann, Rasmus Ladegaard Slot, Uffe Jakobsen<\/p>\n<\/div>\n","protected":false},"excerpt":{"rendered":"<p>In the banquet hall you can listen to the sound and light installation Voices of the Banquet Hall, which consists of four sound collages and 20 working songs. The work was created in 2021 by director Astrid Hansen Holm and composer Sandra Boss from Kunstnerkolletivet Von Trapp. The Voice of the People was added in&#8230;<\/p>\n","protected":false},"author":3,"featured_media":44998,"parent":575,"menu_order":0,"comment_status":"closed","ping_status":"closed","template":"page-kildepakke.php","meta":{"_acf_changed":false,"editor_notices":[],"footnotes":""},"class_list":["post-46000","page","type-page","status-publish","has-post-thumbnail","hentry"],"acf":[],"yoast_head":"<!-- This site is optimized with the Yoast SEO plugin v26.3 - https:\/\/yoast.com\/wordpress\/plugins\/seo\/ -->\n<title>The voices of the Banquet Hall - Arbejdermuseet<\/title>\n<meta name=\"description\" content=\"In the Festival Hall of the Workers&#039; Museum, you can listen to the sound and light installation &#039;Voices of the Festival Hall&#039;, which consists of four sound collages and 20 workers&#039; songs.\" \/>\n<meta name=\"robots\" content=\"index, follow, max-snippet:-1, max-image-preview:large, max-video-preview:-1\" \/>\n<link rel=\"canonical\" href=\"https:\/\/arbejdermuseet.dk\/en\/its-happening\/the-voices-of-the-ballroom\/\" \/>\n<meta property=\"og:locale\" content=\"en_US\" \/>\n<meta property=\"og:type\" content=\"article\" \/>\n<meta property=\"og:title\" content=\"The voices of the Banquet Hall - Arbejdermuseet\" \/>\n<meta property=\"og:description\" content=\"In the Festival Hall of the Workers&#039; Museum, you can listen to the sound and light installation &#039;Voices of the Festival Hall&#039;, which consists of four sound collages and 20 workers&#039; songs.\" \/>\n<meta property=\"og:url\" content=\"https:\/\/arbejdermuseet.dk\/en\/its-happening\/the-voices-of-the-ballroom\/\" \/>\n<meta property=\"og:site_name\" content=\"Arbejdermuseet\" \/>\n<meta property=\"article:modified_time\" content=\"2026-02-03T13:04:10+00:00\" \/>\n<meta property=\"og:image\" content=\"https:\/\/arbejdermuseet.dk\/en\/wp-content\/uploads\/sites\/2\/2025\/12\/Slider-bevaeg-2.jpg\" \/>\n\t<meta property=\"og:image:width\" content=\"1920\" \/>\n\t<meta property=\"og:image:height\" content=\"872\" \/>\n\t<meta property=\"og:image:type\" content=\"image\/jpeg\" \/>\n<meta name=\"twitter:card\" content=\"summary_large_image\" \/>\n<meta name=\"twitter:label1\" content=\"Est. reading time\" \/>\n\t<meta name=\"twitter:data1\" content=\"7 minutes\" \/>\n<!-- \/ Yoast SEO plugin. -->","yoast_head_json":{"title":"The voices of the Banquet Hall - Arbejdermuseet","description":"In the Festival Hall of the Workers' Museum, you can listen to the sound and light installation 'Voices of the Festival Hall', which consists of four sound collages and 20 workers' songs.","robots":{"index":"index","follow":"follow","max-snippet":"max-snippet:-1","max-image-preview":"max-image-preview:large","max-video-preview":"max-video-preview:-1"},"canonical":"https:\/\/arbejdermuseet.dk\/en\/its-happening\/the-voices-of-the-ballroom\/","og_locale":"en_US","og_type":"article","og_title":"The voices of the Banquet Hall - Arbejdermuseet","og_description":"In the Festival Hall of the Workers' Museum, you can listen to the sound and light installation 'Voices of the Festival Hall', which consists of four sound collages and 20 workers' songs.","og_url":"https:\/\/arbejdermuseet.dk\/en\/its-happening\/the-voices-of-the-ballroom\/","og_site_name":"Arbejdermuseet","article_modified_time":"2026-02-03T13:04:10+00:00","og_image":[{"width":1920,"height":872,"url":"https:\/\/arbejdermuseet.dk\/en\/wp-content\/uploads\/sites\/2\/2025\/12\/Slider-bevaeg-2.jpg","type":"image\/jpeg"}],"twitter_card":"summary_large_image","twitter_misc":{"Est. reading time":"7 minutes"},"schema":{"@context":"https:\/\/schema.org","@graph":[{"@type":"WebPage","@id":"https:\/\/arbejdermuseet.dk\/en\/its-happening\/the-voices-of-the-ballroom\/","url":"https:\/\/arbejdermuseet.dk\/en\/its-happening\/the-voices-of-the-ballroom\/","name":"The voices of the Banquet Hall - Arbejdermuseet","isPartOf":{"@id":"https:\/\/arbejdermuseet.dk\/en\/#website"},"primaryImageOfPage":{"@id":"https:\/\/arbejdermuseet.dk\/en\/its-happening\/the-voices-of-the-ballroom\/#primaryimage"},"image":{"@id":"https:\/\/arbejdermuseet.dk\/en\/its-happening\/the-voices-of-the-ballroom\/#primaryimage"},"thumbnailUrl":"https:\/\/arbejdermuseet.dk\/en\/wp-content\/uploads\/sites\/2\/2025\/12\/Slider-bevaeg-2.jpg","datePublished":"2025-12-09T08:18:52+00:00","dateModified":"2026-02-03T13:04:10+00:00","description":"In the Festival Hall of the Workers' Museum, you can listen to the sound and light installation 'Voices of the Festival Hall', which consists of four sound collages and 20 workers' songs.","breadcrumb":{"@id":"https:\/\/arbejdermuseet.dk\/en\/its-happening\/the-voices-of-the-ballroom\/#breadcrumb"},"inLanguage":"en-US","potentialAction":[{"@type":"ReadAction","target":["https:\/\/arbejdermuseet.dk\/en\/its-happening\/the-voices-of-the-ballroom\/"]}]},{"@type":"ImageObject","inLanguage":"en-US","@id":"https:\/\/arbejdermuseet.dk\/en\/its-happening\/the-voices-of-the-ballroom\/#primaryimage","url":"https:\/\/arbejdermuseet.dk\/en\/wp-content\/uploads\/sites\/2\/2025\/12\/Slider-bevaeg-2.jpg","contentUrl":"https:\/\/arbejdermuseet.dk\/en\/wp-content\/uploads\/sites\/2\/2025\/12\/Slider-bevaeg-2.jpg","width":1920,"height":872,"caption":"G\u00e6ster i udstilling"},{"@type":"BreadcrumbList","@id":"https:\/\/arbejdermuseet.dk\/en\/its-happening\/the-voices-of-the-ballroom\/#breadcrumb","itemListElement":[{"@type":"ListItem","position":1,"name":"Hjem","item":"https:\/\/arbejdermuseet.dk\/en\/"},{"@type":"ListItem","position":2,"name":"WHAT\u2019S ON","item":"https:\/\/arbejdermuseet.dk\/en\/its-happening\/"},{"@type":"ListItem","position":3,"name":"The voices of the Banquet Hall"}]},{"@type":"WebSite","@id":"https:\/\/arbejdermuseet.dk\/en\/#website","url":"https:\/\/arbejdermuseet.dk\/en\/","name":"Arbejdermuseet","description":"","publisher":{"@id":"https:\/\/arbejdermuseet.dk\/en\/#organization"},"potentialAction":[{"@type":"SearchAction","target":{"@type":"EntryPoint","urlTemplate":"https:\/\/arbejdermuseet.dk\/en\/?s={search_term_string}"},"query-input":{"@type":"PropertyValueSpecification","valueRequired":true,"valueName":"search_term_string"}}],"inLanguage":"en-US"},{"@type":"Organization","@id":"https:\/\/arbejdermuseet.dk\/en\/#organization","name":"Arbejdermuseet","url":"https:\/\/arbejdermuseet.dk\/en\/","logo":{"@type":"ImageObject","inLanguage":"en-US","@id":"https:\/\/arbejdermuseet.dk\/en\/#\/schema\/logo\/image\/","url":"https:\/\/arbejdermuseet.dk\/en\/wp-content\/uploads\/sites\/2\/2025\/01\/Logo.svg","contentUrl":"https:\/\/arbejdermuseet.dk\/en\/wp-content\/uploads\/sites\/2\/2025\/01\/Logo.svg","caption":"Arbejdermuseet"},"image":{"@id":"https:\/\/arbejdermuseet.dk\/en\/#\/schema\/logo\/image\/"}}]}},"_links":{"self":[{"href":"https:\/\/arbejdermuseet.dk\/en\/wp-json\/wp\/v2\/pages\/46000","targetHints":{"allow":["GET"]}}],"collection":[{"href":"https:\/\/arbejdermuseet.dk\/en\/wp-json\/wp\/v2\/pages"}],"about":[{"href":"https:\/\/arbejdermuseet.dk\/en\/wp-json\/wp\/v2\/types\/page"}],"author":[{"embeddable":true,"href":"https:\/\/arbejdermuseet.dk\/en\/wp-json\/wp\/v2\/users\/3"}],"replies":[{"embeddable":true,"href":"https:\/\/arbejdermuseet.dk\/en\/wp-json\/wp\/v2\/comments?post=46000"}],"version-history":[{"count":14,"href":"https:\/\/arbejdermuseet.dk\/en\/wp-json\/wp\/v2\/pages\/46000\/revisions"}],"predecessor-version":[{"id":48522,"href":"https:\/\/arbejdermuseet.dk\/en\/wp-json\/wp\/v2\/pages\/46000\/revisions\/48522"}],"up":[{"embeddable":true,"href":"https:\/\/arbejdermuseet.dk\/en\/wp-json\/wp\/v2\/pages\/575"}],"wp:featuredmedia":[{"embeddable":true,"href":"https:\/\/arbejdermuseet.dk\/en\/wp-json\/wp\/v2\/media\/44998"}],"wp:attachment":[{"href":"https:\/\/arbejdermuseet.dk\/en\/wp-json\/wp\/v2\/media?parent=46000"}],"curies":[{"name":"wp","href":"https:\/\/api.w.org\/{rel}","templated":true}]}}