{"id":43434,"date":"2025-11-17T11:13:19","date_gmt":"2025-11-17T10:13:19","guid":{"rendered":"https:\/\/arbejdermuseet.dk\/?page_id=43434"},"modified":"2026-01-29T08:21:00","modified_gmt":"2026-01-29T07:21:00","slug":"peoples-santa-and-socialism","status":"publish","type":"page","link":"https:\/\/arbejdermuseet.dk\/en\/library-archive\/the-early-labor-movement\/peoples-santa-and-socialism\/","title":{"rendered":"People&#8217;s Santa and socialism"},"content":{"rendered":"\n<p style=\"font-style:normal;font-weight:500\"><strong>The people took power in Paris in 1871. The so-called Paris Commune ruled the city for 72 days from March to May. The Danish joke magazine Folkets Nisse was quick to make fun of the new movement.<\/strong><\/p>\n\n\n\n<p>By Erik Voss<\/p>\n\n\n\n<p>Or new and new: The Communist Party&#8217;s manifesto had been published almost 25 years earlier and in Denmark, Frederik Dreier had published books with a socialist content in the early 1850s. But the strongly conservative magazine saw the danger signs and published &#8211; not very funny &#8211; diatribes against the movement.<\/p>\n\n\n\n<p>When Louis Pio published the so-called &#8220;Socialistiske Blade&#8221; in the summer of 1872, the magazine was on the spot with its first anti-socialist cartoon. However, it wasn&#8217;t very good. &#8220;Socialistisk Blade&#8221; was the starting point for the weekly newspaper &#8220;Socialisten&#8221;, which began publishing in July 1871.<\/p>\n\n\n\n<p>&#8220;The First International had been founded in 1864 in London. The &#8220;Socialisten&#8221; was the Danish workers&#8217; mouthpiece for the creation of a Danish counterpart: the International Workers&#8217; Association &#8211; commonly known as the International. The official founding date was October 15, 1871, which is considered the birthday of the Social Democrats.<\/p>\n\n\n\n<figure class=\"wp-block-image size-full\"><img loading=\"lazy\" decoding=\"async\" width=\"435\" height=\"650\" src=\"https:\/\/arbejdermuseet.dk\/wp-content\/uploads\/2025\/11\/Folkets-Nisse-12-8-1871.jpg\" alt=\"\" class=\"wp-image-43435\" srcset=\"https:\/\/arbejdermuseet.dk\/en\/wp-content\/uploads\/sites\/2\/2025\/11\/Folkets-Nisse-12-8-1871.jpg 435w, https:\/\/arbejdermuseet.dk\/en\/wp-content\/uploads\/sites\/2\/2025\/11\/Folkets-Nisse-12-8-1871-402x600.jpg 402w, https:\/\/arbejdermuseet.dk\/en\/wp-content\/uploads\/sites\/2\/2025\/11\/Folkets-Nisse-12-8-1871-201x300.jpg 201w, https:\/\/arbejdermuseet.dk\/en\/wp-content\/uploads\/sites\/2\/2025\/11\/Folkets-Nisse-12-8-1871-60x90.jpg 60w\" sizes=\"(max-width: 435px) 100vw, 435px\"  data-full-url=\"https:\/\/arbejdermuseet.dk\/en\/wp-content\/uploads\/sites\/2\/2025\/11\/Folkets-Nisse-12-8-1871.jpg\" data-full-width=\"435\" data-full-height=\"650\" \/><\/figure>\n\n\n\n<figure class=\"wp-block-image size-full\"><img loading=\"lazy\" decoding=\"async\" width=\"436\" height=\"650\" src=\"https:\/\/arbejdermuseet.dk\/wp-content\/uploads\/2025\/11\/Folkets-Nisse-7-10-1871.jpg\" alt=\"\" class=\"wp-image-43436\" srcset=\"https:\/\/arbejdermuseet.dk\/en\/wp-content\/uploads\/sites\/2\/2025\/11\/Folkets-Nisse-7-10-1871.jpg 436w, https:\/\/arbejdermuseet.dk\/en\/wp-content\/uploads\/sites\/2\/2025\/11\/Folkets-Nisse-7-10-1871-402x600.jpg 402w, https:\/\/arbejdermuseet.dk\/en\/wp-content\/uploads\/sites\/2\/2025\/11\/Folkets-Nisse-7-10-1871-201x300.jpg 201w, https:\/\/arbejdermuseet.dk\/en\/wp-content\/uploads\/sites\/2\/2025\/11\/Folkets-Nisse-7-10-1871-60x90.jpg 60w\" sizes=\"(max-width: 436px) 100vw, 436px\"  data-full-url=\"https:\/\/arbejdermuseet.dk\/en\/wp-content\/uploads\/sites\/2\/2025\/11\/Folkets-Nisse-7-10-1871.jpg\" data-full-width=\"436\" data-full-height=\"650\" \/><\/figure>\n\n\n\n<figure class=\"wp-block-image size-full is-resized\"><img loading=\"lazy\" decoding=\"async\" width=\"449\" height=\"650\" src=\"https:\/\/arbejdermuseet.dk\/wp-content\/uploads\/2025\/11\/Folkets-Nisse-4-11-1871.jpg\" alt=\"\" class=\"wp-image-43437\" style=\"width:449px;height:auto\" srcset=\"https:\/\/arbejdermuseet.dk\/en\/wp-content\/uploads\/sites\/2\/2025\/11\/Folkets-Nisse-4-11-1871.jpg 449w, https:\/\/arbejdermuseet.dk\/en\/wp-content\/uploads\/sites\/2\/2025\/11\/Folkets-Nisse-4-11-1871-414x600.jpg 414w, https:\/\/arbejdermuseet.dk\/en\/wp-content\/uploads\/sites\/2\/2025\/11\/Folkets-Nisse-4-11-1871-207x300.jpg 207w, https:\/\/arbejdermuseet.dk\/en\/wp-content\/uploads\/sites\/2\/2025\/11\/Folkets-Nisse-4-11-1871-62x90.jpg 62w\" sizes=\"(max-width: 449px) 100vw, 449px\"  data-full-url=\"https:\/\/arbejdermuseet.dk\/en\/wp-content\/uploads\/sites\/2\/2025\/11\/Folkets-Nisse-4-11-1871.jpg\" data-full-width=\"449\" data-full-height=\"650\" \/><\/figure>\n\n\n\n<p>Louis Pio was the movement&#8217;s chairman, Poul Geleff its agitator and Harald Brix its magazine publisher.<\/p>\n\n\n\n<p>Lars Bj\u00f8rnbak had founded \u00c5rhus Amtstidende and was both a pacifist and a member of the International. A highly controversial figure. The lay preacher Mogens Sommer was also a member of the International until he broke with the organization in early 1872. Below, together with Pio and Geleff, they are presented as &#8220;The Four Graces&#8221;. That&#8217;s not very funny in this day and age. The question is, did the drawing have an effect on the readers on 16-12-1871?<\/p>\n\n\n\n<p>For Folkets Nisse, socialism was an &#8220;enemy&#8221; and the magazine used traditional enemy images. For example, socialism was seen as an anomaly, a disease:<\/p>\n\n\n\n<p>Folkets Nisse had a recurring character: S\u00f8rensen, the somewhat simple-minded Dane who comments on many everyday events. He wonders about the price rises &#8211; brought about by socialism &#8211; and is scolded by his sensible wife, who believes that he himself has been blinded by the same socialists:<\/p>\n\n\n\n<p>During the Paris Commune, the phenomenon &#8211; or at least the word &#8211; petroleuse emerged. It was a female arsonist. According to the People&#8217;s Elf, the members and leaders of the International would also use kerosene.<\/p>\n\n\n\n<figure class=\"wp-block-image size-full\"><img loading=\"lazy\" decoding=\"async\" width=\"404\" height=\"650\" src=\"https:\/\/arbejdermuseet.dk\/wp-content\/uploads\/2025\/11\/Folkets-Nisse-20-4-1872-\u2013-Geleff-taler-forskelligt-i-Randers-og-Koebenhavn-siger-folketingsmedlem-Soeren-Kjaer.jpg\" alt=\"\" class=\"wp-image-43438\" srcset=\"https:\/\/arbejdermuseet.dk\/en\/wp-content\/uploads\/sites\/2\/2025\/11\/Folkets-Nisse-20-4-1872-\u2013-Geleff-taler-forskelligt-i-Randers-og-Koebenhavn-siger-folketingsmedlem-Soeren-Kjaer.jpg 404w, https:\/\/arbejdermuseet.dk\/en\/wp-content\/uploads\/sites\/2\/2025\/11\/Folkets-Nisse-20-4-1872-\u2013-Geleff-taler-forskelligt-i-Randers-og-Koebenhavn-siger-folketingsmedlem-Soeren-Kjaer-373x600.jpg 373w, https:\/\/arbejdermuseet.dk\/en\/wp-content\/uploads\/sites\/2\/2025\/11\/Folkets-Nisse-20-4-1872-\u2013-Geleff-taler-forskelligt-i-Randers-og-Koebenhavn-siger-folketingsmedlem-Soeren-Kjaer-186x300.jpg 186w, https:\/\/arbejdermuseet.dk\/en\/wp-content\/uploads\/sites\/2\/2025\/11\/Folkets-Nisse-20-4-1872-\u2013-Geleff-taler-forskelligt-i-Randers-og-Koebenhavn-siger-folketingsmedlem-Soeren-Kjaer-56x90.jpg 56w\" sizes=\"(max-width: 404px) 100vw, 404px\"  data-full-url=\"https:\/\/arbejdermuseet.dk\/en\/wp-content\/uploads\/sites\/2\/2025\/11\/Folkets-Nisse-20-4-1872-\u2013-Geleff-taler-forskelligt-i-Randers-og-Koebenhavn-siger-folketingsmedlem-Soeren-Kjaer.jpg\" data-full-width=\"404\" data-full-height=\"650\" \/><\/figure>\n\n\n\n<figure class=\"wp-block-image size-full\"><img loading=\"lazy\" decoding=\"async\" width=\"435\" height=\"650\" src=\"https:\/\/arbejdermuseet.dk\/wp-content\/uploads\/2025\/11\/Folkets-Nisse-27-4-1872.jpg\" alt=\"\" class=\"wp-image-43439\" srcset=\"https:\/\/arbejdermuseet.dk\/en\/wp-content\/uploads\/sites\/2\/2025\/11\/Folkets-Nisse-27-4-1872.jpg 435w, https:\/\/arbejdermuseet.dk\/en\/wp-content\/uploads\/sites\/2\/2025\/11\/Folkets-Nisse-27-4-1872-402x600.jpg 402w, https:\/\/arbejdermuseet.dk\/en\/wp-content\/uploads\/sites\/2\/2025\/11\/Folkets-Nisse-27-4-1872-201x300.jpg 201w, https:\/\/arbejdermuseet.dk\/en\/wp-content\/uploads\/sites\/2\/2025\/11\/Folkets-Nisse-27-4-1872-60x90.jpg 60w\" sizes=\"(max-width: 435px) 100vw, 435px\"  data-full-url=\"https:\/\/arbejdermuseet.dk\/en\/wp-content\/uploads\/sites\/2\/2025\/11\/Folkets-Nisse-27-4-1872.jpg\" data-full-width=\"435\" data-full-height=\"650\" \/><\/figure>\n\n\n\n<figure class=\"wp-block-image size-full\"><img loading=\"lazy\" decoding=\"async\" width=\"436\" height=\"650\" src=\"https:\/\/arbejdermuseet.dk\/wp-content\/uploads\/2025\/11\/Folkets-Nisse-17-2-1872.jpg\" alt=\"\" class=\"wp-image-43440\" srcset=\"https:\/\/arbejdermuseet.dk\/en\/wp-content\/uploads\/sites\/2\/2025\/11\/Folkets-Nisse-17-2-1872.jpg 436w, https:\/\/arbejdermuseet.dk\/en\/wp-content\/uploads\/sites\/2\/2025\/11\/Folkets-Nisse-17-2-1872-402x600.jpg 402w, https:\/\/arbejdermuseet.dk\/en\/wp-content\/uploads\/sites\/2\/2025\/11\/Folkets-Nisse-17-2-1872-201x300.jpg 201w, https:\/\/arbejdermuseet.dk\/en\/wp-content\/uploads\/sites\/2\/2025\/11\/Folkets-Nisse-17-2-1872-60x90.jpg 60w\" sizes=\"(max-width: 436px) 100vw, 436px\"  data-full-url=\"https:\/\/arbejdermuseet.dk\/en\/wp-content\/uploads\/sites\/2\/2025\/11\/Folkets-Nisse-17-2-1872.jpg\" data-full-width=\"436\" data-full-height=\"650\" \/><\/figure>\n\n\n\n<p>In the history of the labor movement, the Battle of F\u00e6lleden has a unique significance. It took place on May 5, 1872. The day before, Pio, Brix and Geleff had been arrested for encouraging workers to demonstrate on F\u00e6lleden against the bricklayers&#8217; slave labor. This is what the bricklayers called the extra hour of work they had compared to other workers.<\/p>\n\n\n\n<p>Naturally, Folkets Nisse was quick to exploit this situation in a &#8220;Song about the Revolution on N\u00f8rref\u00e6lled&#8221;. About the arrest of the leaders it states:<\/p>\n\n\n\n<p>&#8220;And all the people were so happy<br>&#8211; Because it was Sunday morning! &#8211;<br>And the prospect of &#8220;Ballade&#8221;<br>That especially enticed them&#8221;<\/p>\n\n\n\n<p>There is also a little joke: &#8220;For the Socialist performance at N\u00f8rref\u00e6lled on Sunday, dragoons were ordered from N\u00e6stved; wasn&#8217;t this dragonic means a bit draconian?&#8221; It is probably the pun itself &#8211; and not the content &#8211; that has amused both writer and reader.<\/p>\n\n\n\n<p>To top it all off, the magazine also has a drawing that plays on Pio&#8217;s call prior to the demonstration: For millennia, the lower class has put up with the degradation of the upper class, so &#8220;The measure is full &#8211; let there not be a drop more &#8211; and it overflows.&#8221; Of course, in The People&#8217;s Elf, it turns into the toilet bucket is about to overflow.<\/p>\n\n\n\n<p>Perhaps modern advertisers have seen the following drawing of the farmer&#8217;s wife imagining the knitting workers. To understand the joke, you need to know that the English word &#8220;strike&#8221; was pronounced as it was written.<\/p>\n\n\n\n<p>The People&#8217;s Santa continued to attack the socialists in the following years. However, we will end this little trip through the magazine with its greeting to Pio and Geleff, as they had been bribed to flee to the USA in 1872.<\/p>\n\n\n\n<figure class=\"wp-block-image size-full\"><img loading=\"lazy\" decoding=\"async\" width=\"451\" height=\"650\" src=\"https:\/\/arbejdermuseet.dk\/wp-content\/uploads\/2025\/11\/Folkets-Nisse-18-5-1872.jpg\" alt=\"\" class=\"wp-image-43441\" srcset=\"https:\/\/arbejdermuseet.dk\/en\/wp-content\/uploads\/sites\/2\/2025\/11\/Folkets-Nisse-18-5-1872.jpg 451w, https:\/\/arbejdermuseet.dk\/en\/wp-content\/uploads\/sites\/2\/2025\/11\/Folkets-Nisse-18-5-1872-416x600.jpg 416w, https:\/\/arbejdermuseet.dk\/en\/wp-content\/uploads\/sites\/2\/2025\/11\/Folkets-Nisse-18-5-1872-208x300.jpg 208w, https:\/\/arbejdermuseet.dk\/en\/wp-content\/uploads\/sites\/2\/2025\/11\/Folkets-Nisse-18-5-1872-62x90.jpg 62w\" sizes=\"(max-width: 451px) 100vw, 451px\"  data-full-url=\"https:\/\/arbejdermuseet.dk\/en\/wp-content\/uploads\/sites\/2\/2025\/11\/Folkets-Nisse-18-5-1872.jpg\" data-full-width=\"451\" data-full-height=\"650\" \/><\/figure>\n\n\n\n<figure class=\"wp-block-image size-full\"><img loading=\"lazy\" decoding=\"async\" width=\"768\" height=\"533\" src=\"https:\/\/arbejdermuseet.dk\/wp-content\/uploads\/2025\/11\/Folkets-Nisse-31-3-1877-768x533-1.jpg\" alt=\"\" class=\"wp-image-43442\" srcset=\"https:\/\/arbejdermuseet.dk\/en\/wp-content\/uploads\/sites\/2\/2025\/11\/Folkets-Nisse-31-3-1877-768x533-1.jpg 768w, https:\/\/arbejdermuseet.dk\/en\/wp-content\/uploads\/sites\/2\/2025\/11\/Folkets-Nisse-31-3-1877-768x533-1-600x416.jpg 600w, https:\/\/arbejdermuseet.dk\/en\/wp-content\/uploads\/sites\/2\/2025\/11\/Folkets-Nisse-31-3-1877-768x533-1-300x208.jpg 300w, https:\/\/arbejdermuseet.dk\/en\/wp-content\/uploads\/sites\/2\/2025\/11\/Folkets-Nisse-31-3-1877-768x533-1-130x90.jpg 130w\" sizes=\"(max-width: 768px) 100vw, 768px\"  data-full-url=\"https:\/\/arbejdermuseet.dk\/en\/wp-content\/uploads\/sites\/2\/2025\/11\/Folkets-Nisse-31-3-1877-768x533-1.jpg\" data-full-width=\"768\" data-full-height=\"533\" \/><\/figure>\n\n\n\n<figure class=\"wp-block-image size-full\"><img loading=\"lazy\" decoding=\"async\" width=\"1024\" height=\"499\" src=\"https:\/\/arbejdermuseet.dk\/wp-content\/uploads\/2025\/11\/Folkets-Nisse-11-5-1872-1024x499-1.jpg\" alt=\"\" class=\"wp-image-43443\" srcset=\"https:\/\/arbejdermuseet.dk\/en\/wp-content\/uploads\/sites\/2\/2025\/11\/Folkets-Nisse-11-5-1872-1024x499-1.jpg 1024w, https:\/\/arbejdermuseet.dk\/en\/wp-content\/uploads\/sites\/2\/2025\/11\/Folkets-Nisse-11-5-1872-1024x499-1-600x292.jpg 600w, https:\/\/arbejdermuseet.dk\/en\/wp-content\/uploads\/sites\/2\/2025\/11\/Folkets-Nisse-11-5-1872-1024x499-1-300x146.jpg 300w, https:\/\/arbejdermuseet.dk\/en\/wp-content\/uploads\/sites\/2\/2025\/11\/Folkets-Nisse-11-5-1872-1024x499-1-768x374.jpg 768w, https:\/\/arbejdermuseet.dk\/en\/wp-content\/uploads\/sites\/2\/2025\/11\/Folkets-Nisse-11-5-1872-1024x499-1-185x90.jpg 185w\" sizes=\"(max-width: 1024px) 100vw, 1024px\"  data-full-url=\"https:\/\/arbejdermuseet.dk\/en\/wp-content\/uploads\/sites\/2\/2025\/11\/Folkets-Nisse-11-5-1872-1024x499-1.jpg\" data-full-width=\"1024\" data-full-height=\"499\" \/><\/figure>\n\n\n\r\n\r\n<section class=\"standout-section standout-block standout-kildepakker-parent-link is-aligned alignnone\" data-block-id=\"block_a7603ac73c811b2cab20bb5dd092f81f\" style=\"--block-background-color: transparent; --block-text-color: inherit;\">\r\n\r\n\t<div class=\"standout-max-container\">\t\r\n\r\n<div class=\"standout-block-inner\">\r\n\t<span class=\"standout-parent-link\">\r\n\t\t\t\t\t<a href=\"https:\/\/arbejdermuseet.dk\/bibliotek-arkiv\/den-tidlige-arbejderbevaegelse\/\"><span height=\"1em\" class=\"standout-custom-svg custom-svg\"><svg height=\"1em\" xmlns=\"http:\/\/www.w3.org\/2000\/svg\" viewBox=\"0 0 17 8\" fill=\"none\">\r\n  <path d=\"M9.95456 0L9.5654 0.627408L14.4402 3.631H0V4.36826H14.4402L9.5654 7.37259L9.95456 8L16.4444 3.99963L9.95456 0Z\" fill=\"#B12320\"\/>\r\n<\/svg><\/span> Back to the Early Labor Movement<\/a>\r\n\t\t\t<\/span>\r\n<\/div>\r\n\r\n\r\n\r\n\t\t<\/div>\r\n<\/section>\n\n\r\n\r\n<section class=\"standout-section standout-block standout-related-content is-aligned alignfull off-center-slider\" data-block-id=\"block_162626017cd30d4902801e020549f854\" style=\"--block-background-color: transparent; --block-text-color: inherit;\">\r\n\r\n\t<div class=\"standout-max-container\">\t\r\n\r\n<div class=\"standout-block-inner\">\r\n\t\t\t<div class=\"acf-innerblocks-container\">\n\n<h3 class=\"wp-block-heading\" style=\"text-transform:uppercase\">If you find the topic intriguing<\/h3>\n\n\n\r\n\r\n<section class=\"standout-block standout-related-content-inner is-aligned alignfull\" data-block-id=\"block_c6059cd9bbdf35d9d3b3fbc4673ef6f4\" style=\"--block-background-color: transparent; --block-text-color: inherit;\" data-related-content=\"tag\">\r\n\r\n\t<div class=\"standout-max-container\">\t\r\n\r\n\r\n\r\n<div class=\"standout-block-inner\">\r\n\t\t\t\r\n\r\n<section class=\"standout-section standout-block standout-posts is-aligned alignwide\" data-block-id=\"block_ea302322676a5838acdc8df337eea60e\" style=\"--block-background-color: transparent; --block-text-color: inherit;\" template=\"02\">\r\n\r\n\t<div class=\"standout-max-container\">\t\r\n\r\n<div class=\"standout-block-inner\">\r\n\t<div class=\"acf-innerblocks-container\">\r\n\t\t\r\n\r\n<section class=\"standout-section standout-block standout-slider is-aligned alignfull has-bg\" data-block-id=\"block_4ac19b960152a70691725a39126f83b6\" style=\"--block-background-color: transparent; --block-text-color: inherit; --slider-columns: 4;\" data-columns=\"4\" data-slider=\"{&quot;slidesToShow&quot;:&quot;4&quot;,&quot;slidesToScroll&quot;:&quot;1&quot;,&quot;dots&quot;:&quot;false&quot;,&quot;arrows&quot;:&quot;true&quot;,&quot;adaptiveHeight&quot;:&quot;false&quot;,&quot;autoplay&quot;:&quot;true&quot;,&quot;autoplaySpeed&quot;:&quot;5000&quot;,&quot;speed&quot;:&quot;1000&quot;,&quot;infinite&quot;:&quot;true&quot;,&quot;centerMode&quot;:&quot;false&quot;,&quot;fade&quot;:&quot;false&quot;}\" data-slider-responsive=\"null\">\r\n\r\n\t<div class=\"standout-max-container\">\t\n\n<div class=\"standout-block-inner\" >\n\t\t\t\t\t<div class=\"acf-innerblocks-container is-slick-slider\">\n\t\t\t\r\n\r\n<section class=\"standout-block standout-slide-element is-aligned alignwide\" data-block-id=\"block_847571c2a38cd03803a5048a6bfe9d07\" style=\"--block-background-color: transparent; --block-text-color: inherit;\">\r\n\r\n\t\t\r\n\r\n\t<div class=\"acf-innerblocks-container\">\r\n\t\t\r\n<div class=\"post post-loop post-loop-type-page\">\r\n\t\t\t<div class=\"post-thumbnail-wrap\">\r\n\t\t\t\t\t\t\t<img loading=\"lazy\" decoding=\"async\" width=\"1920\" height=\"1005\" src=\"https:\/\/arbejdermuseet.dk\/en\/wp-content\/uploads\/sites\/2\/2025\/12\/spf_fb.jpg\" class=\"attachment-post-thumbnail size-post-thumbnail wp-post-image\" alt=\"Lys- og lydshow om Slaget p\u00e5 F\u00e6lleden\" srcset=\"https:\/\/arbejdermuseet.dk\/en\/wp-content\/uploads\/sites\/2\/2025\/12\/spf_fb.jpg 1920w, https:\/\/arbejdermuseet.dk\/en\/wp-content\/uploads\/sites\/2\/2025\/12\/spf_fb-600x314.jpg 600w, https:\/\/arbejdermuseet.dk\/en\/wp-content\/uploads\/sites\/2\/2025\/12\/spf_fb-300x157.jpg 300w, https:\/\/arbejdermuseet.dk\/en\/wp-content\/uploads\/sites\/2\/2025\/12\/spf_fb-768x402.jpg 768w, https:\/\/arbejdermuseet.dk\/en\/wp-content\/uploads\/sites\/2\/2025\/12\/spf_fb-1536x804.jpg 1536w, https:\/\/arbejdermuseet.dk\/en\/wp-content\/uploads\/sites\/2\/2025\/12\/spf_fb-172x90.jpg 172w, https:\/\/arbejdermuseet.dk\/en\/wp-content\/uploads\/sites\/2\/2025\/12\/spf_fb-1200x628.jpg 1200w\" sizes=\"(max-width: 1920px) 100vw, 1920px\" data-copyright=\"\" data-headline=\"Lys- og lydshow om Slaget p\u00e5 F\u00e6lleden\" data-description=\"\"  data-full-url=\"\" \/>\t\t\t\t\t<\/div>\r\n\t\r\n\t\t\t\t<div class=\"post-ancestor-title\">\r\n\t\t\t<span>EXHIBITIONS<\/span>\r\n\t\t<\/div>\r\n\t\r\n\t<div class=\"post-title-wrap\">\r\n\t\t<span class=\"post-title\">Battle of the Commons<\/span>\r\n\t<\/div>\r\n\r\n\t<a class=\"post-read-more-link\" href=\"https:\/\/arbejdermuseet.dk\/en\/its-happening\/battle-of-the-commons\/\">\r\n\t\tRead more <span height=\"1em\" class=\"standout-custom-svg custom-svg\"><svg height=\"1em\" xmlns=\"http:\/\/www.w3.org\/2000\/svg\" viewBox=\"0 0 17 8\" fill=\"none\">\r\n  <path d=\"M9.95456 0L9.5654 0.627408L14.4402 3.631H0V4.36826H14.4402L9.5654 7.37259L9.95456 8L16.4444 3.99963L9.95456 0Z\" fill=\"#B12320\"\/>\r\n<\/svg><\/span>\t<\/a>\r\n<\/div>\r\n\t<\/div>\r\n\r\n\r\n\r\n\t\t\r\n<\/section>\r\n\r\n<section class=\"standout-block standout-slide-element is-aligned alignwide\" data-block-id=\"block_fff113099c90d78362c1331fcee39f20\" style=\"--block-background-color: transparent; --block-text-color: inherit;\">\r\n\r\n\t<div class=\"standout-max-container\">\t\r\n\r\n\t<div class=\"acf-innerblocks-container\">\r\n\t\t\r\n<div class=\"post post-loop post-loop-type-page\">\r\n\t\t\t<div class=\"post-thumbnail-wrap\">\r\n\t\t\t\t\t\t\t<img loading=\"lazy\" decoding=\"async\" width=\"2560\" height=\"1614\" src=\"https:\/\/arbejdermuseet.dk\/en\/wp-content\/uploads\/sites\/2\/2026\/01\/F20090225038-scaled.jpg\" class=\"attachment-post-thumbnail size-post-thumbnail wp-post-image\" alt=\"\" srcset=\"https:\/\/arbejdermuseet.dk\/en\/wp-content\/uploads\/sites\/2\/2026\/01\/F20090225038-scaled.jpg 2560w, https:\/\/arbejdermuseet.dk\/en\/wp-content\/uploads\/sites\/2\/2026\/01\/F20090225038-600x378.jpg 600w, https:\/\/arbejdermuseet.dk\/en\/wp-content\/uploads\/sites\/2\/2026\/01\/F20090225038-1920x1211.jpg 1920w, https:\/\/arbejdermuseet.dk\/en\/wp-content\/uploads\/sites\/2\/2026\/01\/F20090225038-300x189.jpg 300w, https:\/\/arbejdermuseet.dk\/en\/wp-content\/uploads\/sites\/2\/2026\/01\/F20090225038-768x484.jpg 768w, https:\/\/arbejdermuseet.dk\/en\/wp-content\/uploads\/sites\/2\/2026\/01\/F20090225038-1536x969.jpg 1536w, https:\/\/arbejdermuseet.dk\/en\/wp-content\/uploads\/sites\/2\/2026\/01\/F20090225038-2048x1292.jpg 2048w, https:\/\/arbejdermuseet.dk\/en\/wp-content\/uploads\/sites\/2\/2026\/01\/F20090225038-143x90.jpg 143w, https:\/\/arbejdermuseet.dk\/en\/wp-content\/uploads\/sites\/2\/2026\/01\/F20090225038-1200x757.jpg 1200w\" sizes=\"(max-width: 2560px) 100vw, 2560px\" data-copyright=\"\" data-headline=\"F20090225038\" data-description=\"\"  data-full-url=\"\" \/>\t\t\t\t\t<\/div>\r\n\t\r\n\t\t\t\t<div class=\"post-ancestor-title\">\r\n\t\t\t<span>LABOUR HISTORY<\/span>\r\n\t\t<\/div>\r\n\t\r\n\t<div class=\"post-title-wrap\">\r\n\t\t<span class=\"post-title\">The battle for the 8-hour workday<\/span>\r\n\t<\/div>\r\n\r\n\t<a class=\"post-read-more-link\" href=\"https:\/\/arbejdermuseet.dk\/en\/library-archive\/space-for-all-of-us\/when-the-cup-runneth-over-about-labor-struggles\/the-battle-for-the-8-hour-workday\/\">\r\n\t\tRead more <span height=\"1em\" class=\"standout-custom-svg custom-svg\"><svg height=\"1em\" xmlns=\"http:\/\/www.w3.org\/2000\/svg\" viewBox=\"0 0 17 8\" fill=\"none\">\r\n  <path d=\"M9.95456 0L9.5654 0.627408L14.4402 3.631H0V4.36826H14.4402L9.5654 7.37259L9.95456 8L16.4444 3.99963L9.95456 0Z\" fill=\"#B12320\"\/>\r\n<\/svg><\/span>\t<\/a>\r\n<\/div>\r\n\t<\/div>\r\n\r\n\r\n\r\n\t\t<\/div>\r\n<\/section>\r\n\r\n<section class=\"standout-block standout-slide-element is-aligned alignwide\" data-block-id=\"block_a96f72078aa9dea31b7db1e445314ce5\" style=\"--block-background-color: transparent; --block-text-color: inherit;\">\r\n\r\n\t<div class=\"standout-max-container\">\t\r\n\r\n\t<div class=\"acf-innerblocks-container\">\r\n\t\t\r\n<div class=\"post post-loop post-loop-type-page\">\r\n\t\t\t<div class=\"post-thumbnail-wrap\">\r\n\t\t\t\t\t\t\t<img loading=\"lazy\" decoding=\"async\" width=\"1920\" height=\"1080\" src=\"https:\/\/arbejdermuseet.dk\/en\/wp-content\/uploads\/sites\/2\/2025\/11\/20240506_ViErArbejderne_PhotosMaltheIvarsson_1920x1080-1.jpg\" class=\"attachment-post-thumbnail size-post-thumbnail wp-post-image\" alt=\"\" srcset=\"https:\/\/arbejdermuseet.dk\/en\/wp-content\/uploads\/sites\/2\/2025\/11\/20240506_ViErArbejderne_PhotosMaltheIvarsson_1920x1080-1.jpg 1920w, https:\/\/arbejdermuseet.dk\/en\/wp-content\/uploads\/sites\/2\/2025\/11\/20240506_ViErArbejderne_PhotosMaltheIvarsson_1920x1080-1-600x338.jpg 600w, https:\/\/arbejdermuseet.dk\/en\/wp-content\/uploads\/sites\/2\/2025\/11\/20240506_ViErArbejderne_PhotosMaltheIvarsson_1920x1080-1-300x169.jpg 300w, https:\/\/arbejdermuseet.dk\/en\/wp-content\/uploads\/sites\/2\/2025\/11\/20240506_ViErArbejderne_PhotosMaltheIvarsson_1920x1080-1-768x432.jpg 768w, https:\/\/arbejdermuseet.dk\/en\/wp-content\/uploads\/sites\/2\/2025\/11\/20240506_ViErArbejderne_PhotosMaltheIvarsson_1920x1080-1-1536x864.jpg 1536w, https:\/\/arbejdermuseet.dk\/en\/wp-content\/uploads\/sites\/2\/2025\/11\/20240506_ViErArbejderne_PhotosMaltheIvarsson_1920x1080-1-160x90.jpg 160w, https:\/\/arbejdermuseet.dk\/en\/wp-content\/uploads\/sites\/2\/2025\/11\/20240506_ViErArbejderne_PhotosMaltheIvarsson_1920x1080-1-1200x675.jpg 1200w\" sizes=\"(max-width: 1920px) 100vw, 1920px\" data-copyright=\"Malthe Folke Ivarsson\" data-headline=\"20240506_ViErArbejderne_PhotosMaltheIvarsson_1920x1080\" data-description=\"\"  data-full-url=\"\" \/>\t\t\t\t\t<\/div>\r\n\t\r\n\t\t\t\t<div class=\"post-ancestor-title\">\r\n\t\t\t<span>EXHIBITIONS<\/span>\r\n\t\t<\/div>\r\n\t\r\n\t<div class=\"post-title-wrap\">\r\n\t\t<span class=\"post-title\">We are the workers<\/span>\r\n\t<\/div>\r\n\r\n\t<a class=\"post-read-more-link\" href=\"https:\/\/arbejdermuseet.dk\/en\/its-happening\/we-are-the-workers\/\">\r\n\t\tRead more <span height=\"1em\" class=\"standout-custom-svg custom-svg\"><svg height=\"1em\" xmlns=\"http:\/\/www.w3.org\/2000\/svg\" viewBox=\"0 0 17 8\" fill=\"none\">\r\n  <path d=\"M9.95456 0L9.5654 0.627408L14.4402 3.631H0V4.36826H14.4402L9.5654 7.37259L9.95456 8L16.4444 3.99963L9.95456 0Z\" fill=\"#B12320\"\/>\r\n<\/svg><\/span>\t<\/a>\r\n<\/div>\r\n\t<\/div>\r\n\r\n\r\n\r\n\t\t<\/div>\r\n<\/section>\r\n\r\n<section class=\"standout-block standout-slide-element is-aligned alignwide\" data-block-id=\"block_51324a00d630c3a99e16b8e113ef7b61\" style=\"--block-background-color: transparent; --block-text-color: inherit;\">\r\n\r\n\t<div class=\"standout-max-container\">\t\r\n\r\n\t<div class=\"acf-innerblocks-container\">\r\n\t\t\r\n<div class=\"post post-loop post-loop-type-page\">\r\n\t\t\t<div class=\"post-thumbnail-wrap\">\r\n\t\t\t\t\t\t\t<img loading=\"lazy\" decoding=\"async\" width=\"2560\" height=\"1790\" src=\"https:\/\/arbejdermuseet.dk\/en\/wp-content\/uploads\/sites\/2\/2026\/01\/F20080507049-scaled.jpg\" class=\"attachment-post-thumbnail size-post-thumbnail wp-post-image\" alt=\"\" srcset=\"https:\/\/arbejdermuseet.dk\/en\/wp-content\/uploads\/sites\/2\/2026\/01\/F20080507049-scaled.jpg 2560w, https:\/\/arbejdermuseet.dk\/en\/wp-content\/uploads\/sites\/2\/2026\/01\/F20080507049-600x420.jpg 600w, https:\/\/arbejdermuseet.dk\/en\/wp-content\/uploads\/sites\/2\/2026\/01\/F20080507049-1920x1343.jpg 1920w, https:\/\/arbejdermuseet.dk\/en\/wp-content\/uploads\/sites\/2\/2026\/01\/F20080507049-300x210.jpg 300w, https:\/\/arbejdermuseet.dk\/en\/wp-content\/uploads\/sites\/2\/2026\/01\/F20080507049-768x537.jpg 768w, https:\/\/arbejdermuseet.dk\/en\/wp-content\/uploads\/sites\/2\/2026\/01\/F20080507049-1536x1074.jpg 1536w, https:\/\/arbejdermuseet.dk\/en\/wp-content\/uploads\/sites\/2\/2026\/01\/F20080507049-2048x1432.jpg 2048w, https:\/\/arbejdermuseet.dk\/en\/wp-content\/uploads\/sites\/2\/2026\/01\/F20080507049-129x90.jpg 129w, https:\/\/arbejdermuseet.dk\/en\/wp-content\/uploads\/sites\/2\/2026\/01\/F20080507049-1200x839.jpg 1200w\" sizes=\"(max-width: 2560px) 100vw, 2560px\" data-copyright=\"\" data-headline=\"F20080507049\" data-description=\"\"  data-full-url=\"\" \/>\t\t\t\t\t<\/div>\r\n\t\r\n\t\t\t\t<div class=\"post-ancestor-title\">\r\n\t\t\t<span>LABOUR HISTORY<\/span>\r\n\t\t<\/div>\r\n\t\r\n\t<div class=\"post-title-wrap\">\r\n\t\t<span class=\"post-title\">The Great Lockout of 1899<\/span>\r\n\t<\/div>\r\n\r\n\t<a class=\"post-read-more-link\" href=\"https:\/\/arbejdermuseet.dk\/en\/library-archive\/space-for-all-of-us\/when-the-cup-runneth-over-about-labor-struggles\/the-great-lockout-of-1899\/\">\r\n\t\tRead more <span height=\"1em\" class=\"standout-custom-svg custom-svg\"><svg height=\"1em\" xmlns=\"http:\/\/www.w3.org\/2000\/svg\" viewBox=\"0 0 17 8\" fill=\"none\">\r\n  <path d=\"M9.95456 0L9.5654 0.627408L14.4402 3.631H0V4.36826H14.4402L9.5654 7.37259L9.95456 8L16.4444 3.99963L9.95456 0Z\" fill=\"#B12320\"\/>\r\n<\/svg><\/span>\t<\/a>\r\n<\/div>\r\n\t<\/div>\r\n\r\n\r\n\r\n\t\t<\/div>\r\n<\/section>\r\n\r\n<section class=\"standout-block standout-slide-element is-aligned alignwide\" data-block-id=\"block_aab67c3f799adad7fcbc80978985f13b\" style=\"--block-background-color: transparent; --block-text-color: inherit;\">\r\n\r\n\t<div class=\"standout-max-container\">\t\r\n\r\n\t<div class=\"acf-innerblocks-container\">\r\n\t\t\r\n<div class=\"post post-loop post-loop-type-page\">\r\n\t\t\t<div class=\"post-thumbnail-wrap\">\r\n\t\t\t\t\t\t\t<img loading=\"lazy\" decoding=\"async\" width=\"1712\" height=\"1292\" src=\"https:\/\/arbejdermuseet.dk\/en\/wp-content\/uploads\/sites\/2\/2026\/01\/F20131126019.jpg\" class=\"attachment-post-thumbnail size-post-thumbnail wp-post-image\" alt=\"\" srcset=\"https:\/\/arbejdermuseet.dk\/en\/wp-content\/uploads\/sites\/2\/2026\/01\/F20131126019.jpg 1712w, https:\/\/arbejdermuseet.dk\/en\/wp-content\/uploads\/sites\/2\/2026\/01\/F20131126019-600x453.jpg 600w, https:\/\/arbejdermuseet.dk\/en\/wp-content\/uploads\/sites\/2\/2026\/01\/F20131126019-300x226.jpg 300w, https:\/\/arbejdermuseet.dk\/en\/wp-content\/uploads\/sites\/2\/2026\/01\/F20131126019-768x580.jpg 768w, https:\/\/arbejdermuseet.dk\/en\/wp-content\/uploads\/sites\/2\/2026\/01\/F20131126019-1536x1159.jpg 1536w, https:\/\/arbejdermuseet.dk\/en\/wp-content\/uploads\/sites\/2\/2026\/01\/F20131126019-119x90.jpg 119w, https:\/\/arbejdermuseet.dk\/en\/wp-content\/uploads\/sites\/2\/2026\/01\/F20131126019-1200x906.jpg 1200w\" sizes=\"(max-width: 1712px) 100vw, 1712px\" data-copyright=\"\" data-headline=\"F20131126019\" data-description=\"\"  data-full-url=\"\" \/>\t\t\t\t\t<\/div>\r\n\t\r\n\t\t\t\t<div class=\"post-ancestor-title\">\r\n\t\t\t<span>LABOUR HISTORY<\/span>\r\n\t\t<\/div>\r\n\t\r\n\t<div class=\"post-title-wrap\">\r\n\t\t<span class=\"post-title\">Workers&#8217; first Constitution Day celebration<\/span>\r\n\t<\/div>\r\n\r\n\t<a class=\"post-read-more-link\" href=\"https:\/\/arbejdermuseet.dk\/en\/library-archive\/democracy-and-constitution\/workers-first-constitution-day-celebration\/\">\r\n\t\tRead more <span height=\"1em\" class=\"standout-custom-svg custom-svg\"><svg height=\"1em\" xmlns=\"http:\/\/www.w3.org\/2000\/svg\" viewBox=\"0 0 17 8\" fill=\"none\">\r\n  <path d=\"M9.95456 0L9.5654 0.627408L14.4402 3.631H0V4.36826H14.4402L9.5654 7.37259L9.95456 8L16.4444 3.99963L9.95456 0Z\" fill=\"#B12320\"\/>\r\n<\/svg><\/span>\t<\/a>\r\n<\/div>\r\n\t<\/div>\r\n\r\n\r\n\r\n\t\t<\/div>\r\n<\/section>\r\n\r\n<section class=\"standout-block standout-slide-element is-aligned alignwide\" data-block-id=\"block_27b8b77960f917b8116c6677d77e6eaa\" style=\"--block-background-color: transparent; --block-text-color: inherit;\">\r\n\r\n\t<div class=\"standout-max-container\">\t\r\n\r\n\t<div class=\"acf-innerblocks-container\">\r\n\t\t\r\n<div class=\"post post-loop post-loop-type-page\">\r\n\t\t\t<div class=\"post-thumbnail-wrap\">\r\n\t\t\t\t\t\t\t<img loading=\"lazy\" decoding=\"async\" width=\"1952\" height=\"1384\" src=\"https:\/\/arbejdermuseet.dk\/en\/wp-content\/uploads\/sites\/2\/2025\/11\/F20120223006.jpg\" class=\"attachment-post-thumbnail size-post-thumbnail wp-post-image\" alt=\"\" srcset=\"https:\/\/arbejdermuseet.dk\/en\/wp-content\/uploads\/sites\/2\/2025\/11\/F20120223006.jpg 1952w, https:\/\/arbejdermuseet.dk\/en\/wp-content\/uploads\/sites\/2\/2025\/11\/F20120223006-600x425.jpg 600w, https:\/\/arbejdermuseet.dk\/en\/wp-content\/uploads\/sites\/2\/2025\/11\/F20120223006-1920x1361.jpg 1920w, https:\/\/arbejdermuseet.dk\/en\/wp-content\/uploads\/sites\/2\/2025\/11\/F20120223006-300x213.jpg 300w, https:\/\/arbejdermuseet.dk\/en\/wp-content\/uploads\/sites\/2\/2025\/11\/F20120223006-768x545.jpg 768w, https:\/\/arbejdermuseet.dk\/en\/wp-content\/uploads\/sites\/2\/2025\/11\/F20120223006-1536x1089.jpg 1536w, https:\/\/arbejdermuseet.dk\/en\/wp-content\/uploads\/sites\/2\/2025\/11\/F20120223006-127x90.jpg 127w, https:\/\/arbejdermuseet.dk\/en\/wp-content\/uploads\/sites\/2\/2025\/11\/F20120223006-1200x851.jpg 1200w\" sizes=\"(max-width: 1952px) 100vw, 1952px\" data-copyright=\"\" data-headline=\"F20120223006\" data-description=\"\"  data-full-url=\"\" \/>\t\t\t\t\t<\/div>\r\n\t\r\n\t\t\t\t<div class=\"post-ancestor-title\">\r\n\t\t\t<span>LABOUR HISTORY<\/span>\r\n\t\t<\/div>\r\n\t\r\n\t<div class=\"post-title-wrap\">\r\n\t\t<span class=\"post-title\">1915 Constitution: no voting rights for foreigners<\/span>\r\n\t<\/div>\r\n\r\n\t<a class=\"post-read-more-link\" href=\"https:\/\/arbejdermuseet.dk\/en\/library-archive\/democracy-and-constitution\/1915-constitution-no-voting-rights-for-foreigners\/\">\r\n\t\tRead more <span height=\"1em\" class=\"standout-custom-svg custom-svg\"><svg height=\"1em\" xmlns=\"http:\/\/www.w3.org\/2000\/svg\" viewBox=\"0 0 17 8\" fill=\"none\">\r\n  <path d=\"M9.95456 0L9.5654 0.627408L14.4402 3.631H0V4.36826H14.4402L9.5654 7.37259L9.95456 8L16.4444 3.99963L9.95456 0Z\" fill=\"#B12320\"\/>\r\n<\/svg><\/span>\t<\/a>\r\n<\/div>\r\n\t<\/div>\r\n\r\n\r\n\r\n\t\t<\/div>\r\n<\/section>\r\n\r\n<section class=\"standout-block standout-slide-element is-aligned alignwide\" data-block-id=\"block_2ee3d0adf8e8c907964378a5d681e0df\" style=\"--block-background-color: transparent; --block-text-color: inherit;\">\r\n\r\n\t<div class=\"standout-max-container\">\t\r\n\r\n\t<div class=\"acf-innerblocks-container\">\r\n\t\t\r\n<div class=\"post post-loop post-loop-type-page\">\r\n\t\t\t<div class=\"post-thumbnail-wrap\">\r\n\t\t\t\t\t\t\t<img loading=\"lazy\" decoding=\"async\" width=\"2560\" height=\"1564\" src=\"https:\/\/arbejdermuseet.dk\/en\/wp-content\/uploads\/sites\/2\/2026\/01\/F20080507052-scaled.jpg\" class=\"attachment-post-thumbnail size-post-thumbnail wp-post-image\" alt=\"\" srcset=\"https:\/\/arbejdermuseet.dk\/en\/wp-content\/uploads\/sites\/2\/2026\/01\/F20080507052-scaled.jpg 2560w, https:\/\/arbejdermuseet.dk\/en\/wp-content\/uploads\/sites\/2\/2026\/01\/F20080507052-600x366.jpg 600w, https:\/\/arbejdermuseet.dk\/en\/wp-content\/uploads\/sites\/2\/2026\/01\/F20080507052-1920x1173.jpg 1920w, https:\/\/arbejdermuseet.dk\/en\/wp-content\/uploads\/sites\/2\/2026\/01\/F20080507052-300x183.jpg 300w, https:\/\/arbejdermuseet.dk\/en\/wp-content\/uploads\/sites\/2\/2026\/01\/F20080507052-768x469.jpg 768w, https:\/\/arbejdermuseet.dk\/en\/wp-content\/uploads\/sites\/2\/2026\/01\/F20080507052-1536x938.jpg 1536w, https:\/\/arbejdermuseet.dk\/en\/wp-content\/uploads\/sites\/2\/2026\/01\/F20080507052-2048x1251.jpg 2048w, https:\/\/arbejdermuseet.dk\/en\/wp-content\/uploads\/sites\/2\/2026\/01\/F20080507052-147x90.jpg 147w, https:\/\/arbejdermuseet.dk\/en\/wp-content\/uploads\/sites\/2\/2026\/01\/F20080507052-1200x733.jpg 1200w\" sizes=\"(max-width: 2560px) 100vw, 2560px\" data-copyright=\"\" data-headline=\"F20080507052\" data-description=\"\"  data-full-url=\"\" \/>\t\t\t\t\t<\/div>\r\n\t\r\n\t\t\t\t<div class=\"post-ancestor-title\">\r\n\t\t\t<span>LABOUR HISTORY<\/span>\r\n\t\t<\/div>\r\n\t\r\n\t<div class=\"post-title-wrap\">\r\n\t\t<span class=\"post-title\">DsF and the September Settlement<\/span>\r\n\t<\/div>\r\n\r\n\t<a class=\"post-read-more-link\" href=\"https:\/\/arbejdermuseet.dk\/en\/library-archive\/the-early-labor-movement\/dsf-and-the-september-settlement\/\">\r\n\t\tRead more <span height=\"1em\" class=\"standout-custom-svg custom-svg\"><svg height=\"1em\" xmlns=\"http:\/\/www.w3.org\/2000\/svg\" viewBox=\"0 0 17 8\" fill=\"none\">\r\n  <path d=\"M9.95456 0L9.5654 0.627408L14.4402 3.631H0V4.36826H14.4402L9.5654 7.37259L9.95456 8L16.4444 3.99963L9.95456 0Z\" fill=\"#B12320\"\/>\r\n<\/svg><\/span>\t<\/a>\r\n<\/div>\r\n\t<\/div>\r\n\r\n\r\n\r\n\t\t<\/div>\r\n<\/section>\t\t<\/div>\n\t\n\t\n\t\n<\/div>\n\n\n\t<style>\n\t\t.standout-slider[data-block-id=\"block_4ac19b960152a70691725a39126f83b6\"]>*>*>.acf-innerblocks-container:not(.slick-initialized)>*:nth-child(4)~* {\n\t\t\tdisplay: none;\n\t\t}\n\t<\/style>\n\n\n\r\n\t\t<\/div>\r\n<\/section>\t<\/div>\r\n<\/div>\r\n\r\n\r\n\r\n\t\t<\/div>\r\n<\/section>\t<\/div>\r\n\r\n\r\n\r\n\t\t<\/div>\r\n<\/section>\n<\/div>\r\n\t<\/div>\r\n\r\n\r\n\r\n\t\t<\/div>\r\n<\/section>","protected":false},"excerpt":{"rendered":"<p>The people took power in Paris in 1871. The so-called Paris Commune ruled the city for 72 days from March to May. The Danish joke magazine Folkets Nisse was quick to make fun of the new movement. By Erik Voss Or new and new: The Communist Party&#8217;s manifesto had been published almost 25 years earlier&#8230;<\/p>\n","protected":false},"author":7,"featured_media":43435,"parent":41410,"menu_order":6,"comment_status":"closed","ping_status":"closed","template":"page-kildepakke.php","meta":{"_acf_changed":false,"editor_notices":[],"footnotes":""},"class_list":["post-43434","page","type-page","status-publish","has-post-thumbnail","hentry"],"acf":[],"yoast_head":"<!-- This site is optimized with the Yoast SEO plugin v26.3 - https:\/\/yoast.com\/wordpress\/plugins\/seo\/ -->\n<title>People&#039;s Santa and socialism - Arbejdermuseet<\/title>\n<meta name=\"robots\" content=\"index, follow, max-snippet:-1, max-image-preview:large, max-video-preview:-1\" \/>\n<link rel=\"canonical\" href=\"https:\/\/arbejdermuseet.dk\/en\/library-archive\/the-early-labor-movement\/peoples-santa-and-socialism\/\" \/>\n<meta property=\"og:locale\" content=\"en_US\" \/>\n<meta property=\"og:type\" content=\"article\" \/>\n<meta property=\"og:title\" content=\"People&#039;s Santa and socialism - Arbejdermuseet\" \/>\n<meta property=\"og:description\" content=\"The people took power in Paris in 1871. The so-called Paris Commune ruled the city for 72 days from March to May. The Danish joke magazine Folkets Nisse was quick to make fun of the new movement. By Erik Voss Or new and new: The Communist Party&#8217;s manifesto had been published almost 25 years earlier...\" \/>\n<meta property=\"og:url\" content=\"https:\/\/arbejdermuseet.dk\/en\/library-archive\/the-early-labor-movement\/peoples-santa-and-socialism\/\" \/>\n<meta property=\"og:site_name\" content=\"Arbejdermuseet\" \/>\n<meta property=\"article:modified_time\" content=\"2026-01-29T07:21:00+00:00\" \/>\n<meta property=\"og:image\" content=\"https:\/\/arbejdermuseet.dk\/en\/wp-content\/uploads\/sites\/2\/2025\/11\/Folkets-Nisse-12-8-1871.jpg\" \/>\n\t<meta property=\"og:image:width\" content=\"435\" \/>\n\t<meta property=\"og:image:height\" content=\"650\" \/>\n\t<meta property=\"og:image:type\" content=\"image\/jpeg\" \/>\n<meta name=\"twitter:card\" content=\"summary_large_image\" \/>\n<meta name=\"twitter:label1\" content=\"Est. reading time\" \/>\n\t<meta name=\"twitter:data1\" content=\"6 minutes\" \/>\n<!-- \/ Yoast SEO plugin. -->","yoast_head_json":{"title":"People's Santa and socialism - Arbejdermuseet","robots":{"index":"index","follow":"follow","max-snippet":"max-snippet:-1","max-image-preview":"max-image-preview:large","max-video-preview":"max-video-preview:-1"},"canonical":"https:\/\/arbejdermuseet.dk\/en\/library-archive\/the-early-labor-movement\/peoples-santa-and-socialism\/","og_locale":"en_US","og_type":"article","og_title":"People's Santa and socialism - Arbejdermuseet","og_description":"The people took power in Paris in 1871. The so-called Paris Commune ruled the city for 72 days from March to May. The Danish joke magazine Folkets Nisse was quick to make fun of the new movement. By Erik Voss Or new and new: The Communist Party&#8217;s manifesto had been published almost 25 years earlier...","og_url":"https:\/\/arbejdermuseet.dk\/en\/library-archive\/the-early-labor-movement\/peoples-santa-and-socialism\/","og_site_name":"Arbejdermuseet","article_modified_time":"2026-01-29T07:21:00+00:00","og_image":[{"width":435,"height":650,"url":"https:\/\/arbejdermuseet.dk\/en\/wp-content\/uploads\/sites\/2\/2025\/11\/Folkets-Nisse-12-8-1871.jpg","type":"image\/jpeg"}],"twitter_card":"summary_large_image","twitter_misc":{"Est. reading time":"6 minutes"},"schema":{"@context":"https:\/\/schema.org","@graph":[{"@type":"WebPage","@id":"https:\/\/arbejdermuseet.dk\/en\/library-archive\/the-early-labor-movement\/peoples-santa-and-socialism\/","url":"https:\/\/arbejdermuseet.dk\/en\/library-archive\/the-early-labor-movement\/peoples-santa-and-socialism\/","name":"People's Santa and socialism - Arbejdermuseet","isPartOf":{"@id":"https:\/\/arbejdermuseet.dk\/en\/#website"},"primaryImageOfPage":{"@id":"https:\/\/arbejdermuseet.dk\/en\/library-archive\/the-early-labor-movement\/peoples-santa-and-socialism\/#primaryimage"},"image":{"@id":"https:\/\/arbejdermuseet.dk\/en\/library-archive\/the-early-labor-movement\/peoples-santa-and-socialism\/#primaryimage"},"thumbnailUrl":"https:\/\/arbejdermuseet.dk\/en\/wp-content\/uploads\/sites\/2\/2025\/11\/Folkets-Nisse-12-8-1871.jpg","datePublished":"2025-11-17T10:13:19+00:00","dateModified":"2026-01-29T07:21:00+00:00","breadcrumb":{"@id":"https:\/\/arbejdermuseet.dk\/en\/library-archive\/the-early-labor-movement\/peoples-santa-and-socialism\/#breadcrumb"},"inLanguage":"en-US","potentialAction":[{"@type":"ReadAction","target":["https:\/\/arbejdermuseet.dk\/en\/library-archive\/the-early-labor-movement\/peoples-santa-and-socialism\/"]}]},{"@type":"ImageObject","inLanguage":"en-US","@id":"https:\/\/arbejdermuseet.dk\/en\/library-archive\/the-early-labor-movement\/peoples-santa-and-socialism\/#primaryimage","url":"https:\/\/arbejdermuseet.dk\/en\/wp-content\/uploads\/sites\/2\/2025\/11\/Folkets-Nisse-12-8-1871.jpg","contentUrl":"https:\/\/arbejdermuseet.dk\/en\/wp-content\/uploads\/sites\/2\/2025\/11\/Folkets-Nisse-12-8-1871.jpg","width":435,"height":650},{"@type":"BreadcrumbList","@id":"https:\/\/arbejdermuseet.dk\/en\/library-archive\/the-early-labor-movement\/peoples-santa-and-socialism\/#breadcrumb","itemListElement":[{"@type":"ListItem","position":1,"name":"Hjem","item":"https:\/\/arbejdermuseet.dk\/en\/"},{"@type":"ListItem","position":2,"name":"LIBRARY &amp; ARCHIVE","item":"https:\/\/arbejdermuseet.dk\/en\/library-archive\/"},{"@type":"ListItem","position":3,"name":"The Early Labor Movement","item":"https:\/\/arbejdermuseet.dk\/en\/library-archive\/the-early-labor-movement\/"},{"@type":"ListItem","position":4,"name":"People&#8217;s Santa and socialism"}]},{"@type":"WebSite","@id":"https:\/\/arbejdermuseet.dk\/en\/#website","url":"https:\/\/arbejdermuseet.dk\/en\/","name":"Arbejdermuseet","description":"","publisher":{"@id":"https:\/\/arbejdermuseet.dk\/en\/#organization"},"potentialAction":[{"@type":"SearchAction","target":{"@type":"EntryPoint","urlTemplate":"https:\/\/arbejdermuseet.dk\/en\/?s={search_term_string}"},"query-input":{"@type":"PropertyValueSpecification","valueRequired":true,"valueName":"search_term_string"}}],"inLanguage":"en-US"},{"@type":"Organization","@id":"https:\/\/arbejdermuseet.dk\/en\/#organization","name":"Arbejdermuseet","url":"https:\/\/arbejdermuseet.dk\/en\/","logo":{"@type":"ImageObject","inLanguage":"en-US","@id":"https:\/\/arbejdermuseet.dk\/en\/#\/schema\/logo\/image\/","url":"https:\/\/arbejdermuseet.dk\/en\/wp-content\/uploads\/sites\/2\/2025\/01\/Logo.svg","contentUrl":"https:\/\/arbejdermuseet.dk\/en\/wp-content\/uploads\/sites\/2\/2025\/01\/Logo.svg","caption":"Arbejdermuseet"},"image":{"@id":"https:\/\/arbejdermuseet.dk\/en\/#\/schema\/logo\/image\/"}}]}},"_links":{"self":[{"href":"https:\/\/arbejdermuseet.dk\/en\/wp-json\/wp\/v2\/pages\/43434","targetHints":{"allow":["GET"]}}],"collection":[{"href":"https:\/\/arbejdermuseet.dk\/en\/wp-json\/wp\/v2\/pages"}],"about":[{"href":"https:\/\/arbejdermuseet.dk\/en\/wp-json\/wp\/v2\/types\/page"}],"author":[{"embeddable":true,"href":"https:\/\/arbejdermuseet.dk\/en\/wp-json\/wp\/v2\/users\/7"}],"replies":[{"embeddable":true,"href":"https:\/\/arbejdermuseet.dk\/en\/wp-json\/wp\/v2\/comments?post=43434"}],"version-history":[{"count":3,"href":"https:\/\/arbejdermuseet.dk\/en\/wp-json\/wp\/v2\/pages\/43434\/revisions"}],"predecessor-version":[{"id":47591,"href":"https:\/\/arbejdermuseet.dk\/en\/wp-json\/wp\/v2\/pages\/43434\/revisions\/47591"}],"up":[{"embeddable":true,"href":"https:\/\/arbejdermuseet.dk\/en\/wp-json\/wp\/v2\/pages\/41410"}],"wp:featuredmedia":[{"embeddable":true,"href":"https:\/\/arbejdermuseet.dk\/en\/wp-json\/wp\/v2\/media\/43435"}],"wp:attachment":[{"href":"https:\/\/arbejdermuseet.dk\/en\/wp-json\/wp\/v2\/media?parent=43434"}],"curies":[{"name":"wp","href":"https:\/\/api.w.org\/{rel}","templated":true}]}}