{"id":43417,"date":"2025-11-17T10:51:13","date_gmt":"2025-11-17T09:51:13","guid":{"rendered":"https:\/\/arbejdermuseet.dk\/?page_id=43417"},"modified":"2026-01-29T08:21:05","modified_gmt":"2026-01-29T07:21:05","slug":"100-years-of-arbejdernes-oplysningsforbund","status":"publish","type":"page","link":"https:\/\/arbejdermuseet.dk\/en\/library-archive\/the-early-labor-movement\/100-years-of-arbejdernes-oplysningsforbund\/","title":{"rendered":"100 years of Arbejdernes Oplysningsforbund"},"content":{"rendered":"\n<p style=\"font-style:normal;font-weight:500\"><strong>Ever since the beginning of the labor movement, the idea existed that workers also needed to be spiritually and culturally uplifted in order to help change Danish society. Therefore, a number of educational initiatives were launched from the start of the movement. On January 9, 1924, they were united in the Workers&#8217; Education Association, which became the frontrunner for general education and popular education in Denmark.<\/strong><\/p>\n\n\n\n<p>On this page you can read more about the initiatives that led up to the founding of AOF in 1924. And on the following pages you will learn more about AOF&#8217;s founding and the role the educational institution came to play in the next 100 years.<\/p>\n\n\n\n<p>Read about <a href=\"#aof-1879\">AOF from 1879-1924<\/a>, <a href=\"#aof-bes\u00e6ttelsen\">AOF during the occupation<\/a> and <a href=\"#aof-dag\">AOF from 1945 until today.<\/a><\/p>\n\n\n\n<figure class=\"wp-block-image size-full\"><img loading=\"lazy\" decoding=\"async\" width=\"2560\" height=\"1649\" src=\"https:\/\/arbejdermuseet.dk\/wp-content\/uploads\/2025\/11\/F20130104045-scaled.jpg\" alt=\"F20130104045\" class=\"wp-image-43419\" srcset=\"https:\/\/arbejdermuseet.dk\/en\/wp-content\/uploads\/sites\/2\/2025\/11\/F20130104045-scaled.jpg 2560w, https:\/\/arbejdermuseet.dk\/en\/wp-content\/uploads\/sites\/2\/2025\/11\/F20130104045-600x386.jpg 600w, https:\/\/arbejdermuseet.dk\/en\/wp-content\/uploads\/sites\/2\/2025\/11\/F20130104045-1920x1237.jpg 1920w, https:\/\/arbejdermuseet.dk\/en\/wp-content\/uploads\/sites\/2\/2025\/11\/F20130104045-300x193.jpg 300w, https:\/\/arbejdermuseet.dk\/en\/wp-content\/uploads\/sites\/2\/2025\/11\/F20130104045-768x495.jpg 768w, https:\/\/arbejdermuseet.dk\/en\/wp-content\/uploads\/sites\/2\/2025\/11\/F20130104045-1536x989.jpg 1536w, https:\/\/arbejdermuseet.dk\/en\/wp-content\/uploads\/sites\/2\/2025\/11\/F20130104045-2048x1319.jpg 2048w, https:\/\/arbejdermuseet.dk\/en\/wp-content\/uploads\/sites\/2\/2025\/11\/F20130104045-140x90.jpg 140w, https:\/\/arbejdermuseet.dk\/en\/wp-content\/uploads\/sites\/2\/2025\/11\/F20130104045-1200x773.jpg 1200w\" sizes=\"(max-width: 2560px) 100vw, 2560px\"  data-full-url=\"https:\/\/arbejdermuseet.dk\/en\/wp-content\/uploads\/sites\/2\/2025\/11\/F20130104045-scaled.jpg\" data-full-width=\"2560\" data-full-height=\"1649\" \/><figcaption class=\"wp-element-caption\">A study group held by the agitator school in the winter of 1923 at Ryesgades Skole. Standing on the far right is AOF&#8217;s co-founder and first business manager Harald Jensen.<\/figcaption><\/figure>\n\n\n\n<h3 class=\"wp-block-heading\" id=\"aof-1879\">Worker education 1879-1924<\/h3>\n\n\n\n<p>The official founding of <em>Arbejdernes Oplysningsforbund<\/em> on 9 January 1924 was the culmination of several years of active work for the development of organized worker education.<\/p>\n\n\n\n<p>In other words, the history of labor education goes back further than the establishment of AOF.<\/p>\n\n\n\n<h4 class=\"wp-block-heading\">The earliest agitators<\/h4>\n\n\n\n<p>The beginnings of labor education are difficult to date. One of the earliest people to clearly agitate for enlightenment was Frederik Dreier (1827-1853), also known as Denmark&#8217;s first socialist. In 1848, he published a pamphlet entitled &#8220;Fremtidens Folkeopdragelse&#8221;.<\/p>\n\n\n\n<p>Louis Pio also actively agitated for a better and more socialistic education for Danish workers than what was offered to them in philanthropic associations. Pio&#8217;s agitation for worker education took place in <em>Socialistiske Blade,<\/em> which was first published in 1871.<\/p>\n\n\n\n<blockquote class=\"wp-block-quote is-layout-flow wp-block-quote-is-layout-flow\">\n<blockquote class=\"wp-block-quote is-layout-flow wp-block-quote-is-layout-flow\">\n<p>&#8220;Teach him, the worker, how, with the few legal means at his disposal, he can protect himself against the assaults of capital, give him the knowledge that belongs to him, so that one day, when the fullness of time comes, he can help to manage the factory in which he is now only an unwilling tool [&#8230;]&#8221; &#8211; Louis Pio in his program statement in the first issue of Socialistisk Blade from May 1871<\/p>\n<\/blockquote>\n<\/blockquote>\n\n\n\n<h4 class=\"wp-block-heading\">The Workers&#8217; Reading Society<\/h4>\n\n\n\n<p>7. in October 1879, the Workers&#8217; Reading Society was founded in the Workers&#8217; Association and Assembly Building in R\u00f8mersgade in Copenhagen. Here, the growing working class could attend meetings, reading circles and listen to lectures. But most importantly, the Reading Society gave workers the opportunity to borrow books. Public libraries did not yet exist, and as books were expensive, low-income earners found it difficult to afford to buy them. The Reading Society quickly became a success and both the book collection and the number of members grew rapidly.<\/p>\n\n\n\n<figure class=\"wp-block-image size-large\"><img loading=\"lazy\" decoding=\"async\" width=\"1920\" height=\"1372\" src=\"https:\/\/arbejdermuseet.dk\/wp-content\/uploads\/2025\/11\/F20130104017-1920x1372.jpg\" alt=\"F20130104017\" class=\"wp-image-43420\" srcset=\"https:\/\/arbejdermuseet.dk\/en\/wp-content\/uploads\/sites\/2\/2025\/11\/F20130104017-1920x1372.jpg 1920w, https:\/\/arbejdermuseet.dk\/en\/wp-content\/uploads\/sites\/2\/2025\/11\/F20130104017-600x429.jpg 600w, https:\/\/arbejdermuseet.dk\/en\/wp-content\/uploads\/sites\/2\/2025\/11\/F20130104017-300x214.jpg 300w, https:\/\/arbejdermuseet.dk\/en\/wp-content\/uploads\/sites\/2\/2025\/11\/F20130104017-768x549.jpg 768w, https:\/\/arbejdermuseet.dk\/en\/wp-content\/uploads\/sites\/2\/2025\/11\/F20130104017-1536x1097.jpg 1536w, https:\/\/arbejdermuseet.dk\/en\/wp-content\/uploads\/sites\/2\/2025\/11\/F20130104017-2048x1463.jpg 2048w, https:\/\/arbejdermuseet.dk\/en\/wp-content\/uploads\/sites\/2\/2025\/11\/F20130104017-126x90.jpg 126w, https:\/\/arbejdermuseet.dk\/en\/wp-content\/uploads\/sites\/2\/2025\/11\/F20130104017-1200x857.jpg 1200w\" sizes=\"(max-width: 1920px) 100vw, 1920px\"  data-full-url=\"https:\/\/arbejdermuseet.dk\/en\/wp-content\/uploads\/sites\/2\/2025\/11\/F20130104017.jpg\" data-full-width=\"2329\" data-full-height=\"1664\" \/><figcaption class=\"wp-element-caption\">The Workers&#8217; Reading Society Book Lending in 1903. The book lending service quickly moved from R\u00f8mersgade to Nansensgade due to the popularity of the association. Later, the reading society got its own house on N\u00f8rre S\u00f8gade.<\/figcaption><\/figure>\n\n\n\n<p>The society&#8217;s great popularity also meant that it was successful in attracting recognized authors to give presentations &#8211; including Jeppe Aakj\u00e6r, Georg Brandes, Holger Drachmann and his sister Erna Juel-Hansen.<\/p>\n\n\n\n<blockquote class=\"wp-block-quote is-layout-flow wp-block-quote-is-layout-flow\">\n<blockquote class=\"wp-block-quote is-layout-flow wp-block-quote-is-layout-flow\">\n<p>&#8220;Arbejdernes L\u00e6seselskab, founded in 1879, was the working class&#8217; first attempt to break the shackles of ignorance and to enter the field of spiritual life. Books were an unknown luxury for the workers of my childhood. No one had the means to become the owner of a real book.&#8221;<\/p>\n<\/blockquote>\n<\/blockquote>\n\n\n\n<p>Read also Prime Minister Thorvald Stauning&#8217;s speech at the Workers&#8217; Reading Society&#8217;s 60th anniversary party in 1939.<br><a href=\"https:\/\/www.dansketaler.dk\/tale\/thorvald-staunings-tale-ved-arbejdernes-laeseselskabs-60-arsjubilaeum\" target=\"_blank\" rel=\"noreferrer noopener\">Read the entire speech<\/a><\/p>\n\n\n\n<p>On November 30, 1922, Arbejdernes L\u00e6seselskab acquired a property on N\u00f8rre S\u00f8gade. This is where AOF&#8217;s history began, as it was here that the joint committee held their meetings. From 1932, AOF&#8217;s Copenhagen branch was based in the Reading Society&#8217;s premises, which in the 1930s also housed DSU, DUI, Faglig Ungdom, Arbejdernes Samariterforbund and Smedendes l\u00e6rlingeafdeling. The Reading Society&#8217;s domicile on N\u00f8rre S\u00f8gade thus became a cultural centre for workers&#8217; education in the 1930s, which allowed for close unity between the organizations.it was therefore only natural that AOF&#8217;s Copenhagen branch took over both the house on N\u00f8rre S\u00f8gade and the company&#8217;s funds when Arbejdernes L\u00e6seselskab was closed down on December 20, 1962.<\/p>\n\n\n\n<figure class=\"wp-block-image size-large\"><img loading=\"lazy\" decoding=\"async\" width=\"1920\" height=\"1408\" src=\"https:\/\/arbejdermuseet.dk\/wp-content\/uploads\/2025\/11\/F20130104005-1920x1408.jpg\" alt=\"F20130104005\" class=\"wp-image-43421\" srcset=\"https:\/\/arbejdermuseet.dk\/en\/wp-content\/uploads\/sites\/2\/2025\/11\/F20130104005-1920x1408.jpg 1920w, https:\/\/arbejdermuseet.dk\/en\/wp-content\/uploads\/sites\/2\/2025\/11\/F20130104005-600x440.jpg 600w, https:\/\/arbejdermuseet.dk\/en\/wp-content\/uploads\/sites\/2\/2025\/11\/F20130104005-300x220.jpg 300w, https:\/\/arbejdermuseet.dk\/en\/wp-content\/uploads\/sites\/2\/2025\/11\/F20130104005-768x563.jpg 768w, https:\/\/arbejdermuseet.dk\/en\/wp-content\/uploads\/sites\/2\/2025\/11\/F20130104005-1536x1127.jpg 1536w, https:\/\/arbejdermuseet.dk\/en\/wp-content\/uploads\/sites\/2\/2025\/11\/F20130104005-2048x1502.jpg 2048w, https:\/\/arbejdermuseet.dk\/en\/wp-content\/uploads\/sites\/2\/2025\/11\/F20130104005-123x90.jpg 123w, https:\/\/arbejdermuseet.dk\/en\/wp-content\/uploads\/sites\/2\/2025\/11\/F20130104005-1200x880.jpg 1200w\" sizes=\"(max-width: 1920px) 100vw, 1920px\"  data-full-url=\"https:\/\/arbejdermuseet.dk\/en\/wp-content\/uploads\/sites\/2\/2025\/11\/F20130104005-scaled.jpg\" data-full-width=\"2560\" data-full-height=\"1878\" \/><figcaption class=\"wp-element-caption\">Nina Bang, who was also a historian and researcher, teaches the unemployed in 1918. Nina Bang had already published &#8220;L\u00e6rebog i Danmarkshistorie&#8221; in 1892. She worked to democratize and reform the school system through a &#8220;People&#8217;s School&#8221; that would prepare working-class children for the society of the future. In 1918, she was also elected to the Danish Parliament.<\/figcaption><\/figure>\n\n\n\n<h4 class=\"wp-block-heading\">The Karl Marx Club<\/h4>\n\n\n\n<p>In the 1880s, a number of discussion clubs were established. One of them was <em>the Karl Marx Club<\/em>, founded by social democrat A.C. Meyer in 1886. In addition to an introduction to socialist literature, the club wanted to educate its members so that they could express themselves clearly when engaging in discussions. The Discussion Club also met in the Assembly Building in R\u00f8mersgade, where members were taught, discussed and debated the issues of the day.<\/p>\n\n\n\n<figure class=\"wp-block-image size-full\"><img loading=\"lazy\" decoding=\"async\" width=\"1536\" height=\"1192\" src=\"https:\/\/arbejdermuseet.dk\/wp-content\/uploads\/2025\/11\/1507x97-1536x1192-1.jpg\" alt=\"\" class=\"wp-image-43422\" srcset=\"https:\/\/arbejdermuseet.dk\/en\/wp-content\/uploads\/sites\/2\/2025\/11\/1507x97-1536x1192-1.jpg 1536w, https:\/\/arbejdermuseet.dk\/en\/wp-content\/uploads\/sites\/2\/2025\/11\/1507x97-1536x1192-1-600x466.jpg 600w, https:\/\/arbejdermuseet.dk\/en\/wp-content\/uploads\/sites\/2\/2025\/11\/1507x97-1536x1192-1-300x233.jpg 300w, https:\/\/arbejdermuseet.dk\/en\/wp-content\/uploads\/sites\/2\/2025\/11\/1507x97-1536x1192-1-768x596.jpg 768w, https:\/\/arbejdermuseet.dk\/en\/wp-content\/uploads\/sites\/2\/2025\/11\/1507x97-1536x1192-1-116x90.jpg 116w, https:\/\/arbejdermuseet.dk\/en\/wp-content\/uploads\/sites\/2\/2025\/11\/1507x97-1536x1192-1-1200x931.jpg 1200w\" sizes=\"(max-width: 1536px) 100vw, 1536px\"  data-full-url=\"https:\/\/arbejdermuseet.dk\/en\/wp-content\/uploads\/sites\/2\/2025\/11\/1507x97-1536x1192-1.jpg\" data-full-width=\"1536\" data-full-height=\"1192\" \/><figcaption class=\"wp-element-caption\">Banner for the Karl Marx Discussion Club. Inscribed is &#8220;Knowledge is Power&#8221;<\/figcaption><\/figure>\n\n\n\n<p>On July 1, 1898, the People&#8217;s University of Copenhagen was founded on the initiative of seven left-wing discussion clubs, including Arbejdernes L\u00e6seselskab and the discussion club &#8220;Karl Marx&#8221;. The aim was to spread knowledge of the methods and results of science and make academic education accessible to everyone. This happened in a hurry when Folkeuniversitet opened branches in several cities on Funen, Jutland and Zealand during the winter of 1898-99.<\/p>\n\n\n\n<p>The desire for an evening school for workers was expressed at several Social Democratic congresses in the early 1900s. The party wanted more workers to be able to improve their professional skills, and it would also equip Social Democratic party members for the challenging, democratic work in trade unions and municipalities, among other things. In 1910, the first evening school for workers was founded in Copenhagen. The workers&#8217; school had a difficult start-up period but was reorganized in 1916 under the leadership of Landtag member and lecturer C.V. Bramsn\u00e6s. The school was renamed &#8220;The Social Democratic Workers&#8217; School&#8221; and was later expanded to be a 3-year education where trade unions could enroll particularly suitable members for training.<\/p>\n\n\n\n<p>In August 1922, the head of the Social Democratic Labor School, C.V. Bramsn\u00e6s attended an international workers&#8217; meeting in Brussels. The focus of the meeting was worker education across Europe. At the meeting, he realized that Denmark was lagging behind in terms of education work. Bramsn\u00e6s therefore set out to intensify the work for a systematic and organized information federation.<\/p>\n\n\n\n<h3 class=\"wp-block-heading\">The idea of an information association<\/h3>\n\n\n\n<p>In collaboration with Social Democratic Party Chairman Thorvald Stauning &#8211; who was also passionate about the education issue &#8211; Bramsn\u00e6s put the issue of an organized education on the agenda for the Social Democratic Party&#8217;s main board meeting in the autumn of 1922. At the main board meeting, it was decided to set up a joint committee to further investigate the possibilities of a unified education activity. In addition to representatives from the party, the joint committee also consisted of representatives from the Confederation of Trade Unions (LO), the Danish Social Democratic Youth (DSU) and the Cooperative Union.<\/p>\n\n\n\n<p>During the winter of 1922-23, the joint committee discussed the possibilities for the organizational structure of the information association. The joint committee reached an agreement that the Federation should be structured as an organization for organizations. The union would thus consist of the labor movement&#8217;s already existing professional and political organizations, which would pay a membership fee. The size of the membership fee depended on the organizations&#8217; membership numbers. Thus, workers who were already part of an organization or federation automatically had a membership in AOF.<\/p>\n\n\n\n<blockquote class=\"wp-block-quote is-layout-flow wp-block-quote-is-layout-flow\">\n<blockquote class=\"wp-block-quote is-layout-flow wp-block-quote-is-layout-flow\">\n<p>&#8220;The committee is convinced that a special institution with special bodies is necessary. But this institution should not be a new, independent organizational branch of the labor movement, merely in cooperation with the others. On the contrary, it must be the already existing organizations that, through such a joint body, unite the scattered forces in order to make the educational work within the labor movement as effective and fruitful as possible.&#8221; &#8211; (Joint Committee Report in the Proposal for the Workers&#8217; Educational Association.)<\/p>\n<\/blockquote>\n<\/blockquote>\n\n\n\n<h4 class=\"wp-block-heading\">The foundation<\/h4>\n\n\n\n<p>On January 9, 1924, Arbejdernes Oplysningsforbund was formally founded by the four pillars of the labor movement: De Samvirkende Fagforbund (later LO and from 2022 FH), Socialdemokratiet, Den Socialdemokratiske Ungdom and Det Kooperative F\u00e6llesforbund.<\/p>\n\n\n\n<p>The labor movement&#8217;s various educational activities were thus gathered under AOF.<\/p>\n\n\n\n<figure class=\"wp-block-image size-large\"><img loading=\"lazy\" decoding=\"async\" width=\"1920\" height=\"1240\" src=\"https:\/\/arbejdermuseet.dk\/wp-content\/uploads\/2025\/11\/F20130516018-1920x1240.jpg\" alt=\"F20130516018\" class=\"wp-image-43423\" srcset=\"https:\/\/arbejdermuseet.dk\/en\/wp-content\/uploads\/sites\/2\/2025\/11\/F20130516018-1920x1240.jpg 1920w, https:\/\/arbejdermuseet.dk\/en\/wp-content\/uploads\/sites\/2\/2025\/11\/F20130516018-600x387.jpg 600w, https:\/\/arbejdermuseet.dk\/en\/wp-content\/uploads\/sites\/2\/2025\/11\/F20130516018-300x194.jpg 300w, https:\/\/arbejdermuseet.dk\/en\/wp-content\/uploads\/sites\/2\/2025\/11\/F20130516018-768x496.jpg 768w, https:\/\/arbejdermuseet.dk\/en\/wp-content\/uploads\/sites\/2\/2025\/11\/F20130516018-1536x992.jpg 1536w, https:\/\/arbejdermuseet.dk\/en\/wp-content\/uploads\/sites\/2\/2025\/11\/F20130516018-139x90.jpg 139w, https:\/\/arbejdermuseet.dk\/en\/wp-content\/uploads\/sites\/2\/2025\/11\/F20130516018-1200x775.jpg 1200w, https:\/\/arbejdermuseet.dk\/en\/wp-content\/uploads\/sites\/2\/2025\/11\/F20130516018.jpg 1984w\" sizes=\"(max-width: 1920px) 100vw, 1920px\"  data-full-url=\"https:\/\/arbejdermuseet.dk\/en\/wp-content\/uploads\/sites\/2\/2025\/11\/F20130516018.jpg\" data-full-width=\"1984\" data-full-height=\"1281\" \/><figcaption class=\"wp-element-caption\">The photo shows both Bramsn\u00e6s (in the middle with a white cloth in his breast pocket) and Harald Jensen (left) at Esbjerg Folk High School. The woman in the photo is Folk High School principal Laura Hedebol-Alkj\u00e6rsig, who from November 1921 became the first and so far only female Folk High School principal in the labor movement<\/figcaption><\/figure>\n\n\n\n<p>C.V. Bramsn\u00e6s was elected chairman and typographer Harald Jensen was elected secretary, in practice the association&#8217;s business manager. From the start, the board consisted of 18 members: The cooperating trade unions and the Social Democratic Party each elected 6 representatives. The Cooperative Union and the Danish Social Democratic Youth each had to elect 3 representatives.<\/p>\n\n\n\n<p>The new information association was to embrace:<\/p>\n\n\n\n<ul class=\"wp-block-list\">\n<li><em>&#8220;An ordinary, social information work with individual lectures, series of lectures and slide lectures.<\/em><\/li>\n\n\n\n<li><em>Study group work, where smaller circles of workers gather to review topics, such as the history of the trade union movement and Social Democracy, with the help of a leader.<\/em><\/li>\n\n\n\n<li><em>Evening schools with continuous teaching in everything the students want and need. <\/em><\/li>\n\n\n\n<li><em>Special courses (e.g. holiday courses) with lectures and practical guidance for municipal representatives, union board members, cooperation managers and officials, etc.<\/em><\/li>\n\n\n\n<li><em>Colleges with further education, and local day schools for the unemployed.&#8221;<\/em><\/li>\n<\/ul>\n\n\n\n<p><em>(The Joint Committee&#8217;s proposal for the foundation of the Workers&#8217; Information Association, including a description of the tasks the association was to perform. 1924)<\/em><\/p>\n\n\n\n<p>The Workers&#8217; Information Association quickly won great support and shortly after its foundation had the support of no less than 56 different trade unions. Shortly after its founding, a large number of local branches were established, especially in the larger cities. A number of regional county organizations were also established.<\/p>\n\n\n\n<p><a href=\"https:\/\/arbejdermuseet.dk\/wp-content\/uploads\/2025\/12\/stubtoft-bilag-1-bind-2.pdf\" target=\"_blank\" rel=\"noreferrer noopener\">See the list of member organizations in AOF&#8217;s national federation 1924-1999 here <\/a><\/p>\n\n\n\n<h4 class=\"wp-block-heading\">The first years in numbers<\/h4>\n\n\n\n<p>By the end of the year 1924-1925, AOF had 62 local branches, they had offered 161 different classes, held 943 different lectures and had had 22,452 participants in their activities.<\/p>\n\n\n\n<figure class=\"wp-block-image size-large\"><img loading=\"lazy\" decoding=\"async\" width=\"1920\" height=\"1400\" src=\"https:\/\/arbejdermuseet.dk\/wp-content\/uploads\/2025\/11\/F20130104048-1920x1400.jpg\" alt=\"\" class=\"wp-image-43424\" srcset=\"https:\/\/arbejdermuseet.dk\/en\/wp-content\/uploads\/sites\/2\/2025\/11\/F20130104048-1920x1400.jpg 1920w, https:\/\/arbejdermuseet.dk\/en\/wp-content\/uploads\/sites\/2\/2025\/11\/F20130104048-600x437.jpg 600w, https:\/\/arbejdermuseet.dk\/en\/wp-content\/uploads\/sites\/2\/2025\/11\/F20130104048-300x219.jpg 300w, https:\/\/arbejdermuseet.dk\/en\/wp-content\/uploads\/sites\/2\/2025\/11\/F20130104048-768x560.jpg 768w, https:\/\/arbejdermuseet.dk\/en\/wp-content\/uploads\/sites\/2\/2025\/11\/F20130104048-1536x1120.jpg 1536w, https:\/\/arbejdermuseet.dk\/en\/wp-content\/uploads\/sites\/2\/2025\/11\/F20130104048-2048x1493.jpg 2048w, https:\/\/arbejdermuseet.dk\/en\/wp-content\/uploads\/sites\/2\/2025\/11\/F20130104048-123x90.jpg 123w, https:\/\/arbejdermuseet.dk\/en\/wp-content\/uploads\/sites\/2\/2025\/11\/F20130104048-1200x875.jpg 1200w\" sizes=\"(max-width: 1920px) 100vw, 1920px\"  data-full-url=\"https:\/\/arbejdermuseet.dk\/en\/wp-content\/uploads\/sites\/2\/2025\/11\/F20130104048-scaled.jpg\" data-full-width=\"2560\" data-full-height=\"1867\" \/><figcaption class=\"wp-element-caption\">Pictures taken on the occasion of AOF&#8217;s 10th anniversary on January 9, 1934. The picture shows the executive committee meeting in the office at Rosen\u00f8rns All\u00e9 14. Seated from left: Alsing Andersen, Hans Jacobsen, C.V. Bramsn\u00e6s and Sigvard Munk. Standing to the left: Oluf Bertolt and to the right H.C. Hansen on the right.<\/figcaption><\/figure>\n\n\n\n<p>Already 10 years later, in the year 1935-1936, these numbers had increased significantly. By the end of that year, 85 local branches existed, 791 different classes had been offered, 1,610 lectures had been held and AOF&#8217;s branches had had a total of 113,526 participants in their activities. A percentage increase in participant numbers alone of more than 400% in just 10 years.<\/p>\n\n\n\n<p>(source: Stubtoft, Erik (1999), Fra oplysning til uddannelse: Historien om Arbejdernes Oplysningsforbund 1924-1999. AOF Denmark, AOF&#8217;s publishing house. Volume 4, Statistics 1).<\/p>\n\n\n\n<blockquote class=\"wp-block-quote is-layout-flow wp-block-quote-is-layout-flow\">\n<blockquote class=\"wp-block-quote is-layout-flow wp-block-quote-is-layout-flow\">\n<p>&#8220;[&#8230;] every major city across the country has bodies that take care of workers&#8217; education.&#8221; &#8211; (AOF&#8217;s standard statutes for the education committees. 1924)<\/p>\n<\/blockquote>\n<\/blockquote>\n\n\n\n<p>Arbejdernes Oplysningsforbund quickly became a great success. In just 10 years from the foundation of the association, the total number of participants for the activities offered had increased from 22,452 participants to a staggering 113,526.<\/p>\n\n\n\n<p>A male evening school participant writes in 1925:<\/p>\n\n\n\n<blockquote class=\"wp-block-quote is-layout-flow wp-block-quote-is-layout-flow\">\n<blockquote class=\"wp-block-quote is-layout-flow wp-block-quote-is-layout-flow\">\n<p>&#8220;Until two years ago I stayed in the country as a servant. And out there we were told that the Social Democratic Party&#8217;s work was only about getting higher wages and shorter working hours. I am grateful that the blindfold has been torn from my eyes through this winter&#8217;s study circle work. I have gained insight into what the labor movement is and what it wants, so that I now know where I belong and why I do it.&#8221;<\/p>\n<\/blockquote>\n<\/blockquote>\n\n\n\n<p>In the statutes of the information association, \u00a71 stated that the purpose was to spread information among the working population in Denmark. In continuation of this purpose clause, a major effort was to be initiated to establish local information committees in all the country&#8217;s municipalities. This was a laborious and time-consuming task, as in 1924 there were 1,378 urban and rural municipalities in Denmark.<\/p>\n\n\n\n<p>Despite great support for the project internally in the labor movement, it was not until the formation of the first Social Democratic government in April 1924 &#8211; with Thorvald Stauning as Prime Minister &#8211; that the foundation was laid for AOF&#8217;s ambitious work. This was especially due to the fact that AOF already received an annual subsidy of DKK 10,000 (today it corresponds to approximately DKK 300,000) in the Finance Act for 1925-1926. An amount that in the following years was planned to increase to DKK 18,000 (today it corresponds to approximately DKK 550,000). The annual state subsidy gave Oplysningsforbundet legitimacy and a greatly improved financial basis.<\/p>\n\n\n\n<figure class=\"wp-block-image size-large\"><img loading=\"lazy\" decoding=\"async\" width=\"1920\" height=\"1437\" src=\"https:\/\/arbejdermuseet.dk\/wp-content\/uploads\/2025\/11\/F20130104035-1920x1437.jpg\" alt=\"F20130104035\" class=\"wp-image-43425\" srcset=\"https:\/\/arbejdermuseet.dk\/en\/wp-content\/uploads\/sites\/2\/2025\/11\/F20130104035-1920x1437.jpg 1920w, https:\/\/arbejdermuseet.dk\/en\/wp-content\/uploads\/sites\/2\/2025\/11\/F20130104035-600x449.jpg 600w, https:\/\/arbejdermuseet.dk\/en\/wp-content\/uploads\/sites\/2\/2025\/11\/F20130104035-300x225.jpg 300w, https:\/\/arbejdermuseet.dk\/en\/wp-content\/uploads\/sites\/2\/2025\/11\/F20130104035-768x575.jpg 768w, https:\/\/arbejdermuseet.dk\/en\/wp-content\/uploads\/sites\/2\/2025\/11\/F20130104035-1536x1150.jpg 1536w, https:\/\/arbejdermuseet.dk\/en\/wp-content\/uploads\/sites\/2\/2025\/11\/F20130104035-2048x1533.jpg 2048w, https:\/\/arbejdermuseet.dk\/en\/wp-content\/uploads\/sites\/2\/2025\/11\/F20130104035-120x90.jpg 120w, https:\/\/arbejdermuseet.dk\/en\/wp-content\/uploads\/sites\/2\/2025\/11\/F20130104035-1200x898.jpg 1200w\" sizes=\"(max-width: 1920px) 100vw, 1920px\"  data-full-url=\"https:\/\/arbejdermuseet.dk\/en\/wp-content\/uploads\/sites\/2\/2025\/11\/F20130104035-scaled.jpg\" data-full-width=\"2560\" data-full-height=\"1917\" \/><figcaption class=\"wp-element-caption\">AOF organizes a workers&#8217; trip in 1932. It departs by ship from Larsens Plads in Copenhagen. In 1938, the Holiday Act is implemented. The law gave workers 9 days paid vacation, which gave workers more opportunities to attend summer courses, summer folk high schools or worker trips.<\/figcaption><\/figure>\n\n\n\n<h4 class=\"wp-block-heading\">Worker colleges<\/h4>\n\n\n\n<p>As part of the ambitious organization of the nationwide educational association, the workers&#8217; folk high school in Esbjerg was incorporated into AOF&#8217;s national organization in 1929. Esbjerg Arbejderh\u00f8jskole was founded in 1910 as the first workers&#8217; folk high school in the country. Several of the school&#8217;s principals, including Julius Bomholt, later went on to pursue political careers. In 1929, AOF bought Roskilde Folk High School in Himmelev and continued it as the country&#8217;s second working-class folk high school. Roskilde Folk High School was founded in 1907 by Thomas Bredsdorff and was run according to Grundtvigian folk high school principles until his death.<\/p>\n\n\n\n<p>The folk high schools were the workers&#8217; alternative to the traditional folk high schools and another platform where AOF could spread its educational activities intensively. The folk high schools also had good facilities for organizing courses that lasted several days and required overnight accommodation.<\/p>\n\n\n\n<p>In his speech at the inauguration of Roskilde Workers&#8217; Folk High School on June 9, 1930, Stauning said;<\/p>\n\n\n\n<blockquote class=\"wp-block-quote is-layout-flow wp-block-quote-is-layout-flow\">\n<blockquote class=\"wp-block-quote is-layout-flow wp-block-quote-is-layout-flow\">\n<p>&#8220;Society has not given the youth of the workers&#8217; homes the youth school that should have room for everyone. The workshop, the factory, the shop and the office call the young person to service, but the formation and development of the spirit is often neglected. (&#8230;) The child who is not introduced to the world of knowledge, and the young person who is not taught to read and understand when the abilities are otherwise present, is deprived of a share of life&#8217;s benefits. Much joy is gained by enlightenment, and much strength is derived from it. And it must one day come about that everyone who is born has equal access to cultural values, so that it is only abilities and interests that determine how far the spiritual development should be taken forward.&#8221;<\/p>\n<\/blockquote>\n<\/blockquote>\n\n\n\n<p>In addition to AOF&#8217;s desire to educate and promote art and culture, the educational association also had a great desire for the labor movement to influence art and cultural life to a greater extent.<\/p>\n\n\n\n<figure class=\"wp-block-image size-large\"><img loading=\"lazy\" decoding=\"async\" width=\"1920\" height=\"1313\" src=\"https:\/\/arbejdermuseet.dk\/wp-content\/uploads\/2025\/11\/F20161124009_04-1920x1313.jpg\" alt=\"F20161124009_04\" class=\"wp-image-43426\" srcset=\"https:\/\/arbejdermuseet.dk\/en\/wp-content\/uploads\/sites\/2\/2025\/11\/F20161124009_04-1920x1313.jpg 1920w, https:\/\/arbejdermuseet.dk\/en\/wp-content\/uploads\/sites\/2\/2025\/11\/F20161124009_04-600x410.jpg 600w, https:\/\/arbejdermuseet.dk\/en\/wp-content\/uploads\/sites\/2\/2025\/11\/F20161124009_04-300x205.jpg 300w, https:\/\/arbejdermuseet.dk\/en\/wp-content\/uploads\/sites\/2\/2025\/11\/F20161124009_04-768x525.jpg 768w, https:\/\/arbejdermuseet.dk\/en\/wp-content\/uploads\/sites\/2\/2025\/11\/F20161124009_04-1536x1051.jpg 1536w, https:\/\/arbejdermuseet.dk\/en\/wp-content\/uploads\/sites\/2\/2025\/11\/F20161124009_04-2048x1401.jpg 2048w, https:\/\/arbejdermuseet.dk\/en\/wp-content\/uploads\/sites\/2\/2025\/11\/F20161124009_04-132x90.jpg 132w, https:\/\/arbejdermuseet.dk\/en\/wp-content\/uploads\/sites\/2\/2025\/11\/F20161124009_04-1200x821.jpg 1200w\" sizes=\"(max-width: 1920px) 100vw, 1920px\"  data-full-url=\"https:\/\/arbejdermuseet.dk\/en\/wp-content\/uploads\/sites\/2\/2025\/11\/F20161124009_04-scaled.jpg\" data-full-width=\"2560\" data-full-height=\"1751\" \/><figcaption class=\"wp-element-caption\">The choir consists of students from Copenhagen Labor School. AOF Hovedstaden 1950s. In the picture they are singing A. C. Meyer&#8217;s 8-hour song &#8220;Fallen are now winter&#8217;s last barriers&#8221;.<\/figcaption><\/figure>\n\n\n\n<h4 class=\"wp-block-heading\">The Workers&#8217; Songbook<\/h4>\n\n\n\n<p>In 1926, Arbejdernes Oplysningsforbund published the first complete version of the Workers&#8217; Songbook. It unites the treasure trove of songs from a number of associations and unions&#8217; own songbooks. The songbook collected 245 songs, from battle songs, to enlightenment songs, folk songs, classic spiritual songs and more &#8220;jocular&#8221; songs. The book would not only be an association songbook, but also a songbook for the home. The songbook was a great success and has since been published in 8 editions in large editions and with numerous revisions. The songbook has been published in a total of 13 editions, the latest of which was published in 2015.<\/p>\n\n\n\n<h4 class=\"wp-block-heading\">National airtime<\/h4>\n\n\n\n<p>AOF&#8217;s ambitions to enlighten and influence Danish art and cultural life meant that in 1928, the association approached the management of the Danish Broadcasting Corporation with a view to using the radio medium to spread public education. This led to Danes being introduced to AOF&#8217;s range of study circles one Sunday morning in 1933 on the nationwide morning radio.<\/p>\n\n\n\n<p>In 1934, AOF buys Copenhagen&#8217;s 3rd largest movie theater on N\u00f8rrebrogade &#8211; Nora Bio. Nora Bio quickly became the center of AOF&#8217;s cultural dissemination through special film screenings. The screenings covered everything from Social Democratic Party films, travel films and in the 60s and 70s also Jean Renoir films and Hitchcock films. But the expanded facilities also made it possible to host large-scale lectures and meetings. AOF sold the cinema in April 1977.<\/p>\n\n\n\n<figure class=\"wp-block-image size-large\"><img loading=\"lazy\" decoding=\"async\" width=\"1920\" height=\"1381\" src=\"https:\/\/arbejdermuseet.dk\/wp-content\/uploads\/2025\/11\/F20130104054-1920x1381.jpg\" alt=\"\" class=\"wp-image-43427\" srcset=\"https:\/\/arbejdermuseet.dk\/en\/wp-content\/uploads\/sites\/2\/2025\/11\/F20130104054-1920x1381.jpg 1920w, https:\/\/arbejdermuseet.dk\/en\/wp-content\/uploads\/sites\/2\/2025\/11\/F20130104054-600x432.jpg 600w, https:\/\/arbejdermuseet.dk\/en\/wp-content\/uploads\/sites\/2\/2025\/11\/F20130104054-300x216.jpg 300w, https:\/\/arbejdermuseet.dk\/en\/wp-content\/uploads\/sites\/2\/2025\/11\/F20130104054-768x552.jpg 768w, https:\/\/arbejdermuseet.dk\/en\/wp-content\/uploads\/sites\/2\/2025\/11\/F20130104054-1536x1105.jpg 1536w, https:\/\/arbejdermuseet.dk\/en\/wp-content\/uploads\/sites\/2\/2025\/11\/F20130104054-2048x1473.jpg 2048w, https:\/\/arbejdermuseet.dk\/en\/wp-content\/uploads\/sites\/2\/2025\/11\/F20130104054-125x90.jpg 125w, https:\/\/arbejdermuseet.dk\/en\/wp-content\/uploads\/sites\/2\/2025\/11\/F20130104054-1200x863.jpg 1200w\" sizes=\"(max-width: 1920px) 100vw, 1920px\"  data-full-url=\"https:\/\/arbejdermuseet.dk\/en\/wp-content\/uploads\/sites\/2\/2025\/11\/F20130104054.jpg\" data-full-width=\"2113\" data-full-height=\"1520\" \/><figcaption class=\"wp-element-caption\">While the mothers are attending a course on childcare, AOF employees look after the children in the room next door. N\u00f8rres\u00f8gade 1936.<\/figcaption><\/figure>\n\n\n\n<h3 class=\"wp-block-heading\" id=\"aof-bes\u00e6ttelsen\">AOF during the occupation 1940-1945<\/h3>\n\n\n\n<p>Esbjerg Folk High School was confiscated by the German occupying forces, and the school could not function as an educational institution during the occupation.<\/p>\n\n\n\n<p>Despite the occupation of Denmark during World War II, AOF continued to be a success with increasing popularity. In 1943, AOF held 1,312 study circles, which was the highest number ever. One of the reasons for the high attendance at AOF was that the study circles gave people the opportunity to meet and talk about the problems of society and the war without outside interference. In the year after the outbreak of war, &#8216;civics&#8217; was the most popular course in the AOF Copenhagen branch.<\/p>\n\n\n\n<p>However, this great success changed abruptly after the overthrow of the Danish government in the August Uprising on August 29, 1943, and the introduction of the German military state of emergency in Denmark. AOF tried to continue its daily educational work, but martial law, curfew and local challenges destroyed large parts of the educational work. The tense situation also meant that many students were put off their activities for fear of the dangers lurking in the streets during the state of emergency. One student writes in a letter to his teacher:<\/p>\n\n\n\n<p>&#8221; I don&#8217;t know if I will come to English lessons again this winter; it&#8217;s not because I don&#8217;t want to, but when I stick my nose outside the door in the evening, bullets whistle around my ears. The other day there was a big battle at Blaagaardsplads, and in the evening we had a whole bombardment of hand grenades in front of No. 17, so that all the windows of several houses were broken.&#8221; &#8211; Letter from a student from Bl\u00e5g\u00e5rdsgade, winter 1944<\/p>\n\n\n\n<figure class=\"wp-block-image size-large\"><img loading=\"lazy\" decoding=\"async\" width=\"1920\" height=\"1398\" src=\"https:\/\/arbejdermuseet.dk\/wp-content\/uploads\/2025\/11\/F20161124015_02-1920x1398.jpg\" alt=\"F20161124015_02\" class=\"wp-image-43430\" srcset=\"https:\/\/arbejdermuseet.dk\/en\/wp-content\/uploads\/sites\/2\/2025\/11\/F20161124015_02-1920x1398.jpg 1920w, https:\/\/arbejdermuseet.dk\/en\/wp-content\/uploads\/sites\/2\/2025\/11\/F20161124015_02-600x437.jpg 600w, https:\/\/arbejdermuseet.dk\/en\/wp-content\/uploads\/sites\/2\/2025\/11\/F20161124015_02-300x218.jpg 300w, https:\/\/arbejdermuseet.dk\/en\/wp-content\/uploads\/sites\/2\/2025\/11\/F20161124015_02-768x559.jpg 768w, https:\/\/arbejdermuseet.dk\/en\/wp-content\/uploads\/sites\/2\/2025\/11\/F20161124015_02-1536x1118.jpg 1536w, https:\/\/arbejdermuseet.dk\/en\/wp-content\/uploads\/sites\/2\/2025\/11\/F20161124015_02-2048x1491.jpg 2048w, https:\/\/arbejdermuseet.dk\/en\/wp-content\/uploads\/sites\/2\/2025\/11\/F20161124015_02-124x90.jpg 124w, https:\/\/arbejdermuseet.dk\/en\/wp-content\/uploads\/sites\/2\/2025\/11\/F20161124015_02-1200x874.jpg 1200w\" sizes=\"(max-width: 1920px) 100vw, 1920px\"  data-full-url=\"https:\/\/arbejdermuseet.dk\/en\/wp-content\/uploads\/sites\/2\/2025\/11\/F20161124015_02-scaled.jpg\" data-full-width=\"2560\" data-full-height=\"1864\" \/><figcaption class=\"wp-element-caption\">Study circle participants February 1944 in AOF Hovedstaden.<\/figcaption><\/figure>\n\n\n\n<h4 class=\"wp-block-heading\">Solveig Christensen and the Gestapo<\/h4>\n\n\n\n<p>AOF&#8217;s national office in N\u00f8rre Farimagsgade was a hideout for a number of resistance fighters during the exceptional years and served as a distribution center for illegal information material about the resistance struggle. Several of AOF&#8217;s employees were active in the resistance and used the premises to hold meetings and show films about the resistance in other occupied European countries. During a search of the office on N\u00f8rre Farimagsgade by the Gestapo in 1944, AOF&#8217;s office manager Solveig Christensen was arrested. She was taken to Gestapo headquarters in the Shell building where she was imprisoned until March 1945. She miraculously managed to escape the same day the Shell House was bombed by the British Royal Air Force.<\/p>\n\n\n\n<blockquote class=\"wp-block-quote is-layout-flow wp-block-quote-is-layout-flow\">\n<blockquote class=\"wp-block-quote is-layout-flow wp-block-quote-is-layout-flow\">\n<p>&#8220;Despite (or was it because of?) the atmosphere of constant tension, and despite the huge world events that could make you feel your own daily presence as insignificant and unimportant, school work was unusually busy. It was a wonderful winter, and perhaps we have never felt the power of camaraderie so strongly.&#8221; &#8211; Roskilde Folk High School principal Hjalmar Gammelgaard, 1945<\/p>\n<\/blockquote>\n<\/blockquote>\n\n\n\n<h3 class=\"wp-block-heading\" id=\"aof-dag\">AOF after 1945 and up to today<\/h3>\n\n\n\n<p>For the first 15 years of AOF&#8217;s existence, the educational association was closely linked to the Social Democratic Party, as Social Democratic leaders were also leading figures in AOF. AOF&#8217;s activities were also clearly defined by Social Democratic politics and ideology. This changed after the end of World War II, when educational activities gradually became more closely linked to the trade union movement than to the party. Both the trade union movement and AOF had an important role to play in the development of post-war society.<\/p>\n\n\n\n<h4 class=\"wp-block-heading\">New educational associations see the light of day<\/h4>\n\n\n\n<p>After 2. After World War II, new information associations emerged with links to the Liberal Party (LOF), the Conservative Party (FOF) and the Radical Left Party (FO). Thus, AOF is no longer the only information association. Nevertheless, educational associations not only have different political roots, but also different functions in society.<\/p>\n\n\n\n<p>AOF played a crucial role for several professional groups and specific job functions throughout the 1950s and 1960s. Among other things, AOF offered pedagogical training for teachers from 1955, courses for workplace safety representatives and union representatives in 1954 and 1967, and training for home helpers in the 1960s before the SOSU program existed.<\/p>\n\n\n\n<p>In addition, AOF provided preparatory courses in single subjects for 9th and 10th grade exams in the 1960s and 1970s, until the preparatory courses became county municipal. Many of these programs under the auspices of AOF have influenced the educational and working lives of thousands of people and continue to do so today.<\/p>\n\n\n\n<p>In the late 1970s, AOF was tasked with initiating activities and training in many parts of the country in order to reduce unemployment among young people. One of the initiatives was the establishment of day colleges with a wide range of courses on working life and working conditions. The folk high school in Assens was one of the pioneers in offering this type of course for the unemployed. The first day folk high school for the unemployed in Denmark was established in Silkeborg in 1979.<\/p>\n\n\n\n<figure class=\"wp-block-image size-large\"><img loading=\"lazy\" decoding=\"async\" width=\"1920\" height=\"1430\" src=\"https:\/\/arbejdermuseet.dk\/wp-content\/uploads\/2025\/11\/F20161124033-1920x1430.jpg\" alt=\"F20161124033\" class=\"wp-image-43431\" srcset=\"https:\/\/arbejdermuseet.dk\/en\/wp-content\/uploads\/sites\/2\/2025\/11\/F20161124033-1920x1430.jpg 1920w, https:\/\/arbejdermuseet.dk\/en\/wp-content\/uploads\/sites\/2\/2025\/11\/F20161124033-600x447.jpg 600w, https:\/\/arbejdermuseet.dk\/en\/wp-content\/uploads\/sites\/2\/2025\/11\/F20161124033-300x223.jpg 300w, https:\/\/arbejdermuseet.dk\/en\/wp-content\/uploads\/sites\/2\/2025\/11\/F20161124033-768x572.jpg 768w, https:\/\/arbejdermuseet.dk\/en\/wp-content\/uploads\/sites\/2\/2025\/11\/F20161124033-1536x1144.jpg 1536w, https:\/\/arbejdermuseet.dk\/en\/wp-content\/uploads\/sites\/2\/2025\/11\/F20161124033-2048x1525.jpg 2048w, https:\/\/arbejdermuseet.dk\/en\/wp-content\/uploads\/sites\/2\/2025\/11\/F20161124033-121x90.jpg 121w, https:\/\/arbejdermuseet.dk\/en\/wp-content\/uploads\/sites\/2\/2025\/11\/F20161124033-1200x894.jpg 1200w\" sizes=\"(max-width: 1920px) 100vw, 1920px\"  data-full-url=\"https:\/\/arbejdermuseet.dk\/en\/wp-content\/uploads\/sites\/2\/2025\/11\/F20161124033-scaled.jpg\" data-full-width=\"2560\" data-full-height=\"1906\" \/><figcaption class=\"wp-element-caption\">Long queue in the winter darkness in front of AOF Hovedstaden&#8217;s premises on N\u00f8rre Farimagsgade. the 1970s<\/figcaption><\/figure>\n\n\n\n<h3 class=\"wp-block-heading\">Need for Danish lessons<\/h3>\n\n\n\n<p>In 1980, the spotlight was turned on teaching newcomers from other countries. This is still a major focus today. In 2022, more than 4000 people received Danish lessons through AOF.<\/p>\n\n\n\n<p>In 2023, it was possible to choose from 2732 courses at 45 evening school branches across the country. The purpose of the courses is not only to pass on education and information, but also to create social spaces for new meetings and community between people.<\/p>\n\n\n\n<blockquote class=\"wp-block-quote is-layout-flow wp-block-quote-is-layout-flow\">\n<blockquote class=\"wp-block-quote is-layout-flow wp-block-quote-is-layout-flow\">\n<p>&#8220;You become a whole little family on the courses&#8221; &#8211; Grethe B. Madsen, sewing teacher at AOF Hovedstaden for more than 32 years. The year 2000. Grethe became known as &#8216;the underwear lady&#8217; when she offered courses in Copenhagen and Frederiksberg, where AOF students could sew their own underwear.<\/p>\n<\/blockquote>\n<\/blockquote>\n\n\n\n<blockquote class=\"wp-block-quote is-layout-flow wp-block-quote-is-layout-flow\">\n<blockquote class=\"wp-block-quote is-layout-flow wp-block-quote-is-layout-flow\">\n<p>&#8220;At AOF, we have worked with people who have had a short education or had difficulty getting a foothold. It&#8217;s one of the most important and wildest things I&#8217;ve been a part of in my working life, and I&#8217;m very proud to be a part of it. As I say, I carry AOF in my heart. When we&#8217;ve had students in and they&#8217;ve learned how to send a text message to their grandchild for the first time or read their first book. But then you know that for the individual person, it has had an impact on their living conditions, and you don&#8217;t get a higher reward in life than having been a part of something like that.&#8221; &#8211; J\u00f8rgen Thyde, head of AOF Midtjylland 1977-2014<\/p>\n<\/blockquote>\n<\/blockquote>\n\n\n\n<h4 class=\"wp-block-heading\">Equal opportunities through education<\/h4>\n\n\n\n<p>Among AOF&#8217;s lighthouses are &#8220;Dyslexia education&#8221; and &#8220;Preparatory adult education&#8221;. AOF is aware of the inequality in education that still exists in Denmark today, and they work actively to &#8220;lift&#8221; those who need it.<\/p>\n\n\n\n<blockquote class=\"wp-block-quote is-layout-flow wp-block-quote-is-layout-flow\">\n<blockquote class=\"wp-block-quote is-layout-flow wp-block-quote-is-layout-flow\">\n<p>&#8220;Heidi has enabled me to hear most letters to this day. How to put words together, how to make a text. Now I&#8217;m a mother, so it was also important for me to be taught how to write adult language for institutions and schools. Getting a course tailored to me has given me the courage to believe that I could manage on my own&#8221; &#8211; Carinas Helligs\u00f8 Allentoft, dyslexia course participant 2021<\/p>\n<\/blockquote>\n<\/blockquote>\n\n\n\n<p>AOF wants to make a difference for people where they are in life and help them to enter into an everyday life that can cause difficulties, for example if you lack professional skills or help with reading and language. This happens in the workplace, where AOF is present more than any other organization in Denmark. This is why AOF is still, as it was almost 100 years ago, an idealistic organization where difficulties in life are overcome and people are lifted up so they can participate in society on an equal footing with everyone else.<\/p>\n\n\n\n<p>Learn more about AOF, listen to <a href=\"https:\/\/aofoplyser.libsyn.com\/?fbclid=IwAR39fOF-Joa6g8yYrBCRILYblPweYTxEUCBVpV2RijRITafBtKjbx7mVTh8\" target=\"_blank\" rel=\"noreferrer noopener\">their podcast.<\/a><\/p>\n\n\n\r\n\r\n<section class=\"standout-section standout-block standout-kildepakker-parent-link is-aligned alignnone\" data-block-id=\"block_c1f0522d8538d102f408a557c92a9d79\" style=\"--block-background-color: transparent; --block-text-color: inherit;\">\r\n\r\n\t<div class=\"standout-max-container\">\t\r\n\r\n<div class=\"standout-block-inner\">\r\n\t<span class=\"standout-parent-link\">\r\n\t\t\t\t\t<a href=\"https:\/\/arbejdermuseet.dk\/bibliotek-arkiv\/den-tidlige-arbejderbevaegelse\/\"><span height=\"1em\" class=\"standout-custom-svg custom-svg\"><svg height=\"1em\" xmlns=\"http:\/\/www.w3.org\/2000\/svg\" viewBox=\"0 0 17 8\" fill=\"none\">\r\n  <path d=\"M9.95456 0L9.5654 0.627408L14.4402 3.631H0V4.36826H14.4402L9.5654 7.37259L9.95456 8L16.4444 3.99963L9.95456 0Z\" fill=\"#B12320\"\/>\r\n<\/svg><\/span> Back to the Early Labor Movement<\/a>\r\n\t\t\t<\/span>\r\n<\/div>\r\n\r\n\r\n\r\n\t\t<\/div>\r\n<\/section>\n\n\r\n\r\n<section class=\"standout-section standout-block standout-related-content is-aligned alignfull off-center-slider\" data-block-id=\"block_3965cc11f6bccbf61e3e7098423684f6\" style=\"--block-background-color: transparent; --block-text-color: inherit;\">\r\n\r\n\t<div class=\"standout-max-container\">\t\r\n\r\n<div class=\"standout-block-inner\">\r\n\t\t\t<div class=\"acf-innerblocks-container\">\n\n<h3 class=\"wp-block-heading\" style=\"text-transform:uppercase\">If you find the topic interesting<\/h3>\n\n\n\r\n\r\n<section class=\"standout-block standout-related-content-inner is-aligned alignfull\" data-block-id=\"block_222459cb14688cccedc04e428d60129a\" style=\"--block-background-color: transparent; --block-text-color: inherit;\" data-related-content=\"tag\">\r\n\r\n\t<div class=\"standout-max-container\">\t\r\n\r\n\r\n\r\n<div class=\"standout-block-inner\">\r\n\t\t\t\r\n\r\n<section class=\"standout-section standout-block standout-posts is-aligned alignwide\" data-block-id=\"block_3e17e2d0d20e64980ca29aa01f80acce\" style=\"--block-background-color: transparent; --block-text-color: inherit;\" template=\"02\">\r\n\r\n\t<div class=\"standout-max-container\">\t\r\n\r\n<div class=\"standout-block-inner\">\r\n\t<div class=\"acf-innerblocks-container\">\r\n\t\t\r\n\r\n<section class=\"standout-section standout-block standout-slider is-aligned alignfull has-bg\" data-block-id=\"block_0c13be296f46fcaf697a8c610307aa43\" style=\"--block-background-color: transparent; --block-text-color: inherit; --slider-columns: 4;\" data-columns=\"4\" data-slider=\"{&quot;slidesToShow&quot;:&quot;4&quot;,&quot;slidesToScroll&quot;:&quot;1&quot;,&quot;dots&quot;:&quot;false&quot;,&quot;arrows&quot;:&quot;true&quot;,&quot;adaptiveHeight&quot;:&quot;false&quot;,&quot;autoplay&quot;:&quot;true&quot;,&quot;autoplaySpeed&quot;:&quot;5000&quot;,&quot;speed&quot;:&quot;1000&quot;,&quot;infinite&quot;:&quot;true&quot;,&quot;centerMode&quot;:&quot;false&quot;,&quot;fade&quot;:&quot;false&quot;}\" data-slider-responsive=\"null\">\r\n\r\n\t<div class=\"standout-max-container\">\t\n\n<div class=\"standout-block-inner\" >\n\t\t\t\t\t<div class=\"acf-innerblocks-container is-slick-slider\">\n\t\t\t\r\n\r\n<section class=\"standout-block standout-slide-element is-aligned alignwide\" data-block-id=\"block_fe1302c8bc38f2cde1c9c375b6319d27\" style=\"--block-background-color: transparent; --block-text-color: inherit;\">\r\n\r\n\t\t\r\n\r\n\t<div class=\"acf-innerblocks-container\">\r\n\t\t\r\n<div class=\"post post-loop post-loop-type-page\">\r\n\t\t\t<div class=\"post-thumbnail-wrap\">\r\n\t\t\t\t\t\t\t<img loading=\"lazy\" decoding=\"async\" width=\"1920\" height=\"1280\" src=\"https:\/\/arbejdermuseet.dk\/en\/wp-content\/uploads\/sites\/2\/2025\/12\/bevaeg-1.jpg\" class=\"attachment-post-thumbnail size-post-thumbnail wp-post-image\" alt=\"Bev\u00e6gelsen 1871-2021\" srcset=\"https:\/\/arbejdermuseet.dk\/en\/wp-content\/uploads\/sites\/2\/2025\/12\/bevaeg-1.jpg 1920w, https:\/\/arbejdermuseet.dk\/en\/wp-content\/uploads\/sites\/2\/2025\/12\/bevaeg-1-600x400.jpg 600w, https:\/\/arbejdermuseet.dk\/en\/wp-content\/uploads\/sites\/2\/2025\/12\/bevaeg-1-300x200.jpg 300w, https:\/\/arbejdermuseet.dk\/en\/wp-content\/uploads\/sites\/2\/2025\/12\/bevaeg-1-768x512.jpg 768w, https:\/\/arbejdermuseet.dk\/en\/wp-content\/uploads\/sites\/2\/2025\/12\/bevaeg-1-1536x1024.jpg 1536w, https:\/\/arbejdermuseet.dk\/en\/wp-content\/uploads\/sites\/2\/2025\/12\/bevaeg-1-135x90.jpg 135w, https:\/\/arbejdermuseet.dk\/en\/wp-content\/uploads\/sites\/2\/2025\/12\/bevaeg-1-1200x800.jpg 1200w\" sizes=\"(max-width: 1920px) 100vw, 1920px\" data-copyright=\"\" data-headline=\"Bev\u00e6gelsen 1871-2021\" data-description=\"\"  data-full-url=\"\" \/>\t\t\t\t\t<\/div>\r\n\t\r\n\t\t\t\t<div class=\"post-ancestor-title\">\r\n\t\t\t<span>LABOUR HISTORY<\/span>\r\n\t\t<\/div>\r\n\t\r\n\t<div class=\"post-title-wrap\">\r\n\t\t<span class=\"post-title\">The movement 1871-2021<\/span>\r\n\t<\/div>\r\n\r\n\t<a class=\"post-read-more-link\" href=\"https:\/\/arbejdermuseet.dk\/en\/its-happening\/the-movement-1871-2021\/\">\r\n\t\tRead more <span height=\"1em\" class=\"standout-custom-svg custom-svg\"><svg height=\"1em\" xmlns=\"http:\/\/www.w3.org\/2000\/svg\" viewBox=\"0 0 17 8\" fill=\"none\">\r\n  <path d=\"M9.95456 0L9.5654 0.627408L14.4402 3.631H0V4.36826H14.4402L9.5654 7.37259L9.95456 8L16.4444 3.99963L9.95456 0Z\" fill=\"#B12320\"\/>\r\n<\/svg><\/span>\t<\/a>\r\n<\/div>\r\n\t<\/div>\r\n\r\n\r\n\r\n\t\t\r\n<\/section>\r\n\r\n<section class=\"standout-block standout-slide-element is-aligned alignwide\" data-block-id=\"block_66d4568d8e703bcd1911e2c36848ff1f\" style=\"--block-background-color: transparent; --block-text-color: inherit;\">\r\n\r\n\t<div class=\"standout-max-container\">\t\r\n\r\n\t<div class=\"acf-innerblocks-container\">\r\n\t\t\r\n<div class=\"post post-loop post-loop-type-standout_event\">\r\n\t\t\t<div class=\"post-thumbnail-wrap\">\r\n\t\t\t\t\t\t\t<img loading=\"lazy\" decoding=\"async\" width=\"780\" height=\"408\" src=\"https:\/\/arbejdermuseet.dk\/en\/wp-content\/uploads\/sites\/2\/2026\/01\/faellessang-og-folkets-koekken-2025_1920x1005-780x408-1-1.jpg\" class=\"attachment-post-thumbnail size-post-thumbnail wp-post-image\" alt=\"\" srcset=\"https:\/\/arbejdermuseet.dk\/en\/wp-content\/uploads\/sites\/2\/2026\/01\/faellessang-og-folkets-koekken-2025_1920x1005-780x408-1-1.jpg 780w, https:\/\/arbejdermuseet.dk\/en\/wp-content\/uploads\/sites\/2\/2026\/01\/faellessang-og-folkets-koekken-2025_1920x1005-780x408-1-1-600x314.jpg 600w, https:\/\/arbejdermuseet.dk\/en\/wp-content\/uploads\/sites\/2\/2026\/01\/faellessang-og-folkets-koekken-2025_1920x1005-780x408-1-1-300x157.jpg 300w, https:\/\/arbejdermuseet.dk\/en\/wp-content\/uploads\/sites\/2\/2026\/01\/faellessang-og-folkets-koekken-2025_1920x1005-780x408-1-1-768x402.jpg 768w, https:\/\/arbejdermuseet.dk\/en\/wp-content\/uploads\/sites\/2\/2026\/01\/faellessang-og-folkets-koekken-2025_1920x1005-780x408-1-1-172x90.jpg 172w\" sizes=\"(max-width: 780px) 100vw, 780px\" data-copyright=\"\" data-headline=\"faellessang-og-folkets-koekken-2025_1920x1005-780x408\" data-description=\"\"  data-full-url=\"\" \/>\t\t\t\t\t<\/div>\r\n\t\r\n\t\t\t\t<div class=\"post-ancestor-title\">\r\n\t\t\t<span>EVENTS<\/span>\r\n\t\t<\/div>\r\n\t\r\n\t<div class=\"post-title-wrap\">\r\n\t\t<span class=\"post-title\">Sing-along and People&#8217;s Kitchen<\/span>\r\n\t<\/div>\r\n\r\n\t<a class=\"post-read-more-link\" href=\"https:\/\/arbejdermuseet.dk\/en\/event\/sing-along-and-peoples-kitchen\/\">\r\n\t\tRead more <span height=\"1em\" class=\"standout-custom-svg custom-svg\"><svg height=\"1em\" xmlns=\"http:\/\/www.w3.org\/2000\/svg\" viewBox=\"0 0 17 8\" fill=\"none\">\r\n  <path d=\"M9.95456 0L9.5654 0.627408L14.4402 3.631H0V4.36826H14.4402L9.5654 7.37259L9.95456 8L16.4444 3.99963L9.95456 0Z\" fill=\"#B12320\"\/>\r\n<\/svg><\/span>\t<\/a>\r\n<\/div>\r\n\t<\/div>\r\n\r\n\r\n\r\n\t\t<\/div>\r\n<\/section>\r\n\r\n<section class=\"standout-block standout-slide-element is-aligned alignwide\" data-block-id=\"block_9be75cd27b0f14c075d9f00c08037aa4\" style=\"--block-background-color: transparent; --block-text-color: inherit;\">\r\n\r\n\t<div class=\"standout-max-container\">\t\r\n\r\n\t<div class=\"acf-innerblocks-container\">\r\n\t\t\r\n<div class=\"post post-loop post-loop-type-page\">\r\n\t\t\t<div class=\"post-thumbnail-wrap\">\r\n\t\t\t\t\t\t\t<img loading=\"lazy\" decoding=\"async\" width=\"2560\" height=\"1617\" src=\"https:\/\/arbejdermuseet.dk\/en\/wp-content\/uploads\/sites\/2\/2026\/02\/F20090112007-scaled-1.jpg\" class=\"attachment-post-thumbnail size-post-thumbnail wp-post-image\" alt=\"\" srcset=\"https:\/\/arbejdermuseet.dk\/en\/wp-content\/uploads\/sites\/2\/2026\/02\/F20090112007-scaled-1.jpg 2560w, https:\/\/arbejdermuseet.dk\/en\/wp-content\/uploads\/sites\/2\/2026\/02\/F20090112007-scaled-1-600x379.jpg 600w, https:\/\/arbejdermuseet.dk\/en\/wp-content\/uploads\/sites\/2\/2026\/02\/F20090112007-scaled-1-1920x1213.jpg 1920w, https:\/\/arbejdermuseet.dk\/en\/wp-content\/uploads\/sites\/2\/2026\/02\/F20090112007-scaled-1-300x189.jpg 300w, https:\/\/arbejdermuseet.dk\/en\/wp-content\/uploads\/sites\/2\/2026\/02\/F20090112007-scaled-1-768x485.jpg 768w, https:\/\/arbejdermuseet.dk\/en\/wp-content\/uploads\/sites\/2\/2026\/02\/F20090112007-scaled-1-1536x970.jpg 1536w, https:\/\/arbejdermuseet.dk\/en\/wp-content\/uploads\/sites\/2\/2026\/02\/F20090112007-scaled-1-2048x1294.jpg 2048w, https:\/\/arbejdermuseet.dk\/en\/wp-content\/uploads\/sites\/2\/2026\/02\/F20090112007-scaled-1-142x90.jpg 142w, https:\/\/arbejdermuseet.dk\/en\/wp-content\/uploads\/sites\/2\/2026\/02\/F20090112007-scaled-1-1200x758.jpg 1200w\" sizes=\"(max-width: 2560px) 100vw, 2560px\" data-copyright=\"\" data-headline=\"F20090112007\" data-description=\"\"  data-full-url=\"\" \/>\t\t\t\t\t<\/div>\r\n\t\r\n\t\t\t\t<div class=\"post-ancestor-title\">\r\n\t\t\t<span>LEARN<\/span>\r\n\t\t<\/div>\r\n\t\r\n\t<div class=\"post-title-wrap\">\r\n\t\t<span class=\"post-title\">The right to equal pay<\/span>\r\n\t<\/div>\r\n\r\n\t<a class=\"post-read-more-link\" href=\"https:\/\/arbejdermuseet.dk\/en\/teaching\/digital-learning-tools\/the-right-to-equal-pay\/\">\r\n\t\tRead more <span height=\"1em\" class=\"standout-custom-svg custom-svg\"><svg height=\"1em\" xmlns=\"http:\/\/www.w3.org\/2000\/svg\" viewBox=\"0 0 17 8\" fill=\"none\">\r\n  <path d=\"M9.95456 0L9.5654 0.627408L14.4402 3.631H0V4.36826H14.4402L9.5654 7.37259L9.95456 8L16.4444 3.99963L9.95456 0Z\" fill=\"#B12320\"\/>\r\n<\/svg><\/span>\t<\/a>\r\n<\/div>\r\n\t<\/div>\r\n\r\n\r\n\r\n\t\t<\/div>\r\n<\/section>\r\n\r\n<section class=\"standout-block standout-slide-element is-aligned alignwide\" data-block-id=\"block_9b02f91ca770b56d478f5b7c3e49a06d\" style=\"--block-background-color: transparent; --block-text-color: inherit;\">\r\n\r\n\t<div class=\"standout-max-container\">\t\r\n\r\n\t<div class=\"acf-innerblocks-container\">\r\n\t\t\r\n<div class=\"post post-loop post-loop-type-page\">\r\n\t\t\t<div class=\"post-thumbnail-wrap\">\r\n\t\t\t\t\t\t\t<img loading=\"lazy\" decoding=\"async\" width=\"1414\" height=\"2000\" src=\"https:\/\/arbejdermuseet.dk\/en\/wp-content\/uploads\/sites\/2\/2025\/12\/Arbejderhistorieprisen-Nov2.jpg\" class=\"attachment-post-thumbnail size-post-thumbnail wp-post-image\" alt=\"\" srcset=\"https:\/\/arbejdermuseet.dk\/en\/wp-content\/uploads\/sites\/2\/2025\/12\/Arbejderhistorieprisen-Nov2.jpg 1414w, https:\/\/arbejdermuseet.dk\/en\/wp-content\/uploads\/sites\/2\/2025\/12\/Arbejderhistorieprisen-Nov2-424x600.jpg 424w, https:\/\/arbejdermuseet.dk\/en\/wp-content\/uploads\/sites\/2\/2025\/12\/Arbejderhistorieprisen-Nov2-1357x1920.jpg 1357w, https:\/\/arbejdermuseet.dk\/en\/wp-content\/uploads\/sites\/2\/2025\/12\/Arbejderhistorieprisen-Nov2-212x300.jpg 212w, https:\/\/arbejdermuseet.dk\/en\/wp-content\/uploads\/sites\/2\/2025\/12\/Arbejderhistorieprisen-Nov2-768x1086.jpg 768w, https:\/\/arbejdermuseet.dk\/en\/wp-content\/uploads\/sites\/2\/2025\/12\/Arbejderhistorieprisen-Nov2-1086x1536.jpg 1086w, https:\/\/arbejdermuseet.dk\/en\/wp-content\/uploads\/sites\/2\/2025\/12\/Arbejderhistorieprisen-Nov2-64x90.jpg 64w, https:\/\/arbejdermuseet.dk\/en\/wp-content\/uploads\/sites\/2\/2025\/12\/Arbejderhistorieprisen-Nov2-1200x1697.jpg 1200w\" sizes=\"(max-width: 1414px) 100vw, 1414px\" data-copyright=\"\" data-headline=\"Arbejderhistorieprisen Nov2\" data-description=\"\"  data-full-url=\"\" \/>\t\t\t\t\t<\/div>\r\n\t\r\n\t\t\t\t<div class=\"post-ancestor-title\">\r\n\t\t\t<span>LABOUR HISTORY<\/span>\r\n\t\t<\/div>\r\n\t\r\n\t<div class=\"post-title-wrap\">\r\n\t\t<span class=\"post-title\">Labor History Prize<\/span>\r\n\t<\/div>\r\n\r\n\t<a class=\"post-read-more-link\" href=\"https:\/\/arbejdermuseet.dk\/en\/library-archive\/labor-history-prize\/\">\r\n\t\tRead more <span height=\"1em\" class=\"standout-custom-svg custom-svg\"><svg height=\"1em\" xmlns=\"http:\/\/www.w3.org\/2000\/svg\" viewBox=\"0 0 17 8\" fill=\"none\">\r\n  <path d=\"M9.95456 0L9.5654 0.627408L14.4402 3.631H0V4.36826H14.4402L9.5654 7.37259L9.95456 8L16.4444 3.99963L9.95456 0Z\" fill=\"#B12320\"\/>\r\n<\/svg><\/span>\t<\/a>\r\n<\/div>\r\n\t<\/div>\r\n\r\n\r\n\r\n\t\t<\/div>\r\n<\/section>\r\n\r\n<section class=\"standout-block standout-slide-element is-aligned alignwide\" data-block-id=\"block_b1fe0f473737effedcdc971bb24330a0\" style=\"--block-background-color: transparent; --block-text-color: inherit;\">\r\n\r\n\t<div class=\"standout-max-container\">\t\r\n\r\n\t<div class=\"acf-innerblocks-container\">\r\n\t\t\r\n<div class=\"post post-loop post-loop-type-standout_event\">\r\n\t\t\t<div class=\"post-thumbnail-wrap\">\r\n\t\t\t\t\t\t\t<img loading=\"lazy\" decoding=\"async\" width=\"780\" height=\"408\" src=\"https:\/\/arbejdermuseet.dk\/en\/wp-content\/uploads\/sites\/2\/2026\/01\/faellessang-og-folkets-koekken-2025_1920x1005-780x408-1.jpg\" class=\"attachment-post-thumbnail size-post-thumbnail wp-post-image\" alt=\"\" srcset=\"https:\/\/arbejdermuseet.dk\/en\/wp-content\/uploads\/sites\/2\/2026\/01\/faellessang-og-folkets-koekken-2025_1920x1005-780x408-1.jpg 780w, https:\/\/arbejdermuseet.dk\/en\/wp-content\/uploads\/sites\/2\/2026\/01\/faellessang-og-folkets-koekken-2025_1920x1005-780x408-1-600x314.jpg 600w, https:\/\/arbejdermuseet.dk\/en\/wp-content\/uploads\/sites\/2\/2026\/01\/faellessang-og-folkets-koekken-2025_1920x1005-780x408-1-300x157.jpg 300w, https:\/\/arbejdermuseet.dk\/en\/wp-content\/uploads\/sites\/2\/2026\/01\/faellessang-og-folkets-koekken-2025_1920x1005-780x408-1-768x402.jpg 768w, https:\/\/arbejdermuseet.dk\/en\/wp-content\/uploads\/sites\/2\/2026\/01\/faellessang-og-folkets-koekken-2025_1920x1005-780x408-1-172x90.jpg 172w\" sizes=\"(max-width: 780px) 100vw, 780px\" data-copyright=\"\" data-headline=\"faellessang-og-folkets-koekken-2025_1920x1005-780x408\" data-description=\"\"  data-full-url=\"\" \/>\t\t\t\t\t<\/div>\r\n\t\r\n\t\t\t\t<div class=\"post-ancestor-title\">\r\n\t\t\t<span>EVENTS<\/span>\r\n\t\t<\/div>\r\n\t\r\n\t<div class=\"post-title-wrap\">\r\n\t\t<span class=\"post-title\">Sing-along and People&#8217;s Kitchen<\/span>\r\n\t<\/div>\r\n\r\n\t<a class=\"post-read-more-link\" href=\"https:\/\/arbejdermuseet.dk\/en\/event\/sing-along-and-peoples-kitchen-2\/\">\r\n\t\tRead more <span height=\"1em\" class=\"standout-custom-svg custom-svg\"><svg height=\"1em\" xmlns=\"http:\/\/www.w3.org\/2000\/svg\" viewBox=\"0 0 17 8\" fill=\"none\">\r\n  <path d=\"M9.95456 0L9.5654 0.627408L14.4402 3.631H0V4.36826H14.4402L9.5654 7.37259L9.95456 8L16.4444 3.99963L9.95456 0Z\" fill=\"#B12320\"\/>\r\n<\/svg><\/span>\t<\/a>\r\n<\/div>\r\n\t<\/div>\r\n\r\n\r\n\r\n\t\t<\/div>\r\n<\/section>\r\n\r\n<section class=\"standout-block standout-slide-element is-aligned alignwide\" data-block-id=\"block_32411910150897e54d79aa01aadaaa5c\" style=\"--block-background-color: transparent; --block-text-color: inherit;\">\r\n\r\n\t<div class=\"standout-max-container\">\t\r\n\r\n\t<div class=\"acf-innerblocks-container\">\r\n\t\t\r\n<div class=\"post post-loop post-loop-type-page\">\r\n\t\t\t<div class=\"post-thumbnail-wrap\">\r\n\t\t\t\t\t\t\t<img loading=\"lazy\" decoding=\"async\" width=\"2000\" height=\"1000\" src=\"https:\/\/arbejdermuseet.dk\/en\/wp-content\/uploads\/sites\/2\/2026\/02\/banner-drengene_2000x1000px-3.png\" class=\"attachment-post-thumbnail size-post-thumbnail wp-post-image\" alt=\"\" srcset=\"https:\/\/arbejdermuseet.dk\/en\/wp-content\/uploads\/sites\/2\/2026\/02\/banner-drengene_2000x1000px-3.png 2000w, https:\/\/arbejdermuseet.dk\/en\/wp-content\/uploads\/sites\/2\/2026\/02\/banner-drengene_2000x1000px-3-600x300.png 600w, https:\/\/arbejdermuseet.dk\/en\/wp-content\/uploads\/sites\/2\/2026\/02\/banner-drengene_2000x1000px-3-1920x960.png 1920w, https:\/\/arbejdermuseet.dk\/en\/wp-content\/uploads\/sites\/2\/2026\/02\/banner-drengene_2000x1000px-3-300x150.png 300w, https:\/\/arbejdermuseet.dk\/en\/wp-content\/uploads\/sites\/2\/2026\/02\/banner-drengene_2000x1000px-3-768x384.png 768w, https:\/\/arbejdermuseet.dk\/en\/wp-content\/uploads\/sites\/2\/2026\/02\/banner-drengene_2000x1000px-3-1536x768.png 1536w, https:\/\/arbejdermuseet.dk\/en\/wp-content\/uploads\/sites\/2\/2026\/02\/banner-drengene_2000x1000px-3-180x90.png 180w, https:\/\/arbejdermuseet.dk\/en\/wp-content\/uploads\/sites\/2\/2026\/02\/banner-drengene_2000x1000px-3-1200x600.png 1200w\" sizes=\"(max-width: 2000px) 100vw, 2000px\" data-copyright=\"\" data-headline=\"banner-drengene_2000x1000px-3\" data-description=\"\"  data-full-url=\"\" \/>\t\t\t\t\t<\/div>\r\n\t\r\n\t\t\t\t<div class=\"post-ancestor-title\">\r\n\t\t\t<span>LEARN<\/span>\r\n\t\t<\/div>\r\n\t\r\n\t<div class=\"post-title-wrap\">\r\n\t\t<span class=\"post-title\">What about the boys? Gender equality in the classroom<\/span>\r\n\t<\/div>\r\n\r\n\t<a class=\"post-read-more-link\" href=\"https:\/\/arbejdermuseet.dk\/en\/teaching\/digital-learning-tools\/what-about-the-boys-gender-equality-in-the-classroom\/\">\r\n\t\tRead more <span height=\"1em\" class=\"standout-custom-svg custom-svg\"><svg height=\"1em\" xmlns=\"http:\/\/www.w3.org\/2000\/svg\" viewBox=\"0 0 17 8\" fill=\"none\">\r\n  <path d=\"M9.95456 0L9.5654 0.627408L14.4402 3.631H0V4.36826H14.4402L9.5654 7.37259L9.95456 8L16.4444 3.99963L9.95456 0Z\" fill=\"#B12320\"\/>\r\n<\/svg><\/span>\t<\/a>\r\n<\/div>\r\n\t<\/div>\r\n\r\n\r\n\r\n\t\t<\/div>\r\n<\/section>\r\n\r\n<section class=\"standout-block standout-slide-element is-aligned alignwide\" data-block-id=\"block_553d42e8d382a394b3c50e2e27d352b1\" style=\"--block-background-color: transparent; --block-text-color: inherit;\">\r\n\r\n\t<div class=\"standout-max-container\">\t\r\n\r\n\t<div class=\"acf-innerblocks-container\">\r\n\t\t\r\n<div class=\"post post-loop post-loop-type-page\">\r\n\t\t\t<div class=\"post-thumbnail-wrap\">\r\n\t\t\t\t\t\t\t<img loading=\"lazy\" decoding=\"async\" width=\"2000\" height=\"1268\" src=\"https:\/\/arbejdermuseet.dk\/en\/wp-content\/uploads\/sites\/2\/2025\/12\/F20120223058.webp\" class=\"attachment-post-thumbnail size-post-thumbnail wp-post-image\" alt=\"\" srcset=\"https:\/\/arbejdermuseet.dk\/en\/wp-content\/uploads\/sites\/2\/2025\/12\/F20120223058.webp 2000w, https:\/\/arbejdermuseet.dk\/en\/wp-content\/uploads\/sites\/2\/2025\/12\/F20120223058-600x380.webp 600w, https:\/\/arbejdermuseet.dk\/en\/wp-content\/uploads\/sites\/2\/2025\/12\/F20120223058-1920x1217.webp 1920w, https:\/\/arbejdermuseet.dk\/en\/wp-content\/uploads\/sites\/2\/2025\/12\/F20120223058-300x190.webp 300w, https:\/\/arbejdermuseet.dk\/en\/wp-content\/uploads\/sites\/2\/2025\/12\/F20120223058-768x487.webp 768w, https:\/\/arbejdermuseet.dk\/en\/wp-content\/uploads\/sites\/2\/2025\/12\/F20120223058-1536x974.webp 1536w, https:\/\/arbejdermuseet.dk\/en\/wp-content\/uploads\/sites\/2\/2025\/12\/F20120223058-142x90.webp 142w, https:\/\/arbejdermuseet.dk\/en\/wp-content\/uploads\/sites\/2\/2025\/12\/F20120223058-1200x761.webp 1200w\" sizes=\"(max-width: 2000px) 100vw, 2000px\" data-copyright=\"\" data-headline=\"F20120223058\" data-description=\"\"  data-full-url=\"\" \/>\t\t\t\t\t<\/div>\r\n\t\r\n\t\t\t\t<div class=\"post-ancestor-title\">\r\n\t\t\t<span>LABOUR HISTORY<\/span>\r\n\t\t<\/div>\r\n\t\r\n\t<div class=\"post-title-wrap\">\r\n\t\t<span class=\"post-title\">The emigrant home at City Hall Square<\/span>\r\n\t<\/div>\r\n\r\n\t<a class=\"post-read-more-link\" href=\"https:\/\/arbejdermuseet.dk\/en\/library-archive\/international-solidarity\/the-emigrant-home-at-city-hall-square\/\">\r\n\t\tRead more <span height=\"1em\" class=\"standout-custom-svg custom-svg\"><svg height=\"1em\" xmlns=\"http:\/\/www.w3.org\/2000\/svg\" viewBox=\"0 0 17 8\" fill=\"none\">\r\n  <path d=\"M9.95456 0L9.5654 0.627408L14.4402 3.631H0V4.36826H14.4402L9.5654 7.37259L9.95456 8L16.4444 3.99963L9.95456 0Z\" fill=\"#B12320\"\/>\r\n<\/svg><\/span>\t<\/a>\r\n<\/div>\r\n\t<\/div>\r\n\r\n\r\n\r\n\t\t<\/div>\r\n<\/section>\r\n\r\n<section class=\"standout-block standout-slide-element is-aligned alignwide\" data-block-id=\"block_f0d6d9094b2ad02ee4f9a217a4b741a0\" style=\"--block-background-color: transparent; --block-text-color: inherit;\">\r\n\r\n\t<div class=\"standout-max-container\">\t\r\n\r\n\t<div class=\"acf-innerblocks-container\">\r\n\t\t\r\n<div class=\"post post-loop post-loop-type-standout_event\">\r\n\t\t\t<div class=\"post-thumbnail-wrap\">\r\n\t\t\t\t\t\t\t<img loading=\"lazy\" decoding=\"async\" width=\"780\" height=\"408\" src=\"https:\/\/arbejdermuseet.dk\/en\/wp-content\/uploads\/sites\/2\/2026\/01\/faellessang-og-folkets-koekken-2025_1920x1005-780x408-1.jpg\" class=\"attachment-post-thumbnail size-post-thumbnail wp-post-image\" alt=\"\" srcset=\"https:\/\/arbejdermuseet.dk\/en\/wp-content\/uploads\/sites\/2\/2026\/01\/faellessang-og-folkets-koekken-2025_1920x1005-780x408-1.jpg 780w, https:\/\/arbejdermuseet.dk\/en\/wp-content\/uploads\/sites\/2\/2026\/01\/faellessang-og-folkets-koekken-2025_1920x1005-780x408-1-600x314.jpg 600w, https:\/\/arbejdermuseet.dk\/en\/wp-content\/uploads\/sites\/2\/2026\/01\/faellessang-og-folkets-koekken-2025_1920x1005-780x408-1-300x157.jpg 300w, https:\/\/arbejdermuseet.dk\/en\/wp-content\/uploads\/sites\/2\/2026\/01\/faellessang-og-folkets-koekken-2025_1920x1005-780x408-1-768x402.jpg 768w, https:\/\/arbejdermuseet.dk\/en\/wp-content\/uploads\/sites\/2\/2026\/01\/faellessang-og-folkets-koekken-2025_1920x1005-780x408-1-172x90.jpg 172w\" sizes=\"(max-width: 780px) 100vw, 780px\" data-copyright=\"\" data-headline=\"faellessang-og-folkets-koekken-2025_1920x1005-780x408\" data-description=\"\"  data-full-url=\"\" \/>\t\t\t\t\t<\/div>\r\n\t\r\n\t\t\t\t<div class=\"post-ancestor-title\">\r\n\t\t\t<span>EVENTS<\/span>\r\n\t\t<\/div>\r\n\t\r\n\t<div class=\"post-title-wrap\">\r\n\t\t<span class=\"post-title\">Sing-along and People&#8217;s Kitchen<\/span>\r\n\t<\/div>\r\n\r\n\t<a class=\"post-read-more-link\" href=\"https:\/\/arbejdermuseet.dk\/en\/event\/sing-along-and-peoples-kitchen-3\/\">\r\n\t\tRead more <span height=\"1em\" class=\"standout-custom-svg custom-svg\"><svg height=\"1em\" xmlns=\"http:\/\/www.w3.org\/2000\/svg\" viewBox=\"0 0 17 8\" fill=\"none\">\r\n  <path d=\"M9.95456 0L9.5654 0.627408L14.4402 3.631H0V4.36826H14.4402L9.5654 7.37259L9.95456 8L16.4444 3.99963L9.95456 0Z\" fill=\"#B12320\"\/>\r\n<\/svg><\/span>\t<\/a>\r\n<\/div>\r\n\t<\/div>\r\n\r\n\r\n\r\n\t\t<\/div>\r\n<\/section>\t\t<\/div>\n\t\n\t\n\t\n<\/div>\n\n\n\t<style>\n\t\t.standout-slider[data-block-id=\"block_0c13be296f46fcaf697a8c610307aa43\"]>*>*>.acf-innerblocks-container:not(.slick-initialized)>*:nth-child(4)~* {\n\t\t\tdisplay: none;\n\t\t}\n\t<\/style>\n\n\n\r\n\t\t<\/div>\r\n<\/section>\t<\/div>\r\n<\/div>\r\n\r\n\r\n\r\n\t\t<\/div>\r\n<\/section>\t<\/div>\r\n\r\n\r\n\r\n\t\t<\/div>\r\n<\/section>\n<\/div>\r\n\t<\/div>\r\n\r\n\r\n\r\n\t\t<\/div>\r\n<\/section>","protected":false},"excerpt":{"rendered":"<p>Ever since the beginning of the labor movement, the idea existed that workers also needed to be spiritually and culturally uplifted in order to help change Danish society. Therefore, a number of educational initiatives were launched from the start of the movement. On January 9, 1924, they were united in the Workers&#8217; Education Association, which&#8230;<\/p>\n","protected":false},"author":7,"featured_media":43419,"parent":41410,"menu_order":6,"comment_status":"closed","ping_status":"closed","template":"page-kildepakke.php","meta":{"_acf_changed":false,"editor_notices":[],"footnotes":""},"class_list":["post-43417","page","type-page","status-publish","has-post-thumbnail","hentry"],"acf":[],"yoast_head":"<!-- This site is optimized with the Yoast SEO plugin v26.3 - https:\/\/yoast.com\/wordpress\/plugins\/seo\/ -->\n<title>100 years of Arbejdernes Oplysningsforbund - Arbejdermuseet<\/title>\n<meta name=\"robots\" content=\"index, follow, max-snippet:-1, max-image-preview:large, max-video-preview:-1\" \/>\n<link rel=\"canonical\" href=\"https:\/\/arbejdermuseet.dk\/en\/library-archive\/the-early-labor-movement\/100-years-of-arbejdernes-oplysningsforbund\/\" \/>\n<meta property=\"og:locale\" content=\"en_US\" \/>\n<meta property=\"og:type\" content=\"article\" \/>\n<meta property=\"og:title\" content=\"100 years of Arbejdernes Oplysningsforbund - Arbejdermuseet\" \/>\n<meta property=\"og:description\" content=\"Ever since the beginning of the labor movement, the idea existed that workers also needed to be spiritually and culturally uplifted in order to help change Danish society. Therefore, a number of educational initiatives were launched from the start of the movement. On January 9, 1924, they were united in the Workers&#8217; Education Association, which...\" \/>\n<meta property=\"og:url\" content=\"https:\/\/arbejdermuseet.dk\/en\/library-archive\/the-early-labor-movement\/100-years-of-arbejdernes-oplysningsforbund\/\" \/>\n<meta property=\"og:site_name\" content=\"Arbejdermuseet\" \/>\n<meta property=\"article:modified_time\" content=\"2026-01-29T07:21:05+00:00\" \/>\n<meta property=\"og:image\" content=\"https:\/\/arbejdermuseet.dk\/en\/wp-content\/uploads\/sites\/2\/2025\/11\/F20130104045-scaled.jpg\" \/>\n\t<meta property=\"og:image:width\" content=\"2560\" \/>\n\t<meta property=\"og:image:height\" content=\"1649\" \/>\n\t<meta property=\"og:image:type\" content=\"image\/jpeg\" \/>\n<meta name=\"twitter:card\" content=\"summary_large_image\" \/>\n<meta name=\"twitter:label1\" content=\"Est. reading time\" \/>\n\t<meta name=\"twitter:data1\" content=\"19 minutes\" \/>\n<!-- \/ Yoast SEO plugin. -->","yoast_head_json":{"title":"100 years of Arbejdernes Oplysningsforbund - Arbejdermuseet","robots":{"index":"index","follow":"follow","max-snippet":"max-snippet:-1","max-image-preview":"max-image-preview:large","max-video-preview":"max-video-preview:-1"},"canonical":"https:\/\/arbejdermuseet.dk\/en\/library-archive\/the-early-labor-movement\/100-years-of-arbejdernes-oplysningsforbund\/","og_locale":"en_US","og_type":"article","og_title":"100 years of Arbejdernes Oplysningsforbund - Arbejdermuseet","og_description":"Ever since the beginning of the labor movement, the idea existed that workers also needed to be spiritually and culturally uplifted in order to help change Danish society. Therefore, a number of educational initiatives were launched from the start of the movement. On January 9, 1924, they were united in the Workers&#8217; Education Association, which...","og_url":"https:\/\/arbejdermuseet.dk\/en\/library-archive\/the-early-labor-movement\/100-years-of-arbejdernes-oplysningsforbund\/","og_site_name":"Arbejdermuseet","article_modified_time":"2026-01-29T07:21:05+00:00","og_image":[{"width":2560,"height":1649,"url":"https:\/\/arbejdermuseet.dk\/en\/wp-content\/uploads\/sites\/2\/2025\/11\/F20130104045-scaled.jpg","type":"image\/jpeg"}],"twitter_card":"summary_large_image","twitter_misc":{"Est. reading time":"19 minutes"},"schema":{"@context":"https:\/\/schema.org","@graph":[{"@type":"WebPage","@id":"https:\/\/arbejdermuseet.dk\/en\/library-archive\/the-early-labor-movement\/100-years-of-arbejdernes-oplysningsforbund\/","url":"https:\/\/arbejdermuseet.dk\/en\/library-archive\/the-early-labor-movement\/100-years-of-arbejdernes-oplysningsforbund\/","name":"100 years of Arbejdernes Oplysningsforbund - Arbejdermuseet","isPartOf":{"@id":"https:\/\/arbejdermuseet.dk\/en\/#website"},"primaryImageOfPage":{"@id":"https:\/\/arbejdermuseet.dk\/en\/library-archive\/the-early-labor-movement\/100-years-of-arbejdernes-oplysningsforbund\/#primaryimage"},"image":{"@id":"https:\/\/arbejdermuseet.dk\/en\/library-archive\/the-early-labor-movement\/100-years-of-arbejdernes-oplysningsforbund\/#primaryimage"},"thumbnailUrl":"https:\/\/arbejdermuseet.dk\/en\/wp-content\/uploads\/sites\/2\/2025\/11\/F20130104045-scaled.jpg","datePublished":"2025-11-17T09:51:13+00:00","dateModified":"2026-01-29T07:21:05+00:00","breadcrumb":{"@id":"https:\/\/arbejdermuseet.dk\/en\/library-archive\/the-early-labor-movement\/100-years-of-arbejdernes-oplysningsforbund\/#breadcrumb"},"inLanguage":"en-US","potentialAction":[{"@type":"ReadAction","target":["https:\/\/arbejdermuseet.dk\/en\/library-archive\/the-early-labor-movement\/100-years-of-arbejdernes-oplysningsforbund\/"]}]},{"@type":"ImageObject","inLanguage":"en-US","@id":"https:\/\/arbejdermuseet.dk\/en\/library-archive\/the-early-labor-movement\/100-years-of-arbejdernes-oplysningsforbund\/#primaryimage","url":"https:\/\/arbejdermuseet.dk\/en\/wp-content\/uploads\/sites\/2\/2025\/11\/F20130104045-scaled.jpg","contentUrl":"https:\/\/arbejdermuseet.dk\/en\/wp-content\/uploads\/sites\/2\/2025\/11\/F20130104045-scaled.jpg","width":2560,"height":1649},{"@type":"BreadcrumbList","@id":"https:\/\/arbejdermuseet.dk\/en\/library-archive\/the-early-labor-movement\/100-years-of-arbejdernes-oplysningsforbund\/#breadcrumb","itemListElement":[{"@type":"ListItem","position":1,"name":"Hjem","item":"https:\/\/arbejdermuseet.dk\/en\/"},{"@type":"ListItem","position":2,"name":"LIBRARY &amp; ARCHIVE","item":"https:\/\/arbejdermuseet.dk\/en\/library-archive\/"},{"@type":"ListItem","position":3,"name":"The Early Labor Movement","item":"https:\/\/arbejdermuseet.dk\/en\/library-archive\/the-early-labor-movement\/"},{"@type":"ListItem","position":4,"name":"100 years of Arbejdernes Oplysningsforbund"}]},{"@type":"WebSite","@id":"https:\/\/arbejdermuseet.dk\/en\/#website","url":"https:\/\/arbejdermuseet.dk\/en\/","name":"Arbejdermuseet","description":"","publisher":{"@id":"https:\/\/arbejdermuseet.dk\/en\/#organization"},"potentialAction":[{"@type":"SearchAction","target":{"@type":"EntryPoint","urlTemplate":"https:\/\/arbejdermuseet.dk\/en\/?s={search_term_string}"},"query-input":{"@type":"PropertyValueSpecification","valueRequired":true,"valueName":"search_term_string"}}],"inLanguage":"en-US"},{"@type":"Organization","@id":"https:\/\/arbejdermuseet.dk\/en\/#organization","name":"Arbejdermuseet","url":"https:\/\/arbejdermuseet.dk\/en\/","logo":{"@type":"ImageObject","inLanguage":"en-US","@id":"https:\/\/arbejdermuseet.dk\/en\/#\/schema\/logo\/image\/","url":"https:\/\/arbejdermuseet.dk\/en\/wp-content\/uploads\/sites\/2\/2025\/01\/Logo.svg","contentUrl":"https:\/\/arbejdermuseet.dk\/en\/wp-content\/uploads\/sites\/2\/2025\/01\/Logo.svg","caption":"Arbejdermuseet"},"image":{"@id":"https:\/\/arbejdermuseet.dk\/en\/#\/schema\/logo\/image\/"}}]}},"_links":{"self":[{"href":"https:\/\/arbejdermuseet.dk\/en\/wp-json\/wp\/v2\/pages\/43417","targetHints":{"allow":["GET"]}}],"collection":[{"href":"https:\/\/arbejdermuseet.dk\/en\/wp-json\/wp\/v2\/pages"}],"about":[{"href":"https:\/\/arbejdermuseet.dk\/en\/wp-json\/wp\/v2\/types\/page"}],"author":[{"embeddable":true,"href":"https:\/\/arbejdermuseet.dk\/en\/wp-json\/wp\/v2\/users\/7"}],"replies":[{"embeddable":true,"href":"https:\/\/arbejdermuseet.dk\/en\/wp-json\/wp\/v2\/comments?post=43417"}],"version-history":[{"count":7,"href":"https:\/\/arbejdermuseet.dk\/en\/wp-json\/wp\/v2\/pages\/43417\/revisions"}],"predecessor-version":[{"id":47587,"href":"https:\/\/arbejdermuseet.dk\/en\/wp-json\/wp\/v2\/pages\/43417\/revisions\/47587"}],"up":[{"embeddable":true,"href":"https:\/\/arbejdermuseet.dk\/en\/wp-json\/wp\/v2\/pages\/41410"}],"wp:featuredmedia":[{"embeddable":true,"href":"https:\/\/arbejdermuseet.dk\/en\/wp-json\/wp\/v2\/media\/43419"}],"wp:attachment":[{"href":"https:\/\/arbejdermuseet.dk\/en\/wp-json\/wp\/v2\/media?parent=43417"}],"curies":[{"name":"wp","href":"https:\/\/api.w.org\/{rel}","templated":true}]}}