{"id":41992,"date":"2025-10-30T09:44:32","date_gmt":"2025-10-30T08:44:32","guid":{"rendered":"https:\/\/arbejdermuseet.dk\/?page_id=41992"},"modified":"2026-01-29T08:24:25","modified_gmt":"2026-01-29T07:24:25","slug":"danish-personal-files-from-the-comintern-archive-in-moscow","status":"publish","type":"page","link":"https:\/\/arbejdermuseet.dk\/en\/library-archive\/party\/dkp-and-communism-in-denmark\/danish-personal-files-from-the-comintern-archive-in-moscow\/","title":{"rendered":"Danish personal files from the Comintern archive in Moscow"},"content":{"rendered":"\n<p style=\"font-style:normal;font-weight:500\"><strong>Who was a secret courier for the Comintern in the 1930s and what did they talk about when Danish communists visited the Soviet embassy in Copenhagen in the 1970s? Previously unknown archival material sheds new light on Danish communism and the Soviet system&#8217;s activities in Denmark.<\/strong><\/p>\n\n\n\n<figure class=\"wp-block-image size-full\"><img loading=\"lazy\" decoding=\"async\" width=\"1024\" height=\"790\" src=\"https:\/\/arbejdermuseet.dk\/wp-content\/uploads\/2025\/10\/kom-1024x790-1.jpg\" alt=\"\" class=\"wp-image-41993\" srcset=\"https:\/\/arbejdermuseet.dk\/en\/wp-content\/uploads\/sites\/2\/2025\/10\/kom-1024x790-1.jpg 1024w, https:\/\/arbejdermuseet.dk\/en\/wp-content\/uploads\/sites\/2\/2025\/10\/kom-1024x790-1-600x463.jpg 600w, https:\/\/arbejdermuseet.dk\/en\/wp-content\/uploads\/sites\/2\/2025\/10\/kom-1024x790-1-300x231.jpg 300w, https:\/\/arbejdermuseet.dk\/en\/wp-content\/uploads\/sites\/2\/2025\/10\/kom-1024x790-1-768x593.jpg 768w, https:\/\/arbejdermuseet.dk\/en\/wp-content\/uploads\/sites\/2\/2025\/10\/kom-1024x790-1-117x90.jpg 117w\" sizes=\"(max-width: 1024px) 100vw, 1024px\"  data-full-url=\"https:\/\/arbejdermuseet.dk\/en\/wp-content\/uploads\/sites\/2\/2025\/10\/kom-1024x790-1.jpg\" data-full-width=\"1024\" data-full-height=\"790\" \/><\/figure>\n\n\n\n<p>In the early 2010s, the Workers&#8217; Museum &amp; ABA, the Center for Cold War Studies at the University of Southern Denmark and the Russian State Archive for Socio-Political History (RGASPI) had a joint research and archive project under the heading <em>Comintern and the Danish Communists<\/em>.<\/p>\n\n\n\n<p>Central to the project has been the digitization of the Danish personal files in the Comintern archive at RGASPI. This collection of over 400 cases has not previously been used in its entirety, which is why it is with great pleasure that we can now provide access to this interesting material from ABA in Taastrup.<\/p>\n\n\n\n<p>The collection includes cases of well-known Danish communists such as Aksel Larsen, Arne Munch-Petersen, Martin Nielsen, Th\u00f8ger Th\u00f8gersen, Knud Jespersen and J\u00f8rgen Jensen, as well as a large number of smaller communists who in one way or another had contact with the Soviet system.<\/p>\n\n\n\n<figure class=\"wp-block-image size-full\"><img loading=\"lazy\" decoding=\"async\" width=\"1264\" height=\"1351\" src=\"https:\/\/arbejdermuseet.dk\/wp-content\/uploads\/2025\/10\/F20100105061-edited.jpg\" alt=\"\" class=\"wp-image-42006\" style=\"aspect-ratio:4\/3;object-fit:cover\" srcset=\"https:\/\/arbejdermuseet.dk\/en\/wp-content\/uploads\/sites\/2\/2025\/10\/F20100105061-edited.jpg 1264w, https:\/\/arbejdermuseet.dk\/en\/wp-content\/uploads\/sites\/2\/2025\/10\/F20100105061-edited-561x600.jpg 561w, https:\/\/arbejdermuseet.dk\/en\/wp-content\/uploads\/sites\/2\/2025\/10\/F20100105061-edited-281x300.jpg 281w, https:\/\/arbejdermuseet.dk\/en\/wp-content\/uploads\/sites\/2\/2025\/10\/F20100105061-edited-768x821.jpg 768w, https:\/\/arbejdermuseet.dk\/en\/wp-content\/uploads\/sites\/2\/2025\/10\/F20100105061-edited-84x90.jpg 84w, https:\/\/arbejdermuseet.dk\/en\/wp-content\/uploads\/sites\/2\/2025\/10\/F20100105061-edited-1200x1283.jpg 1200w\" sizes=\"(max-width: 1264px) 100vw, 1264px\"  data-full-url=\"https:\/\/arbejdermuseet.dk\/en\/wp-content\/uploads\/sites\/2\/2025\/10\/F20100105061-edited.jpg\" data-full-width=\"1264\" data-full-height=\"1351\" \/><figcaption class=\"wp-element-caption\">Aksel Larsen giving a speech, 1950<\/figcaption><\/figure>\n\n\n\n<p>In addition, the collection contains cases of a large number of prominent Danish politicians of both social democratic and bourgeois persuasion, including prime ministers from Vilhelm Buhl to Jens Otto Krag, as well as a few other opinion makers such as Niels Bohr.<\/p>\n\n\n\n<p>As the examples of personal files suggest, the cases do not stop with the dissolution of the Comintern in 1943. Archiving continued after the war under the auspices of the Soviet Communist Party, SUKP, right up until the fall of the Wall in 1989.<\/p>\n\n\n\n<p>The files, which vary in size from 1 page to almost 1,000 pages, typically contain biographies, letters, student evaluations from Soviet party schools and Russian news telegrams, but also reports from secret Comintern couriers and from the Soviet Embassy in Copenhagen to the International Department of the USSR Central Committee.<\/p>\n\n\n\n<p>The documents are primarily in Russian, German and Danish.<\/p>\n\n\n\n<p>See <a href=\"http:\/\/abm.reindex.net\/ABA\/main\/T.php?Ifm=Pz&amp;ColSearch=node0_0&amp;zoomed=10001&amp;qe=id%3DARK00012749\">the register of cases in the ABA&#8217;s archive system<\/a>. Access to the material is according to the archive&#8217;s general terms of access.<\/p>\n\n\n\n<p>An introduced selection of documents from the personal cases is published in the source collection \u0414\u0430\u0442\u0441\u043a\u0438\u0435 \u043a\u0430\u0434\u0440\u044b \u041c\u043e\u0441\u043a\u0432\u044b \u0432 \u0441\u0442\u0430\u043b\u0438\u043d\u0441\u043a\u043e\u0435 \u0432\u0440\u0435\u043c\u044f. \u0418\u0437\u0431\u0440\u0430\u043d\u043d\u044b\u0435 \u0434\u043e\u043a\u0443\u043c\u0435\u043d\u0442\u044b \u0438\u0437 \u043b\u0438\u0447\u043d\u044b\u0445 \u0434\u0435\u043b \u0434\u0430\u0442\u0447\u0430\u043d \u0432 \u0430\u0440\u0445\u0438\u0432\u0435 \u041a\u043e\u043c\u0438\u043d\u0442\u0435\u0440\u043d\u0430 [Danish Moscow cadres in the Stalin era. Selected documents from the Danish personal files in the Comintern archives], edited by Jesper J\u00f8rgensen, Andrei Sorokin, Thomas Wegener Friis, Alexander Chubaryan, Chris Holmsted Larsen, Morten M\u00f8ller, Anette Eklund Hansen, Svetlana Rosental and Anne-Mette Anker Hansen.<\/p>\n\n\n\n<p>The project is supported by the Carlsberg Foundation.<\/p>\n\n\n\r\n\r\n<section class=\"standout-section standout-block standout-kildepakker-parent-link is-aligned alignnone\" data-block-id=\"block_ea41632c2eaebac995a5c8768db4c78b\" style=\"--block-background-color: transparent; --block-text-color: inherit;\">\r\n\r\n\t<div class=\"standout-max-container\">\t\r\n\r\n<div class=\"standout-block-inner\">\r\n\t<span class=\"standout-parent-link\">\r\n\t\t\t\t\t<a href=\"https:\/\/arbejdermuseet.dk\/bibliotek-arkiv\/partier\/dkp-og-kommunisme-i-dk\/\"><span height=\"1em\" class=\"standout-custom-svg custom-svg\"><svg height=\"1em\" xmlns=\"http:\/\/www.w3.org\/2000\/svg\" viewBox=\"0 0 17 8\" fill=\"none\">\r\n  <path d=\"M9.95456 0L9.5654 0.627408L14.4402 3.631H0V4.36826H14.4402L9.5654 7.37259L9.95456 8L16.4444 3.99963L9.95456 0Z\" fill=\"#B12320\"\/>\r\n<\/svg><\/span> Back to DKP and Communism in Denmark<\/a>\r\n\t\t\t<\/span>\r\n<\/div>\r\n\r\n\r\n\r\n\t\t<\/div>\r\n<\/section>\n\n\r\n\r\n<section class=\"standout-section standout-block standout-basic is-aligned alignwide inner-gap-xl has-bg has-bg-color\" data-block-id=\"block_0d02ec30716e73a8604fc58a857b2b70\" style=\"--block-background-color: var(--wp--preset--color--color-light-mustard); --block-text-color: inherit; --standout-block-gap: var(--gap-xl);\">\r\n\r\n\t<div class=\"standout-max-container\">\t\r\n\r\n<div class=\"standout-block-inner\">\r\n\t\r\n\t\t\t<div class=\"acf-innerblocks-container\">\n\n<div class=\"wp-block-columns is-layout-flex wp-container-core-columns-is-layout-1 wp-block-columns-is-layout-flex\">\n<div class=\"wp-block-column is-layout-flow wp-block-column-is-layout-flow\">\n<h3 class=\"wp-block-heading\" style=\"text-transform:uppercase\">Others also read<\/h3>\n<\/div>\n\n\n\n<div class=\"wp-block-column is-vertically-aligned-bottom is-layout-flow wp-block-column-is-layout-flow\">\n<div class=\"wp-block-buttons is-content-justification-right is-layout-flex wp-container-core-buttons-is-layout-1 wp-block-buttons-is-layout-flex\">\n<div class=\"wp-block-button is-style-standout-bottom-border\"><span class=\"btn_wrapper\"><a class=\"wp-block-button__link wp-element-button\">See our full library &amp; archive<svg class=\"icon_arrow\" width=\"17\" height=\"8\" viewBox=\"0 0 17 8\" fill=\"none\" xmlns=\"http:\/\/www.w3.org\/2000\/svg\"><path d=\"M10.2909 0L9.88856 0.627408L14.9281 3.631H0V4.36826H14.9281L9.88856 7.37259L10.2909 8L17 3.99963L10.2909 0Z\" fill=\"currentcolor\"\/><\/svg><\/a><\/span><\/div>\n<\/div>\n<\/div>\n<\/div>\n\n\n\r\n\r\n<section class=\"standout-section standout-block standout-columns is-aligned alignwide\" data-block-id=\"block_903dc76b079624a76c6a62cefed54b8a\" style=\"--block-background-color: transparent; --block-text-color: inherit; --columns: 3; --column-span: 1; --row-span: 1; --element-alignment: flex-start;\" data-columns=\"3\">\r\n\r\n\t<div class=\"standout-max-container\">\t\r\n\r\n<div class=\"standout-block-inner\">\r\n\t\t\t<div class=\"acf-innerblocks-container\">\n\r\n\r\n<section class=\"standout-block standout-column-element is-aligned alignwide\" data-block-id=\"block_61adfdfec509069505fc935bcb4f3846\" style=\"--block-background-color: transparent; --block-text-color: inherit; --align-content: flex-start;\" data-align-content=\"flex-start\">\r\n\r\n\t<div class=\"standout-max-container\">\t\r\n\r\n<div class=\"standout-block-inner\">\r\n\t\r\n\t\t\r\n\t\t\t<div class=\"acf-innerblocks-container\">\n\n<figure class=\"wp-block-image size-full\"><img loading=\"lazy\" decoding=\"async\" width=\"460\" height=\"360\" src=\"https:\/\/arbejdermuseet.dk\/wp-content\/uploads\/2025\/03\/Stauning3-790x600-1.jpg\" alt=\"\" class=\"wp-image-346\" srcset=\"https:\/\/arbejdermuseet.dk\/en\/wp-content\/uploads\/sites\/2\/2025\/03\/Stauning3-790x600-1.jpg 460w, https:\/\/arbejdermuseet.dk\/en\/wp-content\/uploads\/sites\/2\/2025\/03\/Stauning3-790x600-1-300x235.jpg 300w, https:\/\/arbejdermuseet.dk\/en\/wp-content\/uploads\/sites\/2\/2025\/03\/Stauning3-790x600-1-115x90.jpg 115w\" sizes=\"(max-width: 460px) 100vw, 460px\"  data-full-url=\"https:\/\/arbejdermuseet.dk\/en\/wp-content\/uploads\/sites\/2\/2025\/03\/Stauning3-790x600-1.jpg\" data-full-width=\"460\" data-full-height=\"360\" \/><\/figure>\n\n\n\n<h3 class=\"wp-block-heading\">THE STAUNING OF ALL OF DENMARK<\/h3>\n\n\n\n<p>Thorvald Stauning was a beacon in Danish politics and is the longest-serving prime minister of the 20th century<\/p>\n\n\n\n<div class=\"wp-block-buttons is-layout-flex wp-block-buttons-is-layout-flex\">\n<div class=\"wp-block-button is-style-standout-bottom-border\"><span class=\"btn_wrapper\"><a class=\"wp-block-button__link wp-element-button\">Get more knowledge<svg class=\"icon_arrow\" width=\"17\" height=\"8\" viewBox=\"0 0 17 8\" fill=\"none\" xmlns=\"http:\/\/www.w3.org\/2000\/svg\"><path d=\"M10.2909 0L9.88856 0.627408L14.9281 3.631H0V4.36826H14.9281L9.88856 7.37259L10.2909 8L17 3.99963L10.2909 0Z\" fill=\"currentcolor\"\/><\/svg><\/a><\/span><\/div>\n<\/div>\n\n<\/div>\r\n\t<\/div>\r\n\r\n\r\n\r\n\t\t<\/div>\r\n<\/section>\n\n\r\n\r\n<section class=\"standout-block standout-column-element is-aligned alignwide\" data-block-id=\"block_61adfdfec509069505fc935bcb4f3846\" style=\"--block-background-color: transparent; --block-text-color: inherit; --align-content: flex-start;\" data-align-content=\"flex-start\">\r\n\r\n\t<div class=\"standout-max-container\">\t\r\n\r\n<div class=\"standout-block-inner\">\r\n\t\r\n\t\t\r\n\t\t\t<div class=\"acf-innerblocks-container\">\n\n<figure class=\"wp-block-image size-full\"><img loading=\"lazy\" decoding=\"async\" width=\"460\" height=\"360\" src=\"https:\/\/arbejdermuseet.dk\/wp-content\/uploads\/2025\/03\/En_agitator_Henningsen-790x600-1.jpg\" alt=\"\" class=\"wp-image-347\" srcset=\"https:\/\/arbejdermuseet.dk\/en\/wp-content\/uploads\/sites\/2\/2025\/03\/En_agitator_Henningsen-790x600-1.jpg 460w, https:\/\/arbejdermuseet.dk\/en\/wp-content\/uploads\/sites\/2\/2025\/03\/En_agitator_Henningsen-790x600-1-300x235.jpg 300w, https:\/\/arbejdermuseet.dk\/en\/wp-content\/uploads\/sites\/2\/2025\/03\/En_agitator_Henningsen-790x600-1-115x90.jpg 115w\" sizes=\"(max-width: 460px) 100vw, 460px\"  data-full-url=\"https:\/\/arbejdermuseet.dk\/en\/wp-content\/uploads\/sites\/2\/2025\/03\/En_agitator_Henningsen-790x600-1.jpg\" data-full-width=\"460\" data-full-height=\"360\" \/><\/figure>\n\n\n\n<h3 class=\"wp-block-heading\">WITH THE LAW OR WITHOUT<\/h3>\n\n\n\n<p>In 1871, the living conditions for the few industrial workers in Denmark at the time were appalling. But when the labor..<\/p>\n\n\n\n<div class=\"wp-block-buttons is-layout-flex wp-block-buttons-is-layout-flex\">\n<div class=\"wp-block-button is-style-standout-bottom-border\"><span class=\"btn_wrapper\"><a class=\"wp-block-button__link wp-element-button\">Get more knowledge<svg class=\"icon_arrow\" width=\"17\" height=\"8\" viewBox=\"0 0 17 8\" fill=\"none\" xmlns=\"http:\/\/www.w3.org\/2000\/svg\"><path d=\"M10.2909 0L9.88856 0.627408L14.9281 3.631H0V4.36826H14.9281L9.88856 7.37259L10.2909 8L17 3.99963L10.2909 0Z\" fill=\"currentcolor\"\/><\/svg><\/a><\/span><\/div>\n<\/div>\n\n<\/div>\r\n\t<\/div>\r\n\r\n\r\n\r\n\t\t<\/div>\r\n<\/section>\n\n\r\n\r\n<section class=\"standout-block standout-column-element is-aligned alignwide\" data-block-id=\"block_9ad741b640724e02b443e6794e694b6b\" style=\"--block-background-color: transparent; --block-text-color: inherit; --align-content: flex-start;\" data-align-content=\"flex-start\">\r\n\r\n\t<div class=\"standout-max-container\">\t\r\n\r\n<div class=\"standout-block-inner\">\r\n\t\r\n\t\t\r\n\t\t\t<div class=\"acf-innerblocks-container\">\n\n<figure class=\"wp-block-image size-full\"><img loading=\"lazy\" decoding=\"async\" width=\"460\" height=\"360\" src=\"https:\/\/arbejdermuseet.dk\/wp-content\/uploads\/2025\/03\/1-maj-mangler-aarstal-m20080305051_02-kopi-790x600-1.jpg\" alt=\"\" class=\"wp-image-348\" srcset=\"https:\/\/arbejdermuseet.dk\/en\/wp-content\/uploads\/sites\/2\/2025\/03\/1-maj-mangler-aarstal-m20080305051_02-kopi-790x600-1.jpg 460w, https:\/\/arbejdermuseet.dk\/en\/wp-content\/uploads\/sites\/2\/2025\/03\/1-maj-mangler-aarstal-m20080305051_02-kopi-790x600-1-300x235.jpg 300w, https:\/\/arbejdermuseet.dk\/en\/wp-content\/uploads\/sites\/2\/2025\/03\/1-maj-mangler-aarstal-m20080305051_02-kopi-790x600-1-115x90.jpg 115w\" sizes=\"(max-width: 460px) 100vw, 460px\"  data-full-url=\"https:\/\/arbejdermuseet.dk\/en\/wp-content\/uploads\/sites\/2\/2025\/03\/1-maj-mangler-aarstal-m20080305051_02-kopi-790x600-1.jpg\" data-full-width=\"460\" data-full-height=\"360\" \/><\/figure>\n\n\n\n<h3 class=\"wp-block-heading\">THE BATTLE FOR TIME<\/h3>\n\n\n\n<p>Working 48 hours a week. It sounds like a lot for a Danish worker in 2019. But 100 years earlier, it was just..<\/p>\n\n\n\n<div class=\"wp-block-buttons is-layout-flex wp-block-buttons-is-layout-flex\">\n<div class=\"wp-block-button is-style-standout-bottom-border\"><span class=\"btn_wrapper\"><a class=\"wp-block-button__link wp-element-button\">Learn more<svg class=\"icon_arrow\" width=\"17\" height=\"8\" viewBox=\"0 0 17 8\" fill=\"none\" xmlns=\"http:\/\/www.w3.org\/2000\/svg\"><path d=\"M10.2909 0L9.88856 0.627408L14.9281 3.631H0V4.36826H14.9281L9.88856 7.37259L10.2909 8L17 3.99963L10.2909 0Z\" fill=\"currentcolor\"\/><\/svg><\/a><\/span><\/div>\n<\/div>\n\n<\/div>\r\n\t<\/div>\r\n\r\n\r\n\r\n\t\t<\/div>\r\n<\/section>\n<\/div>\r\n\t<\/div>\r\n\r\n\r\n\r\n\t\t<\/div>\r\n<\/section>\n<\/div>\r\n\t<\/div>\r\n\r\n\r\n\r\n\t\t<\/div>\r\n<\/section>\n\n\r\n\r\n<section class=\"standout-section standout-block standout-related-content is-aligned alignfull off-center-slider\" data-block-id=\"block_12c3bd5dbfd7b9c3d29a77457d8c57cb\" style=\"--block-background-color: transparent; --block-text-color: inherit;\">\r\n\r\n\t<div class=\"standout-max-container\">\t\r\n\r\n<div class=\"standout-block-inner\">\r\n\t\t\t<div class=\"acf-innerblocks-container\">\n\n<h3 class=\"wp-block-heading\" style=\"text-transform:uppercase\">If you find this topic interesting<\/h3>\n\n\n\r\n\r\n<section class=\"standout-block standout-related-content-inner is-aligned alignfull\" data-block-id=\"block_088e2ce0eda9161d586ab0efc38f4525\" style=\"--block-background-color: transparent; --block-text-color: inherit;\" data-related-content=\"tag\">\r\n\r\n\t<div class=\"standout-max-container\">\t\r\n\r\n\r\n\r\n<div class=\"standout-block-inner\">\r\n\t\t\t\r\n\r\n<section class=\"standout-section standout-block standout-posts is-aligned alignwide\" data-block-id=\"block_7c0707900ae6bfcee6327cd2b77671ac\" style=\"--block-background-color: transparent; --block-text-color: inherit;\" template=\"02\">\r\n\r\n\t<div class=\"standout-max-container\">\t\r\n\r\n<div class=\"standout-block-inner\">\r\n\t<div class=\"acf-innerblocks-container\">\r\n\t\t\r\n\r\n<section class=\"standout-section standout-block standout-slider is-aligned alignfull has-bg\" data-block-id=\"block_c83c72db4e770daafde19383c04ba402\" style=\"--block-background-color: transparent; --block-text-color: inherit; --slider-columns: 4;\" data-columns=\"4\" data-slider=\"{&quot;slidesToShow&quot;:&quot;4&quot;,&quot;slidesToScroll&quot;:&quot;1&quot;,&quot;dots&quot;:&quot;false&quot;,&quot;arrows&quot;:&quot;true&quot;,&quot;adaptiveHeight&quot;:&quot;false&quot;,&quot;autoplay&quot;:&quot;true&quot;,&quot;autoplaySpeed&quot;:&quot;5000&quot;,&quot;speed&quot;:&quot;1000&quot;,&quot;infinite&quot;:&quot;true&quot;,&quot;centerMode&quot;:&quot;false&quot;,&quot;fade&quot;:&quot;false&quot;}\" data-slider-responsive=\"null\">\r\n\r\n\t<div class=\"standout-max-container\">\t\n\n<div class=\"standout-block-inner\" >\n\t\t\t\t\t<div class=\"acf-innerblocks-container is-slick-slider\">\n\t\t\t\r\n\r\n<section class=\"standout-block standout-slide-element is-aligned alignwide\" data-block-id=\"block_9b02f91ca770b56d478f5b7c3e49a06d\" style=\"--block-background-color: transparent; --block-text-color: inherit;\">\r\n\r\n\t\t\r\n\r\n\t<div class=\"acf-innerblocks-container\">\r\n\t\t\r\n<div class=\"post post-loop post-loop-type-page\">\r\n\t\t\t<div class=\"post-thumbnail-wrap\">\r\n\t\t\t\t\t\t\t<img loading=\"lazy\" decoding=\"async\" width=\"1414\" height=\"2000\" src=\"https:\/\/arbejdermuseet.dk\/en\/wp-content\/uploads\/sites\/2\/2025\/12\/Arbejderhistorieprisen-Nov2.jpg\" class=\"attachment-post-thumbnail size-post-thumbnail wp-post-image\" alt=\"\" srcset=\"https:\/\/arbejdermuseet.dk\/en\/wp-content\/uploads\/sites\/2\/2025\/12\/Arbejderhistorieprisen-Nov2.jpg 1414w, https:\/\/arbejdermuseet.dk\/en\/wp-content\/uploads\/sites\/2\/2025\/12\/Arbejderhistorieprisen-Nov2-424x600.jpg 424w, https:\/\/arbejdermuseet.dk\/en\/wp-content\/uploads\/sites\/2\/2025\/12\/Arbejderhistorieprisen-Nov2-1357x1920.jpg 1357w, https:\/\/arbejdermuseet.dk\/en\/wp-content\/uploads\/sites\/2\/2025\/12\/Arbejderhistorieprisen-Nov2-212x300.jpg 212w, https:\/\/arbejdermuseet.dk\/en\/wp-content\/uploads\/sites\/2\/2025\/12\/Arbejderhistorieprisen-Nov2-768x1086.jpg 768w, https:\/\/arbejdermuseet.dk\/en\/wp-content\/uploads\/sites\/2\/2025\/12\/Arbejderhistorieprisen-Nov2-1086x1536.jpg 1086w, https:\/\/arbejdermuseet.dk\/en\/wp-content\/uploads\/sites\/2\/2025\/12\/Arbejderhistorieprisen-Nov2-64x90.jpg 64w, https:\/\/arbejdermuseet.dk\/en\/wp-content\/uploads\/sites\/2\/2025\/12\/Arbejderhistorieprisen-Nov2-1200x1697.jpg 1200w\" sizes=\"(max-width: 1414px) 100vw, 1414px\" data-copyright=\"\" data-headline=\"Arbejderhistorieprisen Nov2\" data-description=\"\"  data-full-url=\"\" \/>\t\t\t\t\t<\/div>\r\n\t\r\n\t\t\t\t<div class=\"post-ancestor-title\">\r\n\t\t\t<span>LABOUR HISTORY<\/span>\r\n\t\t<\/div>\r\n\t\r\n\t<div class=\"post-title-wrap\">\r\n\t\t<span class=\"post-title\">Labor History Prize<\/span>\r\n\t<\/div>\r\n\r\n\t<a class=\"post-read-more-link\" href=\"https:\/\/arbejdermuseet.dk\/en\/library-archive\/labor-history-prize\/\">\r\n\t\tRead more <span height=\"1em\" class=\"standout-custom-svg custom-svg\"><svg height=\"1em\" xmlns=\"http:\/\/www.w3.org\/2000\/svg\" viewBox=\"0 0 17 8\" fill=\"none\">\r\n  <path d=\"M9.95456 0L9.5654 0.627408L14.4402 3.631H0V4.36826H14.4402L9.5654 7.37259L9.95456 8L16.4444 3.99963L9.95456 0Z\" fill=\"#B12320\"\/>\r\n<\/svg><\/span>\t<\/a>\r\n<\/div>\r\n\t<\/div>\r\n\r\n\r\n\r\n\t\t\r\n<\/section>\r\n\r\n<section class=\"standout-block standout-slide-element is-aligned alignwide\" data-block-id=\"block_80fb7fa26f0e0c773f42bac53e21ce87\" style=\"--block-background-color: transparent; --block-text-color: inherit;\">\r\n\r\n\t<div class=\"standout-max-container\">\t\r\n\r\n\t<div class=\"acf-innerblocks-container\">\r\n\t\t\r\n<div class=\"post post-loop post-loop-type-page\">\r\n\t\t\t<div class=\"post-thumbnail-wrap\">\r\n\t\t\t\t\t\t\t<img loading=\"lazy\" decoding=\"async\" width=\"2560\" height=\"1902\" src=\"https:\/\/arbejdermuseet.dk\/en\/wp-content\/uploads\/sites\/2\/2025\/11\/M20080305071-1-scaled.jpg\" class=\"attachment-post-thumbnail size-post-thumbnail wp-post-image\" alt=\"\" srcset=\"https:\/\/arbejdermuseet.dk\/en\/wp-content\/uploads\/sites\/2\/2025\/11\/M20080305071-1-scaled.jpg 2560w, https:\/\/arbejdermuseet.dk\/en\/wp-content\/uploads\/sites\/2\/2025\/11\/M20080305071-1-600x446.jpg 600w, https:\/\/arbejdermuseet.dk\/en\/wp-content\/uploads\/sites\/2\/2025\/11\/M20080305071-1-1920x1426.jpg 1920w, https:\/\/arbejdermuseet.dk\/en\/wp-content\/uploads\/sites\/2\/2025\/11\/M20080305071-1-300x223.jpg 300w, https:\/\/arbejdermuseet.dk\/en\/wp-content\/uploads\/sites\/2\/2025\/11\/M20080305071-1-768x570.jpg 768w, https:\/\/arbejdermuseet.dk\/en\/wp-content\/uploads\/sites\/2\/2025\/11\/M20080305071-1-1536x1141.jpg 1536w, https:\/\/arbejdermuseet.dk\/en\/wp-content\/uploads\/sites\/2\/2025\/11\/M20080305071-1-2048x1521.jpg 2048w, https:\/\/arbejdermuseet.dk\/en\/wp-content\/uploads\/sites\/2\/2025\/11\/M20080305071-1-121x90.jpg 121w, https:\/\/arbejdermuseet.dk\/en\/wp-content\/uploads\/sites\/2\/2025\/11\/M20080305071-1-1200x891.jpg 1200w\" sizes=\"(max-width: 2560px) 100vw, 2560px\" data-copyright=\"\" data-headline=\"M20080305071\" data-description=\"\"  data-full-url=\"\" \/>\t\t\t\t\t<\/div>\r\n\t\r\n\t\t\t\t<div class=\"post-ancestor-title\">\r\n\t\t\t<span>LABOUR HISTORY<\/span>\r\n\t\t<\/div>\r\n\t\r\n\t<div class=\"post-title-wrap\">\r\n\t\t<span class=\"post-title\">Stauning&#8217;s life in pictures<\/span>\r\n\t<\/div>\r\n\r\n\t<a class=\"post-read-more-link\" href=\"https:\/\/arbejdermuseet.dk\/en\/library-archive\/all-of-denmarks-stauning\/staunings-life-in-pictures\/\">\r\n\t\tRead more <span height=\"1em\" class=\"standout-custom-svg custom-svg\"><svg height=\"1em\" xmlns=\"http:\/\/www.w3.org\/2000\/svg\" viewBox=\"0 0 17 8\" fill=\"none\">\r\n  <path d=\"M9.95456 0L9.5654 0.627408L14.4402 3.631H0V4.36826H14.4402L9.5654 7.37259L9.95456 8L16.4444 3.99963L9.95456 0Z\" fill=\"#B12320\"\/>\r\n<\/svg><\/span>\t<\/a>\r\n<\/div>\r\n\t<\/div>\r\n\r\n\r\n\r\n\t\t<\/div>\r\n<\/section>\r\n\r\n<section class=\"standout-block standout-slide-element is-aligned alignwide\" data-block-id=\"block_3a86683e1ebc5c55d3b40cfaf31a571e\" style=\"--block-background-color: transparent; --block-text-color: inherit;\">\r\n\r\n\t<div class=\"standout-max-container\">\t\r\n\r\n\t<div class=\"acf-innerblocks-container\">\r\n\t\t\r\n<div class=\"post post-loop post-loop-type-page\">\r\n\t\t\t<div class=\"post-thumbnail-wrap\">\r\n\t\t\t\t\t\t\t<img loading=\"lazy\" decoding=\"async\" width=\"2440\" height=\"1689\" src=\"https:\/\/arbejdermuseet.dk\/en\/wp-content\/uploads\/sites\/2\/2025\/10\/F20110320010.jpg\" class=\"attachment-post-thumbnail size-post-thumbnail wp-post-image\" alt=\"\" srcset=\"https:\/\/arbejdermuseet.dk\/en\/wp-content\/uploads\/sites\/2\/2025\/10\/F20110320010.jpg 2440w, https:\/\/arbejdermuseet.dk\/en\/wp-content\/uploads\/sites\/2\/2025\/10\/F20110320010-600x415.jpg 600w, https:\/\/arbejdermuseet.dk\/en\/wp-content\/uploads\/sites\/2\/2025\/10\/F20110320010-1920x1329.jpg 1920w, https:\/\/arbejdermuseet.dk\/en\/wp-content\/uploads\/sites\/2\/2025\/10\/F20110320010-300x208.jpg 300w, https:\/\/arbejdermuseet.dk\/en\/wp-content\/uploads\/sites\/2\/2025\/10\/F20110320010-768x532.jpg 768w, https:\/\/arbejdermuseet.dk\/en\/wp-content\/uploads\/sites\/2\/2025\/10\/F20110320010-1536x1063.jpg 1536w, https:\/\/arbejdermuseet.dk\/en\/wp-content\/uploads\/sites\/2\/2025\/10\/F20110320010-2048x1418.jpg 2048w, https:\/\/arbejdermuseet.dk\/en\/wp-content\/uploads\/sites\/2\/2025\/10\/F20110320010-130x90.jpg 130w, https:\/\/arbejdermuseet.dk\/en\/wp-content\/uploads\/sites\/2\/2025\/10\/F20110320010-1200x831.jpg 1200w\" sizes=\"(max-width: 2440px) 100vw, 2440px\" data-copyright=\"\" data-headline=\"F20110320010\" data-description=\"\"  data-full-url=\"\" \/>\t\t\t\t\t<\/div>\r\n\t\r\n\t\t\t\t<div class=\"post-ancestor-title\">\r\n\t\t\t<span>LABOUR HISTORY<\/span>\r\n\t\t<\/div>\r\n\t\r\n\t<div class=\"post-title-wrap\">\r\n\t\t<span class=\"post-title\">The Easter crisis: The end<\/span>\r\n\t<\/div>\r\n\r\n\t<a class=\"post-read-more-link\" href=\"https:\/\/arbejdermuseet.dk\/en\/library-archive\/the-easter-crisis\/the-easter-crisis-the-end\/\">\r\n\t\tRead more <span height=\"1em\" class=\"standout-custom-svg custom-svg\"><svg height=\"1em\" xmlns=\"http:\/\/www.w3.org\/2000\/svg\" viewBox=\"0 0 17 8\" fill=\"none\">\r\n  <path d=\"M9.95456 0L9.5654 0.627408L14.4402 3.631H0V4.36826H14.4402L9.5654 7.37259L9.95456 8L16.4444 3.99963L9.95456 0Z\" fill=\"#B12320\"\/>\r\n<\/svg><\/span>\t<\/a>\r\n<\/div>\r\n\t<\/div>\r\n\r\n\r\n\r\n\t\t<\/div>\r\n<\/section>\r\n\r\n<section class=\"standout-block standout-slide-element is-aligned alignwide\" data-block-id=\"block_af306566f6a9e7a3a4660c3495970e79\" style=\"--block-background-color: transparent; --block-text-color: inherit;\">\r\n\r\n\t<div class=\"standout-max-container\">\t\r\n\r\n\t<div class=\"acf-innerblocks-container\">\r\n\t\t\r\n<div class=\"post post-loop post-loop-type-page\">\r\n\t\t\t<div class=\"post-thumbnail-wrap\">\r\n\t\t\t\t\t\t\t<img loading=\"lazy\" decoding=\"async\" width=\"1642\" height=\"1024\" src=\"https:\/\/arbejdermuseet.dk\/en\/wp-content\/uploads\/sites\/2\/2025\/11\/F20130219140.jpg\" class=\"attachment-post-thumbnail size-post-thumbnail wp-post-image\" alt=\"\" srcset=\"https:\/\/arbejdermuseet.dk\/en\/wp-content\/uploads\/sites\/2\/2025\/11\/F20130219140.jpg 1642w, https:\/\/arbejdermuseet.dk\/en\/wp-content\/uploads\/sites\/2\/2025\/11\/F20130219140-600x374.jpg 600w, https:\/\/arbejdermuseet.dk\/en\/wp-content\/uploads\/sites\/2\/2025\/11\/F20130219140-300x187.jpg 300w, https:\/\/arbejdermuseet.dk\/en\/wp-content\/uploads\/sites\/2\/2025\/11\/F20130219140-768x479.jpg 768w, https:\/\/arbejdermuseet.dk\/en\/wp-content\/uploads\/sites\/2\/2025\/11\/F20130219140-1536x958.jpg 1536w, https:\/\/arbejdermuseet.dk\/en\/wp-content\/uploads\/sites\/2\/2025\/11\/F20130219140-144x90.jpg 144w, https:\/\/arbejdermuseet.dk\/en\/wp-content\/uploads\/sites\/2\/2025\/11\/F20130219140-1200x748.jpg 1200w\" sizes=\"(max-width: 1642px) 100vw, 1642px\" data-copyright=\"\" data-headline=\"F20130219140\" data-description=\"\"  data-full-url=\"\" \/>\t\t\t\t\t<\/div>\r\n\t\r\n\t\t\t\t<div class=\"post-ancestor-title\">\r\n\t\t\t<span>LABOUR HISTORY<\/span>\r\n\t\t<\/div>\r\n\t\r\n\t<div class=\"post-title-wrap\">\r\n\t\t<span class=\"post-title\">Easter crisis: &#8220;Down with Christian!&#8221;<\/span>\r\n\t<\/div>\r\n\r\n\t<a class=\"post-read-more-link\" href=\"https:\/\/arbejdermuseet.dk\/en\/library-archive\/the-easter-crisis\/easter-crisis-down-with-christian\/\">\r\n\t\tRead more <span height=\"1em\" class=\"standout-custom-svg custom-svg\"><svg height=\"1em\" xmlns=\"http:\/\/www.w3.org\/2000\/svg\" viewBox=\"0 0 17 8\" fill=\"none\">\r\n  <path d=\"M9.95456 0L9.5654 0.627408L14.4402 3.631H0V4.36826H14.4402L9.5654 7.37259L9.95456 8L16.4444 3.99963L9.95456 0Z\" fill=\"#B12320\"\/>\r\n<\/svg><\/span>\t<\/a>\r\n<\/div>\r\n\t<\/div>\r\n\r\n\r\n\r\n\t\t<\/div>\r\n<\/section>\r\n\r\n<section class=\"standout-block standout-slide-element is-aligned alignwide\" data-block-id=\"block_ffa3018beab23e2b6c6559a39de14cb8\" style=\"--block-background-color: transparent; --block-text-color: inherit;\">\r\n\r\n\t<div class=\"standout-max-container\">\t\r\n\r\n\t<div class=\"acf-innerblocks-container\">\r\n\t\t\r\n<div class=\"post post-loop post-loop-type-page\">\r\n\t\t\t<div class=\"post-thumbnail-wrap\">\r\n\t\t\t\t\t\t\t<img loading=\"lazy\" decoding=\"async\" width=\"2560\" height=\"1925\" src=\"https:\/\/arbejdermuseet.dk\/en\/wp-content\/uploads\/sites\/2\/2025\/11\/F20090124013-scaled.jpg\" class=\"attachment-post-thumbnail size-post-thumbnail wp-post-image\" alt=\"\" srcset=\"https:\/\/arbejdermuseet.dk\/en\/wp-content\/uploads\/sites\/2\/2025\/11\/F20090124013-scaled.jpg 2560w, https:\/\/arbejdermuseet.dk\/en\/wp-content\/uploads\/sites\/2\/2025\/11\/F20090124013-600x451.jpg 600w, https:\/\/arbejdermuseet.dk\/en\/wp-content\/uploads\/sites\/2\/2025\/11\/F20090124013-1920x1443.jpg 1920w, https:\/\/arbejdermuseet.dk\/en\/wp-content\/uploads\/sites\/2\/2025\/11\/F20090124013-300x226.jpg 300w, https:\/\/arbejdermuseet.dk\/en\/wp-content\/uploads\/sites\/2\/2025\/11\/F20090124013-768x577.jpg 768w, https:\/\/arbejdermuseet.dk\/en\/wp-content\/uploads\/sites\/2\/2025\/11\/F20090124013-1536x1155.jpg 1536w, https:\/\/arbejdermuseet.dk\/en\/wp-content\/uploads\/sites\/2\/2025\/11\/F20090124013-2048x1540.jpg 2048w, https:\/\/arbejdermuseet.dk\/en\/wp-content\/uploads\/sites\/2\/2025\/11\/F20090124013-120x90.jpg 120w, https:\/\/arbejdermuseet.dk\/en\/wp-content\/uploads\/sites\/2\/2025\/11\/F20090124013-1200x902.jpg 1200w\" sizes=\"(max-width: 2560px) 100vw, 2560px\" data-copyright=\"\" data-headline=\"F20090124013\" data-description=\"\"  data-full-url=\"\" \/>\t\t\t\t\t<\/div>\r\n\t\r\n\t\t\t\t<div class=\"post-ancestor-title\">\r\n\t\t\t<span>LABOUR HISTORY<\/span>\r\n\t\t<\/div>\r\n\t\r\n\t<div class=\"post-title-wrap\">\r\n\t\t<span class=\"post-title\">Six about Stauning<\/span>\r\n\t<\/div>\r\n\r\n\t<a class=\"post-read-more-link\" href=\"https:\/\/arbejdermuseet.dk\/en\/library-archive\/all-of-denmarks-stauning\/six-about-stauning\/\">\r\n\t\tRead more <span height=\"1em\" class=\"standout-custom-svg custom-svg\"><svg height=\"1em\" xmlns=\"http:\/\/www.w3.org\/2000\/svg\" viewBox=\"0 0 17 8\" fill=\"none\">\r\n  <path d=\"M9.95456 0L9.5654 0.627408L14.4402 3.631H0V4.36826H14.4402L9.5654 7.37259L9.95456 8L16.4444 3.99963L9.95456 0Z\" fill=\"#B12320\"\/>\r\n<\/svg><\/span>\t<\/a>\r\n<\/div>\r\n\t<\/div>\r\n\r\n\r\n\r\n\t\t<\/div>\r\n<\/section>\r\n\r\n<section class=\"standout-block standout-slide-element is-aligned alignwide\" data-block-id=\"block_316cd69338d30156b7806fa1042eb6d7\" style=\"--block-background-color: transparent; --block-text-color: inherit;\">\r\n\r\n\t<div class=\"standout-max-container\">\t\r\n\r\n\t<div class=\"acf-innerblocks-container\">\r\n\t\t\r\n<div class=\"post post-loop post-loop-type-page\">\r\n\t\t\t<div class=\"post-thumbnail-wrap\">\r\n\t\t\t\t\t\t\t<img loading=\"lazy\" decoding=\"async\" width=\"1504\" height=\"922\" src=\"https:\/\/arbejdermuseet.dk\/en\/wp-content\/uploads\/sites\/2\/2025\/11\/F20120305024.jpg\" class=\"attachment-post-thumbnail size-post-thumbnail wp-post-image\" alt=\"F20120305024\" srcset=\"https:\/\/arbejdermuseet.dk\/en\/wp-content\/uploads\/sites\/2\/2025\/11\/F20120305024.jpg 1504w, https:\/\/arbejdermuseet.dk\/en\/wp-content\/uploads\/sites\/2\/2025\/11\/F20120305024-600x368.jpg 600w, https:\/\/arbejdermuseet.dk\/en\/wp-content\/uploads\/sites\/2\/2025\/11\/F20120305024-300x184.jpg 300w, https:\/\/arbejdermuseet.dk\/en\/wp-content\/uploads\/sites\/2\/2025\/11\/F20120305024-768x471.jpg 768w, https:\/\/arbejdermuseet.dk\/en\/wp-content\/uploads\/sites\/2\/2025\/11\/F20120305024-147x90.jpg 147w, https:\/\/arbejdermuseet.dk\/en\/wp-content\/uploads\/sites\/2\/2025\/11\/F20120305024-1200x736.jpg 1200w\" sizes=\"(max-width: 1504px) 100vw, 1504px\" data-copyright=\"\" data-headline=\"F20120305024\" data-description=\"\"  data-full-url=\"\" \/>\t\t\t\t\t<\/div>\r\n\t\r\n\t\t\t\t<div class=\"post-ancestor-title\">\r\n\t\t\t<span>LABOUR HISTORY<\/span>\r\n\t\t<\/div>\r\n\t\r\n\t<div class=\"post-title-wrap\">\r\n\t\t<span class=\"post-title\">the 1930s and Stauning<\/span>\r\n\t<\/div>\r\n\r\n\t<a class=\"post-read-more-link\" href=\"https:\/\/arbejdermuseet.dk\/en\/library-archive\/all-of-denmarks-stauning\/the-1930s-and-stauning\/\">\r\n\t\tRead more <span height=\"1em\" class=\"standout-custom-svg custom-svg\"><svg height=\"1em\" xmlns=\"http:\/\/www.w3.org\/2000\/svg\" viewBox=\"0 0 17 8\" fill=\"none\">\r\n  <path d=\"M9.95456 0L9.5654 0.627408L14.4402 3.631H0V4.36826H14.4402L9.5654 7.37259L9.95456 8L16.4444 3.99963L9.95456 0Z\" fill=\"#B12320\"\/>\r\n<\/svg><\/span>\t<\/a>\r\n<\/div>\r\n\t<\/div>\r\n\r\n\r\n\r\n\t\t<\/div>\r\n<\/section>\r\n\r\n<section class=\"standout-block standout-slide-element is-aligned alignwide\" data-block-id=\"block_cc09d04bf9490dcad87a6bc8d80b5605\" style=\"--block-background-color: transparent; --block-text-color: inherit;\">\r\n\r\n\t<div class=\"standout-max-container\">\t\r\n\r\n\t<div class=\"acf-innerblocks-container\">\r\n\t\t\r\n<div class=\"post post-loop post-loop-type-page\">\r\n\t\t\t<div class=\"post-thumbnail-wrap\">\r\n\t\t\t\t\t\t\t<img loading=\"lazy\" decoding=\"async\" width=\"2560\" height=\"1692\" src=\"https:\/\/arbejdermuseet.dk\/en\/wp-content\/uploads\/sites\/2\/2025\/11\/F20180801004_01-scaled.jpg\" class=\"attachment-post-thumbnail size-post-thumbnail wp-post-image\" alt=\"\" srcset=\"https:\/\/arbejdermuseet.dk\/en\/wp-content\/uploads\/sites\/2\/2025\/11\/F20180801004_01-scaled.jpg 2560w, https:\/\/arbejdermuseet.dk\/en\/wp-content\/uploads\/sites\/2\/2025\/11\/F20180801004_01-600x397.jpg 600w, https:\/\/arbejdermuseet.dk\/en\/wp-content\/uploads\/sites\/2\/2025\/11\/F20180801004_01-1920x1269.jpg 1920w, https:\/\/arbejdermuseet.dk\/en\/wp-content\/uploads\/sites\/2\/2025\/11\/F20180801004_01-300x198.jpg 300w, https:\/\/arbejdermuseet.dk\/en\/wp-content\/uploads\/sites\/2\/2025\/11\/F20180801004_01-768x508.jpg 768w, https:\/\/arbejdermuseet.dk\/en\/wp-content\/uploads\/sites\/2\/2025\/11\/F20180801004_01-1536x1015.jpg 1536w, https:\/\/arbejdermuseet.dk\/en\/wp-content\/uploads\/sites\/2\/2025\/11\/F20180801004_01-2048x1354.jpg 2048w, https:\/\/arbejdermuseet.dk\/en\/wp-content\/uploads\/sites\/2\/2025\/11\/F20180801004_01-136x90.jpg 136w, https:\/\/arbejdermuseet.dk\/en\/wp-content\/uploads\/sites\/2\/2025\/11\/F20180801004_01-1200x793.jpg 1200w\" sizes=\"(max-width: 2560px) 100vw, 2560px\" data-copyright=\"\" data-headline=\"F20180801004_01\" data-description=\"\"  data-full-url=\"\" \/>\t\t\t\t\t<\/div>\r\n\t\r\n\t\t\t\t<div class=\"post-ancestor-title\">\r\n\t\t\t<span>LABOUR HISTORY<\/span>\r\n\t\t<\/div>\r\n\t\r\n\t<div class=\"post-title-wrap\">\r\n\t\t<span class=\"post-title\">South Africa solidarity in ABA<\/span>\r\n\t<\/div>\r\n\r\n\t<a class=\"post-read-more-link\" href=\"https:\/\/arbejdermuseet.dk\/en\/library-archive\/international-solidarity\/south-africa-solidarity-in-aba\/\">\r\n\t\tRead more <span height=\"1em\" class=\"standout-custom-svg custom-svg\"><svg height=\"1em\" xmlns=\"http:\/\/www.w3.org\/2000\/svg\" viewBox=\"0 0 17 8\" fill=\"none\">\r\n  <path d=\"M9.95456 0L9.5654 0.627408L14.4402 3.631H0V4.36826H14.4402L9.5654 7.37259L9.95456 8L16.4444 3.99963L9.95456 0Z\" fill=\"#B12320\"\/>\r\n<\/svg><\/span>\t<\/a>\r\n<\/div>\r\n\t<\/div>\r\n\r\n\r\n\r\n\t\t<\/div>\r\n<\/section>\r\n\r\n<section class=\"standout-block standout-slide-element is-aligned alignwide\" data-block-id=\"block_3b0962e2d4fa87bd073e10332b34a3b7\" style=\"--block-background-color: transparent; --block-text-color: inherit;\">\r\n\r\n\t<div class=\"standout-max-container\">\t\r\n\r\n\t<div class=\"acf-innerblocks-container\">\r\n\t\t\r\n<div class=\"post post-loop post-loop-type-page\">\r\n\t\t\t<div class=\"post-thumbnail-wrap\">\r\n\t\t\t\t\t\t\t<img loading=\"lazy\" decoding=\"async\" width=\"600\" height=\"337\" src=\"https:\/\/arbejdermuseet.dk\/en\/wp-content\/uploads\/sites\/2\/2026\/01\/8-8-8-arbejderhistorie-aspect-ratio-420-236-600x337.jpg\" class=\"attachment-medium size-medium\" alt=\"\" srcset=\"https:\/\/arbejdermuseet.dk\/en\/wp-content\/uploads\/sites\/2\/2026\/01\/8-8-8-arbejderhistorie-aspect-ratio-420-236-600x337.jpg 600w, https:\/\/arbejdermuseet.dk\/en\/wp-content\/uploads\/sites\/2\/2026\/01\/8-8-8-arbejderhistorie-aspect-ratio-420-236-300x168.jpg 300w, https:\/\/arbejdermuseet.dk\/en\/wp-content\/uploads\/sites\/2\/2026\/01\/8-8-8-arbejderhistorie-aspect-ratio-420-236-768x431.jpg 768w, https:\/\/arbejdermuseet.dk\/en\/wp-content\/uploads\/sites\/2\/2026\/01\/8-8-8-arbejderhistorie-aspect-ratio-420-236-160x90.jpg 160w, https:\/\/arbejdermuseet.dk\/en\/wp-content\/uploads\/sites\/2\/2026\/01\/8-8-8-arbejderhistorie-aspect-ratio-420-236-1200x674.jpg 1200w, https:\/\/arbejdermuseet.dk\/en\/wp-content\/uploads\/sites\/2\/2026\/01\/8-8-8-arbejderhistorie-aspect-ratio-420-236.jpg 1500w\" sizes=\"(max-width: 600px) 100vw, 600px\" data-copyright=\"\" data-headline=\"8-8-8-arbejderhistorie-aspect-ratio-420-236\" data-description=\"\"  data-full-url=\"\" \/>\t\t\t\t\t<\/div>\r\n\t\r\n\t\t\t\t<div class=\"post-ancestor-title\">\r\n\t\t\t<span>LABOUR HISTORY<\/span>\r\n\t\t<\/div>\r\n\t\r\n\t<div class=\"post-title-wrap\">\r\n\t\t<span class=\"post-title\">A black panther in Folkets Hus<\/span>\r\n\t<\/div>\r\n\r\n\t<a class=\"post-read-more-link\" href=\"https:\/\/arbejdermuseet.dk\/en\/library-archive\/international-solidarity\/a-black-panther-in-folkets-hus\/\">\r\n\t\tRead more <span height=\"1em\" class=\"standout-custom-svg custom-svg\"><svg height=\"1em\" xmlns=\"http:\/\/www.w3.org\/2000\/svg\" viewBox=\"0 0 17 8\" fill=\"none\">\r\n  <path d=\"M9.95456 0L9.5654 0.627408L14.4402 3.631H0V4.36826H14.4402L9.5654 7.37259L9.95456 8L16.4444 3.99963L9.95456 0Z\" fill=\"#B12320\"\/>\r\n<\/svg><\/span>\t<\/a>\r\n<\/div>\r\n\t<\/div>\r\n\r\n\r\n\r\n\t\t<\/div>\r\n<\/section>\t\t<\/div>\n\t\n\t\n\t\n<\/div>\n\n\n\t<style>\n\t\t.standout-slider[data-block-id=\"block_c83c72db4e770daafde19383c04ba402\"]>*>*>.acf-innerblocks-container:not(.slick-initialized)>*:nth-child(4)~* {\n\t\t\tdisplay: none;\n\t\t}\n\t<\/style>\n\n\n\r\n\t\t<\/div>\r\n<\/section>\t<\/div>\r\n<\/div>\r\n\r\n\r\n\r\n\t\t<\/div>\r\n<\/section>\t<\/div>\r\n\r\n\r\n\r\n\t\t<\/div>\r\n<\/section>\n<\/div>\r\n\t<\/div>\r\n\r\n\r\n\r\n\t\t<\/div>\r\n<\/section>","protected":false},"excerpt":{"rendered":"<p>Who was a secret courier for the Comintern in the 1930s and what did they talk about when Danish communists visited the Soviet embassy in Copenhagen in the 1970s? Previously unknown archival material sheds new light on Danish communism and the Soviet system&#8217;s activities in Denmark. In the early 2010s, the Workers&#8217; Museum &amp; ABA,&#8230;<\/p>\n","protected":false},"author":7,"featured_media":41993,"parent":41517,"menu_order":16,"comment_status":"closed","ping_status":"closed","template":"page-kildepakke.php","meta":{"_acf_changed":false,"editor_notices":[],"footnotes":""},"class_list":["post-41992","page","type-page","status-publish","has-post-thumbnail","hentry"],"acf":[],"yoast_head":"<!-- This site is optimized with the Yoast SEO plugin v26.3 - https:\/\/yoast.com\/wordpress\/plugins\/seo\/ -->\n<title>Danish personal files from the Comintern archive in Moscow - Arbejdermuseet<\/title>\n<meta name=\"robots\" content=\"index, follow, max-snippet:-1, max-image-preview:large, max-video-preview:-1\" \/>\n<link rel=\"canonical\" href=\"https:\/\/arbejdermuseet.dk\/en\/library-archive\/party\/dkp-and-communism-in-denmark\/danish-personal-files-from-the-comintern-archive-in-moscow\/\" \/>\n<meta property=\"og:locale\" content=\"en_US\" \/>\n<meta property=\"og:type\" content=\"article\" \/>\n<meta property=\"og:title\" content=\"Danish personal files from the Comintern archive in Moscow - Arbejdermuseet\" \/>\n<meta property=\"og:description\" content=\"Who was a secret courier for the Comintern in the 1930s and what did they talk about when Danish communists visited the Soviet embassy in Copenhagen in the 1970s? Previously unknown archival material sheds new light on Danish communism and the Soviet system&#8217;s activities in Denmark. In the early 2010s, the Workers&#8217; Museum &amp; ABA,...\" \/>\n<meta property=\"og:url\" content=\"https:\/\/arbejdermuseet.dk\/en\/library-archive\/party\/dkp-and-communism-in-denmark\/danish-personal-files-from-the-comintern-archive-in-moscow\/\" \/>\n<meta property=\"og:site_name\" content=\"Arbejdermuseet\" \/>\n<meta property=\"article:modified_time\" content=\"2026-01-29T07:24:25+00:00\" \/>\n<meta property=\"og:image\" content=\"https:\/\/arbejdermuseet.dk\/en\/wp-content\/uploads\/sites\/2\/2025\/10\/kom-1024x790-1.jpg\" \/>\n\t<meta property=\"og:image:width\" content=\"1024\" \/>\n\t<meta property=\"og:image:height\" content=\"790\" \/>\n\t<meta property=\"og:image:type\" content=\"image\/jpeg\" \/>\n<meta name=\"twitter:card\" content=\"summary_large_image\" \/>\n<meta name=\"twitter:label1\" content=\"Est. reading time\" \/>\n\t<meta name=\"twitter:data1\" content=\"4 minutes\" \/>\n<!-- \/ Yoast SEO plugin. -->","yoast_head_json":{"title":"Danish personal files from the Comintern archive in Moscow - Arbejdermuseet","robots":{"index":"index","follow":"follow","max-snippet":"max-snippet:-1","max-image-preview":"max-image-preview:large","max-video-preview":"max-video-preview:-1"},"canonical":"https:\/\/arbejdermuseet.dk\/en\/library-archive\/party\/dkp-and-communism-in-denmark\/danish-personal-files-from-the-comintern-archive-in-moscow\/","og_locale":"en_US","og_type":"article","og_title":"Danish personal files from the Comintern archive in Moscow - Arbejdermuseet","og_description":"Who was a secret courier for the Comintern in the 1930s and what did they talk about when Danish communists visited the Soviet embassy in Copenhagen in the 1970s? Previously unknown archival material sheds new light on Danish communism and the Soviet system&#8217;s activities in Denmark. In the early 2010s, the Workers&#8217; Museum &amp; ABA,...","og_url":"https:\/\/arbejdermuseet.dk\/en\/library-archive\/party\/dkp-and-communism-in-denmark\/danish-personal-files-from-the-comintern-archive-in-moscow\/","og_site_name":"Arbejdermuseet","article_modified_time":"2026-01-29T07:24:25+00:00","og_image":[{"width":1024,"height":790,"url":"https:\/\/arbejdermuseet.dk\/en\/wp-content\/uploads\/sites\/2\/2025\/10\/kom-1024x790-1.jpg","type":"image\/jpeg"}],"twitter_card":"summary_large_image","twitter_misc":{"Est. reading time":"4 minutes"},"schema":{"@context":"https:\/\/schema.org","@graph":[{"@type":"WebPage","@id":"https:\/\/arbejdermuseet.dk\/en\/library-archive\/party\/dkp-and-communism-in-denmark\/danish-personal-files-from-the-comintern-archive-in-moscow\/","url":"https:\/\/arbejdermuseet.dk\/en\/library-archive\/party\/dkp-and-communism-in-denmark\/danish-personal-files-from-the-comintern-archive-in-moscow\/","name":"Danish personal files from the Comintern archive in Moscow - Arbejdermuseet","isPartOf":{"@id":"https:\/\/arbejdermuseet.dk\/en\/#website"},"primaryImageOfPage":{"@id":"https:\/\/arbejdermuseet.dk\/en\/library-archive\/party\/dkp-and-communism-in-denmark\/danish-personal-files-from-the-comintern-archive-in-moscow\/#primaryimage"},"image":{"@id":"https:\/\/arbejdermuseet.dk\/en\/library-archive\/party\/dkp-and-communism-in-denmark\/danish-personal-files-from-the-comintern-archive-in-moscow\/#primaryimage"},"thumbnailUrl":"https:\/\/arbejdermuseet.dk\/en\/wp-content\/uploads\/sites\/2\/2025\/10\/kom-1024x790-1.jpg","datePublished":"2025-10-30T08:44:32+00:00","dateModified":"2026-01-29T07:24:25+00:00","breadcrumb":{"@id":"https:\/\/arbejdermuseet.dk\/en\/library-archive\/party\/dkp-and-communism-in-denmark\/danish-personal-files-from-the-comintern-archive-in-moscow\/#breadcrumb"},"inLanguage":"en-US","potentialAction":[{"@type":"ReadAction","target":["https:\/\/arbejdermuseet.dk\/en\/library-archive\/party\/dkp-and-communism-in-denmark\/danish-personal-files-from-the-comintern-archive-in-moscow\/"]}]},{"@type":"ImageObject","inLanguage":"en-US","@id":"https:\/\/arbejdermuseet.dk\/en\/library-archive\/party\/dkp-and-communism-in-denmark\/danish-personal-files-from-the-comintern-archive-in-moscow\/#primaryimage","url":"https:\/\/arbejdermuseet.dk\/en\/wp-content\/uploads\/sites\/2\/2025\/10\/kom-1024x790-1.jpg","contentUrl":"https:\/\/arbejdermuseet.dk\/en\/wp-content\/uploads\/sites\/2\/2025\/10\/kom-1024x790-1.jpg","width":1024,"height":790},{"@type":"BreadcrumbList","@id":"https:\/\/arbejdermuseet.dk\/en\/library-archive\/party\/dkp-and-communism-in-denmark\/danish-personal-files-from-the-comintern-archive-in-moscow\/#breadcrumb","itemListElement":[{"@type":"ListItem","position":1,"name":"Hjem","item":"https:\/\/arbejdermuseet.dk\/en\/"},{"@type":"ListItem","position":2,"name":"LIBRARY &amp; ARCHIVE","item":"https:\/\/arbejdermuseet.dk\/en\/library-archive\/"},{"@type":"ListItem","position":3,"name":"Parties","item":"https:\/\/arbejdermuseet.dk\/en\/library-archive\/party\/"},{"@type":"ListItem","position":4,"name":"DKP and communism in Denmark","item":"https:\/\/arbejdermuseet.dk\/en\/library-archive\/party\/dkp-and-communism-in-denmark\/"},{"@type":"ListItem","position":5,"name":"Danish personal files from the Comintern archive in Moscow"}]},{"@type":"WebSite","@id":"https:\/\/arbejdermuseet.dk\/en\/#website","url":"https:\/\/arbejdermuseet.dk\/en\/","name":"Arbejdermuseet","description":"","publisher":{"@id":"https:\/\/arbejdermuseet.dk\/en\/#organization"},"potentialAction":[{"@type":"SearchAction","target":{"@type":"EntryPoint","urlTemplate":"https:\/\/arbejdermuseet.dk\/en\/?s={search_term_string}"},"query-input":{"@type":"PropertyValueSpecification","valueRequired":true,"valueName":"search_term_string"}}],"inLanguage":"en-US"},{"@type":"Organization","@id":"https:\/\/arbejdermuseet.dk\/en\/#organization","name":"Arbejdermuseet","url":"https:\/\/arbejdermuseet.dk\/en\/","logo":{"@type":"ImageObject","inLanguage":"en-US","@id":"https:\/\/arbejdermuseet.dk\/en\/#\/schema\/logo\/image\/","url":"https:\/\/arbejdermuseet.dk\/en\/wp-content\/uploads\/sites\/2\/2025\/01\/Logo.svg","contentUrl":"https:\/\/arbejdermuseet.dk\/en\/wp-content\/uploads\/sites\/2\/2025\/01\/Logo.svg","caption":"Arbejdermuseet"},"image":{"@id":"https:\/\/arbejdermuseet.dk\/en\/#\/schema\/logo\/image\/"}}]}},"_links":{"self":[{"href":"https:\/\/arbejdermuseet.dk\/en\/wp-json\/wp\/v2\/pages\/41992","targetHints":{"allow":["GET"]}}],"collection":[{"href":"https:\/\/arbejdermuseet.dk\/en\/wp-json\/wp\/v2\/pages"}],"about":[{"href":"https:\/\/arbejdermuseet.dk\/en\/wp-json\/wp\/v2\/types\/page"}],"author":[{"embeddable":true,"href":"https:\/\/arbejdermuseet.dk\/en\/wp-json\/wp\/v2\/users\/7"}],"replies":[{"embeddable":true,"href":"https:\/\/arbejdermuseet.dk\/en\/wp-json\/wp\/v2\/comments?post=41992"}],"version-history":[{"count":4,"href":"https:\/\/arbejdermuseet.dk\/en\/wp-json\/wp\/v2\/pages\/41992\/revisions"}],"predecessor-version":[{"id":47649,"href":"https:\/\/arbejdermuseet.dk\/en\/wp-json\/wp\/v2\/pages\/41992\/revisions\/47649"}],"up":[{"embeddable":true,"href":"https:\/\/arbejdermuseet.dk\/en\/wp-json\/wp\/v2\/pages\/41517"}],"wp:featuredmedia":[{"embeddable":true,"href":"https:\/\/arbejdermuseet.dk\/en\/wp-json\/wp\/v2\/media\/41993"}],"wp:attachment":[{"href":"https:\/\/arbejdermuseet.dk\/en\/wp-json\/wp\/v2\/media?parent=41992"}],"curies":[{"name":"wp","href":"https:\/\/api.w.org\/{rel}","templated":true}]}}