{"id":41987,"date":"2025-10-30T09:16:11","date_gmt":"2025-10-30T08:16:11","guid":{"rendered":"https:\/\/arbejdermuseet.dk\/?page_id=41987"},"modified":"2026-01-29T08:24:27","modified_gmt":"2026-01-29T07:24:27","slug":"on-a-bibliographic-journey-with-carl-madsen","status":"publish","type":"page","link":"https:\/\/arbejdermuseet.dk\/en\/library-archive\/party\/dkp-and-communism-in-denmark\/on-a-bibliographic-journey-with-carl-madsen\/","title":{"rendered":"On a bibliographic journey with Carl Madsen"},"content":{"rendered":"\n<p><em>Chris Holmsted Larsen | 29.06.2015<\/em><\/p>\n\n\n\n<p><strong>In 2011, a grant from the Augustinus Foundation, combined with a domiciliation agreement with the Workers&#8217; Museum &amp; ABA, enabled a biographical research project on the Danish communist, lawyer and author Carl Madsen (1903-1978).<\/strong><\/p>\n\n\n\n<p>After the initial archival research, a picture emerged of an extremely extensive archive material. It was therefore decided to upgrade the project to include a PhD thesis on Carl Madsen as a biographical exponent of the history of the Danish communist movement in the 20th century. Consequently, an agreement was made with the Department of Culture and Identity at Roskilde University to house this part of the research project.<\/p>\n\n\n\n<figure class=\"wp-block-image size-large\"><img loading=\"lazy\" decoding=\"async\" width=\"1920\" height=\"1550\" src=\"https:\/\/arbejdermuseet.dk\/wp-content\/uploads\/2025\/10\/F20080506039-1920x1550.jpg\" alt=\"F20080506039\" class=\"wp-image-41989\" style=\"aspect-ratio:4\/3;object-fit:cover\" srcset=\"https:\/\/arbejdermuseet.dk\/en\/wp-content\/uploads\/sites\/2\/2025\/10\/F20080506039-1920x1550.jpg 1920w, https:\/\/arbejdermuseet.dk\/en\/wp-content\/uploads\/sites\/2\/2025\/10\/F20080506039-600x484.jpg 600w, https:\/\/arbejdermuseet.dk\/en\/wp-content\/uploads\/sites\/2\/2025\/10\/F20080506039-300x242.jpg 300w, https:\/\/arbejdermuseet.dk\/en\/wp-content\/uploads\/sites\/2\/2025\/10\/F20080506039-768x620.jpg 768w, https:\/\/arbejdermuseet.dk\/en\/wp-content\/uploads\/sites\/2\/2025\/10\/F20080506039-1536x1240.jpg 1536w, https:\/\/arbejdermuseet.dk\/en\/wp-content\/uploads\/sites\/2\/2025\/10\/F20080506039-2048x1653.jpg 2048w, https:\/\/arbejdermuseet.dk\/en\/wp-content\/uploads\/sites\/2\/2025\/10\/F20080506039-112x90.jpg 112w, https:\/\/arbejdermuseet.dk\/en\/wp-content\/uploads\/sites\/2\/2025\/10\/F20080506039-1200x969.jpg 1200w\" sizes=\"(max-width: 1920px) 100vw, 1920px\"  data-full-url=\"https:\/\/arbejdermuseet.dk\/en\/wp-content\/uploads\/sites\/2\/2025\/10\/F20080506039-scaled.jpg\" data-full-width=\"2560\" data-full-height=\"2066\" \/><figcaption class=\"wp-element-caption\">Carl Madsen in his study, 1974<\/figcaption><\/figure>\n\n\n\n<p>In the intervening period, the work with the ABA&#8217;s own archives on the history of communism has led to a large number of other national and international archives, including the Danish National Archives, the Royal Library&#8217;s Manuscript Collection, local archives and the German Stasi and party archives.<\/p>\n\n\n\n<p>Another important method for uncovering Carl Madsen&#8217;s life and significance has been to collect accounts from living party comrades, family and others. This has resulted in more than 14 hours of transcribed interviews that have not only added nuances, but significant new historical knowledge about Carl Madsen and the inner political, cultural and social life of DKP.<\/p>\n\n\n\n<p>An unexpected bonus has been that new and important archival material has emerged. This material, which has now reached ABA, includes parts of his own archive that were not handed over to KB after his death, as well as <a href=\"http:\/\/abm.reindex.net\/ABA\/main\/T.php?Ifm=Pz&amp;ColSearch=node0_0&amp;zoomed=10001&amp;qe=id%3DARK00013104\" target=\"_blank\" rel=\"noreferrer noopener\">the archive of<\/a> resistance fighter and later popular socialist <a href=\"http:\/\/abm.reindex.net\/ABA\/main\/T.php?Ifm=Pz&amp;ColSearch=node0_0&amp;zoomed=10001&amp;qe=id%3DARK00013104\" target=\"_blank\" rel=\"noreferrer noopener\">J\u00f8rgen Diemer<\/a>.<\/p>\n\n\n\n<p>Last, but not least, the research project has developed in a constructive synergy with the Workers&#8217; Museum &amp; ABA&#8217;s own researchers &#8211; a collaboration that has emphasized the great potential of inter-institutional research projects. The project has thus been rooted in and grown out of ABM&#8217;s tradition of source-oriented communism research and has at the same time contributed to RUC&#8217;s tradition of theoretical, historical approaches to historical issues.<\/p>\n\n\n\n<p>A concrete result of the collaboration is the article &#8220;Biographical and transnational trends in communism research &#8211; in a Danish and international perspective&#8221; by Jesper J\u00f8rgensen and myself, published in P\u00e5l Bruunstr\u00f6m &amp; Johan A. Lundin (ed.): F\u00f6renen Eder! International perspectives on labor history, Landskrona: <a href=\"http:\/\/www.arbetarhistoria.org\/\" target=\"_blank\" rel=\"noreferrer noopener\">Centrum f\u00f6r Arbetarhistoria<\/a>, 2015.<\/p>\n\n\n\n<p>After almost four years of intensive work, the research project and dissertation on Carl Madsen is now in its final phase. It is expected that the thesis will be submitted and defended in the fall of 2015, and that the biography of the red lawyer will be published in the spring of 2016.<\/p>\n\n\n\n<figure class=\"wp-block-image size-full\"><img loading=\"lazy\" decoding=\"async\" width=\"1632\" height=\"918\" src=\"https:\/\/arbejdermuseet.dk\/wp-content\/uploads\/2025\/11\/WP_20150629_004.jpg\" alt=\"\" class=\"wp-image-42187\" srcset=\"https:\/\/arbejdermuseet.dk\/en\/wp-content\/uploads\/sites\/2\/2025\/11\/WP_20150629_004.jpg 1632w, https:\/\/arbejdermuseet.dk\/en\/wp-content\/uploads\/sites\/2\/2025\/11\/WP_20150629_004-600x338.jpg 600w, https:\/\/arbejdermuseet.dk\/en\/wp-content\/uploads\/sites\/2\/2025\/11\/WP_20150629_004-300x169.jpg 300w, https:\/\/arbejdermuseet.dk\/en\/wp-content\/uploads\/sites\/2\/2025\/11\/WP_20150629_004-768x432.jpg 768w, https:\/\/arbejdermuseet.dk\/en\/wp-content\/uploads\/sites\/2\/2025\/11\/WP_20150629_004-1536x864.jpg 1536w, https:\/\/arbejdermuseet.dk\/en\/wp-content\/uploads\/sites\/2\/2025\/11\/WP_20150629_004-160x90.jpg 160w, https:\/\/arbejdermuseet.dk\/en\/wp-content\/uploads\/sites\/2\/2025\/11\/WP_20150629_004-1200x675.jpg 1200w\" sizes=\"(max-width: 1632px) 100vw, 1632px\"  data-full-url=\"https:\/\/arbejdermuseet.dk\/en\/wp-content\/uploads\/sites\/2\/2025\/11\/WP_20150629_004.jpg\" data-full-width=\"1632\" data-full-height=\"918\" \/><figcaption class=\"wp-element-caption\">Chris at the office in Taastrup. (Photo: Christoph Klinger)<\/figcaption><\/figure>\n\n\n\n<h2 class=\"wp-block-heading\">PhD thesis on Carl Madsen<\/h2>\n\n\n\n<p style=\"font-style:normal;font-weight:500\"><strong>On May 4, 2016, Chris Holmsted Larsen defended his PhD thesis &#8220;The Stalinist dissident&#8221; at Roskilde University after 4 years as a resident researcher at the Workers&#8217; Museum &amp; ABA. The dissertation was the result of an extensive research effort of a biographical study of the communist Carl Madsen.<\/strong><\/p>\n\n\n\n<p>The dissertation is based on a very large amount of source material, of which only a small part comes from ABA&#8217;s collections. However, the most recent parts of it are now available in connection with the PhD defense. These are the papers of Carl Madsen, which upon his death were partly passed on to the Demos association and partly stayed with the family.<\/p>\n\n\n\n<figure class=\"wp-block-image size-large\"><img loading=\"lazy\" decoding=\"async\" width=\"1915\" height=\"1920\" src=\"https:\/\/arbejdermuseet.dk\/wp-content\/uploads\/2025\/10\/F20080506008-1915x1920.jpg\" alt=\"F20080506008\" class=\"wp-image-41988\" style=\"aspect-ratio:4\/3;object-fit:cover\" srcset=\"https:\/\/arbejdermuseet.dk\/en\/wp-content\/uploads\/sites\/2\/2025\/10\/F20080506008-1915x1920.jpg 1915w, https:\/\/arbejdermuseet.dk\/en\/wp-content\/uploads\/sites\/2\/2025\/10\/F20080506008-598x600.jpg 598w, https:\/\/arbejdermuseet.dk\/en\/wp-content\/uploads\/sites\/2\/2025\/10\/F20080506008-300x300.jpg 300w, https:\/\/arbejdermuseet.dk\/en\/wp-content\/uploads\/sites\/2\/2025\/10\/F20080506008-768x770.jpg 768w, https:\/\/arbejdermuseet.dk\/en\/wp-content\/uploads\/sites\/2\/2025\/10\/F20080506008-1532x1536.jpg 1532w, https:\/\/arbejdermuseet.dk\/en\/wp-content\/uploads\/sites\/2\/2025\/10\/F20080506008-2042x2048.jpg 2042w, https:\/\/arbejdermuseet.dk\/en\/wp-content\/uploads\/sites\/2\/2025\/10\/F20080506008-90x90.jpg 90w, https:\/\/arbejdermuseet.dk\/en\/wp-content\/uploads\/sites\/2\/2025\/10\/F20080506008-1200x1203.jpg 1200w, https:\/\/arbejdermuseet.dk\/en\/wp-content\/uploads\/sites\/2\/2025\/10\/F20080506008-400x400.jpg 400w\" sizes=\"(max-width: 1915px) 100vw, 1915px\"  data-full-url=\"https:\/\/arbejdermuseet.dk\/en\/wp-content\/uploads\/sites\/2\/2025\/10\/F20080506008.jpg\" data-full-width=\"2192\" data-full-height=\"2198\" \/><figcaption class=\"wp-element-caption\">Carl Madsen in December 1968<\/figcaption><\/figure>\n\n\n\n<p><a href=\"https:\/\/video.ruc.dk\/media\/t\/0_1qzl854j\/\" target=\"_blank\" rel=\"noreferrer noopener\">See the PhD defense<\/a>.<\/p>\n\n\n\n<p>This collection, which is now registered as Carl Madsen&#8217;s archive at ABA, contains a number of interesting cases about German emigrants, Nazi intelligence activities and the seaman Richard Jensen. Topics that occupied Carl Madsen throughout his adult life. See the archive <a href=\"https:\/\/abm.reindex.net\/ARK\/main\/T.php?Ifm=Pz&amp;zoomed=10002&amp;qe=mta=13124\">here<\/a>.<\/p>\n\n\n\n<p>The new archive also contains a unique collection of letters from his stay in the Horser\u00f8d camp and Vestre F\u00e6ngsel during the war, as well as his wife Leni Madsen&#8217;s photographs from Horser\u00f8d in 1943 and of BOPA people after liberation.<\/p>\n\n\n\r\n\r\n<section class=\"standout-section standout-block standout-kildepakker-parent-link is-aligned alignnone\" data-block-id=\"block_aebe1d0a4a39d677e2a317ab0ab3a9b1\" style=\"--block-background-color: transparent; --block-text-color: inherit;\">\r\n\r\n\t<div class=\"standout-max-container\">\t\r\n\r\n<div class=\"standout-block-inner\">\r\n\t<span class=\"standout-parent-link\">\r\n\t\t\t\t\t<a href=\"https:\/\/arbejdermuseet.dk\/bibliotek-arkiv\/partier\/dkp-og-kommunisme-i-dk\/\"><span height=\"1em\" class=\"standout-custom-svg custom-svg\"><svg height=\"1em\" xmlns=\"http:\/\/www.w3.org\/2000\/svg\" viewBox=\"0 0 17 8\" fill=\"none\">\r\n  <path d=\"M9.95456 0L9.5654 0.627408L14.4402 3.631H0V4.36826H14.4402L9.5654 7.37259L9.95456 8L16.4444 3.99963L9.95456 0Z\" fill=\"#B12320\"\/>\r\n<\/svg><\/span> Back to DKP and Communism in Denmark<\/a>\r\n\t\t\t<\/span>\r\n<\/div>\r\n\r\n\r\n\r\n\t\t<\/div>\r\n<\/section>\n\n\r\n\r\n<section class=\"standout-section standout-block standout-basic is-aligned alignwide inner-gap-xl has-bg has-bg-color\" data-block-id=\"block_1a762ec8434486c819c8acffa14c6997\" style=\"--block-background-color: var(--wp--preset--color--color-light-mustard); --block-text-color: inherit; --standout-block-gap: var(--gap-xl);\">\r\n\r\n\t<div class=\"standout-max-container\">\t\r\n\r\n<div class=\"standout-block-inner\">\r\n\t\r\n\t\t\t<div class=\"acf-innerblocks-container\">\n\n<div class=\"wp-block-columns is-layout-flex wp-container-core-columns-is-layout-1 wp-block-columns-is-layout-flex\">\n<div class=\"wp-block-column is-layout-flow wp-block-column-is-layout-flow\">\n<h3 class=\"wp-block-heading\" style=\"text-transform:uppercase\">Others also read<\/h3>\n<\/div>\n\n\n\n<div class=\"wp-block-column is-vertically-aligned-bottom is-layout-flow wp-block-column-is-layout-flow\">\n<div class=\"wp-block-buttons is-content-justification-right is-layout-flex wp-container-core-buttons-is-layout-1 wp-block-buttons-is-layout-flex\">\n<div class=\"wp-block-button is-style-standout-bottom-border\"><span class=\"btn_wrapper\"><a class=\"wp-block-button__link wp-element-button\">See our full library &amp; archive<svg class=\"icon_arrow\" width=\"17\" height=\"8\" viewBox=\"0 0 17 8\" fill=\"none\" xmlns=\"http:\/\/www.w3.org\/2000\/svg\"><path d=\"M10.2909 0L9.88856 0.627408L14.9281 3.631H0V4.36826H14.9281L9.88856 7.37259L10.2909 8L17 3.99963L10.2909 0Z\" fill=\"currentcolor\"\/><\/svg><\/a><\/span><\/div>\n<\/div>\n<\/div>\n<\/div>\n\n\n\r\n\r\n<section class=\"standout-section standout-block standout-columns is-aligned alignwide\" data-block-id=\"block_7112fec332955641e64ed970655f6c8d\" style=\"--block-background-color: transparent; --block-text-color: inherit; --columns: 3; --column-span: 1; --row-span: 1; --element-alignment: flex-start;\" data-columns=\"3\">\r\n\r\n\t<div class=\"standout-max-container\">\t\r\n\r\n<div class=\"standout-block-inner\">\r\n\t\t\t<div class=\"acf-innerblocks-container\">\n\r\n\r\n<section class=\"standout-block standout-column-element is-aligned alignwide\" data-block-id=\"block_51cfeb2803cd97844a0b9a6c4ecc7b14\" style=\"--block-background-color: transparent; --block-text-color: inherit; --align-content: flex-start;\" data-align-content=\"flex-start\">\r\n\r\n\t<div class=\"standout-max-container\">\t\r\n\r\n<div class=\"standout-block-inner\">\r\n\t\r\n\t\t\r\n\t\t\t<div class=\"acf-innerblocks-container\">\n\n<figure class=\"wp-block-image size-full\"><img loading=\"lazy\" decoding=\"async\" width=\"460\" height=\"360\" src=\"https:\/\/arbejdermuseet.dk\/wp-content\/uploads\/2025\/03\/Stauning3-790x600-1.jpg\" alt=\"\" class=\"wp-image-346\" srcset=\"https:\/\/arbejdermuseet.dk\/en\/wp-content\/uploads\/sites\/2\/2025\/03\/Stauning3-790x600-1.jpg 460w, https:\/\/arbejdermuseet.dk\/en\/wp-content\/uploads\/sites\/2\/2025\/03\/Stauning3-790x600-1-300x235.jpg 300w, https:\/\/arbejdermuseet.dk\/en\/wp-content\/uploads\/sites\/2\/2025\/03\/Stauning3-790x600-1-115x90.jpg 115w\" sizes=\"(max-width: 460px) 100vw, 460px\"  data-full-url=\"https:\/\/arbejdermuseet.dk\/en\/wp-content\/uploads\/sites\/2\/2025\/03\/Stauning3-790x600-1.jpg\" data-full-width=\"460\" data-full-height=\"360\" \/><\/figure>\n\n\n\n<h3 class=\"wp-block-heading\">THE STAUNING OF ALL OF DENMARK<\/h3>\n\n\n\n<p>Thorvald Stauning was a beacon in Danish politics and is the longest-serving prime minister of the 20th century<\/p>\n\n\n\n<div class=\"wp-block-buttons is-layout-flex wp-block-buttons-is-layout-flex\">\n<div class=\"wp-block-button is-style-standout-bottom-border\"><span class=\"btn_wrapper\"><a class=\"wp-block-button__link wp-element-button\">Get more knowledge<svg class=\"icon_arrow\" width=\"17\" height=\"8\" viewBox=\"0 0 17 8\" fill=\"none\" xmlns=\"http:\/\/www.w3.org\/2000\/svg\"><path d=\"M10.2909 0L9.88856 0.627408L14.9281 3.631H0V4.36826H14.9281L9.88856 7.37259L10.2909 8L17 3.99963L10.2909 0Z\" fill=\"currentcolor\"\/><\/svg><\/a><\/span><\/div>\n<\/div>\n\n<\/div>\r\n\t<\/div>\r\n\r\n\r\n\r\n\t\t<\/div>\r\n<\/section>\n\n\r\n\r\n<section class=\"standout-block standout-column-element is-aligned alignwide\" data-block-id=\"block_51cfeb2803cd97844a0b9a6c4ecc7b14\" style=\"--block-background-color: transparent; --block-text-color: inherit; --align-content: flex-start;\" data-align-content=\"flex-start\">\r\n\r\n\t<div class=\"standout-max-container\">\t\r\n\r\n<div class=\"standout-block-inner\">\r\n\t\r\n\t\t\r\n\t\t\t<div class=\"acf-innerblocks-container\">\n\n<figure class=\"wp-block-image size-full\"><img loading=\"lazy\" decoding=\"async\" width=\"460\" height=\"360\" src=\"https:\/\/arbejdermuseet.dk\/wp-content\/uploads\/2025\/03\/En_agitator_Henningsen-790x600-1.jpg\" alt=\"\" class=\"wp-image-347\" srcset=\"https:\/\/arbejdermuseet.dk\/en\/wp-content\/uploads\/sites\/2\/2025\/03\/En_agitator_Henningsen-790x600-1.jpg 460w, https:\/\/arbejdermuseet.dk\/en\/wp-content\/uploads\/sites\/2\/2025\/03\/En_agitator_Henningsen-790x600-1-300x235.jpg 300w, https:\/\/arbejdermuseet.dk\/en\/wp-content\/uploads\/sites\/2\/2025\/03\/En_agitator_Henningsen-790x600-1-115x90.jpg 115w\" sizes=\"(max-width: 460px) 100vw, 460px\"  data-full-url=\"https:\/\/arbejdermuseet.dk\/en\/wp-content\/uploads\/sites\/2\/2025\/03\/En_agitator_Henningsen-790x600-1.jpg\" data-full-width=\"460\" data-full-height=\"360\" \/><\/figure>\n\n\n\n<h3 class=\"wp-block-heading\">WITH THE LAW OR WITHOUT<\/h3>\n\n\n\n<p>In 1871, the living conditions for the few industrial workers in Denmark at the time were appalling. But when the labor..<\/p>\n\n\n\n<div class=\"wp-block-buttons is-layout-flex wp-block-buttons-is-layout-flex\">\n<div class=\"wp-block-button is-style-standout-bottom-border\"><span class=\"btn_wrapper\"><a class=\"wp-block-button__link wp-element-button\">Get more knowledge<svg class=\"icon_arrow\" width=\"17\" height=\"8\" viewBox=\"0 0 17 8\" fill=\"none\" xmlns=\"http:\/\/www.w3.org\/2000\/svg\"><path d=\"M10.2909 0L9.88856 0.627408L14.9281 3.631H0V4.36826H14.9281L9.88856 7.37259L10.2909 8L17 3.99963L10.2909 0Z\" fill=\"currentcolor\"\/><\/svg><\/a><\/span><\/div>\n<\/div>\n\n<\/div>\r\n\t<\/div>\r\n\r\n\r\n\r\n\t\t<\/div>\r\n<\/section>\n\n\r\n\r\n<section class=\"standout-block standout-column-element is-aligned alignwide\" data-block-id=\"block_633fda6392dba5a33da2158ab9da7f99\" style=\"--block-background-color: transparent; --block-text-color: inherit; --align-content: flex-start;\" data-align-content=\"flex-start\">\r\n\r\n\t<div class=\"standout-max-container\">\t\r\n\r\n<div class=\"standout-block-inner\">\r\n\t\r\n\t\t\r\n\t\t\t<div class=\"acf-innerblocks-container\">\n\n<figure class=\"wp-block-image size-full\"><img loading=\"lazy\" decoding=\"async\" width=\"460\" height=\"360\" src=\"https:\/\/arbejdermuseet.dk\/wp-content\/uploads\/2025\/03\/1-maj-mangler-aarstal-m20080305051_02-kopi-790x600-1.jpg\" alt=\"\" class=\"wp-image-348\" srcset=\"https:\/\/arbejdermuseet.dk\/en\/wp-content\/uploads\/sites\/2\/2025\/03\/1-maj-mangler-aarstal-m20080305051_02-kopi-790x600-1.jpg 460w, https:\/\/arbejdermuseet.dk\/en\/wp-content\/uploads\/sites\/2\/2025\/03\/1-maj-mangler-aarstal-m20080305051_02-kopi-790x600-1-300x235.jpg 300w, https:\/\/arbejdermuseet.dk\/en\/wp-content\/uploads\/sites\/2\/2025\/03\/1-maj-mangler-aarstal-m20080305051_02-kopi-790x600-1-115x90.jpg 115w\" sizes=\"(max-width: 460px) 100vw, 460px\"  data-full-url=\"https:\/\/arbejdermuseet.dk\/en\/wp-content\/uploads\/sites\/2\/2025\/03\/1-maj-mangler-aarstal-m20080305051_02-kopi-790x600-1.jpg\" data-full-width=\"460\" data-full-height=\"360\" \/><\/figure>\n\n\n\n<h3 class=\"wp-block-heading\">THE BATTLE FOR TIME<\/h3>\n\n\n\n<p>Working 48 hours a week. It sounds like a lot for a Danish worker in 2019. But 100 years earlier, it was just..<\/p>\n\n\n\n<div class=\"wp-block-buttons is-layout-flex wp-block-buttons-is-layout-flex\">\n<div class=\"wp-block-button is-style-standout-bottom-border\"><span class=\"btn_wrapper\"><a class=\"wp-block-button__link wp-element-button\">Learn more<svg class=\"icon_arrow\" width=\"17\" height=\"8\" viewBox=\"0 0 17 8\" fill=\"none\" xmlns=\"http:\/\/www.w3.org\/2000\/svg\"><path d=\"M10.2909 0L9.88856 0.627408L14.9281 3.631H0V4.36826H14.9281L9.88856 7.37259L10.2909 8L17 3.99963L10.2909 0Z\" fill=\"currentcolor\"\/><\/svg><\/a><\/span><\/div>\n<\/div>\n\n<\/div>\r\n\t<\/div>\r\n\r\n\r\n\r\n\t\t<\/div>\r\n<\/section>\n<\/div>\r\n\t<\/div>\r\n\r\n\r\n\r\n\t\t<\/div>\r\n<\/section>\n<\/div>\r\n\t<\/div>\r\n\r\n\r\n\r\n\t\t<\/div>\r\n<\/section>\n\n\r\n\r\n<section class=\"standout-section standout-block standout-related-content is-aligned alignfull off-center-slider\" data-block-id=\"block_02b7e31541811382efdb9882bd0c5611\" style=\"--block-background-color: transparent; --block-text-color: inherit;\">\r\n\r\n\t<div class=\"standout-max-container\">\t\r\n\r\n<div class=\"standout-block-inner\">\r\n\t\t\t<div class=\"acf-innerblocks-container\">\n\n<h3 class=\"wp-block-heading\" style=\"text-transform:uppercase\">If you find this topic interesting<\/h3>\n\n\n\r\n\r\n<section class=\"standout-block standout-related-content-inner is-aligned alignfull\" data-block-id=\"block_df048afd05c0e5882b632d7a18299e45\" style=\"--block-background-color: transparent; --block-text-color: inherit;\" data-related-content=\"tag\">\r\n\r\n\t<div class=\"standout-max-container\">\t\r\n\r\n\r\n\r\n<div class=\"standout-block-inner\">\r\n\t\t\t\r\n\r\n<section class=\"standout-section standout-block standout-posts is-aligned alignwide\" data-block-id=\"block_7c0707900ae6bfcee6327cd2b77671ac\" style=\"--block-background-color: transparent; --block-text-color: inherit;\" template=\"02\">\r\n\r\n\t<div class=\"standout-max-container\">\t\r\n\r\n<div class=\"standout-block-inner\">\r\n\t<div class=\"acf-innerblocks-container\">\r\n\t\t\r\n\r\n<section class=\"standout-section standout-block standout-slider is-aligned alignfull has-bg\" data-block-id=\"block_c83c72db4e770daafde19383c04ba402\" style=\"--block-background-color: transparent; --block-text-color: inherit; --slider-columns: 4;\" data-columns=\"4\" data-slider=\"{&quot;slidesToShow&quot;:&quot;4&quot;,&quot;slidesToScroll&quot;:&quot;1&quot;,&quot;dots&quot;:&quot;false&quot;,&quot;arrows&quot;:&quot;true&quot;,&quot;adaptiveHeight&quot;:&quot;false&quot;,&quot;autoplay&quot;:&quot;true&quot;,&quot;autoplaySpeed&quot;:&quot;5000&quot;,&quot;speed&quot;:&quot;1000&quot;,&quot;infinite&quot;:&quot;true&quot;,&quot;centerMode&quot;:&quot;false&quot;,&quot;fade&quot;:&quot;false&quot;}\" data-slider-responsive=\"null\">\r\n\r\n\t<div class=\"standout-max-container\">\t\n\n<div class=\"standout-block-inner\" >\n\t\t\t\t\t<div class=\"acf-innerblocks-container is-slick-slider\">\n\t\t\t\r\n\r\n<section class=\"standout-block standout-slide-element is-aligned alignwide\" data-block-id=\"block_9b02f91ca770b56d478f5b7c3e49a06d\" style=\"--block-background-color: transparent; --block-text-color: inherit;\">\r\n\r\n\t\t\r\n\r\n\t<div class=\"acf-innerblocks-container\">\r\n\t\t\r\n<div class=\"post post-loop post-loop-type-page\">\r\n\t\t\t<div class=\"post-thumbnail-wrap\">\r\n\t\t\t\t\t\t\t<img loading=\"lazy\" decoding=\"async\" width=\"1414\" height=\"2000\" src=\"https:\/\/arbejdermuseet.dk\/en\/wp-content\/uploads\/sites\/2\/2025\/12\/Arbejderhistorieprisen-Nov2.jpg\" class=\"attachment-post-thumbnail size-post-thumbnail wp-post-image\" alt=\"\" srcset=\"https:\/\/arbejdermuseet.dk\/en\/wp-content\/uploads\/sites\/2\/2025\/12\/Arbejderhistorieprisen-Nov2.jpg 1414w, https:\/\/arbejdermuseet.dk\/en\/wp-content\/uploads\/sites\/2\/2025\/12\/Arbejderhistorieprisen-Nov2-424x600.jpg 424w, https:\/\/arbejdermuseet.dk\/en\/wp-content\/uploads\/sites\/2\/2025\/12\/Arbejderhistorieprisen-Nov2-1357x1920.jpg 1357w, https:\/\/arbejdermuseet.dk\/en\/wp-content\/uploads\/sites\/2\/2025\/12\/Arbejderhistorieprisen-Nov2-212x300.jpg 212w, https:\/\/arbejdermuseet.dk\/en\/wp-content\/uploads\/sites\/2\/2025\/12\/Arbejderhistorieprisen-Nov2-768x1086.jpg 768w, https:\/\/arbejdermuseet.dk\/en\/wp-content\/uploads\/sites\/2\/2025\/12\/Arbejderhistorieprisen-Nov2-1086x1536.jpg 1086w, https:\/\/arbejdermuseet.dk\/en\/wp-content\/uploads\/sites\/2\/2025\/12\/Arbejderhistorieprisen-Nov2-64x90.jpg 64w, https:\/\/arbejdermuseet.dk\/en\/wp-content\/uploads\/sites\/2\/2025\/12\/Arbejderhistorieprisen-Nov2-1200x1697.jpg 1200w\" sizes=\"(max-width: 1414px) 100vw, 1414px\" data-copyright=\"\" data-headline=\"Arbejderhistorieprisen Nov2\" data-description=\"\"  data-full-url=\"\" \/>\t\t\t\t\t<\/div>\r\n\t\r\n\t\t\t\t<div class=\"post-ancestor-title\">\r\n\t\t\t<span>LABOUR HISTORY<\/span>\r\n\t\t<\/div>\r\n\t\r\n\t<div class=\"post-title-wrap\">\r\n\t\t<span class=\"post-title\">Labor History Prize<\/span>\r\n\t<\/div>\r\n\r\n\t<a class=\"post-read-more-link\" href=\"https:\/\/arbejdermuseet.dk\/en\/library-archive\/labor-history-prize\/\">\r\n\t\tRead more <span height=\"1em\" class=\"standout-custom-svg custom-svg\"><svg height=\"1em\" xmlns=\"http:\/\/www.w3.org\/2000\/svg\" viewBox=\"0 0 17 8\" fill=\"none\">\r\n  <path d=\"M9.95456 0L9.5654 0.627408L14.4402 3.631H0V4.36826H14.4402L9.5654 7.37259L9.95456 8L16.4444 3.99963L9.95456 0Z\" fill=\"#B12320\"\/>\r\n<\/svg><\/span>\t<\/a>\r\n<\/div>\r\n\t<\/div>\r\n\r\n\r\n\r\n\t\t\r\n<\/section>\r\n\r\n<section class=\"standout-block standout-slide-element is-aligned alignwide\" data-block-id=\"block_80fb7fa26f0e0c773f42bac53e21ce87\" style=\"--block-background-color: transparent; --block-text-color: inherit;\">\r\n\r\n\t<div class=\"standout-max-container\">\t\r\n\r\n\t<div class=\"acf-innerblocks-container\">\r\n\t\t\r\n<div class=\"post post-loop post-loop-type-page\">\r\n\t\t\t<div class=\"post-thumbnail-wrap\">\r\n\t\t\t\t\t\t\t<img loading=\"lazy\" decoding=\"async\" width=\"2560\" height=\"1902\" src=\"https:\/\/arbejdermuseet.dk\/en\/wp-content\/uploads\/sites\/2\/2025\/11\/M20080305071-1-scaled.jpg\" class=\"attachment-post-thumbnail size-post-thumbnail wp-post-image\" alt=\"\" srcset=\"https:\/\/arbejdermuseet.dk\/en\/wp-content\/uploads\/sites\/2\/2025\/11\/M20080305071-1-scaled.jpg 2560w, https:\/\/arbejdermuseet.dk\/en\/wp-content\/uploads\/sites\/2\/2025\/11\/M20080305071-1-600x446.jpg 600w, https:\/\/arbejdermuseet.dk\/en\/wp-content\/uploads\/sites\/2\/2025\/11\/M20080305071-1-1920x1426.jpg 1920w, https:\/\/arbejdermuseet.dk\/en\/wp-content\/uploads\/sites\/2\/2025\/11\/M20080305071-1-300x223.jpg 300w, https:\/\/arbejdermuseet.dk\/en\/wp-content\/uploads\/sites\/2\/2025\/11\/M20080305071-1-768x570.jpg 768w, https:\/\/arbejdermuseet.dk\/en\/wp-content\/uploads\/sites\/2\/2025\/11\/M20080305071-1-1536x1141.jpg 1536w, https:\/\/arbejdermuseet.dk\/en\/wp-content\/uploads\/sites\/2\/2025\/11\/M20080305071-1-2048x1521.jpg 2048w, https:\/\/arbejdermuseet.dk\/en\/wp-content\/uploads\/sites\/2\/2025\/11\/M20080305071-1-121x90.jpg 121w, https:\/\/arbejdermuseet.dk\/en\/wp-content\/uploads\/sites\/2\/2025\/11\/M20080305071-1-1200x891.jpg 1200w\" sizes=\"(max-width: 2560px) 100vw, 2560px\" data-copyright=\"\" data-headline=\"M20080305071\" data-description=\"\"  data-full-url=\"\" \/>\t\t\t\t\t<\/div>\r\n\t\r\n\t\t\t\t<div class=\"post-ancestor-title\">\r\n\t\t\t<span>LABOUR HISTORY<\/span>\r\n\t\t<\/div>\r\n\t\r\n\t<div class=\"post-title-wrap\">\r\n\t\t<span class=\"post-title\">Stauning&#8217;s life in pictures<\/span>\r\n\t<\/div>\r\n\r\n\t<a class=\"post-read-more-link\" href=\"https:\/\/arbejdermuseet.dk\/en\/library-archive\/all-of-denmarks-stauning\/staunings-life-in-pictures\/\">\r\n\t\tRead more <span height=\"1em\" class=\"standout-custom-svg custom-svg\"><svg height=\"1em\" xmlns=\"http:\/\/www.w3.org\/2000\/svg\" viewBox=\"0 0 17 8\" fill=\"none\">\r\n  <path d=\"M9.95456 0L9.5654 0.627408L14.4402 3.631H0V4.36826H14.4402L9.5654 7.37259L9.95456 8L16.4444 3.99963L9.95456 0Z\" fill=\"#B12320\"\/>\r\n<\/svg><\/span>\t<\/a>\r\n<\/div>\r\n\t<\/div>\r\n\r\n\r\n\r\n\t\t<\/div>\r\n<\/section>\r\n\r\n<section class=\"standout-block standout-slide-element is-aligned alignwide\" data-block-id=\"block_3a86683e1ebc5c55d3b40cfaf31a571e\" style=\"--block-background-color: transparent; --block-text-color: inherit;\">\r\n\r\n\t<div class=\"standout-max-container\">\t\r\n\r\n\t<div class=\"acf-innerblocks-container\">\r\n\t\t\r\n<div class=\"post post-loop post-loop-type-page\">\r\n\t\t\t<div class=\"post-thumbnail-wrap\">\r\n\t\t\t\t\t\t\t<img loading=\"lazy\" decoding=\"async\" width=\"2440\" height=\"1689\" src=\"https:\/\/arbejdermuseet.dk\/en\/wp-content\/uploads\/sites\/2\/2025\/10\/F20110320010.jpg\" class=\"attachment-post-thumbnail size-post-thumbnail wp-post-image\" alt=\"\" srcset=\"https:\/\/arbejdermuseet.dk\/en\/wp-content\/uploads\/sites\/2\/2025\/10\/F20110320010.jpg 2440w, https:\/\/arbejdermuseet.dk\/en\/wp-content\/uploads\/sites\/2\/2025\/10\/F20110320010-600x415.jpg 600w, https:\/\/arbejdermuseet.dk\/en\/wp-content\/uploads\/sites\/2\/2025\/10\/F20110320010-1920x1329.jpg 1920w, https:\/\/arbejdermuseet.dk\/en\/wp-content\/uploads\/sites\/2\/2025\/10\/F20110320010-300x208.jpg 300w, https:\/\/arbejdermuseet.dk\/en\/wp-content\/uploads\/sites\/2\/2025\/10\/F20110320010-768x532.jpg 768w, https:\/\/arbejdermuseet.dk\/en\/wp-content\/uploads\/sites\/2\/2025\/10\/F20110320010-1536x1063.jpg 1536w, https:\/\/arbejdermuseet.dk\/en\/wp-content\/uploads\/sites\/2\/2025\/10\/F20110320010-2048x1418.jpg 2048w, https:\/\/arbejdermuseet.dk\/en\/wp-content\/uploads\/sites\/2\/2025\/10\/F20110320010-130x90.jpg 130w, https:\/\/arbejdermuseet.dk\/en\/wp-content\/uploads\/sites\/2\/2025\/10\/F20110320010-1200x831.jpg 1200w\" sizes=\"(max-width: 2440px) 100vw, 2440px\" data-copyright=\"\" data-headline=\"F20110320010\" data-description=\"\"  data-full-url=\"\" \/>\t\t\t\t\t<\/div>\r\n\t\r\n\t\t\t\t<div class=\"post-ancestor-title\">\r\n\t\t\t<span>LABOUR HISTORY<\/span>\r\n\t\t<\/div>\r\n\t\r\n\t<div class=\"post-title-wrap\">\r\n\t\t<span class=\"post-title\">The Easter crisis: The end<\/span>\r\n\t<\/div>\r\n\r\n\t<a class=\"post-read-more-link\" href=\"https:\/\/arbejdermuseet.dk\/en\/library-archive\/the-easter-crisis\/the-easter-crisis-the-end\/\">\r\n\t\tRead more <span height=\"1em\" class=\"standout-custom-svg custom-svg\"><svg height=\"1em\" xmlns=\"http:\/\/www.w3.org\/2000\/svg\" viewBox=\"0 0 17 8\" fill=\"none\">\r\n  <path d=\"M9.95456 0L9.5654 0.627408L14.4402 3.631H0V4.36826H14.4402L9.5654 7.37259L9.95456 8L16.4444 3.99963L9.95456 0Z\" fill=\"#B12320\"\/>\r\n<\/svg><\/span>\t<\/a>\r\n<\/div>\r\n\t<\/div>\r\n\r\n\r\n\r\n\t\t<\/div>\r\n<\/section>\r\n\r\n<section class=\"standout-block standout-slide-element is-aligned alignwide\" data-block-id=\"block_af306566f6a9e7a3a4660c3495970e79\" style=\"--block-background-color: transparent; --block-text-color: inherit;\">\r\n\r\n\t<div class=\"standout-max-container\">\t\r\n\r\n\t<div class=\"acf-innerblocks-container\">\r\n\t\t\r\n<div class=\"post post-loop post-loop-type-page\">\r\n\t\t\t<div class=\"post-thumbnail-wrap\">\r\n\t\t\t\t\t\t\t<img loading=\"lazy\" decoding=\"async\" width=\"1642\" height=\"1024\" src=\"https:\/\/arbejdermuseet.dk\/en\/wp-content\/uploads\/sites\/2\/2025\/11\/F20130219140.jpg\" class=\"attachment-post-thumbnail size-post-thumbnail wp-post-image\" alt=\"\" srcset=\"https:\/\/arbejdermuseet.dk\/en\/wp-content\/uploads\/sites\/2\/2025\/11\/F20130219140.jpg 1642w, https:\/\/arbejdermuseet.dk\/en\/wp-content\/uploads\/sites\/2\/2025\/11\/F20130219140-600x374.jpg 600w, https:\/\/arbejdermuseet.dk\/en\/wp-content\/uploads\/sites\/2\/2025\/11\/F20130219140-300x187.jpg 300w, https:\/\/arbejdermuseet.dk\/en\/wp-content\/uploads\/sites\/2\/2025\/11\/F20130219140-768x479.jpg 768w, https:\/\/arbejdermuseet.dk\/en\/wp-content\/uploads\/sites\/2\/2025\/11\/F20130219140-1536x958.jpg 1536w, https:\/\/arbejdermuseet.dk\/en\/wp-content\/uploads\/sites\/2\/2025\/11\/F20130219140-144x90.jpg 144w, https:\/\/arbejdermuseet.dk\/en\/wp-content\/uploads\/sites\/2\/2025\/11\/F20130219140-1200x748.jpg 1200w\" sizes=\"(max-width: 1642px) 100vw, 1642px\" data-copyright=\"\" data-headline=\"F20130219140\" data-description=\"\"  data-full-url=\"\" \/>\t\t\t\t\t<\/div>\r\n\t\r\n\t\t\t\t<div class=\"post-ancestor-title\">\r\n\t\t\t<span>LABOUR HISTORY<\/span>\r\n\t\t<\/div>\r\n\t\r\n\t<div class=\"post-title-wrap\">\r\n\t\t<span class=\"post-title\">Easter crisis: &#8220;Down with Christian!&#8221;<\/span>\r\n\t<\/div>\r\n\r\n\t<a class=\"post-read-more-link\" href=\"https:\/\/arbejdermuseet.dk\/en\/library-archive\/the-easter-crisis\/easter-crisis-down-with-christian\/\">\r\n\t\tRead more <span height=\"1em\" class=\"standout-custom-svg custom-svg\"><svg height=\"1em\" xmlns=\"http:\/\/www.w3.org\/2000\/svg\" viewBox=\"0 0 17 8\" fill=\"none\">\r\n  <path d=\"M9.95456 0L9.5654 0.627408L14.4402 3.631H0V4.36826H14.4402L9.5654 7.37259L9.95456 8L16.4444 3.99963L9.95456 0Z\" fill=\"#B12320\"\/>\r\n<\/svg><\/span>\t<\/a>\r\n<\/div>\r\n\t<\/div>\r\n\r\n\r\n\r\n\t\t<\/div>\r\n<\/section>\r\n\r\n<section class=\"standout-block standout-slide-element is-aligned alignwide\" data-block-id=\"block_ffa3018beab23e2b6c6559a39de14cb8\" style=\"--block-background-color: transparent; --block-text-color: inherit;\">\r\n\r\n\t<div class=\"standout-max-container\">\t\r\n\r\n\t<div class=\"acf-innerblocks-container\">\r\n\t\t\r\n<div class=\"post post-loop post-loop-type-page\">\r\n\t\t\t<div class=\"post-thumbnail-wrap\">\r\n\t\t\t\t\t\t\t<img loading=\"lazy\" decoding=\"async\" width=\"2560\" height=\"1925\" src=\"https:\/\/arbejdermuseet.dk\/en\/wp-content\/uploads\/sites\/2\/2025\/11\/F20090124013-scaled.jpg\" class=\"attachment-post-thumbnail size-post-thumbnail wp-post-image\" alt=\"\" srcset=\"https:\/\/arbejdermuseet.dk\/en\/wp-content\/uploads\/sites\/2\/2025\/11\/F20090124013-scaled.jpg 2560w, https:\/\/arbejdermuseet.dk\/en\/wp-content\/uploads\/sites\/2\/2025\/11\/F20090124013-600x451.jpg 600w, https:\/\/arbejdermuseet.dk\/en\/wp-content\/uploads\/sites\/2\/2025\/11\/F20090124013-1920x1443.jpg 1920w, https:\/\/arbejdermuseet.dk\/en\/wp-content\/uploads\/sites\/2\/2025\/11\/F20090124013-300x226.jpg 300w, https:\/\/arbejdermuseet.dk\/en\/wp-content\/uploads\/sites\/2\/2025\/11\/F20090124013-768x577.jpg 768w, https:\/\/arbejdermuseet.dk\/en\/wp-content\/uploads\/sites\/2\/2025\/11\/F20090124013-1536x1155.jpg 1536w, https:\/\/arbejdermuseet.dk\/en\/wp-content\/uploads\/sites\/2\/2025\/11\/F20090124013-2048x1540.jpg 2048w, https:\/\/arbejdermuseet.dk\/en\/wp-content\/uploads\/sites\/2\/2025\/11\/F20090124013-120x90.jpg 120w, https:\/\/arbejdermuseet.dk\/en\/wp-content\/uploads\/sites\/2\/2025\/11\/F20090124013-1200x902.jpg 1200w\" sizes=\"(max-width: 2560px) 100vw, 2560px\" data-copyright=\"\" data-headline=\"F20090124013\" data-description=\"\"  data-full-url=\"\" \/>\t\t\t\t\t<\/div>\r\n\t\r\n\t\t\t\t<div class=\"post-ancestor-title\">\r\n\t\t\t<span>LABOUR HISTORY<\/span>\r\n\t\t<\/div>\r\n\t\r\n\t<div class=\"post-title-wrap\">\r\n\t\t<span class=\"post-title\">Six about Stauning<\/span>\r\n\t<\/div>\r\n\r\n\t<a class=\"post-read-more-link\" href=\"https:\/\/arbejdermuseet.dk\/en\/library-archive\/all-of-denmarks-stauning\/six-about-stauning\/\">\r\n\t\tRead more <span height=\"1em\" class=\"standout-custom-svg custom-svg\"><svg height=\"1em\" xmlns=\"http:\/\/www.w3.org\/2000\/svg\" viewBox=\"0 0 17 8\" fill=\"none\">\r\n  <path d=\"M9.95456 0L9.5654 0.627408L14.4402 3.631H0V4.36826H14.4402L9.5654 7.37259L9.95456 8L16.4444 3.99963L9.95456 0Z\" fill=\"#B12320\"\/>\r\n<\/svg><\/span>\t<\/a>\r\n<\/div>\r\n\t<\/div>\r\n\r\n\r\n\r\n\t\t<\/div>\r\n<\/section>\r\n\r\n<section class=\"standout-block standout-slide-element is-aligned alignwide\" data-block-id=\"block_316cd69338d30156b7806fa1042eb6d7\" style=\"--block-background-color: transparent; --block-text-color: inherit;\">\r\n\r\n\t<div class=\"standout-max-container\">\t\r\n\r\n\t<div class=\"acf-innerblocks-container\">\r\n\t\t\r\n<div class=\"post post-loop post-loop-type-page\">\r\n\t\t\t<div class=\"post-thumbnail-wrap\">\r\n\t\t\t\t\t\t\t<img loading=\"lazy\" decoding=\"async\" width=\"1504\" height=\"922\" src=\"https:\/\/arbejdermuseet.dk\/en\/wp-content\/uploads\/sites\/2\/2025\/11\/F20120305024.jpg\" class=\"attachment-post-thumbnail size-post-thumbnail wp-post-image\" alt=\"F20120305024\" srcset=\"https:\/\/arbejdermuseet.dk\/en\/wp-content\/uploads\/sites\/2\/2025\/11\/F20120305024.jpg 1504w, https:\/\/arbejdermuseet.dk\/en\/wp-content\/uploads\/sites\/2\/2025\/11\/F20120305024-600x368.jpg 600w, https:\/\/arbejdermuseet.dk\/en\/wp-content\/uploads\/sites\/2\/2025\/11\/F20120305024-300x184.jpg 300w, https:\/\/arbejdermuseet.dk\/en\/wp-content\/uploads\/sites\/2\/2025\/11\/F20120305024-768x471.jpg 768w, https:\/\/arbejdermuseet.dk\/en\/wp-content\/uploads\/sites\/2\/2025\/11\/F20120305024-147x90.jpg 147w, https:\/\/arbejdermuseet.dk\/en\/wp-content\/uploads\/sites\/2\/2025\/11\/F20120305024-1200x736.jpg 1200w\" sizes=\"(max-width: 1504px) 100vw, 1504px\" data-copyright=\"\" data-headline=\"F20120305024\" data-description=\"\"  data-full-url=\"\" \/>\t\t\t\t\t<\/div>\r\n\t\r\n\t\t\t\t<div class=\"post-ancestor-title\">\r\n\t\t\t<span>LABOUR HISTORY<\/span>\r\n\t\t<\/div>\r\n\t\r\n\t<div class=\"post-title-wrap\">\r\n\t\t<span class=\"post-title\">the 1930s and Stauning<\/span>\r\n\t<\/div>\r\n\r\n\t<a class=\"post-read-more-link\" href=\"https:\/\/arbejdermuseet.dk\/en\/library-archive\/all-of-denmarks-stauning\/the-1930s-and-stauning\/\">\r\n\t\tRead more <span height=\"1em\" class=\"standout-custom-svg custom-svg\"><svg height=\"1em\" xmlns=\"http:\/\/www.w3.org\/2000\/svg\" viewBox=\"0 0 17 8\" fill=\"none\">\r\n  <path d=\"M9.95456 0L9.5654 0.627408L14.4402 3.631H0V4.36826H14.4402L9.5654 7.37259L9.95456 8L16.4444 3.99963L9.95456 0Z\" fill=\"#B12320\"\/>\r\n<\/svg><\/span>\t<\/a>\r\n<\/div>\r\n\t<\/div>\r\n\r\n\r\n\r\n\t\t<\/div>\r\n<\/section>\r\n\r\n<section class=\"standout-block standout-slide-element is-aligned alignwide\" data-block-id=\"block_cc09d04bf9490dcad87a6bc8d80b5605\" style=\"--block-background-color: transparent; --block-text-color: inherit;\">\r\n\r\n\t<div class=\"standout-max-container\">\t\r\n\r\n\t<div class=\"acf-innerblocks-container\">\r\n\t\t\r\n<div class=\"post post-loop post-loop-type-page\">\r\n\t\t\t<div class=\"post-thumbnail-wrap\">\r\n\t\t\t\t\t\t\t<img loading=\"lazy\" decoding=\"async\" width=\"2560\" height=\"1692\" src=\"https:\/\/arbejdermuseet.dk\/en\/wp-content\/uploads\/sites\/2\/2025\/11\/F20180801004_01-scaled.jpg\" class=\"attachment-post-thumbnail size-post-thumbnail wp-post-image\" alt=\"\" srcset=\"https:\/\/arbejdermuseet.dk\/en\/wp-content\/uploads\/sites\/2\/2025\/11\/F20180801004_01-scaled.jpg 2560w, https:\/\/arbejdermuseet.dk\/en\/wp-content\/uploads\/sites\/2\/2025\/11\/F20180801004_01-600x397.jpg 600w, https:\/\/arbejdermuseet.dk\/en\/wp-content\/uploads\/sites\/2\/2025\/11\/F20180801004_01-1920x1269.jpg 1920w, https:\/\/arbejdermuseet.dk\/en\/wp-content\/uploads\/sites\/2\/2025\/11\/F20180801004_01-300x198.jpg 300w, https:\/\/arbejdermuseet.dk\/en\/wp-content\/uploads\/sites\/2\/2025\/11\/F20180801004_01-768x508.jpg 768w, https:\/\/arbejdermuseet.dk\/en\/wp-content\/uploads\/sites\/2\/2025\/11\/F20180801004_01-1536x1015.jpg 1536w, https:\/\/arbejdermuseet.dk\/en\/wp-content\/uploads\/sites\/2\/2025\/11\/F20180801004_01-2048x1354.jpg 2048w, https:\/\/arbejdermuseet.dk\/en\/wp-content\/uploads\/sites\/2\/2025\/11\/F20180801004_01-136x90.jpg 136w, https:\/\/arbejdermuseet.dk\/en\/wp-content\/uploads\/sites\/2\/2025\/11\/F20180801004_01-1200x793.jpg 1200w\" sizes=\"(max-width: 2560px) 100vw, 2560px\" data-copyright=\"\" data-headline=\"F20180801004_01\" data-description=\"\"  data-full-url=\"\" \/>\t\t\t\t\t<\/div>\r\n\t\r\n\t\t\t\t<div class=\"post-ancestor-title\">\r\n\t\t\t<span>LABOUR HISTORY<\/span>\r\n\t\t<\/div>\r\n\t\r\n\t<div class=\"post-title-wrap\">\r\n\t\t<span class=\"post-title\">South Africa solidarity in ABA<\/span>\r\n\t<\/div>\r\n\r\n\t<a class=\"post-read-more-link\" href=\"https:\/\/arbejdermuseet.dk\/en\/library-archive\/international-solidarity\/south-africa-solidarity-in-aba\/\">\r\n\t\tRead more <span height=\"1em\" class=\"standout-custom-svg custom-svg\"><svg height=\"1em\" xmlns=\"http:\/\/www.w3.org\/2000\/svg\" viewBox=\"0 0 17 8\" fill=\"none\">\r\n  <path d=\"M9.95456 0L9.5654 0.627408L14.4402 3.631H0V4.36826H14.4402L9.5654 7.37259L9.95456 8L16.4444 3.99963L9.95456 0Z\" fill=\"#B12320\"\/>\r\n<\/svg><\/span>\t<\/a>\r\n<\/div>\r\n\t<\/div>\r\n\r\n\r\n\r\n\t\t<\/div>\r\n<\/section>\r\n\r\n<section class=\"standout-block standout-slide-element is-aligned alignwide\" data-block-id=\"block_3b0962e2d4fa87bd073e10332b34a3b7\" style=\"--block-background-color: transparent; --block-text-color: inherit;\">\r\n\r\n\t<div class=\"standout-max-container\">\t\r\n\r\n\t<div class=\"acf-innerblocks-container\">\r\n\t\t\r\n<div class=\"post post-loop post-loop-type-page\">\r\n\t\t\t<div class=\"post-thumbnail-wrap\">\r\n\t\t\t\t\t\t\t<img loading=\"lazy\" decoding=\"async\" width=\"600\" height=\"337\" src=\"https:\/\/arbejdermuseet.dk\/en\/wp-content\/uploads\/sites\/2\/2026\/01\/8-8-8-arbejderhistorie-aspect-ratio-420-236-600x337.jpg\" class=\"attachment-medium size-medium\" alt=\"\" srcset=\"https:\/\/arbejdermuseet.dk\/en\/wp-content\/uploads\/sites\/2\/2026\/01\/8-8-8-arbejderhistorie-aspect-ratio-420-236-600x337.jpg 600w, https:\/\/arbejdermuseet.dk\/en\/wp-content\/uploads\/sites\/2\/2026\/01\/8-8-8-arbejderhistorie-aspect-ratio-420-236-300x168.jpg 300w, https:\/\/arbejdermuseet.dk\/en\/wp-content\/uploads\/sites\/2\/2026\/01\/8-8-8-arbejderhistorie-aspect-ratio-420-236-768x431.jpg 768w, https:\/\/arbejdermuseet.dk\/en\/wp-content\/uploads\/sites\/2\/2026\/01\/8-8-8-arbejderhistorie-aspect-ratio-420-236-160x90.jpg 160w, https:\/\/arbejdermuseet.dk\/en\/wp-content\/uploads\/sites\/2\/2026\/01\/8-8-8-arbejderhistorie-aspect-ratio-420-236-1200x674.jpg 1200w, https:\/\/arbejdermuseet.dk\/en\/wp-content\/uploads\/sites\/2\/2026\/01\/8-8-8-arbejderhistorie-aspect-ratio-420-236.jpg 1500w\" sizes=\"(max-width: 600px) 100vw, 600px\" data-copyright=\"\" data-headline=\"8-8-8-arbejderhistorie-aspect-ratio-420-236\" data-description=\"\"  data-full-url=\"\" \/>\t\t\t\t\t<\/div>\r\n\t\r\n\t\t\t\t<div class=\"post-ancestor-title\">\r\n\t\t\t<span>LABOUR HISTORY<\/span>\r\n\t\t<\/div>\r\n\t\r\n\t<div class=\"post-title-wrap\">\r\n\t\t<span class=\"post-title\">A black panther in Folkets Hus<\/span>\r\n\t<\/div>\r\n\r\n\t<a class=\"post-read-more-link\" href=\"https:\/\/arbejdermuseet.dk\/en\/library-archive\/international-solidarity\/a-black-panther-in-folkets-hus\/\">\r\n\t\tRead more <span height=\"1em\" class=\"standout-custom-svg custom-svg\"><svg height=\"1em\" xmlns=\"http:\/\/www.w3.org\/2000\/svg\" viewBox=\"0 0 17 8\" fill=\"none\">\r\n  <path d=\"M9.95456 0L9.5654 0.627408L14.4402 3.631H0V4.36826H14.4402L9.5654 7.37259L9.95456 8L16.4444 3.99963L9.95456 0Z\" fill=\"#B12320\"\/>\r\n<\/svg><\/span>\t<\/a>\r\n<\/div>\r\n\t<\/div>\r\n\r\n\r\n\r\n\t\t<\/div>\r\n<\/section>\t\t<\/div>\n\t\n\t\n\t\n<\/div>\n\n\n\t<style>\n\t\t.standout-slider[data-block-id=\"block_c83c72db4e770daafde19383c04ba402\"]>*>*>.acf-innerblocks-container:not(.slick-initialized)>*:nth-child(4)~* {\n\t\t\tdisplay: none;\n\t\t}\n\t<\/style>\n\n\n\r\n\t\t<\/div>\r\n<\/section>\t<\/div>\r\n<\/div>\r\n\r\n\r\n\r\n\t\t<\/div>\r\n<\/section>\t<\/div>\r\n\r\n\r\n\r\n\t\t<\/div>\r\n<\/section>\n<\/div>\r\n\t<\/div>\r\n\r\n\r\n\r\n\t\t<\/div>\r\n<\/section>","protected":false},"excerpt":{"rendered":"<p>Chris Holmsted Larsen | 29.06.2015 In 2011, a grant from the Augustinus Foundation, combined with a domiciliation agreement with the Workers&#8217; Museum &amp; ABA, enabled a biographical research project on the Danish communist, lawyer and author Carl Madsen (1903-1978). After the initial archival research, a picture emerged of an extremely extensive archive material. It was&#8230;<\/p>\n","protected":false},"author":7,"featured_media":41989,"parent":41517,"menu_order":16,"comment_status":"closed","ping_status":"closed","template":"page-kildepakke.php","meta":{"_acf_changed":false,"editor_notices":[],"footnotes":""},"class_list":["post-41987","page","type-page","status-publish","has-post-thumbnail","hentry"],"acf":[],"yoast_head":"<!-- This site is optimized with the Yoast SEO plugin v26.3 - https:\/\/yoast.com\/wordpress\/plugins\/seo\/ -->\n<title>On a bibliographic journey with Carl Madsen - Arbejdermuseet<\/title>\n<meta name=\"robots\" content=\"index, follow, max-snippet:-1, max-image-preview:large, max-video-preview:-1\" \/>\n<link rel=\"canonical\" href=\"https:\/\/arbejdermuseet.dk\/en\/library-archive\/party\/dkp-and-communism-in-denmark\/on-a-bibliographic-journey-with-carl-madsen\/\" \/>\n<meta property=\"og:locale\" content=\"en_US\" \/>\n<meta property=\"og:type\" content=\"article\" \/>\n<meta property=\"og:title\" content=\"On a bibliographic journey with Carl Madsen - Arbejdermuseet\" \/>\n<meta property=\"og:description\" content=\"Chris Holmsted Larsen | 29.06.2015 In 2011, a grant from the Augustinus Foundation, combined with a domiciliation agreement with the Workers&#8217; Museum &amp; ABA, enabled a biographical research project on the Danish communist, lawyer and author Carl Madsen (1903-1978). After the initial archival research, a picture emerged of an extremely extensive archive material. It was...\" \/>\n<meta property=\"og:url\" content=\"https:\/\/arbejdermuseet.dk\/en\/library-archive\/party\/dkp-and-communism-in-denmark\/on-a-bibliographic-journey-with-carl-madsen\/\" \/>\n<meta property=\"og:site_name\" content=\"Arbejdermuseet\" \/>\n<meta property=\"article:modified_time\" content=\"2026-01-29T07:24:27+00:00\" \/>\n<meta property=\"og:image\" content=\"https:\/\/arbejdermuseet.dk\/en\/wp-content\/uploads\/sites\/2\/2025\/10\/F20080506039-scaled.jpg\" \/>\n\t<meta property=\"og:image:width\" content=\"2560\" \/>\n\t<meta property=\"og:image:height\" content=\"2066\" \/>\n\t<meta property=\"og:image:type\" content=\"image\/jpeg\" \/>\n<meta name=\"twitter:card\" content=\"summary_large_image\" \/>\n<meta name=\"twitter:label1\" content=\"Est. reading time\" \/>\n\t<meta name=\"twitter:data1\" content=\"6 minutes\" \/>\n<!-- \/ Yoast SEO plugin. -->","yoast_head_json":{"title":"On a bibliographic journey with Carl Madsen - Arbejdermuseet","robots":{"index":"index","follow":"follow","max-snippet":"max-snippet:-1","max-image-preview":"max-image-preview:large","max-video-preview":"max-video-preview:-1"},"canonical":"https:\/\/arbejdermuseet.dk\/en\/library-archive\/party\/dkp-and-communism-in-denmark\/on-a-bibliographic-journey-with-carl-madsen\/","og_locale":"en_US","og_type":"article","og_title":"On a bibliographic journey with Carl Madsen - Arbejdermuseet","og_description":"Chris Holmsted Larsen | 29.06.2015 In 2011, a grant from the Augustinus Foundation, combined with a domiciliation agreement with the Workers&#8217; Museum &amp; ABA, enabled a biographical research project on the Danish communist, lawyer and author Carl Madsen (1903-1978). After the initial archival research, a picture emerged of an extremely extensive archive material. It was...","og_url":"https:\/\/arbejdermuseet.dk\/en\/library-archive\/party\/dkp-and-communism-in-denmark\/on-a-bibliographic-journey-with-carl-madsen\/","og_site_name":"Arbejdermuseet","article_modified_time":"2026-01-29T07:24:27+00:00","og_image":[{"width":2560,"height":2066,"url":"https:\/\/arbejdermuseet.dk\/en\/wp-content\/uploads\/sites\/2\/2025\/10\/F20080506039-scaled.jpg","type":"image\/jpeg"}],"twitter_card":"summary_large_image","twitter_misc":{"Est. reading time":"6 minutes"},"schema":{"@context":"https:\/\/schema.org","@graph":[{"@type":"WebPage","@id":"https:\/\/arbejdermuseet.dk\/en\/library-archive\/party\/dkp-and-communism-in-denmark\/on-a-bibliographic-journey-with-carl-madsen\/","url":"https:\/\/arbejdermuseet.dk\/en\/library-archive\/party\/dkp-and-communism-in-denmark\/on-a-bibliographic-journey-with-carl-madsen\/","name":"On a bibliographic journey with Carl Madsen - Arbejdermuseet","isPartOf":{"@id":"https:\/\/arbejdermuseet.dk\/en\/#website"},"primaryImageOfPage":{"@id":"https:\/\/arbejdermuseet.dk\/en\/library-archive\/party\/dkp-and-communism-in-denmark\/on-a-bibliographic-journey-with-carl-madsen\/#primaryimage"},"image":{"@id":"https:\/\/arbejdermuseet.dk\/en\/library-archive\/party\/dkp-and-communism-in-denmark\/on-a-bibliographic-journey-with-carl-madsen\/#primaryimage"},"thumbnailUrl":"https:\/\/arbejdermuseet.dk\/en\/wp-content\/uploads\/sites\/2\/2025\/10\/F20080506039-scaled.jpg","datePublished":"2025-10-30T08:16:11+00:00","dateModified":"2026-01-29T07:24:27+00:00","breadcrumb":{"@id":"https:\/\/arbejdermuseet.dk\/en\/library-archive\/party\/dkp-and-communism-in-denmark\/on-a-bibliographic-journey-with-carl-madsen\/#breadcrumb"},"inLanguage":"en-US","potentialAction":[{"@type":"ReadAction","target":["https:\/\/arbejdermuseet.dk\/en\/library-archive\/party\/dkp-and-communism-in-denmark\/on-a-bibliographic-journey-with-carl-madsen\/"]}]},{"@type":"ImageObject","inLanguage":"en-US","@id":"https:\/\/arbejdermuseet.dk\/en\/library-archive\/party\/dkp-and-communism-in-denmark\/on-a-bibliographic-journey-with-carl-madsen\/#primaryimage","url":"https:\/\/arbejdermuseet.dk\/en\/wp-content\/uploads\/sites\/2\/2025\/10\/F20080506039-scaled.jpg","contentUrl":"https:\/\/arbejdermuseet.dk\/en\/wp-content\/uploads\/sites\/2\/2025\/10\/F20080506039-scaled.jpg","width":2560,"height":2066},{"@type":"BreadcrumbList","@id":"https:\/\/arbejdermuseet.dk\/en\/library-archive\/party\/dkp-and-communism-in-denmark\/on-a-bibliographic-journey-with-carl-madsen\/#breadcrumb","itemListElement":[{"@type":"ListItem","position":1,"name":"Hjem","item":"https:\/\/arbejdermuseet.dk\/en\/"},{"@type":"ListItem","position":2,"name":"LIBRARY &amp; ARCHIVE","item":"https:\/\/arbejdermuseet.dk\/en\/library-archive\/"},{"@type":"ListItem","position":3,"name":"Parties","item":"https:\/\/arbejdermuseet.dk\/en\/library-archive\/party\/"},{"@type":"ListItem","position":4,"name":"DKP and communism in Denmark","item":"https:\/\/arbejdermuseet.dk\/en\/library-archive\/party\/dkp-and-communism-in-denmark\/"},{"@type":"ListItem","position":5,"name":"On a bibliographic journey with Carl Madsen"}]},{"@type":"WebSite","@id":"https:\/\/arbejdermuseet.dk\/en\/#website","url":"https:\/\/arbejdermuseet.dk\/en\/","name":"Arbejdermuseet","description":"","publisher":{"@id":"https:\/\/arbejdermuseet.dk\/en\/#organization"},"potentialAction":[{"@type":"SearchAction","target":{"@type":"EntryPoint","urlTemplate":"https:\/\/arbejdermuseet.dk\/en\/?s={search_term_string}"},"query-input":{"@type":"PropertyValueSpecification","valueRequired":true,"valueName":"search_term_string"}}],"inLanguage":"en-US"},{"@type":"Organization","@id":"https:\/\/arbejdermuseet.dk\/en\/#organization","name":"Arbejdermuseet","url":"https:\/\/arbejdermuseet.dk\/en\/","logo":{"@type":"ImageObject","inLanguage":"en-US","@id":"https:\/\/arbejdermuseet.dk\/en\/#\/schema\/logo\/image\/","url":"https:\/\/arbejdermuseet.dk\/en\/wp-content\/uploads\/sites\/2\/2025\/01\/Logo.svg","contentUrl":"https:\/\/arbejdermuseet.dk\/en\/wp-content\/uploads\/sites\/2\/2025\/01\/Logo.svg","caption":"Arbejdermuseet"},"image":{"@id":"https:\/\/arbejdermuseet.dk\/en\/#\/schema\/logo\/image\/"}}]}},"_links":{"self":[{"href":"https:\/\/arbejdermuseet.dk\/en\/wp-json\/wp\/v2\/pages\/41987","targetHints":{"allow":["GET"]}}],"collection":[{"href":"https:\/\/arbejdermuseet.dk\/en\/wp-json\/wp\/v2\/pages"}],"about":[{"href":"https:\/\/arbejdermuseet.dk\/en\/wp-json\/wp\/v2\/types\/page"}],"author":[{"embeddable":true,"href":"https:\/\/arbejdermuseet.dk\/en\/wp-json\/wp\/v2\/users\/7"}],"replies":[{"embeddable":true,"href":"https:\/\/arbejdermuseet.dk\/en\/wp-json\/wp\/v2\/comments?post=41987"}],"version-history":[{"count":5,"href":"https:\/\/arbejdermuseet.dk\/en\/wp-json\/wp\/v2\/pages\/41987\/revisions"}],"predecessor-version":[{"id":47670,"href":"https:\/\/arbejdermuseet.dk\/en\/wp-json\/wp\/v2\/pages\/41987\/revisions\/47670"}],"up":[{"embeddable":true,"href":"https:\/\/arbejdermuseet.dk\/en\/wp-json\/wp\/v2\/pages\/41517"}],"wp:featuredmedia":[{"embeddable":true,"href":"https:\/\/arbejdermuseet.dk\/en\/wp-json\/wp\/v2\/media\/41989"}],"wp:attachment":[{"href":"https:\/\/arbejdermuseet.dk\/en\/wp-json\/wp\/v2\/media?parent=41987"}],"curies":[{"name":"wp","href":"https:\/\/api.w.org\/{rel}","templated":true}]}}