{"id":41483,"date":"2025-10-13T10:24:59","date_gmt":"2025-10-13T08:24:59","guid":{"rendered":"https:\/\/arbejdermuseet.dk\/?page_id=41483"},"modified":"2026-04-23T11:51:52","modified_gmt":"2026-04-23T09:51:52","slug":"security-policy-war-and-peace","status":"publish","type":"page","link":"https:\/\/arbejdermuseet.dk\/en\/library-archive\/security-policy-war-and-peace\/","title":{"rendered":"Security policy &#8211; War and Peace"},"content":{"rendered":"\n<p class=\"is-style-align-wide standout-subtitle-type\">Labour history<\/p>\n\n\n\n<h1 class=\"wp-block-heading alignwide\">Security Policy &#8211; War and Peace<\/h1>\n\n\n\r\n\r\n<section class=\"standout-section standout-block standout-slider is-aligned alignfull wp-elements-15ee82e826c75703b59ed42ec2f95ffd has-bg has-text-color\" data-block-id=\"block_cbcd8e2fd2e1b22109dd96fd77df0eb3\" style=\"--block-background-color: transparent; --block-text-color: var(--wp--preset--color--color-white); --standout-block-gap: var(--gap-m); --slider-columns: 1;\" data-columns=\"1\" data-slider=\"{&quot;slidesToShow&quot;:&quot;1&quot;,&quot;slidesToScroll&quot;:&quot;1&quot;,&quot;dots&quot;:&quot;false&quot;,&quot;arrows&quot;:&quot;true&quot;,&quot;adaptiveHeight&quot;:&quot;false&quot;,&quot;autoplay&quot;:&quot;true&quot;,&quot;autoplaySpeed&quot;:&quot;5000&quot;,&quot;speed&quot;:&quot;1000&quot;,&quot;infinite&quot;:&quot;true&quot;,&quot;fade&quot;:&quot;false&quot;,&quot;custom_input_data&quot;:[{&quot;name&quot;:&quot;centerPadding&quot;,&quot;value&quot;:&quot;23%&quot;}],&quot;centerMode&quot;:&quot;true&quot;}\" data-slider-responsive=\"false\">\r\n\r\n\t<div class=\"standout-max-container\">\t\n\n<div class=\"standout-block-inner\" >\n\t\t\t\t\t<div class=\"acf-innerblocks-container is-slick-slider\">\n\r\n\r\n<section class=\"standout-block standout-slide-element is-aligned alignwide\" data-block-id=\"block_cbc0bdfed989ece5300f74aa73f7b70c\" style=\"--block-background-color: transparent; --block-text-color: inherit;\">\r\n\r\n\t\t\r\n\r\n\t\n\n<figure class=\"wp-block-image size-full\"><img loading=\"lazy\" decoding=\"async\" width=\"2560\" height=\"1681\" src=\"https:\/\/arbejdermuseet.dk\/wp-content\/uploads\/2025\/10\/F20221017001_01-scaled.jpg\" alt=\"F20221017001_01 - Fredsdemonstration i K\u00f8benhavn den 29. oktober 1983\" class=\"wp-image-41870\" style=\"aspect-ratio:48\/25;object-fit:cover\" srcset=\"https:\/\/arbejdermuseet.dk\/en\/wp-content\/uploads\/sites\/2\/2025\/10\/F20221017001_01-scaled.jpg 2560w, https:\/\/arbejdermuseet.dk\/en\/wp-content\/uploads\/sites\/2\/2025\/10\/F20221017001_01-600x394.jpg 600w, https:\/\/arbejdermuseet.dk\/en\/wp-content\/uploads\/sites\/2\/2025\/10\/F20221017001_01-1920x1261.jpg 1920w, https:\/\/arbejdermuseet.dk\/en\/wp-content\/uploads\/sites\/2\/2025\/10\/F20221017001_01-300x197.jpg 300w, https:\/\/arbejdermuseet.dk\/en\/wp-content\/uploads\/sites\/2\/2025\/10\/F20221017001_01-768x504.jpg 768w, https:\/\/arbejdermuseet.dk\/en\/wp-content\/uploads\/sites\/2\/2025\/10\/F20221017001_01-1536x1008.jpg 1536w, https:\/\/arbejdermuseet.dk\/en\/wp-content\/uploads\/sites\/2\/2025\/10\/F20221017001_01-2048x1345.jpg 2048w, https:\/\/arbejdermuseet.dk\/en\/wp-content\/uploads\/sites\/2\/2025\/10\/F20221017001_01-137x90.jpg 137w, https:\/\/arbejdermuseet.dk\/en\/wp-content\/uploads\/sites\/2\/2025\/10\/F20221017001_01-1200x788.jpg 1200w\" sizes=\"(max-width: 2560px) 100vw, 2560px\"  data-full-url=\"https:\/\/arbejdermuseet.dk\/en\/wp-content\/uploads\/sites\/2\/2025\/10\/F20221017001_01-scaled.jpg\" data-full-width=\"2560\" data-full-height=\"1681\" \/><\/figure>\n\n\r\n\r\n\r\n\r\n\t\t\r\n<\/section>\n\n\r\n\r\n<section class=\"standout-block standout-slide-element is-aligned alignwide\" data-block-id=\"block_cbc0bdfed989ece5300f74aa73f7b70c\" style=\"--block-background-color: transparent; --block-text-color: inherit;\">\r\n\r\n\t<div class=\"standout-max-container\">\t\r\n\r\n\t\n\n<figure class=\"wp-block-image size-full\"><img loading=\"lazy\" decoding=\"async\" width=\"2560\" height=\"1681\" src=\"https:\/\/arbejdermuseet.dk\/wp-content\/uploads\/2025\/10\/F20100830028-scaled.jpg\" alt=\"F20100830028\" class=\"wp-image-41493\" style=\"aspect-ratio:48\/25;object-fit:cover\" srcset=\"https:\/\/arbejdermuseet.dk\/en\/wp-content\/uploads\/sites\/2\/2025\/10\/F20100830028-scaled.jpg 2560w, https:\/\/arbejdermuseet.dk\/en\/wp-content\/uploads\/sites\/2\/2025\/10\/F20100830028-600x394.jpg 600w, https:\/\/arbejdermuseet.dk\/en\/wp-content\/uploads\/sites\/2\/2025\/10\/F20100830028-1920x1261.jpg 1920w, https:\/\/arbejdermuseet.dk\/en\/wp-content\/uploads\/sites\/2\/2025\/10\/F20100830028-300x197.jpg 300w, https:\/\/arbejdermuseet.dk\/en\/wp-content\/uploads\/sites\/2\/2025\/10\/F20100830028-768x504.jpg 768w, https:\/\/arbejdermuseet.dk\/en\/wp-content\/uploads\/sites\/2\/2025\/10\/F20100830028-1536x1009.jpg 1536w, https:\/\/arbejdermuseet.dk\/en\/wp-content\/uploads\/sites\/2\/2025\/10\/F20100830028-2048x1345.jpg 2048w, https:\/\/arbejdermuseet.dk\/en\/wp-content\/uploads\/sites\/2\/2025\/10\/F20100830028-137x90.jpg 137w, https:\/\/arbejdermuseet.dk\/en\/wp-content\/uploads\/sites\/2\/2025\/10\/F20100830028-1200x788.jpg 1200w\" sizes=\"(max-width: 2560px) 100vw, 2560px\"  data-full-url=\"https:\/\/arbejdermuseet.dk\/en\/wp-content\/uploads\/sites\/2\/2025\/10\/F20100830028-scaled.jpg\" data-full-width=\"2560\" data-full-height=\"1681\" \/><\/figure>\n\n\r\n\r\n\r\n\r\n\t\t<\/div>\r\n<\/section>\n\n\r\n\r\n<section class=\"standout-block standout-slide-element is-aligned alignwide\" data-block-id=\"block_cbc0bdfed989ece5300f74aa73f7b70c\" style=\"--block-background-color: transparent; --block-text-color: inherit;\">\r\n\r\n\t<div class=\"standout-max-container\">\t\r\n\r\n\t\n\n<figure class=\"wp-block-image size-full\"><img loading=\"lazy\" decoding=\"async\" width=\"2560\" height=\"1898\" src=\"https:\/\/arbejdermuseet.dk\/wp-content\/uploads\/2025\/10\/F20240628028_01-scaled.jpg\" alt=\"F20240628028_01 - Bannerdrop p\u00e5 r\u00e5dhuset i Lyngby i forbindelse med NATO topm\u00f8de\" class=\"wp-image-41740\" style=\"aspect-ratio:48\/25;object-fit:cover\" srcset=\"https:\/\/arbejdermuseet.dk\/en\/wp-content\/uploads\/sites\/2\/2025\/10\/F20240628028_01-scaled.jpg 2560w, https:\/\/arbejdermuseet.dk\/en\/wp-content\/uploads\/sites\/2\/2025\/10\/F20240628028_01-600x445.jpg 600w, https:\/\/arbejdermuseet.dk\/en\/wp-content\/uploads\/sites\/2\/2025\/10\/F20240628028_01-1920x1423.jpg 1920w, https:\/\/arbejdermuseet.dk\/en\/wp-content\/uploads\/sites\/2\/2025\/10\/F20240628028_01-300x222.jpg 300w, https:\/\/arbejdermuseet.dk\/en\/wp-content\/uploads\/sites\/2\/2025\/10\/F20240628028_01-768x569.jpg 768w, https:\/\/arbejdermuseet.dk\/en\/wp-content\/uploads\/sites\/2\/2025\/10\/F20240628028_01-1536x1139.jpg 1536w, https:\/\/arbejdermuseet.dk\/en\/wp-content\/uploads\/sites\/2\/2025\/10\/F20240628028_01-2048x1518.jpg 2048w, https:\/\/arbejdermuseet.dk\/en\/wp-content\/uploads\/sites\/2\/2025\/10\/F20240628028_01-121x90.jpg 121w, https:\/\/arbejdermuseet.dk\/en\/wp-content\/uploads\/sites\/2\/2025\/10\/F20240628028_01-1200x890.jpg 1200w\" sizes=\"(max-width: 2560px) 100vw, 2560px\"  data-full-url=\"https:\/\/arbejdermuseet.dk\/en\/wp-content\/uploads\/sites\/2\/2025\/10\/F20240628028_01-scaled.jpg\" data-full-width=\"2560\" data-full-height=\"1898\" \/><\/figure>\n\n\r\n\r\n\r\n\r\n\t\t<\/div>\r\n<\/section>\n\n\r\n\r\n<section class=\"standout-block standout-slide-element is-aligned alignwide\" data-block-id=\"block_cbc0bdfed989ece5300f74aa73f7b70c\" style=\"--block-background-color: transparent; --block-text-color: inherit;\">\r\n\r\n\t<div class=\"standout-max-container\">\t\r\n\r\n\t\n\n<figure class=\"wp-block-image size-full\"><img loading=\"lazy\" decoding=\"async\" width=\"2560\" height=\"1699\" src=\"https:\/\/arbejdermuseet.dk\/wp-content\/uploads\/2025\/10\/F20191204032_01-scaled.jpg\" alt=\"F20191204032_01 - Demonstration mod Atlantpagten, mod krig og blokpolitik den 23. marts 1949\" class=\"wp-image-41810\" style=\"aspect-ratio:48\/25;object-fit:cover\" srcset=\"https:\/\/arbejdermuseet.dk\/en\/wp-content\/uploads\/sites\/2\/2025\/10\/F20191204032_01-scaled.jpg 2560w, https:\/\/arbejdermuseet.dk\/en\/wp-content\/uploads\/sites\/2\/2025\/10\/F20191204032_01-600x398.jpg 600w, https:\/\/arbejdermuseet.dk\/en\/wp-content\/uploads\/sites\/2\/2025\/10\/F20191204032_01-1920x1274.jpg 1920w, https:\/\/arbejdermuseet.dk\/en\/wp-content\/uploads\/sites\/2\/2025\/10\/F20191204032_01-300x199.jpg 300w, https:\/\/arbejdermuseet.dk\/en\/wp-content\/uploads\/sites\/2\/2025\/10\/F20191204032_01-768x510.jpg 768w, https:\/\/arbejdermuseet.dk\/en\/wp-content\/uploads\/sites\/2\/2025\/10\/F20191204032_01-1536x1020.jpg 1536w, https:\/\/arbejdermuseet.dk\/en\/wp-content\/uploads\/sites\/2\/2025\/10\/F20191204032_01-2048x1359.jpg 2048w, https:\/\/arbejdermuseet.dk\/en\/wp-content\/uploads\/sites\/2\/2025\/10\/F20191204032_01-136x90.jpg 136w, https:\/\/arbejdermuseet.dk\/en\/wp-content\/uploads\/sites\/2\/2025\/10\/F20191204032_01-1200x797.jpg 1200w\" sizes=\"(max-width: 2560px) 100vw, 2560px\"  data-full-url=\"https:\/\/arbejdermuseet.dk\/en\/wp-content\/uploads\/sites\/2\/2025\/10\/F20191204032_01-scaled.jpg\" data-full-width=\"2560\" data-full-height=\"1699\" \/><\/figure>\n\n\r\n\r\n\r\n\r\n\t\t<\/div>\r\n<\/section>\n<\/div>\n\t\n\t\n\t\n<\/div>\n\n\n\t<style>\n\t\t.standout-slider[data-block-id=\"block_cbcd8e2fd2e1b22109dd96fd77df0eb3\"]>*>*>.acf-innerblocks-container:not(.slick-initialized)>*:nth-child(1)~* {\n\t\t\tdisplay: none;\n\t\t}\n\t<\/style>\n\n\n\r\n\t\t<\/div>\r\n<\/section>\n\n\r\n\r\n<section class=\"standout-section standout-block standout-navigation is-aligned alignwide labor_history\" data-block-id=\"block_54195ff4c9d57d3238495316d6d4d2ba\" style=\"--block-background-color: transparent; --block-text-color: inherit;\">\r\n\r\n\t<div class=\"standout-max-container\">\t\r\n\r\n<div class=\"standout-block-inner\">\r\n\t\t\t<div class=\"acf-innerblocks-container\">\r\n\t\t\t<div class=\"left\">\r\n\t\t\t\t\n\n<h4 class=\"wp-block-heading\" style=\"font-size:40px;text-transform:uppercase\">Security Policy<\/h4>\n\n\n\n<p>Throughout history, the question of war and peace has had a profound impact on workers&#8217; lives and political struggles. The labour movement emerged in a time of unrest, revolutions, and wars &#8211; and faced the dilemma between international solidarity and national loyalty. Where are the workers left when the great powers went to war and when the price of peace was paid by the many rather than the few?<\/p>\n\n\n\n<p>The theme <em>&#8220;Security politics &#8211; war and peace&#8221;<\/em> explores the role of workers in major international conflicts: from resistance to militarisation and nuclear armament to the fight for disarmament, peace, and democracy.<\/p>\n\n\n\n<p>What does security mean today? And who creates it &#8211; the soldiers, the politicians, or the people themselves?<\/p>\n\n\n\n<div class=\"wp-block-buttons is-layout-flex wp-block-buttons-is-layout-flex\">\n<div class=\"wp-block-button is-style-standout-bottom-border\"><span class=\"btn_wrapper\"><a class=\"wp-block-button__link wp-element-button\" href=\"#tema-hidden-full-content\">Get the full information on security policy<svg class=\"icon_arrow\" width=\"17\" height=\"8\" viewBox=\"0 0 17 8\" fill=\"none\" xmlns=\"http:\/\/www.w3.org\/2000\/svg\"><path d=\"M10.2909 0L9.88856 0.627408L14.9281 3.631H0V4.36826H14.9281L9.88856 7.37259L10.2909 8L17 3.99963L10.2909 0Z\" fill=\"currentcolor\"\/><\/svg><\/a><\/span><\/div>\n<\/div>\n\n\r\n\t\t\t<\/div>\r\n\t\r\n\t\t\t<div class=\"right\" style=\"background-color:#273e36; color:#fff5e8;\">\r\n\t\t\t\t<h4 class=\"heading\">More about Security Policy<\/h4>\r\n\t\r\n\t\t\t\t<div class=\"links\">\r\n\t\t\t\t\t\t\t\t\t\t\t\t\t\t\t\t\t\t\t\t\t\t\t\t\t\t\t\r\n\t\t\t\t\t\t\t<a class=\"link\" href=\"https:\/\/arbejdermuseet.dk\/bibliotek-arkiv\/socialdemokrater-mod-atomvaaben-og-militarisme\/\" target=\"_blank\">\r\n\t\t\t\t\t\t\t\tRead about Social Democrats Against Nuclear Weapons and Militarism\t\t\t\t\t\t\t\t<span height=\"1em\" class=\"standout-custom-svg custom-svg\"><svg height=\"1em\" xmlns=\"http:\/\/www.w3.org\/2000\/svg\" viewBox=\"0 0 17 8\" fill=\"none\">\r\n  <path d=\"M9.95456 0L9.5654 0.627408L14.4402 3.631H0V4.36826H14.4402L9.5654 7.37259L9.95456 8L16.4444 3.99963L9.95456 0Z\" fill=\"#B12320\"\/>\r\n<\/svg><\/span>\t\t\t\t\t\t\t<\/a>\r\n\t\t\t\t\t\t\t\t\t\t\t\t\t\t\t\t\t\t\t\t\t\t\r\n\t\t\t\t\t\t\t<a class=\"link\" href=\"https:\/\/arbejdermuseet.dk\/bibliotek-arkiv\/nina-bang-fred\/\">\r\n\t\t\t\t\t\t\t\tRead and listen to Nina Bang&#8217;s radio talk &#8220;Peace&#8221;\t\t\t\t\t\t\t\t<span height=\"1em\" class=\"standout-custom-svg custom-svg\"><svg height=\"1em\" xmlns=\"http:\/\/www.w3.org\/2000\/svg\" viewBox=\"0 0 17 8\" fill=\"none\">\r\n  <path d=\"M9.95456 0L9.5654 0.627408L14.4402 3.631H0V4.36826H14.4402L9.5654 7.37259L9.95456 8L16.4444 3.99963L9.95456 0Z\" fill=\"#B12320\"\/>\r\n<\/svg><\/span>\t\t\t\t\t\t\t<\/a>\r\n\t\t\t\t\t\t\t\t\t\t\t\t\t\t\t\t\t\t\t\t\t\t\r\n\t\t\t\t\t\t\t<a class=\"link\" href=\"https:\/\/arbejdermuseet.dk\/en\/library-archive\/international-solidarity\/\">\r\n\t\t\t\t\t\t\t\tRead more about International solidarity\t\t\t\t\t\t\t\t<span height=\"1em\" class=\"standout-custom-svg custom-svg\"><svg height=\"1em\" xmlns=\"http:\/\/www.w3.org\/2000\/svg\" viewBox=\"0 0 17 8\" fill=\"none\">\r\n  <path d=\"M9.95456 0L9.5654 0.627408L14.4402 3.631H0V4.36826H14.4402L9.5654 7.37259L9.95456 8L16.4444 3.99963L9.95456 0Z\" fill=\"#B12320\"\/>\r\n<\/svg><\/span>\t\t\t\t\t\t\t<\/a>\r\n\t\t\t\t\t\t\t\t\t\t\t\t\t\t\t\t\t\t\t\t\t\t\r\n\t\t\t\t\t\t\t<a class=\"link\" href=\"https:\/\/arbejdermuseet.dk\/bibliotek-arkiv\/fredens-tilhaengere-og-dansk-fredskonference\/\">\r\n\t\t\t\t\t\t\t\tRead about Supporters of Peace and the Danish Peace Conference\t\t\t\t\t\t\t\t<span height=\"1em\" class=\"standout-custom-svg custom-svg\"><svg height=\"1em\" xmlns=\"http:\/\/www.w3.org\/2000\/svg\" viewBox=\"0 0 17 8\" fill=\"none\">\r\n  <path d=\"M9.95456 0L9.5654 0.627408L14.4402 3.631H0V4.36826H14.4402L9.5654 7.37259L9.95456 8L16.4444 3.99963L9.95456 0Z\" fill=\"#B12320\"\/>\r\n<\/svg><\/span>\t\t\t\t\t\t\t<\/a>\r\n\t\t\t\t\t\t\t\t\t\t\t\t\t\t\t<\/div>\r\n\t\t\t<\/div>\r\n\t\t<\/div>\r\n\t<\/div>\r\n\r\n\r\n\r\n\t\t<\/div>\r\n<\/section>\n\n\r\n\r\n<section id=\"tema-hidden-full-content\" class=\"standout-section standout-block standout-hidden-content is-aligned alignwide\" data-block-id=\"block_7d0c5e042eb5d57b552203cfe2ade546\" style=\"--block-background-color: transparent; --block-text-color: inherit; display: none;\">\r\n\r\n\t<div class=\"standout-max-container\">\t\r\n\r\n<div class=\"standout-block-inner\">\r\n\t\t\t<div class=\"acf-innerblocks-container\">\n\r\n\r\n<section class=\"standout-section standout-block standout-columns is-aligned alignwide\" data-block-id=\"block_74fe5f5629d1d451af08485f82a6dc2d\" style=\"--block-background-color: transparent; --block-text-color: inherit; --columns: 2; --column-span: 1; --row-span: 1; --element-alignment: flex-start;\" data-columns=\"2\">\r\n\r\n\t<div class=\"standout-max-container\">\t\r\n\r\n<div class=\"standout-block-inner\">\r\n\t\t\t<div class=\"acf-innerblocks-container\">\n\r\n\r\n<section class=\"standout-block standout-column-element is-aligned alignwide\" data-block-id=\"block_e0ef2e18b545d6283de11584a71eba9d\" style=\"--block-background-color: transparent; --block-text-color: inherit; --align-content: flex-start;\" data-align-content=\"flex-start\">\r\n\r\n\t<div class=\"standout-max-container\">\t\r\n\r\n<div class=\"standout-block-inner\">\r\n\t\r\n\t\t\r\n\t\t\t<div class=\"acf-innerblocks-container\">\n\n<h4 class=\"wp-block-heading\">In the archive you will find:<\/h4>\n\n\n\n<p>View and borrow Hans Hedtoft&#8217;s archive on <a href=\"https:\/\/abm.reindex.net\/ARK\/main\/T.php?Ifm=Pz&amp;zoomed=10002&amp;qe=id=20020000004319\">The North Atlantic Treaty<\/a>. In this archive you can read about <a href=\"https:\/\/abm.reindex.net\/ARK\/main\/T.php?Ifm=Pz&amp;zoomed=10002&amp;qe=id=20020000004461\">the Americans in Greenland<\/a> and <a href=\"https:\/\/abm.reindex.net\/ARK\/main\/T.php?Ifm=Pz&amp;zoomed=10002&amp;qe=id=20020000004450\">the relationship between the US, England, and Denmark<\/a> and more about the pact in the times after World War II. Hans Hedtoft&#8217;s archive with appendices to speeches and articles about Denmark&#8217;s foreign policy and <strong>the North Atlantic <\/strong>Treaty can be borrowed <a href=\"https:\/\/abm.reindex.net\/ARK\/main\/T.php?Ifm=Pz&amp;zoomed=10002&amp;qe=mta=3886\">here<\/a>.<\/p>\n\n\n\n<p>Read Hans Hedtoft&#8217;s <a href=\"https:\/\/arbejdermuseet.dk\/wp-content\/uploads\/2025\/12\/hedtoft_atlantpagten_1949.pdf\">speech <\/a>on NATO to the Social Democratic Party&#8217;s Executive Committee on February 27, 1949. You can borrow his archive on Defense and Security <a href=\"https:\/\/abm.reindex.net\/ARK\/main\/T.php?Ifm=Pz&amp;zoomed=10002&amp;qe=id=20020000004424\">here<\/a>.<\/p>\n\n\n\n<p>See also the Social Democratic Party&#8217;s archive on disarmament, military issues, and peace conferences in the period from 1921-1930 <a href=\"https:\/\/abm.reindex.net\/ARK\/main\/T.php?Ifm=Pz&amp;zoomed=10002&amp;qe=mta=10914\">here<\/a>.<\/p>\n\n\n\n<p>Learn more about the Danish Metal Workers&#8217; Union&#8217;s branch 8 for civilian employees at the Danish Armed Forces from 1917-2006 <a href=\"https:\/\/abm.reindex.net\/ARK\/main\/T.php?Ifm=Pz&amp;zoomed=10002&amp;qe=id=ARK00011844\">here<\/a>.<\/p>\n\n\n\n<p>See Hans H\u00e6kkerup&#8217;s archive on the Ministry of Defense <a href=\"https:\/\/abm.reindex.net\/ARK\/main\/T.php?Ifm=Pz&amp;zoomed=10002&amp;qe=mta=13019\">here<\/a>. See also defense commissions from <a href=\"https:\/\/abm.reindex.net\/ARK\/main\/T.php?Ifm=Pz&amp;zoomed=10002&amp;qe=id=ARK00013273\">1988<\/a>, <a href=\"https:\/\/abm.reindex.net\/ARK\/main\/T.php?Ifm=Pz&amp;zoomed=10002&amp;qe=id=ARK00013018\">1997 <\/a>and <a href=\"https:\/\/abm.reindex.net\/ARK\/main\/T.php?Ifm=Pz&amp;zoomed=10002&amp;qe=id=ARK00013023\">2008<\/a> and <a href=\"https:\/\/abm.reindex.net\/ARK\/main\/T.php?Ifm=Pz&amp;zoomed=10002&amp;qe=mta=13017\">the Defense Agreement 1995-1999<\/a> here.<\/p>\n\n\n\n<p>See Anker J\u00f8rgensen&#8217;s archive on defense and security <a href=\"https:\/\/abm.reindex.net\/ARK\/main\/T.php?Ifm=Pz&amp;zoomed=10002&amp;qe=mta=13806\">here<\/a>.<\/p>\n\n\n\n<p>You can also see more about the Defense Committee for Angela Davis and Bobby Seale <a href=\"https:\/\/abm.reindex.net\/ARK\/main\/T.php?Ifm=Pz&amp;zoomed=10002&amp;qe=mta=11924\">here<\/a>.<\/p>\n\n\n\n<p>See also SF&#8217;s archive on <a href=\"https:\/\/abm.reindex.net\/ARK\/main\/T.php?Ifm=Pz&amp;Zoomed=10002&amp;qe=id=ARK00011673\">defense committee<\/a>, <a href=\"https:\/\/abm.reindex.net\/ARK\/main\/T.php?Ifm=Pz&amp;zoomed=10002&amp;qe=id=ARK00011596\">peace policy program group<\/a> and <a href=\"https:\/\/abm.reindex.net\/ARK\/main\/T.php?Ifm=Pz&amp;zoomed=10002&amp;qe=id=ARK00011608\">peace policy committee<\/a>. You can also see Gert Petersen&#8217;s archive on security policy <a href=\"https:\/\/abm.reindex.net\/ARK\/main\/T.php?Ifm=Pz&amp;zoomed=10002&amp;qe=mta=15950\">here<\/a>.<\/p>\n\n<\/div>\r\n\t<\/div>\r\n\r\n\r\n\r\n\t\t<\/div>\r\n<\/section>\n<\/div>\r\n\t<\/div>\r\n\r\n\r\n\r\n\t\t<\/div>\r\n<\/section>\n<\/div>\r\n\t<\/div>\r\n\r\n\r\n\r\n\t\t<\/div>\r\n<\/section>\n\n\r\n\r\n<section class=\"standout-section standout-block standout-related-content is-aligned alignfull off-center-slider\" data-block-id=\"block_b202815b1d1c6a626f2f2f4dbcb50937\" style=\"--block-background-color: transparent; --block-text-color: inherit;\">\r\n\r\n\t<div class=\"standout-max-container\">\t\r\n\r\n<div class=\"standout-block-inner\">\r\n\t\t\t<div class=\"acf-innerblocks-container\">\n\n<h3 class=\"wp-block-heading\" style=\"text-transform:uppercase\">If you find the topic interesting<\/h3>\n\n\n\r\n\r\n<section class=\"standout-block standout-related-content-inner is-aligned alignfull\" data-block-id=\"block_8dfda90fdfd21ae1a4ca09eb97662d9b\" style=\"--block-background-color: transparent; --block-text-color: inherit;\" data-related-content=\"tag\">\r\n\r\n\t<div class=\"standout-max-container\">\t\r\n\r\n\r\n\r\n<div class=\"standout-block-inner\">\r\n\t\t\t\r\n\r\n<section class=\"standout-section standout-block standout-posts is-aligned alignwide\" data-block-id=\"block_7c0707900ae6bfcee6327cd2b77671ac\" style=\"--block-background-color: transparent; --block-text-color: inherit;\" template=\"02\">\r\n\r\n\t<div class=\"standout-max-container\">\t\r\n\r\n<div class=\"standout-block-inner\">\r\n\t<div class=\"acf-innerblocks-container\">\r\n\t\t\r\n\r\n<section class=\"standout-section standout-block standout-slider is-aligned alignfull has-bg\" data-block-id=\"block_0d8594c7412ad3413c2e38763786eae8\" style=\"--block-background-color: transparent; --block-text-color: inherit; --slider-columns: 4;\" data-columns=\"4\" data-slider=\"{&quot;slidesToShow&quot;:&quot;4&quot;,&quot;slidesToScroll&quot;:&quot;1&quot;,&quot;dots&quot;:&quot;false&quot;,&quot;arrows&quot;:&quot;true&quot;,&quot;adaptiveHeight&quot;:&quot;false&quot;,&quot;autoplay&quot;:&quot;true&quot;,&quot;autoplaySpeed&quot;:&quot;5000&quot;,&quot;speed&quot;:&quot;1000&quot;,&quot;infinite&quot;:&quot;true&quot;,&quot;centerMode&quot;:&quot;false&quot;,&quot;fade&quot;:&quot;false&quot;}\" data-slider-responsive=\"null\">\r\n\r\n\t<div class=\"standout-max-container\">\t\n\n<div class=\"standout-block-inner\" >\n\t\t\t\t\t<div class=\"acf-innerblocks-container is-slick-slider\">\n\t\t\t\r\n\r\n<section class=\"standout-block standout-slide-element is-aligned alignwide\" data-block-id=\"block_9b02f91ca770b56d478f5b7c3e49a06d\" style=\"--block-background-color: transparent; --block-text-color: inherit;\">\r\n\r\n\t<div class=\"standout-max-container\">\t\r\n\r\n\t<div class=\"acf-innerblocks-container\">\r\n\t\t\r\n<div class=\"post post-loop post-loop-type-page\">\r\n\t\t\t<div class=\"post-thumbnail-wrap\">\r\n\t\t\t\t\t\t\t<img loading=\"lazy\" decoding=\"async\" width=\"1414\" height=\"2000\" src=\"https:\/\/arbejdermuseet.dk\/en\/wp-content\/uploads\/sites\/2\/2025\/12\/Arbejderhistorieprisen-Nov2.jpg\" class=\"attachment-post-thumbnail size-post-thumbnail wp-post-image\" alt=\"\" srcset=\"https:\/\/arbejdermuseet.dk\/en\/wp-content\/uploads\/sites\/2\/2025\/12\/Arbejderhistorieprisen-Nov2.jpg 1414w, https:\/\/arbejdermuseet.dk\/en\/wp-content\/uploads\/sites\/2\/2025\/12\/Arbejderhistorieprisen-Nov2-424x600.jpg 424w, https:\/\/arbejdermuseet.dk\/en\/wp-content\/uploads\/sites\/2\/2025\/12\/Arbejderhistorieprisen-Nov2-1357x1920.jpg 1357w, https:\/\/arbejdermuseet.dk\/en\/wp-content\/uploads\/sites\/2\/2025\/12\/Arbejderhistorieprisen-Nov2-212x300.jpg 212w, https:\/\/arbejdermuseet.dk\/en\/wp-content\/uploads\/sites\/2\/2025\/12\/Arbejderhistorieprisen-Nov2-768x1086.jpg 768w, https:\/\/arbejdermuseet.dk\/en\/wp-content\/uploads\/sites\/2\/2025\/12\/Arbejderhistorieprisen-Nov2-1086x1536.jpg 1086w, https:\/\/arbejdermuseet.dk\/en\/wp-content\/uploads\/sites\/2\/2025\/12\/Arbejderhistorieprisen-Nov2-64x90.jpg 64w, https:\/\/arbejdermuseet.dk\/en\/wp-content\/uploads\/sites\/2\/2025\/12\/Arbejderhistorieprisen-Nov2-1200x1697.jpg 1200w\" sizes=\"(max-width: 1414px) 100vw, 1414px\" data-copyright=\"\" data-headline=\"Arbejderhistorieprisen Nov2\" data-description=\"\"  data-full-url=\"\" \/>\t\t\t\t\t<\/div>\r\n\t\r\n\t\t\t\t<div class=\"post-ancestor-title\">\r\n\t\t\t<span>LABOUR HISTORY<\/span>\r\n\t\t<\/div>\r\n\t\r\n\t<div class=\"post-title-wrap\">\r\n\t\t<span class=\"post-title\">Labor History Prize<\/span>\r\n\t<\/div>\r\n\r\n\t<a class=\"post-read-more-link\" href=\"https:\/\/arbejdermuseet.dk\/en\/library-archive\/labor-history-prize\/\">\r\n\t\tRead more <span height=\"1em\" class=\"standout-custom-svg custom-svg\"><svg height=\"1em\" xmlns=\"http:\/\/www.w3.org\/2000\/svg\" viewBox=\"0 0 17 8\" fill=\"none\">\r\n  <path d=\"M9.95456 0L9.5654 0.627408L14.4402 3.631H0V4.36826H14.4402L9.5654 7.37259L9.95456 8L16.4444 3.99963L9.95456 0Z\" fill=\"#B12320\"\/>\r\n<\/svg><\/span>\t<\/a>\r\n<\/div>\r\n\t<\/div>\r\n\r\n\r\n\r\n\t\t<\/div>\r\n<\/section>\r\n\r\n<section class=\"standout-block standout-slide-element is-aligned alignwide\" data-block-id=\"block_80fb7fa26f0e0c773f42bac53e21ce87\" style=\"--block-background-color: transparent; --block-text-color: inherit;\">\r\n\r\n\t<div class=\"standout-max-container\">\t\r\n\r\n\t<div class=\"acf-innerblocks-container\">\r\n\t\t\r\n<div class=\"post post-loop post-loop-type-page\">\r\n\t\t\t<div class=\"post-thumbnail-wrap\">\r\n\t\t\t\t\t\t\t<img loading=\"lazy\" decoding=\"async\" width=\"2560\" height=\"1902\" src=\"https:\/\/arbejdermuseet.dk\/en\/wp-content\/uploads\/sites\/2\/2025\/11\/M20080305071-1-scaled.jpg\" class=\"attachment-post-thumbnail size-post-thumbnail wp-post-image\" alt=\"\" srcset=\"https:\/\/arbejdermuseet.dk\/en\/wp-content\/uploads\/sites\/2\/2025\/11\/M20080305071-1-scaled.jpg 2560w, https:\/\/arbejdermuseet.dk\/en\/wp-content\/uploads\/sites\/2\/2025\/11\/M20080305071-1-600x446.jpg 600w, https:\/\/arbejdermuseet.dk\/en\/wp-content\/uploads\/sites\/2\/2025\/11\/M20080305071-1-1920x1426.jpg 1920w, https:\/\/arbejdermuseet.dk\/en\/wp-content\/uploads\/sites\/2\/2025\/11\/M20080305071-1-300x223.jpg 300w, https:\/\/arbejdermuseet.dk\/en\/wp-content\/uploads\/sites\/2\/2025\/11\/M20080305071-1-768x570.jpg 768w, https:\/\/arbejdermuseet.dk\/en\/wp-content\/uploads\/sites\/2\/2025\/11\/M20080305071-1-1536x1141.jpg 1536w, https:\/\/arbejdermuseet.dk\/en\/wp-content\/uploads\/sites\/2\/2025\/11\/M20080305071-1-2048x1521.jpg 2048w, https:\/\/arbejdermuseet.dk\/en\/wp-content\/uploads\/sites\/2\/2025\/11\/M20080305071-1-121x90.jpg 121w, https:\/\/arbejdermuseet.dk\/en\/wp-content\/uploads\/sites\/2\/2025\/11\/M20080305071-1-1200x891.jpg 1200w\" sizes=\"(max-width: 2560px) 100vw, 2560px\" data-copyright=\"\" data-headline=\"M20080305071\" data-description=\"\"  data-full-url=\"\" \/>\t\t\t\t\t<\/div>\r\n\t\r\n\t\t\t\t<div class=\"post-ancestor-title\">\r\n\t\t\t<span>LABOUR HISTORY<\/span>\r\n\t\t<\/div>\r\n\t\r\n\t<div class=\"post-title-wrap\">\r\n\t\t<span class=\"post-title\">Stauning&#8217;s life in pictures<\/span>\r\n\t<\/div>\r\n\r\n\t<a class=\"post-read-more-link\" href=\"https:\/\/arbejdermuseet.dk\/en\/library-archive\/all-of-denmarks-stauning\/staunings-life-in-pictures\/\">\r\n\t\tRead more <span height=\"1em\" class=\"standout-custom-svg custom-svg\"><svg height=\"1em\" xmlns=\"http:\/\/www.w3.org\/2000\/svg\" viewBox=\"0 0 17 8\" fill=\"none\">\r\n  <path d=\"M9.95456 0L9.5654 0.627408L14.4402 3.631H0V4.36826H14.4402L9.5654 7.37259L9.95456 8L16.4444 3.99963L9.95456 0Z\" fill=\"#B12320\"\/>\r\n<\/svg><\/span>\t<\/a>\r\n<\/div>\r\n\t<\/div>\r\n\r\n\r\n\r\n\t\t<\/div>\r\n<\/section>\r\n\r\n<section class=\"standout-block standout-slide-element is-aligned alignwide\" data-block-id=\"block_3a86683e1ebc5c55d3b40cfaf31a571e\" style=\"--block-background-color: transparent; --block-text-color: inherit;\">\r\n\r\n\t<div class=\"standout-max-container\">\t\r\n\r\n\t<div class=\"acf-innerblocks-container\">\r\n\t\t\r\n<div class=\"post post-loop post-loop-type-page\">\r\n\t\t\t<div class=\"post-thumbnail-wrap\">\r\n\t\t\t\t\t\t\t<img loading=\"lazy\" decoding=\"async\" width=\"2440\" height=\"1689\" src=\"https:\/\/arbejdermuseet.dk\/en\/wp-content\/uploads\/sites\/2\/2025\/10\/F20110320010.jpg\" class=\"attachment-post-thumbnail size-post-thumbnail wp-post-image\" alt=\"\" srcset=\"https:\/\/arbejdermuseet.dk\/en\/wp-content\/uploads\/sites\/2\/2025\/10\/F20110320010.jpg 2440w, https:\/\/arbejdermuseet.dk\/en\/wp-content\/uploads\/sites\/2\/2025\/10\/F20110320010-600x415.jpg 600w, https:\/\/arbejdermuseet.dk\/en\/wp-content\/uploads\/sites\/2\/2025\/10\/F20110320010-1920x1329.jpg 1920w, https:\/\/arbejdermuseet.dk\/en\/wp-content\/uploads\/sites\/2\/2025\/10\/F20110320010-300x208.jpg 300w, https:\/\/arbejdermuseet.dk\/en\/wp-content\/uploads\/sites\/2\/2025\/10\/F20110320010-768x532.jpg 768w, https:\/\/arbejdermuseet.dk\/en\/wp-content\/uploads\/sites\/2\/2025\/10\/F20110320010-1536x1063.jpg 1536w, https:\/\/arbejdermuseet.dk\/en\/wp-content\/uploads\/sites\/2\/2025\/10\/F20110320010-2048x1418.jpg 2048w, https:\/\/arbejdermuseet.dk\/en\/wp-content\/uploads\/sites\/2\/2025\/10\/F20110320010-130x90.jpg 130w, https:\/\/arbejdermuseet.dk\/en\/wp-content\/uploads\/sites\/2\/2025\/10\/F20110320010-1200x831.jpg 1200w\" sizes=\"(max-width: 2440px) 100vw, 2440px\" data-copyright=\"\" data-headline=\"F20110320010\" data-description=\"\"  data-full-url=\"\" \/>\t\t\t\t\t<\/div>\r\n\t\r\n\t\t\t\t<div class=\"post-ancestor-title\">\r\n\t\t\t<span>LABOUR HISTORY<\/span>\r\n\t\t<\/div>\r\n\t\r\n\t<div class=\"post-title-wrap\">\r\n\t\t<span class=\"post-title\">The Easter crisis: The end<\/span>\r\n\t<\/div>\r\n\r\n\t<a class=\"post-read-more-link\" href=\"https:\/\/arbejdermuseet.dk\/en\/library-archive\/the-easter-crisis\/the-easter-crisis-the-end\/\">\r\n\t\tRead more <span height=\"1em\" class=\"standout-custom-svg custom-svg\"><svg height=\"1em\" xmlns=\"http:\/\/www.w3.org\/2000\/svg\" viewBox=\"0 0 17 8\" fill=\"none\">\r\n  <path d=\"M9.95456 0L9.5654 0.627408L14.4402 3.631H0V4.36826H14.4402L9.5654 7.37259L9.95456 8L16.4444 3.99963L9.95456 0Z\" fill=\"#B12320\"\/>\r\n<\/svg><\/span>\t<\/a>\r\n<\/div>\r\n\t<\/div>\r\n\r\n\r\n\r\n\t\t<\/div>\r\n<\/section>\r\n\r\n<section class=\"standout-block standout-slide-element is-aligned alignwide\" data-block-id=\"block_af306566f6a9e7a3a4660c3495970e79\" style=\"--block-background-color: transparent; --block-text-color: inherit;\">\r\n\r\n\t<div class=\"standout-max-container\">\t\r\n\r\n\t<div class=\"acf-innerblocks-container\">\r\n\t\t\r\n<div class=\"post post-loop post-loop-type-page\">\r\n\t\t\t<div class=\"post-thumbnail-wrap\">\r\n\t\t\t\t\t\t\t<img loading=\"lazy\" decoding=\"async\" width=\"1642\" height=\"1024\" src=\"https:\/\/arbejdermuseet.dk\/en\/wp-content\/uploads\/sites\/2\/2025\/11\/F20130219140.jpg\" class=\"attachment-post-thumbnail size-post-thumbnail wp-post-image\" alt=\"\" srcset=\"https:\/\/arbejdermuseet.dk\/en\/wp-content\/uploads\/sites\/2\/2025\/11\/F20130219140.jpg 1642w, https:\/\/arbejdermuseet.dk\/en\/wp-content\/uploads\/sites\/2\/2025\/11\/F20130219140-600x374.jpg 600w, https:\/\/arbejdermuseet.dk\/en\/wp-content\/uploads\/sites\/2\/2025\/11\/F20130219140-300x187.jpg 300w, https:\/\/arbejdermuseet.dk\/en\/wp-content\/uploads\/sites\/2\/2025\/11\/F20130219140-768x479.jpg 768w, https:\/\/arbejdermuseet.dk\/en\/wp-content\/uploads\/sites\/2\/2025\/11\/F20130219140-1536x958.jpg 1536w, https:\/\/arbejdermuseet.dk\/en\/wp-content\/uploads\/sites\/2\/2025\/11\/F20130219140-144x90.jpg 144w, https:\/\/arbejdermuseet.dk\/en\/wp-content\/uploads\/sites\/2\/2025\/11\/F20130219140-1200x748.jpg 1200w\" sizes=\"(max-width: 1642px) 100vw, 1642px\" data-copyright=\"\" data-headline=\"F20130219140\" data-description=\"\"  data-full-url=\"\" \/>\t\t\t\t\t<\/div>\r\n\t\r\n\t\t\t\t<div class=\"post-ancestor-title\">\r\n\t\t\t<span>LABOUR HISTORY<\/span>\r\n\t\t<\/div>\r\n\t\r\n\t<div class=\"post-title-wrap\">\r\n\t\t<span class=\"post-title\">Easter crisis: &#8220;Down with Christian!&#8221;<\/span>\r\n\t<\/div>\r\n\r\n\t<a class=\"post-read-more-link\" href=\"https:\/\/arbejdermuseet.dk\/en\/library-archive\/the-easter-crisis\/easter-crisis-down-with-christian\/\">\r\n\t\tRead more <span height=\"1em\" class=\"standout-custom-svg custom-svg\"><svg height=\"1em\" xmlns=\"http:\/\/www.w3.org\/2000\/svg\" viewBox=\"0 0 17 8\" fill=\"none\">\r\n  <path d=\"M9.95456 0L9.5654 0.627408L14.4402 3.631H0V4.36826H14.4402L9.5654 7.37259L9.95456 8L16.4444 3.99963L9.95456 0Z\" fill=\"#B12320\"\/>\r\n<\/svg><\/span>\t<\/a>\r\n<\/div>\r\n\t<\/div>\r\n\r\n\r\n\r\n\t\t<\/div>\r\n<\/section>\r\n\r\n<section class=\"standout-block standout-slide-element is-aligned alignwide\" data-block-id=\"block_ffa3018beab23e2b6c6559a39de14cb8\" style=\"--block-background-color: transparent; --block-text-color: inherit;\">\r\n\r\n\t<div class=\"standout-max-container\">\t\r\n\r\n\t<div class=\"acf-innerblocks-container\">\r\n\t\t\r\n<div class=\"post post-loop post-loop-type-page\">\r\n\t\t\t<div class=\"post-thumbnail-wrap\">\r\n\t\t\t\t\t\t\t<img loading=\"lazy\" decoding=\"async\" width=\"2560\" height=\"1925\" src=\"https:\/\/arbejdermuseet.dk\/en\/wp-content\/uploads\/sites\/2\/2025\/11\/F20090124013-scaled.jpg\" class=\"attachment-post-thumbnail size-post-thumbnail wp-post-image\" alt=\"\" srcset=\"https:\/\/arbejdermuseet.dk\/en\/wp-content\/uploads\/sites\/2\/2025\/11\/F20090124013-scaled.jpg 2560w, https:\/\/arbejdermuseet.dk\/en\/wp-content\/uploads\/sites\/2\/2025\/11\/F20090124013-600x451.jpg 600w, https:\/\/arbejdermuseet.dk\/en\/wp-content\/uploads\/sites\/2\/2025\/11\/F20090124013-1920x1443.jpg 1920w, https:\/\/arbejdermuseet.dk\/en\/wp-content\/uploads\/sites\/2\/2025\/11\/F20090124013-300x226.jpg 300w, https:\/\/arbejdermuseet.dk\/en\/wp-content\/uploads\/sites\/2\/2025\/11\/F20090124013-768x577.jpg 768w, https:\/\/arbejdermuseet.dk\/en\/wp-content\/uploads\/sites\/2\/2025\/11\/F20090124013-1536x1155.jpg 1536w, https:\/\/arbejdermuseet.dk\/en\/wp-content\/uploads\/sites\/2\/2025\/11\/F20090124013-2048x1540.jpg 2048w, https:\/\/arbejdermuseet.dk\/en\/wp-content\/uploads\/sites\/2\/2025\/11\/F20090124013-120x90.jpg 120w, https:\/\/arbejdermuseet.dk\/en\/wp-content\/uploads\/sites\/2\/2025\/11\/F20090124013-1200x902.jpg 1200w\" sizes=\"(max-width: 2560px) 100vw, 2560px\" data-copyright=\"\" data-headline=\"F20090124013\" data-description=\"\"  data-full-url=\"\" \/>\t\t\t\t\t<\/div>\r\n\t\r\n\t\t\t\t<div class=\"post-ancestor-title\">\r\n\t\t\t<span>LABOUR HISTORY<\/span>\r\n\t\t<\/div>\r\n\t\r\n\t<div class=\"post-title-wrap\">\r\n\t\t<span class=\"post-title\">Six about Stauning<\/span>\r\n\t<\/div>\r\n\r\n\t<a class=\"post-read-more-link\" href=\"https:\/\/arbejdermuseet.dk\/en\/library-archive\/all-of-denmarks-stauning\/six-about-stauning\/\">\r\n\t\tRead more <span height=\"1em\" class=\"standout-custom-svg custom-svg\"><svg height=\"1em\" xmlns=\"http:\/\/www.w3.org\/2000\/svg\" viewBox=\"0 0 17 8\" fill=\"none\">\r\n  <path d=\"M9.95456 0L9.5654 0.627408L14.4402 3.631H0V4.36826H14.4402L9.5654 7.37259L9.95456 8L16.4444 3.99963L9.95456 0Z\" fill=\"#B12320\"\/>\r\n<\/svg><\/span>\t<\/a>\r\n<\/div>\r\n\t<\/div>\r\n\r\n\r\n\r\n\t\t<\/div>\r\n<\/section>\r\n\r\n<section class=\"standout-block standout-slide-element is-aligned alignwide\" data-block-id=\"block_316cd69338d30156b7806fa1042eb6d7\" style=\"--block-background-color: transparent; --block-text-color: inherit;\">\r\n\r\n\t<div class=\"standout-max-container\">\t\r\n\r\n\t<div class=\"acf-innerblocks-container\">\r\n\t\t\r\n<div class=\"post post-loop post-loop-type-page\">\r\n\t\t\t<div class=\"post-thumbnail-wrap\">\r\n\t\t\t\t\t\t\t<img loading=\"lazy\" decoding=\"async\" width=\"1504\" height=\"922\" src=\"https:\/\/arbejdermuseet.dk\/en\/wp-content\/uploads\/sites\/2\/2025\/11\/F20120305024.jpg\" class=\"attachment-post-thumbnail size-post-thumbnail wp-post-image\" alt=\"F20120305024\" srcset=\"https:\/\/arbejdermuseet.dk\/en\/wp-content\/uploads\/sites\/2\/2025\/11\/F20120305024.jpg 1504w, https:\/\/arbejdermuseet.dk\/en\/wp-content\/uploads\/sites\/2\/2025\/11\/F20120305024-600x368.jpg 600w, https:\/\/arbejdermuseet.dk\/en\/wp-content\/uploads\/sites\/2\/2025\/11\/F20120305024-300x184.jpg 300w, https:\/\/arbejdermuseet.dk\/en\/wp-content\/uploads\/sites\/2\/2025\/11\/F20120305024-768x471.jpg 768w, https:\/\/arbejdermuseet.dk\/en\/wp-content\/uploads\/sites\/2\/2025\/11\/F20120305024-147x90.jpg 147w, https:\/\/arbejdermuseet.dk\/en\/wp-content\/uploads\/sites\/2\/2025\/11\/F20120305024-1200x736.jpg 1200w\" sizes=\"(max-width: 1504px) 100vw, 1504px\" data-copyright=\"\" data-headline=\"F20120305024\" data-description=\"\"  data-full-url=\"\" \/>\t\t\t\t\t<\/div>\r\n\t\r\n\t\t\t\t<div class=\"post-ancestor-title\">\r\n\t\t\t<span>LABOUR HISTORY<\/span>\r\n\t\t<\/div>\r\n\t\r\n\t<div class=\"post-title-wrap\">\r\n\t\t<span class=\"post-title\">the 1930s and Stauning<\/span>\r\n\t<\/div>\r\n\r\n\t<a class=\"post-read-more-link\" href=\"https:\/\/arbejdermuseet.dk\/en\/library-archive\/all-of-denmarks-stauning\/the-1930s-and-stauning\/\">\r\n\t\tRead more <span height=\"1em\" class=\"standout-custom-svg custom-svg\"><svg height=\"1em\" xmlns=\"http:\/\/www.w3.org\/2000\/svg\" viewBox=\"0 0 17 8\" fill=\"none\">\r\n  <path d=\"M9.95456 0L9.5654 0.627408L14.4402 3.631H0V4.36826H14.4402L9.5654 7.37259L9.95456 8L16.4444 3.99963L9.95456 0Z\" fill=\"#B12320\"\/>\r\n<\/svg><\/span>\t<\/a>\r\n<\/div>\r\n\t<\/div>\r\n\r\n\r\n\r\n\t\t<\/div>\r\n<\/section>\r\n\r\n<section class=\"standout-block standout-slide-element is-aligned alignwide\" data-block-id=\"block_cc09d04bf9490dcad87a6bc8d80b5605\" style=\"--block-background-color: transparent; --block-text-color: inherit;\">\r\n\r\n\t<div class=\"standout-max-container\">\t\r\n\r\n\t<div class=\"acf-innerblocks-container\">\r\n\t\t\r\n<div class=\"post post-loop post-loop-type-page\">\r\n\t\t\t<div class=\"post-thumbnail-wrap\">\r\n\t\t\t\t\t\t\t<img loading=\"lazy\" decoding=\"async\" width=\"2560\" height=\"1692\" src=\"https:\/\/arbejdermuseet.dk\/en\/wp-content\/uploads\/sites\/2\/2025\/11\/F20180801004_01-scaled.jpg\" class=\"attachment-post-thumbnail size-post-thumbnail wp-post-image\" alt=\"\" srcset=\"https:\/\/arbejdermuseet.dk\/en\/wp-content\/uploads\/sites\/2\/2025\/11\/F20180801004_01-scaled.jpg 2560w, https:\/\/arbejdermuseet.dk\/en\/wp-content\/uploads\/sites\/2\/2025\/11\/F20180801004_01-600x397.jpg 600w, https:\/\/arbejdermuseet.dk\/en\/wp-content\/uploads\/sites\/2\/2025\/11\/F20180801004_01-1920x1269.jpg 1920w, https:\/\/arbejdermuseet.dk\/en\/wp-content\/uploads\/sites\/2\/2025\/11\/F20180801004_01-300x198.jpg 300w, https:\/\/arbejdermuseet.dk\/en\/wp-content\/uploads\/sites\/2\/2025\/11\/F20180801004_01-768x508.jpg 768w, https:\/\/arbejdermuseet.dk\/en\/wp-content\/uploads\/sites\/2\/2025\/11\/F20180801004_01-1536x1015.jpg 1536w, https:\/\/arbejdermuseet.dk\/en\/wp-content\/uploads\/sites\/2\/2025\/11\/F20180801004_01-2048x1354.jpg 2048w, https:\/\/arbejdermuseet.dk\/en\/wp-content\/uploads\/sites\/2\/2025\/11\/F20180801004_01-136x90.jpg 136w, https:\/\/arbejdermuseet.dk\/en\/wp-content\/uploads\/sites\/2\/2025\/11\/F20180801004_01-1200x793.jpg 1200w\" sizes=\"(max-width: 2560px) 100vw, 2560px\" data-copyright=\"\" data-headline=\"F20180801004_01\" data-description=\"\"  data-full-url=\"\" \/>\t\t\t\t\t<\/div>\r\n\t\r\n\t\t\t\t<div class=\"post-ancestor-title\">\r\n\t\t\t<span>LABOUR HISTORY<\/span>\r\n\t\t<\/div>\r\n\t\r\n\t<div class=\"post-title-wrap\">\r\n\t\t<span class=\"post-title\">South Africa solidarity in ABA<\/span>\r\n\t<\/div>\r\n\r\n\t<a class=\"post-read-more-link\" href=\"https:\/\/arbejdermuseet.dk\/en\/library-archive\/international-solidarity\/south-africa-solidarity-in-aba\/\">\r\n\t\tRead more <span height=\"1em\" class=\"standout-custom-svg custom-svg\"><svg height=\"1em\" xmlns=\"http:\/\/www.w3.org\/2000\/svg\" viewBox=\"0 0 17 8\" fill=\"none\">\r\n  <path d=\"M9.95456 0L9.5654 0.627408L14.4402 3.631H0V4.36826H14.4402L9.5654 7.37259L9.95456 8L16.4444 3.99963L9.95456 0Z\" fill=\"#B12320\"\/>\r\n<\/svg><\/span>\t<\/a>\r\n<\/div>\r\n\t<\/div>\r\n\r\n\r\n\r\n\t\t<\/div>\r\n<\/section>\r\n\r\n<section class=\"standout-block standout-slide-element is-aligned alignwide\" data-block-id=\"block_3b0962e2d4fa87bd073e10332b34a3b7\" style=\"--block-background-color: transparent; --block-text-color: inherit;\">\r\n\r\n\t<div class=\"standout-max-container\">\t\r\n\r\n\t<div class=\"acf-innerblocks-container\">\r\n\t\t\r\n<div class=\"post post-loop post-loop-type-page\">\r\n\t\t\t<div class=\"post-thumbnail-wrap\">\r\n\t\t\t\t\t\t\t<img loading=\"lazy\" decoding=\"async\" width=\"600\" height=\"337\" src=\"https:\/\/arbejdermuseet.dk\/en\/wp-content\/uploads\/sites\/2\/2026\/01\/8-8-8-arbejderhistorie-aspect-ratio-420-236-600x337.jpg\" class=\"attachment-medium size-medium\" alt=\"\" srcset=\"https:\/\/arbejdermuseet.dk\/en\/wp-content\/uploads\/sites\/2\/2026\/01\/8-8-8-arbejderhistorie-aspect-ratio-420-236-600x337.jpg 600w, https:\/\/arbejdermuseet.dk\/en\/wp-content\/uploads\/sites\/2\/2026\/01\/8-8-8-arbejderhistorie-aspect-ratio-420-236-300x168.jpg 300w, https:\/\/arbejdermuseet.dk\/en\/wp-content\/uploads\/sites\/2\/2026\/01\/8-8-8-arbejderhistorie-aspect-ratio-420-236-768x431.jpg 768w, https:\/\/arbejdermuseet.dk\/en\/wp-content\/uploads\/sites\/2\/2026\/01\/8-8-8-arbejderhistorie-aspect-ratio-420-236-160x90.jpg 160w, https:\/\/arbejdermuseet.dk\/en\/wp-content\/uploads\/sites\/2\/2026\/01\/8-8-8-arbejderhistorie-aspect-ratio-420-236-1200x674.jpg 1200w, https:\/\/arbejdermuseet.dk\/en\/wp-content\/uploads\/sites\/2\/2026\/01\/8-8-8-arbejderhistorie-aspect-ratio-420-236.jpg 1500w\" sizes=\"(max-width: 600px) 100vw, 600px\" data-copyright=\"\" data-headline=\"8-8-8-arbejderhistorie-aspect-ratio-420-236\" data-description=\"\"  data-full-url=\"\" \/>\t\t\t\t\t<\/div>\r\n\t\r\n\t\t\t\t<div class=\"post-ancestor-title\">\r\n\t\t\t<span>LABOUR HISTORY<\/span>\r\n\t\t<\/div>\r\n\t\r\n\t<div class=\"post-title-wrap\">\r\n\t\t<span class=\"post-title\">A black panther in Folkets Hus<\/span>\r\n\t<\/div>\r\n\r\n\t<a class=\"post-read-more-link\" href=\"https:\/\/arbejdermuseet.dk\/en\/library-archive\/international-solidarity\/a-black-panther-in-folkets-hus\/\">\r\n\t\tRead more <span height=\"1em\" class=\"standout-custom-svg custom-svg\"><svg height=\"1em\" xmlns=\"http:\/\/www.w3.org\/2000\/svg\" viewBox=\"0 0 17 8\" fill=\"none\">\r\n  <path d=\"M9.95456 0L9.5654 0.627408L14.4402 3.631H0V4.36826H14.4402L9.5654 7.37259L9.95456 8L16.4444 3.99963L9.95456 0Z\" fill=\"#B12320\"\/>\r\n<\/svg><\/span>\t<\/a>\r\n<\/div>\r\n\t<\/div>\r\n\r\n\r\n\r\n\t\t<\/div>\r\n<\/section>\t\t<\/div>\n\t\n\t\n\t\n<\/div>\n\n\n\t<style>\n\t\t.standout-slider[data-block-id=\"block_0d8594c7412ad3413c2e38763786eae8\"]>*>*>.acf-innerblocks-container:not(.slick-initialized)>*:nth-child(4)~* {\n\t\t\tdisplay: none;\n\t\t}\n\t<\/style>\n\n\n\r\n\t\t<\/div>\r\n<\/section>\t<\/div>\r\n<\/div>\r\n\r\n\r\n\r\n\t\t<\/div>\r\n<\/section>\t<\/div>\r\n\r\n\r\n\r\n\t\t<\/div>\r\n<\/section>\n<\/div>\r\n\t<\/div>\r\n\r\n\r\n\r\n\t\t<\/div>\r\n<\/section>\n\n\r\n\r\n<section class=\"standout-section standout-block standout-basic is-aligned alignwide inner-gap-xl has-bg has-bg-color\" data-block-id=\"block_9c9cd2787e53cd29eacaacc0565db01c\" style=\"--block-background-color: var(--wp--preset--color--color-light-mustard); --block-text-color: inherit; --standout-block-gap: var(--gap-xl);\">\r\n\r\n\t<div class=\"standout-max-container\">\t\r\n\r\n<div class=\"standout-block-inner\">\r\n\t\r\n\t\t\t<div class=\"acf-innerblocks-container\">\n\n<div class=\"wp-block-columns is-layout-flex wp-container-core-columns-is-layout-1 wp-block-columns-is-layout-flex\">\n<div class=\"wp-block-column is-layout-flow wp-block-column-is-layout-flow\">\n<h3 class=\"wp-block-heading\" style=\"text-transform:uppercase\">Explore labor history<\/h3>\n<\/div>\n\n\n\n<div class=\"wp-block-column is-vertically-aligned-bottom is-layout-flow wp-block-column-is-layout-flow\">\n<div class=\"wp-block-buttons is-content-justification-right is-layout-flex wp-container-core-buttons-is-layout-2 wp-block-buttons-is-layout-flex\">\n<div class=\"wp-block-button is-style-standout-bottom-border\"><span class=\"btn_wrapper\"><a class=\"wp-block-button__link wp-element-button\">See our full library &amp; archive<svg class=\"icon_arrow\" width=\"17\" height=\"8\" viewBox=\"0 0 17 8\" fill=\"none\" xmlns=\"http:\/\/www.w3.org\/2000\/svg\"><path d=\"M10.2909 0L9.88856 0.627408L14.9281 3.631H0V4.36826H14.9281L9.88856 7.37259L10.2909 8L17 3.99963L10.2909 0Z\" fill=\"currentcolor\"\/><\/svg><\/a><\/span><\/div>\n<\/div>\n<\/div>\n<\/div>\n\n\n\r\n\r\n<section class=\"standout-section standout-block standout-columns is-aligned alignwide\" data-block-id=\"block_c959d2c686070ad9df213317ebb3c413\" style=\"--block-background-color: transparent; --block-text-color: inherit; --columns: 3; --column-span: 1; --row-span: 1; --element-alignment: flex-start;\" data-columns=\"3\">\r\n\r\n\t<div class=\"standout-max-container\">\t\r\n\r\n<div class=\"standout-block-inner\">\r\n\t\t\t<div class=\"acf-innerblocks-container\">\n\r\n\r\n<section class=\"standout-block standout-column-element is-aligned alignwide\" data-block-id=\"block_ee6ea2f34314b9f4b2d851b5e2b0f5ea\" style=\"--block-background-color: transparent; --block-text-color: inherit; --align-content: flex-start;\" data-align-content=\"flex-start\">\r\n\r\n\t<div class=\"standout-max-container\">\t\r\n\r\n<div class=\"standout-block-inner\">\r\n\t\r\n\t\t\r\n\t\t\t<div class=\"acf-innerblocks-container\">\n\n<figure class=\"wp-block-image size-full\"><img loading=\"lazy\" decoding=\"async\" width=\"460\" height=\"360\" src=\"https:\/\/arbejdermuseet.dk\/wp-content\/uploads\/2025\/03\/Stauning3-790x600-1.jpg\" alt=\"\" class=\"wp-image-346\" srcset=\"https:\/\/arbejdermuseet.dk\/en\/wp-content\/uploads\/sites\/2\/2025\/03\/Stauning3-790x600-1.jpg 460w, https:\/\/arbejdermuseet.dk\/en\/wp-content\/uploads\/sites\/2\/2025\/03\/Stauning3-790x600-1-300x235.jpg 300w, https:\/\/arbejdermuseet.dk\/en\/wp-content\/uploads\/sites\/2\/2025\/03\/Stauning3-790x600-1-115x90.jpg 115w\" sizes=\"(max-width: 460px) 100vw, 460px\"  data-full-url=\"https:\/\/arbejdermuseet.dk\/en\/wp-content\/uploads\/sites\/2\/2025\/03\/Stauning3-790x600-1.jpg\" data-full-width=\"460\" data-full-height=\"360\" \/><\/figure>\n\n\n\n<h3 class=\"wp-block-heading\">THE STAUNING OF ALL OF DENMARK<\/h3>\n\n\n\n<p>Thorvald Stauning was a beacon in Danish politics and is the longest-serving prime minister of the 20th century<\/p>\n\n\n\n<div class=\"wp-block-buttons is-layout-flex wp-block-buttons-is-layout-flex\">\n<div class=\"wp-block-button is-style-standout-bottom-border\"><span class=\"btn_wrapper\"><a class=\"wp-block-button__link wp-element-button\">Get more knowledge<svg class=\"icon_arrow\" width=\"17\" height=\"8\" viewBox=\"0 0 17 8\" fill=\"none\" xmlns=\"http:\/\/www.w3.org\/2000\/svg\"><path d=\"M10.2909 0L9.88856 0.627408L14.9281 3.631H0V4.36826H14.9281L9.88856 7.37259L10.2909 8L17 3.99963L10.2909 0Z\" fill=\"currentcolor\"\/><\/svg><\/a><\/span><\/div>\n<\/div>\n\n<\/div>\r\n\t<\/div>\r\n\r\n\r\n\r\n\t\t<\/div>\r\n<\/section>\n\n\r\n\r\n<section class=\"standout-block standout-column-element is-aligned alignwide\" data-block-id=\"block_ee6ea2f34314b9f4b2d851b5e2b0f5ea\" style=\"--block-background-color: transparent; --block-text-color: inherit; --align-content: flex-start;\" data-align-content=\"flex-start\">\r\n\r\n\t<div class=\"standout-max-container\">\t\r\n\r\n<div class=\"standout-block-inner\">\r\n\t\r\n\t\t\r\n\t\t\t<div class=\"acf-innerblocks-container\">\n\n<figure class=\"wp-block-image size-full\"><img loading=\"lazy\" decoding=\"async\" width=\"460\" height=\"360\" src=\"https:\/\/arbejdermuseet.dk\/wp-content\/uploads\/2025\/03\/En_agitator_Henningsen-790x600-1.jpg\" alt=\"\" class=\"wp-image-347\" srcset=\"https:\/\/arbejdermuseet.dk\/en\/wp-content\/uploads\/sites\/2\/2025\/03\/En_agitator_Henningsen-790x600-1.jpg 460w, https:\/\/arbejdermuseet.dk\/en\/wp-content\/uploads\/sites\/2\/2025\/03\/En_agitator_Henningsen-790x600-1-300x235.jpg 300w, https:\/\/arbejdermuseet.dk\/en\/wp-content\/uploads\/sites\/2\/2025\/03\/En_agitator_Henningsen-790x600-1-115x90.jpg 115w\" sizes=\"(max-width: 460px) 100vw, 460px\"  data-full-url=\"https:\/\/arbejdermuseet.dk\/en\/wp-content\/uploads\/sites\/2\/2025\/03\/En_agitator_Henningsen-790x600-1.jpg\" data-full-width=\"460\" data-full-height=\"360\" \/><\/figure>\n\n\n\n<h3 class=\"wp-block-heading\">WITH THE LAW OR WITHOUT<\/h3>\n\n\n\n<p>In 1871, the living conditions for the few industrial workers in Denmark at the time were appalling. But when the labor..<\/p>\n\n\n\n<div class=\"wp-block-buttons is-layout-flex wp-block-buttons-is-layout-flex\">\n<div class=\"wp-block-button is-style-standout-bottom-border\"><span class=\"btn_wrapper\"><a class=\"wp-block-button__link wp-element-button\">Get more knowledge<svg class=\"icon_arrow\" width=\"17\" height=\"8\" viewBox=\"0 0 17 8\" fill=\"none\" xmlns=\"http:\/\/www.w3.org\/2000\/svg\"><path d=\"M10.2909 0L9.88856 0.627408L14.9281 3.631H0V4.36826H14.9281L9.88856 7.37259L10.2909 8L17 3.99963L10.2909 0Z\" fill=\"currentcolor\"\/><\/svg><\/a><\/span><\/div>\n<\/div>\n\n<\/div>\r\n\t<\/div>\r\n\r\n\r\n\r\n\t\t<\/div>\r\n<\/section>\n\n\r\n\r\n<section class=\"standout-block standout-column-element is-aligned alignwide\" data-block-id=\"block_e0ef2e18b545d6283de11584a71eba9d\" style=\"--block-background-color: transparent; --block-text-color: inherit; --align-content: flex-start;\" data-align-content=\"flex-start\">\r\n\r\n\t<div class=\"standout-max-container\">\t\r\n\r\n<div class=\"standout-block-inner\">\r\n\t\r\n\t\t\r\n\t\t\t<div class=\"acf-innerblocks-container\">\n\n<figure class=\"wp-block-image size-full\"><img loading=\"lazy\" decoding=\"async\" width=\"460\" height=\"360\" src=\"https:\/\/arbejdermuseet.dk\/wp-content\/uploads\/2025\/03\/1-maj-mangler-aarstal-m20080305051_02-kopi-790x600-1.jpg\" alt=\"\" class=\"wp-image-348\" srcset=\"https:\/\/arbejdermuseet.dk\/en\/wp-content\/uploads\/sites\/2\/2025\/03\/1-maj-mangler-aarstal-m20080305051_02-kopi-790x600-1.jpg 460w, https:\/\/arbejdermuseet.dk\/en\/wp-content\/uploads\/sites\/2\/2025\/03\/1-maj-mangler-aarstal-m20080305051_02-kopi-790x600-1-300x235.jpg 300w, https:\/\/arbejdermuseet.dk\/en\/wp-content\/uploads\/sites\/2\/2025\/03\/1-maj-mangler-aarstal-m20080305051_02-kopi-790x600-1-115x90.jpg 115w\" sizes=\"(max-width: 460px) 100vw, 460px\"  data-full-url=\"https:\/\/arbejdermuseet.dk\/en\/wp-content\/uploads\/sites\/2\/2025\/03\/1-maj-mangler-aarstal-m20080305051_02-kopi-790x600-1.jpg\" data-full-width=\"460\" data-full-height=\"360\" \/><\/figure>\n\n\n\n<h3 class=\"wp-block-heading\">THE BATTLE FOR TIME<\/h3>\n\n\n\n<p>Working 48 hours a week. It sounds like a lot for a Danish worker in 2019. But 100 years ago, it was just..<\/p>\n\n\n\n<div class=\"wp-block-buttons is-layout-flex wp-block-buttons-is-layout-flex\">\n<div class=\"wp-block-button is-style-standout-bottom-border\"><span class=\"btn_wrapper\"><a class=\"wp-block-button__link wp-element-button\">Learn more<svg class=\"icon_arrow\" width=\"17\" height=\"8\" viewBox=\"0 0 17 8\" fill=\"none\" xmlns=\"http:\/\/www.w3.org\/2000\/svg\"><path d=\"M10.2909 0L9.88856 0.627408L14.9281 3.631H0V4.36826H14.9281L9.88856 7.37259L10.2909 8L17 3.99963L10.2909 0Z\" fill=\"currentcolor\"\/><\/svg><\/a><\/span><\/div>\n<\/div>\n\n<\/div>\r\n\t<\/div>\r\n\r\n\r\n\r\n\t\t<\/div>\r\n<\/section>\n<\/div>\r\n\t<\/div>\r\n\r\n\r\n\r\n\t\t<\/div>\r\n<\/section>\n<\/div>\r\n\t<\/div>\r\n\r\n\r\n\r\n\t\t<\/div>\r\n<\/section>","protected":false},"excerpt":{"rendered":"<p>Labour history Security Policy &#8211; War and Peace<\/p>\n","protected":false},"author":7,"featured_media":41870,"parent":1171,"menu_order":14,"comment_status":"closed","ping_status":"closed","template":"","meta":{"_acf_changed":false,"editor_notices":[],"footnotes":""},"class_list":["post-41483","page","type-page","status-publish","has-post-thumbnail","hentry"],"acf":[],"yoast_head":"<!-- This site is optimized with the Yoast SEO plugin v26.3 - https:\/\/yoast.com\/wordpress\/plugins\/seo\/ -->\n<title>Security policy - War and Peace - Arbejdermuseet<\/title>\n<meta name=\"robots\" content=\"index, follow, max-snippet:-1, max-image-preview:large, max-video-preview:-1\" \/>\n<link rel=\"canonical\" href=\"https:\/\/arbejdermuseet.dk\/en\/library-archive\/security-policy-war-and-peace\/\" \/>\n<meta property=\"og:locale\" content=\"en_US\" \/>\n<meta property=\"og:type\" content=\"article\" \/>\n<meta property=\"og:title\" content=\"Security policy - War and Peace - Arbejdermuseet\" \/>\n<meta property=\"og:description\" content=\"Labour history Security Policy &#8211; War and Peace\" \/>\n<meta property=\"og:url\" content=\"https:\/\/arbejdermuseet.dk\/en\/library-archive\/security-policy-war-and-peace\/\" \/>\n<meta property=\"og:site_name\" content=\"Arbejdermuseet\" \/>\n<meta property=\"article:modified_time\" content=\"2026-04-23T09:51:52+00:00\" \/>\n<meta property=\"og:image\" content=\"https:\/\/arbejdermuseet.dk\/en\/wp-content\/uploads\/sites\/2\/2025\/10\/F20221017001_01-scaled.jpg\" \/>\n\t<meta property=\"og:image:width\" content=\"2560\" \/>\n\t<meta property=\"og:image:height\" content=\"1681\" \/>\n\t<meta property=\"og:image:type\" content=\"image\/jpeg\" \/>\n<meta name=\"twitter:card\" content=\"summary_large_image\" \/>\n<meta name=\"twitter:label1\" content=\"Est. reading time\" \/>\n\t<meta name=\"twitter:data1\" content=\"4 minutes\" \/>\n<!-- \/ Yoast SEO plugin. -->","yoast_head_json":{"title":"Security policy - War and Peace - Arbejdermuseet","robots":{"index":"index","follow":"follow","max-snippet":"max-snippet:-1","max-image-preview":"max-image-preview:large","max-video-preview":"max-video-preview:-1"},"canonical":"https:\/\/arbejdermuseet.dk\/en\/library-archive\/security-policy-war-and-peace\/","og_locale":"en_US","og_type":"article","og_title":"Security policy - War and Peace - Arbejdermuseet","og_description":"Labour history Security Policy &#8211; War and Peace","og_url":"https:\/\/arbejdermuseet.dk\/en\/library-archive\/security-policy-war-and-peace\/","og_site_name":"Arbejdermuseet","article_modified_time":"2026-04-23T09:51:52+00:00","og_image":[{"width":2560,"height":1681,"url":"https:\/\/arbejdermuseet.dk\/en\/wp-content\/uploads\/sites\/2\/2025\/10\/F20221017001_01-scaled.jpg","type":"image\/jpeg"}],"twitter_card":"summary_large_image","twitter_misc":{"Est. reading time":"4 minutes"},"schema":{"@context":"https:\/\/schema.org","@graph":[{"@type":"WebPage","@id":"https:\/\/arbejdermuseet.dk\/en\/library-archive\/security-policy-war-and-peace\/","url":"https:\/\/arbejdermuseet.dk\/en\/library-archive\/security-policy-war-and-peace\/","name":"Security policy - War and Peace - Arbejdermuseet","isPartOf":{"@id":"https:\/\/arbejdermuseet.dk\/en\/#website"},"primaryImageOfPage":{"@id":"https:\/\/arbejdermuseet.dk\/en\/library-archive\/security-policy-war-and-peace\/#primaryimage"},"image":{"@id":"https:\/\/arbejdermuseet.dk\/en\/library-archive\/security-policy-war-and-peace\/#primaryimage"},"thumbnailUrl":"https:\/\/arbejdermuseet.dk\/en\/wp-content\/uploads\/sites\/2\/2025\/10\/F20221017001_01-scaled.jpg","datePublished":"2025-10-13T08:24:59+00:00","dateModified":"2026-04-23T09:51:52+00:00","breadcrumb":{"@id":"https:\/\/arbejdermuseet.dk\/en\/library-archive\/security-policy-war-and-peace\/#breadcrumb"},"inLanguage":"en-US","potentialAction":[{"@type":"ReadAction","target":["https:\/\/arbejdermuseet.dk\/en\/library-archive\/security-policy-war-and-peace\/"]}]},{"@type":"ImageObject","inLanguage":"en-US","@id":"https:\/\/arbejdermuseet.dk\/en\/library-archive\/security-policy-war-and-peace\/#primaryimage","url":"https:\/\/arbejdermuseet.dk\/en\/wp-content\/uploads\/sites\/2\/2025\/10\/F20221017001_01-scaled.jpg","contentUrl":"https:\/\/arbejdermuseet.dk\/en\/wp-content\/uploads\/sites\/2\/2025\/10\/F20221017001_01-scaled.jpg","width":2560,"height":1681},{"@type":"BreadcrumbList","@id":"https:\/\/arbejdermuseet.dk\/en\/library-archive\/security-policy-war-and-peace\/#breadcrumb","itemListElement":[{"@type":"ListItem","position":1,"name":"Hjem","item":"https:\/\/arbejdermuseet.dk\/en\/"},{"@type":"ListItem","position":2,"name":"LIBRARY &amp; ARCHIVE","item":"https:\/\/arbejdermuseet.dk\/en\/library-archive\/"},{"@type":"ListItem","position":3,"name":"Security policy &#8211; War and Peace"}]},{"@type":"WebSite","@id":"https:\/\/arbejdermuseet.dk\/en\/#website","url":"https:\/\/arbejdermuseet.dk\/en\/","name":"Arbejdermuseet","description":"","publisher":{"@id":"https:\/\/arbejdermuseet.dk\/en\/#organization"},"potentialAction":[{"@type":"SearchAction","target":{"@type":"EntryPoint","urlTemplate":"https:\/\/arbejdermuseet.dk\/en\/?s={search_term_string}"},"query-input":{"@type":"PropertyValueSpecification","valueRequired":true,"valueName":"search_term_string"}}],"inLanguage":"en-US"},{"@type":"Organization","@id":"https:\/\/arbejdermuseet.dk\/en\/#organization","name":"Arbejdermuseet","url":"https:\/\/arbejdermuseet.dk\/en\/","logo":{"@type":"ImageObject","inLanguage":"en-US","@id":"https:\/\/arbejdermuseet.dk\/en\/#\/schema\/logo\/image\/","url":"https:\/\/arbejdermuseet.dk\/en\/wp-content\/uploads\/sites\/2\/2025\/01\/Logo.svg","contentUrl":"https:\/\/arbejdermuseet.dk\/en\/wp-content\/uploads\/sites\/2\/2025\/01\/Logo.svg","caption":"Arbejdermuseet"},"image":{"@id":"https:\/\/arbejdermuseet.dk\/en\/#\/schema\/logo\/image\/"}}]}},"_links":{"self":[{"href":"https:\/\/arbejdermuseet.dk\/en\/wp-json\/wp\/v2\/pages\/41483","targetHints":{"allow":["GET"]}}],"collection":[{"href":"https:\/\/arbejdermuseet.dk\/en\/wp-json\/wp\/v2\/pages"}],"about":[{"href":"https:\/\/arbejdermuseet.dk\/en\/wp-json\/wp\/v2\/types\/page"}],"author":[{"embeddable":true,"href":"https:\/\/arbejdermuseet.dk\/en\/wp-json\/wp\/v2\/users\/7"}],"replies":[{"embeddable":true,"href":"https:\/\/arbejdermuseet.dk\/en\/wp-json\/wp\/v2\/comments?post=41483"}],"version-history":[{"count":14,"href":"https:\/\/arbejdermuseet.dk\/en\/wp-json\/wp\/v2\/pages\/41483\/revisions"}],"predecessor-version":[{"id":49642,"href":"https:\/\/arbejdermuseet.dk\/en\/wp-json\/wp\/v2\/pages\/41483\/revisions\/49642"}],"up":[{"embeddable":true,"href":"https:\/\/arbejdermuseet.dk\/en\/wp-json\/wp\/v2\/pages\/1171"}],"wp:featuredmedia":[{"embeddable":true,"href":"https:\/\/arbejdermuseet.dk\/en\/wp-json\/wp\/v2\/media\/41870"}],"wp:attachment":[{"href":"https:\/\/arbejdermuseet.dk\/en\/wp-json\/wp\/v2\/media?parent=41483"}],"curies":[{"name":"wp","href":"https:\/\/api.w.org\/{rel}","templated":true}]}}