{"id":41418,"date":"2025-10-09T12:00:26","date_gmt":"2025-10-09T10:00:26","guid":{"rendered":"https:\/\/arbejdermuseet.dk\/?page_id=41418"},"modified":"2026-02-04T10:54:12","modified_gmt":"2026-02-04T09:54:12","slug":"democracy-and-constitution","status":"publish","type":"page","link":"https:\/\/arbejdermuseet.dk\/en\/library-archive\/democracy-and-constitution\/","title":{"rendered":"Democracy and Constitution"},"content":{"rendered":"\n<p class=\"is-style-align-wide standout-subtitle-type\">Labor history<\/p>\n\n\n\n<h1 class=\"wp-block-heading alignwide\">Democracy and Constitution<\/h1>\n\n\n\r\n\r\n<section class=\"standout-section standout-block standout-slider is-aligned alignfull wp-elements-7a5a1bd1ebbc84b36cd7ed5b7f604589 has-bg has-text-color\" data-block-id=\"block_c6212a121b414196892c21c6bdcff86b\" style=\"--block-background-color: transparent; --block-text-color: var(--wp--preset--color--color-white); --standout-block-gap: var(--gap-m); --slider-columns: 1;\" data-columns=\"1\" data-slider=\"{&quot;slidesToShow&quot;:&quot;1&quot;,&quot;slidesToScroll&quot;:&quot;1&quot;,&quot;dots&quot;:&quot;false&quot;,&quot;arrows&quot;:&quot;true&quot;,&quot;adaptiveHeight&quot;:&quot;false&quot;,&quot;autoplay&quot;:&quot;true&quot;,&quot;autoplaySpeed&quot;:&quot;5000&quot;,&quot;speed&quot;:&quot;1000&quot;,&quot;infinite&quot;:&quot;true&quot;,&quot;fade&quot;:&quot;false&quot;,&quot;custom_input_data&quot;:[{&quot;name&quot;:&quot;centerPadding&quot;,&quot;value&quot;:&quot;23%&quot;}],&quot;centerMode&quot;:&quot;true&quot;}\" data-slider-responsive=\"false\">\r\n\r\n\t<div class=\"standout-max-container\">\t\n\n<div class=\"standout-block-inner\" >\n\t\t\t\t\t<div class=\"acf-innerblocks-container is-slick-slider\">\n\r\n\r\n<section class=\"standout-block standout-slide-element is-aligned alignwide\" data-block-id=\"block_1a9651a9837196bf3d535526ddbf5f0c\" style=\"--block-background-color: transparent; --block-text-color: inherit;\">\r\n\r\n\t\t\r\n\r\n\t\n\n<figure class=\"wp-block-image size-full\"><img loading=\"lazy\" decoding=\"async\" width=\"2113\" height=\"1694\" src=\"https:\/\/arbejdermuseet.dk\/wp-content\/uploads\/2025\/10\/F20100107064-edited.jpg\" alt=\"F20100107064 - Aktivister fra Dansk Kvindesamfund med plakater der opfordrer kvinder til at bruge deres stemmeret\" class=\"wp-image-41666\" style=\"aspect-ratio:48\/25;object-fit:cover\" srcset=\"https:\/\/arbejdermuseet.dk\/en\/wp-content\/uploads\/sites\/2\/2025\/10\/F20100107064-edited.jpg 2113w, https:\/\/arbejdermuseet.dk\/en\/wp-content\/uploads\/sites\/2\/2025\/10\/F20100107064-edited-600x481.jpg 600w, https:\/\/arbejdermuseet.dk\/en\/wp-content\/uploads\/sites\/2\/2025\/10\/F20100107064-edited-1920x1539.jpg 1920w, https:\/\/arbejdermuseet.dk\/en\/wp-content\/uploads\/sites\/2\/2025\/10\/F20100107064-edited-300x241.jpg 300w, https:\/\/arbejdermuseet.dk\/en\/wp-content\/uploads\/sites\/2\/2025\/10\/F20100107064-edited-768x616.jpg 768w, https:\/\/arbejdermuseet.dk\/en\/wp-content\/uploads\/sites\/2\/2025\/10\/F20100107064-edited-1536x1231.jpg 1536w, https:\/\/arbejdermuseet.dk\/en\/wp-content\/uploads\/sites\/2\/2025\/10\/F20100107064-edited-2048x1642.jpg 2048w, https:\/\/arbejdermuseet.dk\/en\/wp-content\/uploads\/sites\/2\/2025\/10\/F20100107064-edited-112x90.jpg 112w, https:\/\/arbejdermuseet.dk\/en\/wp-content\/uploads\/sites\/2\/2025\/10\/F20100107064-edited-1200x962.jpg 1200w\" sizes=\"(max-width: 2113px) 100vw, 2113px\"  data-full-url=\"https:\/\/arbejdermuseet.dk\/en\/wp-content\/uploads\/sites\/2\/2025\/10\/F20100107064-edited.jpg\" data-full-width=\"2113\" data-full-height=\"1694\" \/><\/figure>\n\n\r\n\r\n\r\n\r\n\t\t\r\n<\/section>\n\n\r\n\r\n<section class=\"standout-block standout-slide-element is-aligned alignwide\" data-block-id=\"block_1a9651a9837196bf3d535526ddbf5f0c\" style=\"--block-background-color: transparent; --block-text-color: inherit;\">\r\n\r\n\t<div class=\"standout-max-container\">\t\r\n\r\n\t\n\n<figure class=\"wp-block-image size-full\"><img loading=\"lazy\" decoding=\"async\" width=\"920\" height=\"1237\" src=\"https:\/\/arbejdermuseet.dk\/wp-content\/uploads\/2025\/10\/F20120223001.jpg\" alt=\"F20120223001 - Grundlovsdag, de f\u00f8rste b\u00f8rn og cyklister st\u00e5r klar foran S\u00f8ndermarken for at modtage processionen\" class=\"wp-image-41573\" style=\"aspect-ratio:48\/25;object-fit:cover\" srcset=\"https:\/\/arbejdermuseet.dk\/en\/wp-content\/uploads\/sites\/2\/2025\/10\/F20120223001.jpg 920w, https:\/\/arbejdermuseet.dk\/en\/wp-content\/uploads\/sites\/2\/2025\/10\/F20120223001-446x600.jpg 446w, https:\/\/arbejdermuseet.dk\/en\/wp-content\/uploads\/sites\/2\/2025\/10\/F20120223001-223x300.jpg 223w, https:\/\/arbejdermuseet.dk\/en\/wp-content\/uploads\/sites\/2\/2025\/10\/F20120223001-768x1033.jpg 768w, https:\/\/arbejdermuseet.dk\/en\/wp-content\/uploads\/sites\/2\/2025\/10\/F20120223001-67x90.jpg 67w\" sizes=\"(max-width: 920px) 100vw, 920px\"  data-full-url=\"https:\/\/arbejdermuseet.dk\/en\/wp-content\/uploads\/sites\/2\/2025\/10\/F20120223001.jpg\" data-full-width=\"920\" data-full-height=\"1237\" \/><\/figure>\n\n\r\n\r\n\r\n\r\n\t\t<\/div>\r\n<\/section>\n\n\r\n\r\n<section class=\"standout-block standout-slide-element is-aligned alignwide\" data-block-id=\"block_1a9651a9837196bf3d535526ddbf5f0c\" style=\"--block-background-color: transparent; --block-text-color: inherit;\">\r\n\r\n\t<div class=\"standout-max-container\">\t\r\n\r\n\t\n\n<figure class=\"wp-block-image size-full\"><img loading=\"lazy\" decoding=\"async\" width=\"2560\" height=\"1920\" src=\"https:\/\/arbejdermuseet.dk\/wp-content\/uploads\/2025\/10\/F20180606020-scaled.jpg\" alt=\"F20180606020 - DSU med faner og trompeter p\u00e5 vej til grundlovsm\u00f8de\" class=\"wp-image-41676\" style=\"aspect-ratio:48\/25;object-fit:cover\" srcset=\"https:\/\/arbejdermuseet.dk\/en\/wp-content\/uploads\/sites\/2\/2025\/10\/F20180606020-scaled.jpg 2560w, https:\/\/arbejdermuseet.dk\/en\/wp-content\/uploads\/sites\/2\/2025\/10\/F20180606020-600x450.jpg 600w, https:\/\/arbejdermuseet.dk\/en\/wp-content\/uploads\/sites\/2\/2025\/10\/F20180606020-1920x1440.jpg 1920w, https:\/\/arbejdermuseet.dk\/en\/wp-content\/uploads\/sites\/2\/2025\/10\/F20180606020-300x225.jpg 300w, https:\/\/arbejdermuseet.dk\/en\/wp-content\/uploads\/sites\/2\/2025\/10\/F20180606020-768x576.jpg 768w, https:\/\/arbejdermuseet.dk\/en\/wp-content\/uploads\/sites\/2\/2025\/10\/F20180606020-1536x1152.jpg 1536w, https:\/\/arbejdermuseet.dk\/en\/wp-content\/uploads\/sites\/2\/2025\/10\/F20180606020-2048x1536.jpg 2048w, https:\/\/arbejdermuseet.dk\/en\/wp-content\/uploads\/sites\/2\/2025\/10\/F20180606020-120x90.jpg 120w, https:\/\/arbejdermuseet.dk\/en\/wp-content\/uploads\/sites\/2\/2025\/10\/F20180606020-1200x900.jpg 1200w\" sizes=\"(max-width: 2560px) 100vw, 2560px\"  data-full-url=\"https:\/\/arbejdermuseet.dk\/en\/wp-content\/uploads\/sites\/2\/2025\/10\/F20180606020-scaled.jpg\" data-full-width=\"2560\" data-full-height=\"1920\" \/><\/figure>\n\n\r\n\r\n\r\n\r\n\t\t<\/div>\r\n<\/section>\n\n\r\n\r\n<section class=\"standout-block standout-slide-element is-aligned alignwide\" data-block-id=\"block_1a9651a9837196bf3d535526ddbf5f0c\" style=\"--block-background-color: transparent; --block-text-color: inherit;\">\r\n\r\n\t<div class=\"standout-max-container\">\t\r\n\r\n\t\n\n<figure class=\"wp-block-image size-large-1200\"><img loading=\"lazy\" decoding=\"async\" width=\"1200\" height=\"1607\" src=\"https:\/\/arbejdermuseet.dk\/wp-content\/uploads\/2025\/10\/F20120305043-1200x1607.jpg\" alt=\"F20120305043 - Stauning p\u00e5 plakaten, en st\u00f8rre udsmykning med socialdemokratiske valgplakater og et par b\u00f8rn p\u00e5 trappen\" class=\"wp-image-41579\" style=\"aspect-ratio:48\/25;object-fit:cover\" srcset=\"https:\/\/arbejdermuseet.dk\/en\/wp-content\/uploads\/sites\/2\/2025\/10\/F20120305043-1200x1607.jpg 1200w, https:\/\/arbejdermuseet.dk\/en\/wp-content\/uploads\/sites\/2\/2025\/10\/F20120305043-448x600.jpg 448w, https:\/\/arbejdermuseet.dk\/en\/wp-content\/uploads\/sites\/2\/2025\/10\/F20120305043-224x300.jpg 224w, https:\/\/arbejdermuseet.dk\/en\/wp-content\/uploads\/sites\/2\/2025\/10\/F20120305043-768x1029.jpg 768w, https:\/\/arbejdermuseet.dk\/en\/wp-content\/uploads\/sites\/2\/2025\/10\/F20120305043-1147x1536.jpg 1147w, https:\/\/arbejdermuseet.dk\/en\/wp-content\/uploads\/sites\/2\/2025\/10\/F20120305043-67x90.jpg 67w, https:\/\/arbejdermuseet.dk\/en\/wp-content\/uploads\/sites\/2\/2025\/10\/F20120305043.jpg 1408w\" sizes=\"(max-width: 1200px) 100vw, 1200px\"  data-full-url=\"https:\/\/arbejdermuseet.dk\/en\/wp-content\/uploads\/sites\/2\/2025\/10\/F20120305043.jpg\" data-full-width=\"1408\" data-full-height=\"1886\" \/><\/figure>\n\n\r\n\r\n\r\n\r\n\t\t<\/div>\r\n<\/section>\n<\/div>\n\t\n\t\n\t\n<\/div>\n\n\n\t<style>\n\t\t.standout-slider[data-block-id=\"block_c6212a121b414196892c21c6bdcff86b\"]>*>*>.acf-innerblocks-container:not(.slick-initialized)>*:nth-child(1)~* {\n\t\t\tdisplay: none;\n\t\t}\n\t<\/style>\n\n\n\r\n\t\t<\/div>\r\n<\/section>\n\n\r\n\r\n<section class=\"standout-section standout-block standout-navigation is-aligned alignwide labor_history\" data-block-id=\"block_dbe5134c61d5c891e0d57f4f437c3c27\" style=\"--block-background-color: transparent; --block-text-color: inherit;\">\r\n\r\n\t<div class=\"standout-max-container\">\t\r\n\r\n<div class=\"standout-block-inner\">\r\n\t\t\t<div class=\"acf-innerblocks-container\">\r\n\t\t\t<div class=\"left\">\r\n\t\t\t\t\n\n<h4 class=\"wp-block-heading\" style=\"font-size:40px;text-transform:uppercase\">Theme about the Danish Constitution<\/h4>\n\n\n\n<p>Democracy, and thus the Danish Constitution, has been a central theme for the Danish labor movement since the 1870s. In the early years of the movement, the Social Democratic Party and the trade union movement fought for the most basic democratic rights: freedom of assembly and freedom of speech<\/p>\n\n\n\n<p>Later, the struggle for democracy came to focus on expanding the democratic framework provided by the Constitution to include women, the poor and the young. For other parts of the left, an important political theme has been the interpretation of the content and form of democracy.<\/p>\n\n\n\n<p>Since 1872, the labor movement has also actively participated in the celebration of Constitution Day and for a number of years the Social Democratic Party held annual Constitution Day celebrations.<\/p>\n\n\n\n<p>Other parts of the left have also used Constitution Day celebrations as platforms for various political struggles, including the EC\/EU resistance, the fight for democratic rights such as women&#8217;s or youth suffrage, and also in the fight against fascism.<\/p>\n\n\n\n<div class=\"wp-block-buttons is-layout-flex wp-block-buttons-is-layout-flex\">\n<div class=\"wp-block-button is-style-standout-bottom-border\"><span class=\"btn_wrapper\"><a class=\"wp-block-button__link wp-element-button\" href=\"#tema-hidden-full-content\">Get the full information on the theme<svg class=\"icon_arrow\" width=\"17\" height=\"8\" viewBox=\"0 0 17 8\" fill=\"none\" xmlns=\"http:\/\/www.w3.org\/2000\/svg\"><path d=\"M10.2909 0L9.88856 0.627408L14.9281 3.631H0V4.36826H14.9281L9.88856 7.37259L10.2909 8L17 3.99963L10.2909 0Z\" fill=\"currentcolor\"\/><\/svg><\/a><\/span><\/div>\n<\/div>\n\n\r\n\t\t\t<\/div>\r\n\t\r\n\t\t\t<div class=\"right\" style=\"background-color:#273e36; color:#fff5e8;\">\r\n\t\t\t\t<h4 class=\"heading\">Experience the theme in multiple ways<\/h4>\r\n\t\r\n\t\t\t\t<div class=\"links\">\r\n\t\t\t\t\t\t\t\t\t\t\t\t\t\t\t\t\t\t\t\t\t\t\t\t\t\t\t\r\n\t\t\t\t\t\t\t<a class=\"link\" href=\"https:\/\/arbejdermuseet.dk\/en\/library-archive\/democracy-and-constitution\/1915-constitution-no-voting-rights-for-foreigners\/\" target=\"_blank\">\r\n\t\t\t\t\t\t\t\tRead about the 1915 constitution where women and servants got the right to vote\t\t\t\t\t\t\t\t<span height=\"1em\" class=\"standout-custom-svg custom-svg\"><svg height=\"1em\" xmlns=\"http:\/\/www.w3.org\/2000\/svg\" viewBox=\"0 0 17 8\" fill=\"none\">\r\n  <path d=\"M9.95456 0L9.5654 0.627408L14.4402 3.631H0V4.36826H14.4402L9.5654 7.37259L9.95456 8L16.4444 3.99963L9.95456 0Z\" fill=\"#B12320\"\/>\r\n<\/svg><\/span>\t\t\t\t\t\t\t<\/a>\r\n\t\t\t\t\t\t\t\t\t\t\t\t\t\t\t\t\t\t\t\t\t\t\r\n\t\t\t\t\t\t\t<a class=\"link\" href=\"https:\/\/arbejdermuseet.dk\/en\/library-archive\/democracy-and-constitution\/landslide-election-on-december-4-1973\/\">\r\n\t\t\t\t\t\t\t\tRead about the landslide election on December 4, 1973\t\t\t\t\t\t\t\t<span height=\"1em\" class=\"standout-custom-svg custom-svg\"><svg height=\"1em\" xmlns=\"http:\/\/www.w3.org\/2000\/svg\" viewBox=\"0 0 17 8\" fill=\"none\">\r\n  <path d=\"M9.95456 0L9.5654 0.627408L14.4402 3.631H0V4.36826H14.4402L9.5654 7.37259L9.95456 8L16.4444 3.99963L9.95456 0Z\" fill=\"#B12320\"\/>\r\n<\/svg><\/span>\t\t\t\t\t\t\t<\/a>\r\n\t\t\t\t\t\t\t\t\t\t\t\t\t\t\t\t\t\t\t\t\t\t\r\n\t\t\t\t\t\t\t<a class=\"link\" href=\"https:\/\/arbejdermuseet.dk\/en\/library-archive\/democracy-and-constitution\/workers-first-constitution-day-celebration\/\">\r\n\t\t\t\t\t\t\t\tRead about Labor&#8217;s first Constitution Day celebration\t\t\t\t\t\t\t\t<span height=\"1em\" class=\"standout-custom-svg custom-svg\"><svg height=\"1em\" xmlns=\"http:\/\/www.w3.org\/2000\/svg\" viewBox=\"0 0 17 8\" fill=\"none\">\r\n  <path d=\"M9.95456 0L9.5654 0.627408L14.4402 3.631H0V4.36826H14.4402L9.5654 7.37259L9.95456 8L16.4444 3.99963L9.95456 0Z\" fill=\"#B12320\"\/>\r\n<\/svg><\/span>\t\t\t\t\t\t\t<\/a>\r\n\t\t\t\t\t\t\t\t\t\t\t\t\t\t\t\t\t\t\t\t\t\t\r\n\t\t\t\t\t\t\t<a class=\"link\" href=\"https:\/\/arbejdermuseet.dk\/en\/library-archive\/democracy-and-constitution\/the-constitution-on-the-poster\/\">\r\n\t\t\t\t\t\t\t\tSee Constitutional Plates in the ABA collection\t\t\t\t\t\t\t\t<span height=\"1em\" class=\"standout-custom-svg custom-svg\"><svg height=\"1em\" xmlns=\"http:\/\/www.w3.org\/2000\/svg\" viewBox=\"0 0 17 8\" fill=\"none\">\r\n  <path d=\"M9.95456 0L9.5654 0.627408L14.4402 3.631H0V4.36826H14.4402L9.5654 7.37259L9.95456 8L16.4444 3.99963L9.95456 0Z\" fill=\"#B12320\"\/>\r\n<\/svg><\/span>\t\t\t\t\t\t\t<\/a>\r\n\t\t\t\t\t\t\t\t\t\t\t\t\t\t\t\t\t\t\t\t\t\t\r\n\t\t\t\t\t\t\t<a class=\"link\" href=\"https:\/\/arbejdermuseet.dk\/en\/library-archive\/democracy-and-constitution\/working-women-and-the-right-to-vote-the-tough-fight\/\">\r\n\t\t\t\t\t\t\t\tRead about working women&#8217;s fight for the right to vote\t\t\t\t\t\t\t\t<span height=\"1em\" class=\"standout-custom-svg custom-svg\"><svg height=\"1em\" xmlns=\"http:\/\/www.w3.org\/2000\/svg\" viewBox=\"0 0 17 8\" fill=\"none\">\r\n  <path d=\"M9.95456 0L9.5654 0.627408L14.4402 3.631H0V4.36826H14.4402L9.5654 7.37259L9.95456 8L16.4444 3.99963L9.95456 0Z\" fill=\"#B12320\"\/>\r\n<\/svg><\/span>\t\t\t\t\t\t\t<\/a>\r\n\t\t\t\t\t\t\t\t\t\t\t\t\t\t\t<\/div>\r\n\t\t\t<\/div>\r\n\t\t<\/div>\r\n\t<\/div>\r\n\r\n\r\n\r\n\t\t<\/div>\r\n<\/section>\n\n\r\n\r\n<section id=\"tema-hidden-full-content\" class=\"standout-section standout-block standout-hidden-content is-aligned alignwide\" data-block-id=\"block_014e5fb231280e38f43a17d7a275d412\" style=\"--block-background-color: transparent; --block-text-color: inherit; display: none;\">\r\n\r\n\t<div class=\"standout-max-container\">\t\r\n\r\n<div class=\"standout-block-inner\">\r\n\t\t\t<div class=\"acf-innerblocks-container\">\n\r\n\r\n<section class=\"standout-section standout-block standout-columns is-aligned alignwide\" data-block-id=\"block_f89683664ab19ad6f42869daba8b022c\" style=\"--block-background-color: transparent; --block-text-color: inherit; --columns: 2; --column-span: 1; --row-span: 1; --element-alignment: flex-start;\" data-columns=\"2\">\r\n\r\n\t<div class=\"standout-max-container\">\t\r\n\r\n<div class=\"standout-block-inner\">\r\n\t\t\t<div class=\"acf-innerblocks-container\">\n\r\n\r\n<section class=\"standout-block standout-column-element is-aligned alignwide\" data-block-id=\"block_5c1ba288dfbf905ed67bd8c8febe4347\" style=\"--block-background-color: transparent; --block-text-color: inherit; --align-content: flex-start;\" data-align-content=\"flex-start\">\r\n\r\n\t<div class=\"standout-max-container\">\t\r\n\r\n<div class=\"standout-block-inner\">\r\n\t\r\n\t\t\r\n\t\t\t<div class=\"acf-innerblocks-container\">\n\n<h4 class=\"wp-block-heading\"><strong>Miscellaneous Sources about Constitution Day celebrations in Denmark<\/strong><\/h4>\n\n\n\n<p><a href=\"https:\/\/arbejdermuseet.dk\/wp-content\/uploads\/2025\/12\/SD18850605.pdf\">The Social Democratic Labor Party&#8217;s previous constitutional celebrations<\/a>, Socialdemokraten 5 June 1885<br><a href=\"https:\/\/arbejdermuseet.dk\/wp-content\/uploads\/2025\/12\/SD18860606.pdf\">The Social Democratic People&#8217;s Party<\/a>, Socialdemokraten June 6, 1886<br><a href=\"https:\/\/arbejdermuseet.dk\/wp-content\/uploads\/2025\/12\/grundlovsfesthistorie1947.pdf\">First Constitution Day celebration in F\u00e6lledparken<\/a>, Socialdemokraten May 30, 1947<br><a href=\"https:\/\/arbejdermuseet.dk\/wp-content\/uploads\/2025\/12\/indtil1880.pdf\">Programs from constitutional celebrations 1873-1880<\/a><br><a href=\"https:\/\/arbejdermuseet.dk\/wp-content\/uploads\/2025\/12\/indtil1889.pdf\">Constitution Day celebrations 1882-1889<\/a><br><a href=\"https:\/\/arbejdermuseet.dk\/wp-content\/uploads\/2025\/12\/1890.pdf\">Constitution Day celebration 1890<\/a><br><a href=\"https:\/\/arbejdermuseet.dk\/wp-content\/uploads\/2025\/12\/1891.pdf\">Constitution Day 1891<\/a><br><a href=\"https:\/\/arbejdermuseet.dk\/wp-content\/uploads\/2025\/12\/1893.pdf\">Constitution Day 1893<\/a><br><a href=\"https:\/\/arbejdermuseet.dk\/wp-content\/uploads\/2025\/12\/1895.pdf\">Constitution Day 1895<\/a><br><a href=\"https:\/\/arbejdermuseet.dk\/wp-content\/uploads\/2025\/12\/1896.pdf\">Constitution Day 1896<\/a><br><a href=\"https:\/\/arbejdermuseet.dk\/wp-content\/uploads\/2025\/12\/1898.pdf\">Constitution Day 1898<\/a><br><a href=\"https:\/\/arbejdermuseet.dk\/wp-content\/uploads\/2025\/12\/1899.pdf\">Constitution Day 1899<\/a><br><a href=\"https:\/\/arbejdermuseet.dk\/wp-content\/uploads\/2025\/12\/indtil1918.pdf\">Constitution Day 1901-1918<\/a><br><a href=\"https:\/\/arbejdermuseet.dk\/wp-content\/uploads\/2025\/12\/1947.pdf\">Constitution Day 1947<\/a><br><a href=\"https:\/\/arbejdermuseet.dk\/wp-content\/uploads\/2025\/12\/1952.pdf\">Constitution Day 1952<\/a><br><a href=\"https:\/\/arbejdermuseet.dk\/wp-content\/uploads\/2025\/12\/1954.pdf\">Constitution Day 1954<\/a><br><a href=\"https:\/\/arbejdermuseet.dk\/wp-content\/uploads\/2025\/12\/1959.pdf\">Constitution Day 1959<\/a><br><a href=\"https:\/\/arbejdermuseet.dk\/wp-content\/uploads\/2025\/12\/1961.pdf\">Constitution Day 1961<\/a><\/p>\n\n<\/div>\r\n\t<\/div>\r\n\r\n\r\n\r\n\t\t<\/div>\r\n<\/section>\n<\/div>\r\n\t<\/div>\r\n\r\n\r\n\r\n\t\t<\/div>\r\n<\/section>\n<\/div>\r\n\t<\/div>\r\n\r\n\r\n\r\n\t\t<\/div>\r\n<\/section>\n\n\r\n\r\n<section class=\"standout-section standout-block standout-related-content is-aligned alignfull off-center-slider\" data-block-id=\"block_c663977e8f02f40858fef0d15c2b1cbb\" style=\"--block-background-color: transparent; --block-text-color: inherit;\">\r\n\r\n\t<div class=\"standout-max-container\">\t\r\n\r\n<div class=\"standout-block-inner\">\r\n\t\t\t<div class=\"acf-innerblocks-container\">\n\n<h3 class=\"wp-block-heading\" style=\"text-transform:uppercase\">If you find the topic interesting<\/h3>\n\n\n\r\n\r\n<section class=\"standout-block standout-related-content-inner is-aligned alignfull\" data-block-id=\"block_c978129e8062f715c4854580c5716ba4\" style=\"--block-background-color: transparent; --block-text-color: inherit;\" data-related-content=\"tag\">\r\n\r\n\t<div class=\"standout-max-container\">\t\r\n\r\n\r\n\r\n<div class=\"standout-block-inner\">\r\n\t\t\t\r\n\r\n<section class=\"standout-section standout-block standout-posts is-aligned alignwide\" data-block-id=\"block_e8c9784ad62f3e00ec9c4b1ecf81b8a1\" style=\"--block-background-color: transparent; --block-text-color: inherit;\" template=\"02\">\r\n\r\n\t<div class=\"standout-max-container\">\t\r\n\r\n<div class=\"standout-block-inner\">\r\n\t<div class=\"acf-innerblocks-container\">\r\n\t\t\r\n\r\n<section class=\"standout-section standout-block standout-slider is-aligned alignfull has-bg\" data-block-id=\"block_b9208fe67df65bb18a9c362ae84ef93a\" style=\"--block-background-color: transparent; --block-text-color: inherit; --slider-columns: 4;\" data-columns=\"4\" data-slider=\"{&quot;slidesToShow&quot;:&quot;4&quot;,&quot;slidesToScroll&quot;:&quot;1&quot;,&quot;dots&quot;:&quot;false&quot;,&quot;arrows&quot;:&quot;true&quot;,&quot;adaptiveHeight&quot;:&quot;false&quot;,&quot;autoplay&quot;:&quot;true&quot;,&quot;autoplaySpeed&quot;:&quot;5000&quot;,&quot;speed&quot;:&quot;1000&quot;,&quot;infinite&quot;:&quot;true&quot;,&quot;centerMode&quot;:&quot;false&quot;,&quot;fade&quot;:&quot;false&quot;}\" data-slider-responsive=\"null\">\r\n\r\n\t<div class=\"standout-max-container\">\t\n\n<div class=\"standout-block-inner\" >\n\t\t\t\t\t<div class=\"acf-innerblocks-container is-slick-slider\">\n\t\t\t\r\n\r\n<section class=\"standout-block standout-slide-element is-aligned alignwide\" data-block-id=\"block_87ed9e273e82e25b23ce39e5785d6000\" style=\"--block-background-color: transparent; --block-text-color: inherit;\">\r\n\r\n\t<div class=\"standout-max-container\">\t\r\n\r\n\t<div class=\"acf-innerblocks-container\">\r\n\t\t\r\n<div class=\"post post-loop post-loop-type-page\">\r\n\t\t\t<div class=\"post-thumbnail-wrap\">\r\n\t\t\t\t\t\t\t<img loading=\"lazy\" decoding=\"async\" width=\"1620\" height=\"1080\" src=\"https:\/\/arbejdermuseet.dk\/en\/wp-content\/uploads\/sites\/2\/2026\/01\/20210609_arbejdermuseet_fotosmaltheivarsson_4193.jpg\" class=\"attachment-post-thumbnail size-post-thumbnail wp-post-image\" alt=\"\" srcset=\"https:\/\/arbejdermuseet.dk\/en\/wp-content\/uploads\/sites\/2\/2026\/01\/20210609_arbejdermuseet_fotosmaltheivarsson_4193.jpg 1620w, https:\/\/arbejdermuseet.dk\/en\/wp-content\/uploads\/sites\/2\/2026\/01\/20210609_arbejdermuseet_fotosmaltheivarsson_4193-600x400.jpg 600w, https:\/\/arbejdermuseet.dk\/en\/wp-content\/uploads\/sites\/2\/2026\/01\/20210609_arbejdermuseet_fotosmaltheivarsson_4193-300x200.jpg 300w, https:\/\/arbejdermuseet.dk\/en\/wp-content\/uploads\/sites\/2\/2026\/01\/20210609_arbejdermuseet_fotosmaltheivarsson_4193-768x512.jpg 768w, https:\/\/arbejdermuseet.dk\/en\/wp-content\/uploads\/sites\/2\/2026\/01\/20210609_arbejdermuseet_fotosmaltheivarsson_4193-1536x1024.jpg 1536w, https:\/\/arbejdermuseet.dk\/en\/wp-content\/uploads\/sites\/2\/2026\/01\/20210609_arbejdermuseet_fotosmaltheivarsson_4193-135x90.jpg 135w, https:\/\/arbejdermuseet.dk\/en\/wp-content\/uploads\/sites\/2\/2026\/01\/20210609_arbejdermuseet_fotosmaltheivarsson_4193-1200x800.jpg 1200w\" sizes=\"(max-width: 1620px) 100vw, 1620px\" data-copyright=\"\" data-headline=\"20210609_arbejdermuseet_fotosmaltheivarsson_4193\" data-description=\"\"  data-full-url=\"\" \/>\t\t\t\t\t<\/div>\r\n\t\r\n\t\t\t\t<div class=\"post-ancestor-title\">\r\n\t\t\t<span>LEARN<\/span>\r\n\t\t<\/div>\r\n\t\r\n\t<div class=\"post-title-wrap\">\r\n\t\t<span class=\"post-title\">Education resource page: Activists keep democracy alive<\/span>\r\n\t<\/div>\r\n\r\n\t<a class=\"post-read-more-link\" href=\"https:\/\/arbejdermuseet.dk\/en\/teaching\/digital-learning-tools\/education-resource-page-activists-keep-democracy-alive\/\">\r\n\t\tRead more <span height=\"1em\" class=\"standout-custom-svg custom-svg\"><svg height=\"1em\" xmlns=\"http:\/\/www.w3.org\/2000\/svg\" viewBox=\"0 0 17 8\" fill=\"none\">\r\n  <path d=\"M9.95456 0L9.5654 0.627408L14.4402 3.631H0V4.36826H14.4402L9.5654 7.37259L9.95456 8L16.4444 3.99963L9.95456 0Z\" fill=\"#B12320\"\/>\r\n<\/svg><\/span>\t<\/a>\r\n<\/div>\r\n\t<\/div>\r\n\r\n\r\n\r\n\t\t<\/div>\r\n<\/section>\r\n\r\n<section class=\"standout-block standout-slide-element is-aligned alignwide\" data-block-id=\"block_41f07845fa79f2a838b433391412f3f2\" style=\"--block-background-color: transparent; --block-text-color: inherit;\">\r\n\r\n\t<div class=\"standout-max-container\">\t\r\n\r\n\t<div class=\"acf-innerblocks-container\">\r\n\t\t\r\n<div class=\"post post-loop post-loop-type-page\">\r\n\t\t\t<div class=\"post-thumbnail-wrap\">\r\n\t\t\t\t\t\t\t<img loading=\"lazy\" decoding=\"async\" width=\"427\" height=\"600\" src=\"https:\/\/arbejdermuseet.dk\/en\/wp-content\/uploads\/sites\/2\/2025\/11\/1939-folkeafstemning-socialdemokratiet.png\" class=\"attachment-post-thumbnail size-post-thumbnail wp-post-image\" alt=\"\" srcset=\"https:\/\/arbejdermuseet.dk\/en\/wp-content\/uploads\/sites\/2\/2025\/11\/1939-folkeafstemning-socialdemokratiet.png 427w, https:\/\/arbejdermuseet.dk\/en\/wp-content\/uploads\/sites\/2\/2025\/11\/1939-folkeafstemning-socialdemokratiet-214x300.png 214w, https:\/\/arbejdermuseet.dk\/en\/wp-content\/uploads\/sites\/2\/2025\/11\/1939-folkeafstemning-socialdemokratiet-64x90.png 64w\" sizes=\"(max-width: 427px) 100vw, 427px\" data-copyright=\"\" data-headline=\"1939-folkeafstemning-socialdemokratiet\" data-description=\"\"  data-full-url=\"\" \/>\t\t\t\t\t<\/div>\r\n\t\r\n\t\t\t\t<div class=\"post-ancestor-title\">\r\n\t\t\t<span>LABOUR HISTORY<\/span>\r\n\t\t<\/div>\r\n\t\r\n\t<div class=\"post-title-wrap\">\r\n\t\t<span class=\"post-title\">The constitution on the poster<\/span>\r\n\t<\/div>\r\n\r\n\t<a class=\"post-read-more-link\" href=\"https:\/\/arbejdermuseet.dk\/en\/library-archive\/democracy-and-constitution\/the-constitution-on-the-poster\/\">\r\n\t\tRead more <span height=\"1em\" class=\"standout-custom-svg custom-svg\"><svg height=\"1em\" xmlns=\"http:\/\/www.w3.org\/2000\/svg\" viewBox=\"0 0 17 8\" fill=\"none\">\r\n  <path d=\"M9.95456 0L9.5654 0.627408L14.4402 3.631H0V4.36826H14.4402L9.5654 7.37259L9.95456 8L16.4444 3.99963L9.95456 0Z\" fill=\"#B12320\"\/>\r\n<\/svg><\/span>\t<\/a>\r\n<\/div>\r\n\t<\/div>\r\n\r\n\r\n\r\n\t\t<\/div>\r\n<\/section>\r\n\r\n<section class=\"standout-block standout-slide-element is-aligned alignwide\" data-block-id=\"block_24fd27275cb99cd63012a6ca5d6b552c\" style=\"--block-background-color: transparent; --block-text-color: inherit;\">\r\n\r\n\t<div class=\"standout-max-container\">\t\r\n\r\n\t<div class=\"acf-innerblocks-container\">\r\n\t\t\r\n<div class=\"post post-loop post-loop-type-page\">\r\n\t\t\t<div class=\"post-thumbnail-wrap\">\r\n\t\t\t\t\t\t\t<img loading=\"lazy\" decoding=\"async\" width=\"1280\" height=\"640\" src=\"https:\/\/arbejdermuseet.dk\/en\/wp-content\/uploads\/sites\/2\/2026\/01\/1600x800-1.jpeg\" class=\"attachment-post-thumbnail size-post-thumbnail wp-post-image\" alt=\"\" srcset=\"https:\/\/arbejdermuseet.dk\/en\/wp-content\/uploads\/sites\/2\/2026\/01\/1600x800-1.jpeg 1280w, https:\/\/arbejdermuseet.dk\/en\/wp-content\/uploads\/sites\/2\/2026\/01\/1600x800-1-600x300.jpeg 600w, https:\/\/arbejdermuseet.dk\/en\/wp-content\/uploads\/sites\/2\/2026\/01\/1600x800-1-300x150.jpeg 300w, https:\/\/arbejdermuseet.dk\/en\/wp-content\/uploads\/sites\/2\/2026\/01\/1600x800-1-768x384.jpeg 768w, https:\/\/arbejdermuseet.dk\/en\/wp-content\/uploads\/sites\/2\/2026\/01\/1600x800-1-180x90.jpeg 180w, https:\/\/arbejdermuseet.dk\/en\/wp-content\/uploads\/sites\/2\/2026\/01\/1600x800-1-1200x600.jpeg 1200w\" sizes=\"(max-width: 1280px) 100vw, 1280px\" data-copyright=\"\" data-headline=\"1600x800-1\" data-description=\"\"  data-full-url=\"\" \/>\t\t\t\t\t<\/div>\r\n\t\r\n\t\t\t\t<div class=\"post-ancestor-title\">\r\n\t\t\t<span>LEARN<\/span>\r\n\t\t<\/div>\r\n\t\r\n\t<div class=\"post-title-wrap\">\r\n\t\t<span class=\"post-title\">Education and resources page for Women&#8217;s Life &#8211; Out of the shadows<\/span>\r\n\t<\/div>\r\n\r\n\t<a class=\"post-read-more-link\" href=\"https:\/\/arbejdermuseet.dk\/en\/teaching\/digital-learning-tools\/education-and-resources-page-for-womens-life-out-of-the-shadows\/\">\r\n\t\tRead more <span height=\"1em\" class=\"standout-custom-svg custom-svg\"><svg height=\"1em\" xmlns=\"http:\/\/www.w3.org\/2000\/svg\" viewBox=\"0 0 17 8\" fill=\"none\">\r\n  <path d=\"M9.95456 0L9.5654 0.627408L14.4402 3.631H0V4.36826H14.4402L9.5654 7.37259L9.95456 8L16.4444 3.99963L9.95456 0Z\" fill=\"#B12320\"\/>\r\n<\/svg><\/span>\t<\/a>\r\n<\/div>\r\n\t<\/div>\r\n\r\n\r\n\r\n\t\t<\/div>\r\n<\/section>\r\n\r\n<section class=\"standout-block standout-slide-element is-aligned alignwide\" data-block-id=\"block_aab67c3f799adad7fcbc80978985f13b\" style=\"--block-background-color: transparent; --block-text-color: inherit;\">\r\n\r\n\t<div class=\"standout-max-container\">\t\r\n\r\n\t<div class=\"acf-innerblocks-container\">\r\n\t\t\r\n<div class=\"post post-loop post-loop-type-page\">\r\n\t\t\t<div class=\"post-thumbnail-wrap\">\r\n\t\t\t\t\t\t\t<img loading=\"lazy\" decoding=\"async\" width=\"1712\" height=\"1292\" src=\"https:\/\/arbejdermuseet.dk\/en\/wp-content\/uploads\/sites\/2\/2026\/01\/F20131126019.jpg\" class=\"attachment-post-thumbnail size-post-thumbnail wp-post-image\" alt=\"\" srcset=\"https:\/\/arbejdermuseet.dk\/en\/wp-content\/uploads\/sites\/2\/2026\/01\/F20131126019.jpg 1712w, https:\/\/arbejdermuseet.dk\/en\/wp-content\/uploads\/sites\/2\/2026\/01\/F20131126019-600x453.jpg 600w, https:\/\/arbejdermuseet.dk\/en\/wp-content\/uploads\/sites\/2\/2026\/01\/F20131126019-300x226.jpg 300w, https:\/\/arbejdermuseet.dk\/en\/wp-content\/uploads\/sites\/2\/2026\/01\/F20131126019-768x580.jpg 768w, https:\/\/arbejdermuseet.dk\/en\/wp-content\/uploads\/sites\/2\/2026\/01\/F20131126019-1536x1159.jpg 1536w, https:\/\/arbejdermuseet.dk\/en\/wp-content\/uploads\/sites\/2\/2026\/01\/F20131126019-119x90.jpg 119w, https:\/\/arbejdermuseet.dk\/en\/wp-content\/uploads\/sites\/2\/2026\/01\/F20131126019-1200x906.jpg 1200w\" sizes=\"(max-width: 1712px) 100vw, 1712px\" data-copyright=\"\" data-headline=\"F20131126019\" data-description=\"\"  data-full-url=\"\" \/>\t\t\t\t\t<\/div>\r\n\t\r\n\t\t\t\t<div class=\"post-ancestor-title\">\r\n\t\t\t<span>LABOUR HISTORY<\/span>\r\n\t\t<\/div>\r\n\t\r\n\t<div class=\"post-title-wrap\">\r\n\t\t<span class=\"post-title\">Workers&#8217; first Constitution Day celebration<\/span>\r\n\t<\/div>\r\n\r\n\t<a class=\"post-read-more-link\" href=\"https:\/\/arbejdermuseet.dk\/en\/library-archive\/democracy-and-constitution\/workers-first-constitution-day-celebration\/\">\r\n\t\tRead more <span height=\"1em\" class=\"standout-custom-svg custom-svg\"><svg height=\"1em\" xmlns=\"http:\/\/www.w3.org\/2000\/svg\" viewBox=\"0 0 17 8\" fill=\"none\">\r\n  <path d=\"M9.95456 0L9.5654 0.627408L14.4402 3.631H0V4.36826H14.4402L9.5654 7.37259L9.95456 8L16.4444 3.99963L9.95456 0Z\" fill=\"#B12320\"\/>\r\n<\/svg><\/span>\t<\/a>\r\n<\/div>\r\n\t<\/div>\r\n\r\n\r\n\r\n\t\t<\/div>\r\n<\/section>\r\n\r\n<section class=\"standout-block standout-slide-element is-aligned alignwide\" data-block-id=\"block_c034ed9100f1cb51a4db2959bdc8f69e\" style=\"--block-background-color: transparent; --block-text-color: inherit;\">\r\n\r\n\t<div class=\"standout-max-container\">\t\r\n\r\n\t<div class=\"acf-innerblocks-container\">\r\n\t\t\r\n<div class=\"post post-loop post-loop-type-page\">\r\n\t\t\t<div class=\"post-thumbnail-wrap\">\r\n\t\t\t\t\t\t\t<img loading=\"lazy\" decoding=\"async\" width=\"600\" height=\"337\" src=\"https:\/\/arbejdermuseet.dk\/en\/wp-content\/uploads\/sites\/2\/2026\/01\/PhotoMaltheIvarsson-31-aspect-ratio-420-236-600x337.jpg\" class=\"attachment-medium size-medium\" alt=\"\" srcset=\"https:\/\/arbejdermuseet.dk\/en\/wp-content\/uploads\/sites\/2\/2026\/01\/PhotoMaltheIvarsson-31-aspect-ratio-420-236-600x337.jpg 600w, https:\/\/arbejdermuseet.dk\/en\/wp-content\/uploads\/sites\/2\/2026\/01\/PhotoMaltheIvarsson-31-aspect-ratio-420-236-1920x1079.jpg 1920w, https:\/\/arbejdermuseet.dk\/en\/wp-content\/uploads\/sites\/2\/2026\/01\/PhotoMaltheIvarsson-31-aspect-ratio-420-236-300x169.jpg 300w, https:\/\/arbejdermuseet.dk\/en\/wp-content\/uploads\/sites\/2\/2026\/01\/PhotoMaltheIvarsson-31-aspect-ratio-420-236-768x432.jpg 768w, https:\/\/arbejdermuseet.dk\/en\/wp-content\/uploads\/sites\/2\/2026\/01\/PhotoMaltheIvarsson-31-aspect-ratio-420-236-1536x863.jpg 1536w, https:\/\/arbejdermuseet.dk\/en\/wp-content\/uploads\/sites\/2\/2026\/01\/PhotoMaltheIvarsson-31-aspect-ratio-420-236-160x90.jpg 160w, https:\/\/arbejdermuseet.dk\/en\/wp-content\/uploads\/sites\/2\/2026\/01\/PhotoMaltheIvarsson-31-aspect-ratio-420-236-1200x674.jpg 1200w, https:\/\/arbejdermuseet.dk\/en\/wp-content\/uploads\/sites\/2\/2026\/01\/PhotoMaltheIvarsson-31-aspect-ratio-420-236.jpg 2048w\" sizes=\"(max-width: 600px) 100vw, 600px\" data-copyright=\"\" data-headline=\"PhotoMaltheIvarsson-31-aspect-ratio-420-236\" data-description=\"\"  data-full-url=\"\" \/>\t\t\t\t\t<\/div>\r\n\t\r\n\t\t\t\t<div class=\"post-ancestor-title\">\r\n\t\t\t<span>LEARN<\/span>\r\n\t\t<\/div>\r\n\t\r\n\t<div class=\"post-title-wrap\">\r\n\t\t<span class=\"post-title\">Democratic pedagogy on film<\/span>\r\n\t<\/div>\r\n\r\n\t<a class=\"post-read-more-link\" href=\"https:\/\/arbejdermuseet.dk\/en\/teaching\/digital-learning-tools\/democratic-pedagogy-on-film\/\">\r\n\t\tRead more <span height=\"1em\" class=\"standout-custom-svg custom-svg\"><svg height=\"1em\" xmlns=\"http:\/\/www.w3.org\/2000\/svg\" viewBox=\"0 0 17 8\" fill=\"none\">\r\n  <path d=\"M9.95456 0L9.5654 0.627408L14.4402 3.631H0V4.36826H14.4402L9.5654 7.37259L9.95456 8L16.4444 3.99963L9.95456 0Z\" fill=\"#B12320\"\/>\r\n<\/svg><\/span>\t<\/a>\r\n<\/div>\r\n\t<\/div>\r\n\r\n\r\n\r\n\t\t<\/div>\r\n<\/section>\r\n\r\n<section class=\"standout-block standout-slide-element is-aligned alignwide\" data-block-id=\"block_27b8b77960f917b8116c6677d77e6eaa\" style=\"--block-background-color: transparent; --block-text-color: inherit;\">\r\n\r\n\t<div class=\"standout-max-container\">\t\r\n\r\n\t<div class=\"acf-innerblocks-container\">\r\n\t\t\r\n<div class=\"post post-loop post-loop-type-page\">\r\n\t\t\t<div class=\"post-thumbnail-wrap\">\r\n\t\t\t\t\t\t\t<img loading=\"lazy\" decoding=\"async\" width=\"1952\" height=\"1384\" src=\"https:\/\/arbejdermuseet.dk\/en\/wp-content\/uploads\/sites\/2\/2025\/11\/F20120223006.jpg\" class=\"attachment-post-thumbnail size-post-thumbnail wp-post-image\" alt=\"\" srcset=\"https:\/\/arbejdermuseet.dk\/en\/wp-content\/uploads\/sites\/2\/2025\/11\/F20120223006.jpg 1952w, https:\/\/arbejdermuseet.dk\/en\/wp-content\/uploads\/sites\/2\/2025\/11\/F20120223006-600x425.jpg 600w, https:\/\/arbejdermuseet.dk\/en\/wp-content\/uploads\/sites\/2\/2025\/11\/F20120223006-1920x1361.jpg 1920w, https:\/\/arbejdermuseet.dk\/en\/wp-content\/uploads\/sites\/2\/2025\/11\/F20120223006-300x213.jpg 300w, https:\/\/arbejdermuseet.dk\/en\/wp-content\/uploads\/sites\/2\/2025\/11\/F20120223006-768x545.jpg 768w, https:\/\/arbejdermuseet.dk\/en\/wp-content\/uploads\/sites\/2\/2025\/11\/F20120223006-1536x1089.jpg 1536w, https:\/\/arbejdermuseet.dk\/en\/wp-content\/uploads\/sites\/2\/2025\/11\/F20120223006-127x90.jpg 127w, https:\/\/arbejdermuseet.dk\/en\/wp-content\/uploads\/sites\/2\/2025\/11\/F20120223006-1200x851.jpg 1200w\" sizes=\"(max-width: 1952px) 100vw, 1952px\" data-copyright=\"\" data-headline=\"F20120223006\" data-description=\"\"  data-full-url=\"\" \/>\t\t\t\t\t<\/div>\r\n\t\r\n\t\t\t\t<div class=\"post-ancestor-title\">\r\n\t\t\t<span>LABOUR HISTORY<\/span>\r\n\t\t<\/div>\r\n\t\r\n\t<div class=\"post-title-wrap\">\r\n\t\t<span class=\"post-title\">1915 Constitution: no voting rights for foreigners<\/span>\r\n\t<\/div>\r\n\r\n\t<a class=\"post-read-more-link\" href=\"https:\/\/arbejdermuseet.dk\/en\/library-archive\/democracy-and-constitution\/1915-constitution-no-voting-rights-for-foreigners\/\">\r\n\t\tRead more <span height=\"1em\" class=\"standout-custom-svg custom-svg\"><svg height=\"1em\" xmlns=\"http:\/\/www.w3.org\/2000\/svg\" viewBox=\"0 0 17 8\" fill=\"none\">\r\n  <path d=\"M9.95456 0L9.5654 0.627408L14.4402 3.631H0V4.36826H14.4402L9.5654 7.37259L9.95456 8L16.4444 3.99963L9.95456 0Z\" fill=\"#B12320\"\/>\r\n<\/svg><\/span>\t<\/a>\r\n<\/div>\r\n\t<\/div>\r\n\r\n\r\n\r\n\t\t<\/div>\r\n<\/section>\r\n\r\n<section class=\"standout-block standout-slide-element is-aligned alignwide\" data-block-id=\"block_dbc2670a1ada6057b822bf945ad4255d\" style=\"--block-background-color: transparent; --block-text-color: inherit;\">\r\n\r\n\t<div class=\"standout-max-container\">\t\r\n\r\n\t<div class=\"acf-innerblocks-container\">\r\n\t\t\r\n<div class=\"post post-loop post-loop-type-page\">\r\n\t\t\t<div class=\"post-thumbnail-wrap\">\r\n\t\t\t\t\t\t\t<img loading=\"lazy\" decoding=\"async\" width=\"1600\" height=\"800\" src=\"https:\/\/arbejdermuseet.dk\/en\/wp-content\/uploads\/sites\/2\/2026\/01\/videnssite_banner_top_ny.png\" class=\"attachment-post-thumbnail size-post-thumbnail wp-post-image\" alt=\"\" srcset=\"https:\/\/arbejdermuseet.dk\/en\/wp-content\/uploads\/sites\/2\/2026\/01\/videnssite_banner_top_ny.png 1600w, https:\/\/arbejdermuseet.dk\/en\/wp-content\/uploads\/sites\/2\/2026\/01\/videnssite_banner_top_ny-600x300.png 600w, https:\/\/arbejdermuseet.dk\/en\/wp-content\/uploads\/sites\/2\/2026\/01\/videnssite_banner_top_ny-300x150.png 300w, https:\/\/arbejdermuseet.dk\/en\/wp-content\/uploads\/sites\/2\/2026\/01\/videnssite_banner_top_ny-768x384.png 768w, https:\/\/arbejdermuseet.dk\/en\/wp-content\/uploads\/sites\/2\/2026\/01\/videnssite_banner_top_ny-1536x768.png 1536w, https:\/\/arbejdermuseet.dk\/en\/wp-content\/uploads\/sites\/2\/2026\/01\/videnssite_banner_top_ny-180x90.png 180w, https:\/\/arbejdermuseet.dk\/en\/wp-content\/uploads\/sites\/2\/2026\/01\/videnssite_banner_top_ny-1200x600.png 1200w\" sizes=\"(max-width: 1600px) 100vw, 1600px\" data-copyright=\"\" data-headline=\"videnssite_banner_top_ny\" data-description=\"\"  data-full-url=\"\" \/>\t\t\t\t\t<\/div>\r\n\t\r\n\t\t\t\t<div class=\"post-ancestor-title\">\r\n\t\t\t<span>LEARN<\/span>\r\n\t\t<\/div>\r\n\t\r\n\t<div class=\"post-title-wrap\">\r\n\t\t<span class=\"post-title\">Knowledge site for democratic pedagogy<\/span>\r\n\t<\/div>\r\n\r\n\t<a class=\"post-read-more-link\" href=\"https:\/\/arbejdermuseet.dk\/en\/teaching\/digital-learning-tools\/knowledge-site-for-democratic-pedagogy\/\">\r\n\t\tRead more <span height=\"1em\" class=\"standout-custom-svg custom-svg\"><svg height=\"1em\" xmlns=\"http:\/\/www.w3.org\/2000\/svg\" viewBox=\"0 0 17 8\" fill=\"none\">\r\n  <path d=\"M9.95456 0L9.5654 0.627408L14.4402 3.631H0V4.36826H14.4402L9.5654 7.37259L9.95456 8L16.4444 3.99963L9.95456 0Z\" fill=\"#B12320\"\/>\r\n<\/svg><\/span>\t<\/a>\r\n<\/div>\r\n\t<\/div>\r\n\r\n\r\n\r\n\t\t<\/div>\r\n<\/section>\r\n\r\n<section class=\"standout-block standout-slide-element is-aligned alignwide\" data-block-id=\"block_167130037570923cdd0b4fa6c93401b3\" style=\"--block-background-color: transparent; --block-text-color: inherit;\">\r\n\r\n\t<div class=\"standout-max-container\">\t\r\n\r\n\t<div class=\"acf-innerblocks-container\">\r\n\t\t\r\n<div class=\"post post-loop post-loop-type-page\">\r\n\t\t\t<div class=\"post-thumbnail-wrap\">\r\n\t\t\t\t\t\t\t<img loading=\"lazy\" decoding=\"async\" width=\"2560\" height=\"1900\" src=\"https:\/\/arbejdermuseet.dk\/en\/wp-content\/uploads\/sites\/2\/2026\/01\/F20180606023_01-scaled.jpg\" class=\"attachment-post-thumbnail size-post-thumbnail wp-post-image\" alt=\"\" srcset=\"https:\/\/arbejdermuseet.dk\/en\/wp-content\/uploads\/sites\/2\/2026\/01\/F20180606023_01-scaled.jpg 2560w, https:\/\/arbejdermuseet.dk\/en\/wp-content\/uploads\/sites\/2\/2026\/01\/F20180606023_01-600x445.jpg 600w, https:\/\/arbejdermuseet.dk\/en\/wp-content\/uploads\/sites\/2\/2026\/01\/F20180606023_01-1920x1425.jpg 1920w, https:\/\/arbejdermuseet.dk\/en\/wp-content\/uploads\/sites\/2\/2026\/01\/F20180606023_01-300x223.jpg 300w, https:\/\/arbejdermuseet.dk\/en\/wp-content\/uploads\/sites\/2\/2026\/01\/F20180606023_01-768x570.jpg 768w, https:\/\/arbejdermuseet.dk\/en\/wp-content\/uploads\/sites\/2\/2026\/01\/F20180606023_01-1536x1140.jpg 1536w, https:\/\/arbejdermuseet.dk\/en\/wp-content\/uploads\/sites\/2\/2026\/01\/F20180606023_01-2048x1520.jpg 2048w, https:\/\/arbejdermuseet.dk\/en\/wp-content\/uploads\/sites\/2\/2026\/01\/F20180606023_01-121x90.jpg 121w, https:\/\/arbejdermuseet.dk\/en\/wp-content\/uploads\/sites\/2\/2026\/01\/F20180606023_01-1200x890.jpg 1200w\" sizes=\"(max-width: 2560px) 100vw, 2560px\" data-copyright=\"\" data-headline=\"F20180606023_01\" data-description=\"\"  data-full-url=\"\" \/>\t\t\t\t\t<\/div>\r\n\t\r\n\t\t\t\t<div class=\"post-ancestor-title\">\r\n\t\t\t<span>LABOUR HISTORY<\/span>\r\n\t\t<\/div>\r\n\t\r\n\t<div class=\"post-title-wrap\">\r\n\t\t<span class=\"post-title\">Social Democracy and the Danish Constitution<\/span>\r\n\t<\/div>\r\n\r\n\t<a class=\"post-read-more-link\" href=\"https:\/\/arbejdermuseet.dk\/en\/library-archive\/democracy-and-constitution\/social-democracy-and-the-danish-constitution\/\">\r\n\t\tRead more <span height=\"1em\" class=\"standout-custom-svg custom-svg\"><svg height=\"1em\" xmlns=\"http:\/\/www.w3.org\/2000\/svg\" viewBox=\"0 0 17 8\" fill=\"none\">\r\n  <path d=\"M9.95456 0L9.5654 0.627408L14.4402 3.631H0V4.36826H14.4402L9.5654 7.37259L9.95456 8L16.4444 3.99963L9.95456 0Z\" fill=\"#B12320\"\/>\r\n<\/svg><\/span>\t<\/a>\r\n<\/div>\r\n\t<\/div>\r\n\r\n\r\n\r\n\t\t<\/div>\r\n<\/section>\t\t<\/div>\n\t\n\t\n\t\n<\/div>\n\n\n\t<style>\n\t\t.standout-slider[data-block-id=\"block_b9208fe67df65bb18a9c362ae84ef93a\"]>*>*>.acf-innerblocks-container:not(.slick-initialized)>*:nth-child(4)~* {\n\t\t\tdisplay: none;\n\t\t}\n\t<\/style>\n\n\n\r\n\t\t<\/div>\r\n<\/section>\t<\/div>\r\n<\/div>\r\n\r\n\r\n\r\n\t\t<\/div>\r\n<\/section>\t<\/div>\r\n\r\n\r\n\r\n\t\t<\/div>\r\n<\/section>\n<\/div>\r\n\t<\/div>\r\n\r\n\r\n\r\n\t\t<\/div>\r\n<\/section>\n\n\r\n\r\n<section class=\"standout-section standout-block standout-basic is-aligned alignwide inner-gap-xl has-bg has-bg-color\" data-block-id=\"block_3fda4274e04631e4983d2fb7b12f32a0\" style=\"--block-background-color: var(--wp--preset--color--color-light-mustard); --block-text-color: inherit; --standout-block-gap: var(--gap-xl);\">\r\n\r\n\t<div class=\"standout-max-container\">\t\r\n\r\n<div class=\"standout-block-inner\">\r\n\t\r\n\t\t\t<div class=\"acf-innerblocks-container\">\n\n<div class=\"wp-block-columns is-layout-flex wp-container-core-columns-is-layout-1 wp-block-columns-is-layout-flex\">\n<div class=\"wp-block-column is-layout-flow wp-block-column-is-layout-flow\">\n<h3 class=\"wp-block-heading\" style=\"text-transform:uppercase\">Explore labor history<\/h3>\n<\/div>\n\n\n\n<div class=\"wp-block-column is-vertically-aligned-bottom is-layout-flow wp-block-column-is-layout-flow\">\n<div class=\"wp-block-buttons is-content-justification-right is-layout-flex wp-container-core-buttons-is-layout-2 wp-block-buttons-is-layout-flex\">\n<div class=\"wp-block-button is-style-standout-bottom-border\"><span class=\"btn_wrapper\"><a class=\"wp-block-button__link wp-element-button\">See our full library &amp; archive<svg class=\"icon_arrow\" width=\"17\" height=\"8\" viewBox=\"0 0 17 8\" fill=\"none\" xmlns=\"http:\/\/www.w3.org\/2000\/svg\"><path d=\"M10.2909 0L9.88856 0.627408L14.9281 3.631H0V4.36826H14.9281L9.88856 7.37259L10.2909 8L17 3.99963L10.2909 0Z\" fill=\"currentcolor\"\/><\/svg><\/a><\/span><\/div>\n<\/div>\n<\/div>\n<\/div>\n\n\n\r\n\r\n<section class=\"standout-section standout-block standout-columns is-aligned alignwide\" data-block-id=\"block_dd49e812a632f621dee93ea6db5c7ee9\" style=\"--block-background-color: transparent; --block-text-color: inherit; --columns: 3; --column-span: 1; --row-span: 1; --element-alignment: flex-start;\" data-columns=\"3\">\r\n\r\n\t<div class=\"standout-max-container\">\t\r\n\r\n<div class=\"standout-block-inner\">\r\n\t\t\t<div class=\"acf-innerblocks-container\">\n\r\n\r\n<section class=\"standout-block standout-column-element is-aligned alignwide\" data-block-id=\"block_e8e2ca4853288c9b24ad80cbfe382862\" style=\"--block-background-color: transparent; --block-text-color: inherit; --align-content: flex-start;\" data-align-content=\"flex-start\">\r\n\r\n\t<div class=\"standout-max-container\">\t\r\n\r\n<div class=\"standout-block-inner\">\r\n\t\r\n\t\t\r\n\t\t\t<div class=\"acf-innerblocks-container\">\n\n<figure class=\"wp-block-image size-full\"><img loading=\"lazy\" decoding=\"async\" width=\"460\" height=\"360\" src=\"https:\/\/arbejdermuseet.dk\/wp-content\/uploads\/2025\/03\/Stauning3-790x600-1.jpg\" alt=\"\" class=\"wp-image-346\" srcset=\"https:\/\/arbejdermuseet.dk\/en\/wp-content\/uploads\/sites\/2\/2025\/03\/Stauning3-790x600-1.jpg 460w, https:\/\/arbejdermuseet.dk\/en\/wp-content\/uploads\/sites\/2\/2025\/03\/Stauning3-790x600-1-300x235.jpg 300w, https:\/\/arbejdermuseet.dk\/en\/wp-content\/uploads\/sites\/2\/2025\/03\/Stauning3-790x600-1-115x90.jpg 115w\" sizes=\"(max-width: 460px) 100vw, 460px\"  data-full-url=\"https:\/\/arbejdermuseet.dk\/en\/wp-content\/uploads\/sites\/2\/2025\/03\/Stauning3-790x600-1.jpg\" data-full-width=\"460\" data-full-height=\"360\" \/><\/figure>\n\n\n\n<h3 class=\"wp-block-heading\">THE STAUNING OF ALL OF DENMARK<\/h3>\n\n\n\n<p>Thorvald Stauning was a beacon in Danish politics and is the longest-serving prime minister of the 20th century<\/p>\n\n\n\n<div class=\"wp-block-buttons is-layout-flex wp-block-buttons-is-layout-flex\">\n<div class=\"wp-block-button is-style-standout-bottom-border\"><span class=\"btn_wrapper\"><a class=\"wp-block-button__link wp-element-button\">Get more knowledge<svg class=\"icon_arrow\" width=\"17\" height=\"8\" viewBox=\"0 0 17 8\" fill=\"none\" xmlns=\"http:\/\/www.w3.org\/2000\/svg\"><path d=\"M10.2909 0L9.88856 0.627408L14.9281 3.631H0V4.36826H14.9281L9.88856 7.37259L10.2909 8L17 3.99963L10.2909 0Z\" fill=\"currentcolor\"\/><\/svg><\/a><\/span><\/div>\n<\/div>\n\n<\/div>\r\n\t<\/div>\r\n\r\n\r\n\r\n\t\t<\/div>\r\n<\/section>\n\n\r\n\r\n<section class=\"standout-block standout-column-element is-aligned alignwide\" data-block-id=\"block_e8e2ca4853288c9b24ad80cbfe382862\" style=\"--block-background-color: transparent; --block-text-color: inherit; --align-content: flex-start;\" data-align-content=\"flex-start\">\r\n\r\n\t<div class=\"standout-max-container\">\t\r\n\r\n<div class=\"standout-block-inner\">\r\n\t\r\n\t\t\r\n\t\t\t<div class=\"acf-innerblocks-container\">\n\n<figure class=\"wp-block-image size-full\"><img loading=\"lazy\" decoding=\"async\" width=\"460\" height=\"360\" src=\"https:\/\/arbejdermuseet.dk\/wp-content\/uploads\/2025\/03\/En_agitator_Henningsen-790x600-1.jpg\" alt=\"\" class=\"wp-image-347\" srcset=\"https:\/\/arbejdermuseet.dk\/en\/wp-content\/uploads\/sites\/2\/2025\/03\/En_agitator_Henningsen-790x600-1.jpg 460w, https:\/\/arbejdermuseet.dk\/en\/wp-content\/uploads\/sites\/2\/2025\/03\/En_agitator_Henningsen-790x600-1-300x235.jpg 300w, https:\/\/arbejdermuseet.dk\/en\/wp-content\/uploads\/sites\/2\/2025\/03\/En_agitator_Henningsen-790x600-1-115x90.jpg 115w\" sizes=\"(max-width: 460px) 100vw, 460px\"  data-full-url=\"https:\/\/arbejdermuseet.dk\/en\/wp-content\/uploads\/sites\/2\/2025\/03\/En_agitator_Henningsen-790x600-1.jpg\" data-full-width=\"460\" data-full-height=\"360\" \/><\/figure>\n\n\n\n<h3 class=\"wp-block-heading\">WITH THE LAW OR WITHOUT<\/h3>\n\n\n\n<p>In 1871, the living conditions for the few industrial workers in Denmark at the time were appalling. But when the labor..<\/p>\n\n\n\n<div class=\"wp-block-buttons is-layout-flex wp-block-buttons-is-layout-flex\">\n<div class=\"wp-block-button is-style-standout-bottom-border\"><span class=\"btn_wrapper\"><a class=\"wp-block-button__link wp-element-button\">Get more knowledge<svg class=\"icon_arrow\" width=\"17\" height=\"8\" viewBox=\"0 0 17 8\" fill=\"none\" xmlns=\"http:\/\/www.w3.org\/2000\/svg\"><path d=\"M10.2909 0L9.88856 0.627408L14.9281 3.631H0V4.36826H14.9281L9.88856 7.37259L10.2909 8L17 3.99963L10.2909 0Z\" fill=\"currentcolor\"\/><\/svg><\/a><\/span><\/div>\n<\/div>\n\n<\/div>\r\n\t<\/div>\r\n\r\n\r\n\r\n\t\t<\/div>\r\n<\/section>\n\n\r\n\r\n<section class=\"standout-block standout-column-element is-aligned alignwide\" data-block-id=\"block_5c1ba288dfbf905ed67bd8c8febe4347\" style=\"--block-background-color: transparent; --block-text-color: inherit; --align-content: flex-start;\" data-align-content=\"flex-start\">\r\n\r\n\t<div class=\"standout-max-container\">\t\r\n\r\n<div class=\"standout-block-inner\">\r\n\t\r\n\t\t\r\n\t\t\t<div class=\"acf-innerblocks-container\">\n\n<figure class=\"wp-block-image size-full\"><img loading=\"lazy\" decoding=\"async\" width=\"460\" height=\"360\" src=\"https:\/\/arbejdermuseet.dk\/wp-content\/uploads\/2025\/03\/1-maj-mangler-aarstal-m20080305051_02-kopi-790x600-1.jpg\" alt=\"\" class=\"wp-image-348\" srcset=\"https:\/\/arbejdermuseet.dk\/en\/wp-content\/uploads\/sites\/2\/2025\/03\/1-maj-mangler-aarstal-m20080305051_02-kopi-790x600-1.jpg 460w, https:\/\/arbejdermuseet.dk\/en\/wp-content\/uploads\/sites\/2\/2025\/03\/1-maj-mangler-aarstal-m20080305051_02-kopi-790x600-1-300x235.jpg 300w, https:\/\/arbejdermuseet.dk\/en\/wp-content\/uploads\/sites\/2\/2025\/03\/1-maj-mangler-aarstal-m20080305051_02-kopi-790x600-1-115x90.jpg 115w\" sizes=\"(max-width: 460px) 100vw, 460px\"  data-full-url=\"https:\/\/arbejdermuseet.dk\/en\/wp-content\/uploads\/sites\/2\/2025\/03\/1-maj-mangler-aarstal-m20080305051_02-kopi-790x600-1.jpg\" data-full-width=\"460\" data-full-height=\"360\" \/><\/figure>\n\n\n\n<h3 class=\"wp-block-heading\">THE BATTLE FOR TIME<\/h3>\n\n\n\n<p>Working 48 hours a week. It sounds like a lot for a Danish worker in 2019. But 100 years earlier, it was just..<\/p>\n\n\n\n<div class=\"wp-block-buttons is-layout-flex wp-block-buttons-is-layout-flex\">\n<div class=\"wp-block-button is-style-standout-bottom-border\"><span class=\"btn_wrapper\"><a class=\"wp-block-button__link wp-element-button\">Learn more<svg class=\"icon_arrow\" width=\"17\" height=\"8\" viewBox=\"0 0 17 8\" fill=\"none\" xmlns=\"http:\/\/www.w3.org\/2000\/svg\"><path d=\"M10.2909 0L9.88856 0.627408L14.9281 3.631H0V4.36826H14.9281L9.88856 7.37259L10.2909 8L17 3.99963L10.2909 0Z\" fill=\"currentcolor\"\/><\/svg><\/a><\/span><\/div>\n<\/div>\n\n<\/div>\r\n\t<\/div>\r\n\r\n\r\n\r\n\t\t<\/div>\r\n<\/section>\n<\/div>\r\n\t<\/div>\r\n\r\n\r\n\r\n\t\t<\/div>\r\n<\/section>\n<\/div>\r\n\t<\/div>\r\n\r\n\r\n\r\n\t\t<\/div>\r\n<\/section>","protected":false},"excerpt":{"rendered":"<p>Labor history Democracy and Constitution<\/p>\n","protected":false},"author":7,"featured_media":41571,"parent":1171,"menu_order":15,"comment_status":"closed","ping_status":"closed","template":"","meta":{"_acf_changed":false,"editor_notices":[],"footnotes":""},"class_list":["post-41418","page","type-page","status-publish","has-post-thumbnail","hentry"],"acf":[],"yoast_head":"<!-- This site is optimized with the Yoast SEO plugin v26.3 - https:\/\/yoast.com\/wordpress\/plugins\/seo\/ -->\n<title>Democracy and Constitution - Arbejdermuseet<\/title>\n<meta name=\"robots\" content=\"index, follow, max-snippet:-1, max-image-preview:large, max-video-preview:-1\" \/>\n<link rel=\"canonical\" href=\"https:\/\/arbejdermuseet.dk\/en\/library-archive\/democracy-and-constitution\/\" \/>\n<meta property=\"og:locale\" content=\"en_US\" \/>\n<meta property=\"og:type\" content=\"article\" \/>\n<meta property=\"og:title\" content=\"Democracy and Constitution - Arbejdermuseet\" \/>\n<meta property=\"og:description\" content=\"Labor history Democracy and Constitution\" \/>\n<meta property=\"og:url\" content=\"https:\/\/arbejdermuseet.dk\/en\/library-archive\/democracy-and-constitution\/\" \/>\n<meta property=\"og:site_name\" content=\"Arbejdermuseet\" \/>\n<meta property=\"article:modified_time\" content=\"2026-02-04T09:54:12+00:00\" \/>\n<meta property=\"og:image\" content=\"https:\/\/arbejdermuseet.dk\/en\/wp-content\/uploads\/sites\/2\/2025\/10\/F20100107064.jpg\" \/>\n\t<meta property=\"og:image:width\" content=\"2514\" \/>\n\t<meta property=\"og:image:height\" content=\"2016\" \/>\n\t<meta property=\"og:image:type\" content=\"image\/jpeg\" \/>\n<meta name=\"twitter:card\" content=\"summary_large_image\" \/>\n<meta name=\"twitter:label1\" content=\"Est. reading time\" \/>\n\t<meta name=\"twitter:data1\" content=\"4 minutes\" \/>\n<!-- \/ Yoast SEO plugin. -->","yoast_head_json":{"title":"Democracy and Constitution - Arbejdermuseet","robots":{"index":"index","follow":"follow","max-snippet":"max-snippet:-1","max-image-preview":"max-image-preview:large","max-video-preview":"max-video-preview:-1"},"canonical":"https:\/\/arbejdermuseet.dk\/en\/library-archive\/democracy-and-constitution\/","og_locale":"en_US","og_type":"article","og_title":"Democracy and Constitution - Arbejdermuseet","og_description":"Labor history Democracy and Constitution","og_url":"https:\/\/arbejdermuseet.dk\/en\/library-archive\/democracy-and-constitution\/","og_site_name":"Arbejdermuseet","article_modified_time":"2026-02-04T09:54:12+00:00","og_image":[{"width":2514,"height":2016,"url":"https:\/\/arbejdermuseet.dk\/en\/wp-content\/uploads\/sites\/2\/2025\/10\/F20100107064.jpg","type":"image\/jpeg"}],"twitter_card":"summary_large_image","twitter_misc":{"Est. reading time":"4 minutes"},"schema":{"@context":"https:\/\/schema.org","@graph":[{"@type":"WebPage","@id":"https:\/\/arbejdermuseet.dk\/en\/library-archive\/democracy-and-constitution\/","url":"https:\/\/arbejdermuseet.dk\/en\/library-archive\/democracy-and-constitution\/","name":"Democracy and Constitution - Arbejdermuseet","isPartOf":{"@id":"https:\/\/arbejdermuseet.dk\/en\/#website"},"primaryImageOfPage":{"@id":"https:\/\/arbejdermuseet.dk\/en\/library-archive\/democracy-and-constitution\/#primaryimage"},"image":{"@id":"https:\/\/arbejdermuseet.dk\/en\/library-archive\/democracy-and-constitution\/#primaryimage"},"thumbnailUrl":"https:\/\/arbejdermuseet.dk\/en\/wp-content\/uploads\/sites\/2\/2025\/10\/F20100107064.jpg","datePublished":"2025-10-09T10:00:26+00:00","dateModified":"2026-02-04T09:54:12+00:00","breadcrumb":{"@id":"https:\/\/arbejdermuseet.dk\/en\/library-archive\/democracy-and-constitution\/#breadcrumb"},"inLanguage":"en-US","potentialAction":[{"@type":"ReadAction","target":["https:\/\/arbejdermuseet.dk\/en\/library-archive\/democracy-and-constitution\/"]}]},{"@type":"ImageObject","inLanguage":"en-US","@id":"https:\/\/arbejdermuseet.dk\/en\/library-archive\/democracy-and-constitution\/#primaryimage","url":"https:\/\/arbejdermuseet.dk\/en\/wp-content\/uploads\/sites\/2\/2025\/10\/F20100107064.jpg","contentUrl":"https:\/\/arbejdermuseet.dk\/en\/wp-content\/uploads\/sites\/2\/2025\/10\/F20100107064.jpg","width":2514,"height":2016},{"@type":"BreadcrumbList","@id":"https:\/\/arbejdermuseet.dk\/en\/library-archive\/democracy-and-constitution\/#breadcrumb","itemListElement":[{"@type":"ListItem","position":1,"name":"Hjem","item":"https:\/\/arbejdermuseet.dk\/en\/"},{"@type":"ListItem","position":2,"name":"LIBRARY &amp; ARCHIVE","item":"https:\/\/arbejdermuseet.dk\/en\/library-archive\/"},{"@type":"ListItem","position":3,"name":"Democracy and Constitution"}]},{"@type":"WebSite","@id":"https:\/\/arbejdermuseet.dk\/en\/#website","url":"https:\/\/arbejdermuseet.dk\/en\/","name":"Arbejdermuseet","description":"","publisher":{"@id":"https:\/\/arbejdermuseet.dk\/en\/#organization"},"potentialAction":[{"@type":"SearchAction","target":{"@type":"EntryPoint","urlTemplate":"https:\/\/arbejdermuseet.dk\/en\/?s={search_term_string}"},"query-input":{"@type":"PropertyValueSpecification","valueRequired":true,"valueName":"search_term_string"}}],"inLanguage":"en-US"},{"@type":"Organization","@id":"https:\/\/arbejdermuseet.dk\/en\/#organization","name":"Arbejdermuseet","url":"https:\/\/arbejdermuseet.dk\/en\/","logo":{"@type":"ImageObject","inLanguage":"en-US","@id":"https:\/\/arbejdermuseet.dk\/en\/#\/schema\/logo\/image\/","url":"https:\/\/arbejdermuseet.dk\/en\/wp-content\/uploads\/sites\/2\/2025\/01\/Logo.svg","contentUrl":"https:\/\/arbejdermuseet.dk\/en\/wp-content\/uploads\/sites\/2\/2025\/01\/Logo.svg","caption":"Arbejdermuseet"},"image":{"@id":"https:\/\/arbejdermuseet.dk\/en\/#\/schema\/logo\/image\/"}}]}},"_links":{"self":[{"href":"https:\/\/arbejdermuseet.dk\/en\/wp-json\/wp\/v2\/pages\/41418","targetHints":{"allow":["GET"]}}],"collection":[{"href":"https:\/\/arbejdermuseet.dk\/en\/wp-json\/wp\/v2\/pages"}],"about":[{"href":"https:\/\/arbejdermuseet.dk\/en\/wp-json\/wp\/v2\/types\/page"}],"author":[{"embeddable":true,"href":"https:\/\/arbejdermuseet.dk\/en\/wp-json\/wp\/v2\/users\/7"}],"replies":[{"embeddable":true,"href":"https:\/\/arbejdermuseet.dk\/en\/wp-json\/wp\/v2\/comments?post=41418"}],"version-history":[{"count":15,"href":"https:\/\/arbejdermuseet.dk\/en\/wp-json\/wp\/v2\/pages\/41418\/revisions"}],"predecessor-version":[{"id":49654,"href":"https:\/\/arbejdermuseet.dk\/en\/wp-json\/wp\/v2\/pages\/41418\/revisions\/49654"}],"up":[{"embeddable":true,"href":"https:\/\/arbejdermuseet.dk\/en\/wp-json\/wp\/v2\/pages\/1171"}],"wp:featuredmedia":[{"embeddable":true,"href":"https:\/\/arbejdermuseet.dk\/en\/wp-json\/wp\/v2\/media\/41571"}],"wp:attachment":[{"href":"https:\/\/arbejdermuseet.dk\/en\/wp-json\/wp\/v2\/media?parent=41418"}],"curies":[{"name":"wp","href":"https:\/\/api.w.org\/{rel}","templated":true}]}}