{"id":40503,"date":"2025-09-25T09:57:46","date_gmt":"2025-09-25T07:57:46","guid":{"rendered":"https:\/\/arbejdermuseet.dk\/?page_id=40503"},"modified":"2026-01-29T08:25:35","modified_gmt":"2026-01-29T07:25:35","slug":"pages-of-dui-history","status":"publish","type":"page","link":"https:\/\/arbejdermuseet.dk\/en\/library-archive\/party\/social-democratic-party\/pages-of-dui-history\/","title":{"rendered":"Pages of DUI History"},"content":{"rendered":"\n<p style=\"font-style:normal;font-weight:500\"><strong>DUI &#8211; De Unges Idr\u00e6t was founded on November 10, 1905 as the labor movement&#8217;s answer to the Christian scout and outdoor movement FDF (Frivilligt Drenge Forbund).<\/strong><\/p>\n\n\n\n<p><em>By: Hans Uwe Petersen<\/em><\/p>\n\n\n\n<p>The initiative for DUI came from Louis Florin, who was a member of the Social Democratic Youth League (SUF) and also leader of the Voluntary Boys&#8217; Federation (FDF). Florin found understanding for the desire to create a children&#8217;s (boys&#8217;) organization for working-class children in journalist and member of parliament A.C. Meyer. Meyer, who also became DUI&#8217;s first chairman.<\/p>\n\n\n\n<p>In the social democratic labor movement, there was initially some skepticism towards DUI. Others in the movement found it necessary to counteract the Christian FDF and supported the intention to get children out of the backyards and into nature, to activate them through sports, physical exercise, music lessons and holiday camps.<\/p>\n\n\n\n<p>DUI distanced itself from the militaristic forms of other children&#8217;s movements and instead wanted to help children become active members of society. The age limit was 8-16 years. Like other children&#8217;s organizations, uniforms were compulsory (white sailor blouse with a black round cap).<\/p>\n\n\n\n<figure class=\"wp-block-image size-large\"><img loading=\"lazy\" decoding=\"async\" width=\"1920\" height=\"1335\" src=\"https:\/\/arbejdermuseet.dk\/wp-content\/uploads\/2025\/10\/F20120724057-1920x1335.jpg\" alt=\"F20120724057 - D.U.I. ferietur med b\u00f8rn og voksne\" class=\"wp-image-42003\" srcset=\"https:\/\/arbejdermuseet.dk\/en\/wp-content\/uploads\/sites\/2\/2025\/10\/F20120724057-1920x1335.jpg 1920w, https:\/\/arbejdermuseet.dk\/en\/wp-content\/uploads\/sites\/2\/2025\/10\/F20120724057-600x417.jpg 600w, https:\/\/arbejdermuseet.dk\/en\/wp-content\/uploads\/sites\/2\/2025\/10\/F20120724057-300x209.jpg 300w, https:\/\/arbejdermuseet.dk\/en\/wp-content\/uploads\/sites\/2\/2025\/10\/F20120724057-768x534.jpg 768w, https:\/\/arbejdermuseet.dk\/en\/wp-content\/uploads\/sites\/2\/2025\/10\/F20120724057-1536x1068.jpg 1536w, https:\/\/arbejdermuseet.dk\/en\/wp-content\/uploads\/sites\/2\/2025\/10\/F20120724057-2048x1424.jpg 2048w, https:\/\/arbejdermuseet.dk\/en\/wp-content\/uploads\/sites\/2\/2025\/10\/F20120724057-129x90.jpg 129w, https:\/\/arbejdermuseet.dk\/en\/wp-content\/uploads\/sites\/2\/2025\/10\/F20120724057-1200x834.jpg 1200w\" sizes=\"(max-width: 1920px) 100vw, 1920px\"  data-full-url=\"https:\/\/arbejdermuseet.dk\/en\/wp-content\/uploads\/sites\/2\/2025\/10\/F20120724057.jpg\" data-full-width=\"2394\" data-full-height=\"1664\" \/><figcaption class=\"wp-element-caption\">DUI holiday trip with children and adults, 1910<\/figcaption><\/figure>\n\n\n\n<p><strong>1906<\/strong>: The Girls&#8217; Sports Association is established (disbanded in 1908).<\/p>\n\n\n\n<p><strong>1917<\/strong>: DUI begins to admit girls as members.<\/p>\n\n\n\n<p><strong>1918<\/strong>: DUI has its breakthrough in the provinces and branches are established in Hedehusene, Bogense, Brabrand, Ringsted, N\u00f8rresundby, Odder, Lyngby, Horsen, Aarhus and Aalborg.<\/p>\n\n\n\n<p><strong>1919<\/strong>: The national union is founded with a total membership of almost 5,000.<\/p>\n\n\n\n<p><strong>1923<\/strong>: At the congress in Aarhus, it is decided to include camp sports in the program.<\/p>\n\n\n\n<p><strong>1926<\/strong>: &#8216;De Unges Idr\u00e6t is the workers&#8217; children&#8217;s organization in Denmark; it has emerged as a natural part of the Danish labor movement and is managed in accordance with the Social Democratic program for education and public education&#8217;. (mission statement)<\/p>\n\n\n\n<p><strong>1929<\/strong>: The white uniform is replaced with a blue blouse and red scarf. DUI organizes an international camp &#8220;Children&#8217;s Republic of Ermelunden&#8221;.<\/p>\n\n\n\n<p><strong>1931<\/strong>: Close cooperation with the Danish Social Democratic Youth is initiated. The mission statement now read: &#8216;The task of De Unges Idr\u00e6t is to organize the children of the working class in order to educate them to become conscious co-fighters in the Danish labour movement. De Unges Idr\u00e6t is a part of the social democratic labor movement. The organization&#8217;s educational work is carried out on a socialist basis&#8217;. The membership is around 9,000.<\/p>\n\n\n\n<p><strong>1935<\/strong>: On the back of DUI&#8217;s membership card is printed the organization&#8217;s 9 &#8220;commandments&#8221;: We are Workers&#8217; Children. Working boys and girls stick together. We are good comrades. We will maintain discipline, and our word can be trusted. We do not taunt or slander anyone. We will avoid alcohol and fight nicotine use. We will read good books. We will keep our bodies clean and healthy. We will learn to understand our slogan: Order &#8211; Solidarity &#8211; Friendship.<\/p>\n\n\n\n<p><strong>1936<\/strong>: National camp in Aalborg<\/p>\n\n\n\n<p><strong>1937<\/strong>: The Congress in Odense decides to end the collaboration with DSU and concentrate on the &#8220;purely pedagogical work&#8221; of offering children leisure interests that could give life greater meaning. The aim was to develop the children&#8217;s independence and sense of responsibility, give them knowledge of cultural values and social conditions, and give them an understanding of the work of the labor movement in contemporary society. National camp in T\u00f8nder.<\/p>\n\n\n\n<p><strong>1940<\/strong>: At the start of the occupation, the membership was 9,776, a decrease of around 2,000 compared to 1938, and during the occupation years the membership increases to almost 13,200 in 1945.<\/p>\n\n\n\n<p><strong>1946<\/strong>: International friendship camp in Roskilde. Until<\/p>\n\n\n\n<p><strong>1947<\/strong>: Membership increases to 14,254.<\/p>\n\n\n\n<p><strong>1950<\/strong>: DUI has 152 branches with 9,729 members. In the 1950s, membership fluctuates between just under 9,000 and well over 10,000. In this and the following decade, DUI placed a lot of emphasis on helping to educate children to become good, free, creative and democratic citizens.<\/p>\n\n\n\n<p><strong>1968<\/strong>: Name change DUI-LEG and VIRKE. The uniform is abolished. This was to mark the fact that the organization had evolved from a uniformed children&#8217;s corps to a democratic family organization with many different activities for children and young people. In addition to member events, the organization introduced so-called &#8220;open activities&#8221; &#8211; interest groups etc. in which anyone could participate. The Copenhagen branches could not agree to this basis and the resulting split was not overcome until the national meeting in 1977.<\/p>\n\n\n\n<p><strong>1974<\/strong>: DUI-LEG and VIRKE decide to reaffirm their affiliation with the labor movement and the Social Democratic Party.<\/p>\n\n\n\n<p>the 1970s and 80s were a quiet period. In the 80s, &#8220;full&#8221; member democracy was introduced, as all members, including children, could be elected to the boards.<br>Throughout the 70s and 80s, the organization expanded its activities to include: Children&#8217;s theme films, a Travel Club and a Children&#8217;s and Youth House in Copenhagen as well as 3 boarding schools: Blykobbe (Bornholm) 1980, Bisnapg\u00e5rd (Hals) 1982 and Billeshave (Middelfart) 1982. However, none of these survived for many years. Of the continuation schools, only Bisnapg\u00e5rd is still associated with DUI-LEG and VIRKE.<\/p>\n\n\n\n<p>Until the end of the 90s, membership fell to around 6,000.<\/p>\n\n\n\n<h3 class=\"wp-block-heading\"><strong>On a summer camp with DUI<\/strong><\/h3>\n\n\n\n<p>De Unges Idr\u00e6t&#8217;s first summer camp was held in 1908. On July 26th, 57 boys went to the gardener&#8217;s residence at villa &#8216;Strandg\u00e5rd&#8217; near Kokkedal station. The colony lasted 14 days and was organized in collaboration between DUI and &#8216;Folkets Avis&#8217;. While the DUI leaders sold 2-\u00f8re stamps for the benefit of the colony, the newspaper raised money from its readership and gifts in kind from merchants.<\/p>\n\n\n\n<p>The boys were given a free trip on the excursion boat that sailed them from Havnegade to Rungsted. The gardener&#8217;s house was rented at a cheap rate. As a result, costs were reduced to 37\u00bd \u00f8re per day per participant. The locals also welcomed the children. A haulier showed up one day with two wagons to take the boys for a ride and from &#8216;Rungstedlund&#8217; came an invitation to study the gooseberry bushes more closely. The holiday colony was considered a great success and it was decided to continue this work in the following years. The author C.A. Pedersen, whose father Frants Christian Pedersen was the head treasurer of DUI at the time.<\/p>\n\n\n\n<p>A lot of pictures from DUI in the 30s<\/p>\n\n\n\n<p>Until 1914, Strandm\u00f8llen was DUI&#8217;s first permanent holiday colony. The colony stay was financed through the sale of stickers and postcards and a small contribution from each participant. In 1911, the 80 colony children paid 4 kroner each. In the following years, DUI could even offer &#8216;Barnets V\u00e6rn&#8217; and &#8216;B\u00f8rnenes kontor&#8217; a total of 6 free places. But in 1914, the soldiers who had been called up as a security force due to the outbreak of World War II were accommodated alongside the children. The last colony in Strandm\u00f8llen, which lasted 32 days, included 116 children. As a replacement for Strandm\u00f8llen, the colony was held in a barn at Br\u00f8ndby Strand in 1915.<\/p>\n\n\n\n<p>During World War I, the first travel colonies were also organized. The reason for this was partly the desire to spread awareness of DUI outside the capital, and partly the lack of permanent vacation colony sites. After the establishment of branches in the provinces, the children from there also went on summer trips to Copenhagen.<\/p>\n\n\n\n<p>Although the number of permanent campsites increased over the years, the need for vacation offers could not be met. It was only after several years of intense discussions that the congress in Odense in 1923 decided that DUI should add the so-called camp sport to the program. The misgivings, which manifested themselves in several departments&#8217; protest resolutions to the association, were partly due to the militaristic character of the camp activities of the time in both the scout movement, which had arrived in Denmark in 1909, and the FDF, and partly a rejection of getting scout leaders to hold instructor courses in camp sports for DUI leaders. However, a single course was nevertheless conducted in collaboration with the scouts.<\/p>\n\n\n\n<p>Despite the criticism and concerns, the pragmatic point of view prevailed at the congress in Odense: since children want to go to camp, and since DUI wants to bring children together, the organization must take up camp sports and run it in a way that avoids the military touch. This was the starting shot for a soon-to-be flourishing camp life in DUI. Camp activities were developed at all levels of the organization.<\/p>\n\n\n\n<p>throughout the 1930s, large national camps were held: Oks\u00f8 in Flensburg Fjord (1933), Vejle (1934), Aarhus (1935), Aalborg (1936), T\u00f8nder (1937). There were also Nordic and international camps: Children&#8217;s Republic of Ermelunden (1929), Falkenberg, Sweden (1939), Friendship Camp Roskilde (1946), England (1951), Germany (1952), Finland (1953), and the anniversary camp H\u00f8rhaven near Aarhus (1955).<\/p>\n\n\n\n<h3 class=\"wp-block-heading\"><strong>Aalborg Camp 1936<\/strong><\/h3>\n\n\n\n<p>the &#8216;Aalborg Camp 1936&#8217; had 1800 participants, as well as Czech, Norwegian and Swedish guest delegations. In addition to the usual camp activities, the program included a trip to the North Sea by train, company visits for the older children and sightseeing in the host city. A hurricane-like cloudburst necessitated the evacuation of the camp, which was moved to Aalborghallen. The vacationing children were then accommodated for a few days in private homes before returning to the tent camp. In a final demonstration, the participants in the &#8216;Aalborg Camp&#8217; expressed their thanks for the great help and hospitality they had received.<\/p>\n\n\n\n<figure class=\"wp-block-image size-large\"><img loading=\"lazy\" decoding=\"async\" width=\"1920\" height=\"1395\" src=\"https:\/\/arbejdermuseet.dk\/wp-content\/uploads\/2025\/10\/F20120724001-1920x1395.jpg\" alt=\"F20120724001 - Aalborghallen i brug som sovesal under D.U.I. landslejr\" class=\"wp-image-42001\" srcset=\"https:\/\/arbejdermuseet.dk\/en\/wp-content\/uploads\/sites\/2\/2025\/10\/F20120724001-1920x1395.jpg 1920w, https:\/\/arbejdermuseet.dk\/en\/wp-content\/uploads\/sites\/2\/2025\/10\/F20120724001-600x436.jpg 600w, https:\/\/arbejdermuseet.dk\/en\/wp-content\/uploads\/sites\/2\/2025\/10\/F20120724001-300x218.jpg 300w, https:\/\/arbejdermuseet.dk\/en\/wp-content\/uploads\/sites\/2\/2025\/10\/F20120724001-768x558.jpg 768w, https:\/\/arbejdermuseet.dk\/en\/wp-content\/uploads\/sites\/2\/2025\/10\/F20120724001-1536x1116.jpg 1536w, https:\/\/arbejdermuseet.dk\/en\/wp-content\/uploads\/sites\/2\/2025\/10\/F20120724001-2048x1488.jpg 2048w, https:\/\/arbejdermuseet.dk\/en\/wp-content\/uploads\/sites\/2\/2025\/10\/F20120724001-124x90.jpg 124w, https:\/\/arbejdermuseet.dk\/en\/wp-content\/uploads\/sites\/2\/2025\/10\/F20120724001-1200x872.jpg 1200w\" sizes=\"(max-width: 1920px) 100vw, 1920px\"  data-full-url=\"https:\/\/arbejdermuseet.dk\/en\/wp-content\/uploads\/sites\/2\/2025\/10\/F20120724001.jpg\" data-full-width=\"2216\" data-full-height=\"1610\" \/><figcaption class=\"wp-element-caption\">Aalborghallen in use as a dormitory during the D.U.I. national camp, 1936<\/figcaption><\/figure>\n\n\n\r\n\r\n<section class=\"standout-section standout-block standout-kildepakker-parent-link is-aligned alignnone\" data-block-id=\"block_7bc0841022746def2235de23767a80c8\" style=\"--block-background-color: transparent; --block-text-color: inherit;\">\r\n\r\n\t<div class=\"standout-max-container\">\t\r\n\r\n<div class=\"standout-block-inner\">\r\n\t<span class=\"standout-parent-link\">\r\n\t\t\t\t\t<a href=\"https:\/\/arbejdermuseet.dk\/bibliotek-arkiv\/partier\/socialdemokratiet\/\"><span height=\"1em\" class=\"standout-custom-svg custom-svg\"><svg height=\"1em\" xmlns=\"http:\/\/www.w3.org\/2000\/svg\" viewBox=\"0 0 17 8\" fill=\"none\">\r\n  <path d=\"M9.95456 0L9.5654 0.627408L14.4402 3.631H0V4.36826H14.4402L9.5654 7.37259L9.95456 8L16.4444 3.99963L9.95456 0Z\" fill=\"#B12320\"\/>\r\n<\/svg><\/span> Back to Social Democracy<\/a>\r\n\t\t\t<\/span>\r\n<\/div>\r\n\r\n\r\n\r\n\t\t<\/div>\r\n<\/section>\n\n\r\n\r\n<section class=\"standout-section standout-block standout-basic is-aligned alignwide inner-gap-xl has-bg has-bg-color\" data-block-id=\"block_e7dc00de6e62acc3bb5bfcec99b00592\" style=\"--block-background-color: var(--wp--preset--color--color-light-mustard); --block-text-color: inherit; --standout-block-gap: var(--gap-xl);\">\r\n\r\n\t<div class=\"standout-max-container\">\t\r\n\r\n<div class=\"standout-block-inner\">\r\n\t\r\n\t\t\t<div class=\"acf-innerblocks-container\">\n\n<div class=\"wp-block-columns is-layout-flex wp-container-core-columns-is-layout-1 wp-block-columns-is-layout-flex\">\n<div class=\"wp-block-column is-layout-flow wp-block-column-is-layout-flow\">\n<h3 class=\"wp-block-heading\" style=\"text-transform:uppercase\">Others also read<\/h3>\n<\/div>\n\n\n\n<div class=\"wp-block-column is-vertically-aligned-bottom is-layout-flow wp-block-column-is-layout-flow\">\n<div class=\"wp-block-buttons is-content-justification-right is-layout-flex wp-container-core-buttons-is-layout-1 wp-block-buttons-is-layout-flex\">\n<div class=\"wp-block-button is-style-standout-bottom-border\"><span class=\"btn_wrapper\"><a class=\"wp-block-button__link wp-element-button\">See our full library &amp; archive<svg class=\"icon_arrow\" width=\"17\" height=\"8\" viewBox=\"0 0 17 8\" fill=\"none\" xmlns=\"http:\/\/www.w3.org\/2000\/svg\"><path d=\"M10.2909 0L9.88856 0.627408L14.9281 3.631H0V4.36826H14.9281L9.88856 7.37259L10.2909 8L17 3.99963L10.2909 0Z\" fill=\"currentcolor\"\/><\/svg><\/a><\/span><\/div>\n<\/div>\n<\/div>\n<\/div>\n\n\n\r\n\r\n<section class=\"standout-section standout-block standout-columns is-aligned alignwide\" data-block-id=\"block_3d691064886c640d7fa3962c2c651f9c\" style=\"--block-background-color: transparent; --block-text-color: inherit; --columns: 3; --column-span: 1; --row-span: 1; --element-alignment: flex-start;\" data-columns=\"3\">\r\n\r\n\t<div class=\"standout-max-container\">\t\r\n\r\n<div class=\"standout-block-inner\">\r\n\t\t\t<div class=\"acf-innerblocks-container\">\n\r\n\r\n<section class=\"standout-block standout-column-element is-aligned alignwide\" data-block-id=\"block_f8b5f654e0a6f22def45574c43ef4637\" style=\"--block-background-color: transparent; --block-text-color: inherit; --align-content: flex-start;\" data-align-content=\"flex-start\">\r\n\r\n\t<div class=\"standout-max-container\">\t\r\n\r\n<div class=\"standout-block-inner\">\r\n\t\r\n\t\t\r\n\t\t\t<div class=\"acf-innerblocks-container\">\n\n<figure class=\"wp-block-image size-full\"><img loading=\"lazy\" decoding=\"async\" width=\"460\" height=\"360\" src=\"https:\/\/arbejdermuseet.dk\/wp-content\/uploads\/2025\/03\/Stauning3-790x600-1.jpg\" alt=\"\" class=\"wp-image-346\" srcset=\"https:\/\/arbejdermuseet.dk\/en\/wp-content\/uploads\/sites\/2\/2025\/03\/Stauning3-790x600-1.jpg 460w, https:\/\/arbejdermuseet.dk\/en\/wp-content\/uploads\/sites\/2\/2025\/03\/Stauning3-790x600-1-300x235.jpg 300w, https:\/\/arbejdermuseet.dk\/en\/wp-content\/uploads\/sites\/2\/2025\/03\/Stauning3-790x600-1-115x90.jpg 115w\" sizes=\"(max-width: 460px) 100vw, 460px\"  data-full-url=\"https:\/\/arbejdermuseet.dk\/en\/wp-content\/uploads\/sites\/2\/2025\/03\/Stauning3-790x600-1.jpg\" data-full-width=\"460\" data-full-height=\"360\" \/><\/figure>\n\n\n\n<h3 class=\"wp-block-heading\">THE STAUNING OF ALL OF DENMARK<\/h3>\n\n\n\n<p>Thorvald Stauning was a beacon in Danish politics and is the longest-serving prime minister of the 20th century<\/p>\n\n\n\n<div class=\"wp-block-buttons is-layout-flex wp-block-buttons-is-layout-flex\">\n<div class=\"wp-block-button is-style-standout-bottom-border\"><span class=\"btn_wrapper\"><a class=\"wp-block-button__link wp-element-button\">Get more knowledge<svg class=\"icon_arrow\" width=\"17\" height=\"8\" viewBox=\"0 0 17 8\" fill=\"none\" xmlns=\"http:\/\/www.w3.org\/2000\/svg\"><path d=\"M10.2909 0L9.88856 0.627408L14.9281 3.631H0V4.36826H14.9281L9.88856 7.37259L10.2909 8L17 3.99963L10.2909 0Z\" fill=\"currentcolor\"\/><\/svg><\/a><\/span><\/div>\n<\/div>\n\n<\/div>\r\n\t<\/div>\r\n\r\n\r\n\r\n\t\t<\/div>\r\n<\/section>\n\n\r\n\r\n<section class=\"standout-block standout-column-element is-aligned alignwide\" data-block-id=\"block_f8b5f654e0a6f22def45574c43ef4637\" style=\"--block-background-color: transparent; --block-text-color: inherit; --align-content: flex-start;\" data-align-content=\"flex-start\">\r\n\r\n\t<div class=\"standout-max-container\">\t\r\n\r\n<div class=\"standout-block-inner\">\r\n\t\r\n\t\t\r\n\t\t\t<div class=\"acf-innerblocks-container\">\n\n<figure class=\"wp-block-image size-full\"><img loading=\"lazy\" decoding=\"async\" width=\"460\" height=\"360\" src=\"https:\/\/arbejdermuseet.dk\/wp-content\/uploads\/2025\/03\/En_agitator_Henningsen-790x600-1.jpg\" alt=\"\" class=\"wp-image-347\" srcset=\"https:\/\/arbejdermuseet.dk\/en\/wp-content\/uploads\/sites\/2\/2025\/03\/En_agitator_Henningsen-790x600-1.jpg 460w, https:\/\/arbejdermuseet.dk\/en\/wp-content\/uploads\/sites\/2\/2025\/03\/En_agitator_Henningsen-790x600-1-300x235.jpg 300w, https:\/\/arbejdermuseet.dk\/en\/wp-content\/uploads\/sites\/2\/2025\/03\/En_agitator_Henningsen-790x600-1-115x90.jpg 115w\" sizes=\"(max-width: 460px) 100vw, 460px\"  data-full-url=\"https:\/\/arbejdermuseet.dk\/en\/wp-content\/uploads\/sites\/2\/2025\/03\/En_agitator_Henningsen-790x600-1.jpg\" data-full-width=\"460\" data-full-height=\"360\" \/><\/figure>\n\n\n\n<h3 class=\"wp-block-heading\">WITH THE LAW OR WITHOUT<\/h3>\n\n\n\n<p>In 1871, the living conditions for the few industrial workers in Denmark at the time were appalling. But when the labor..<\/p>\n\n\n\n<div class=\"wp-block-buttons is-layout-flex wp-block-buttons-is-layout-flex\">\n<div class=\"wp-block-button is-style-standout-bottom-border\"><span class=\"btn_wrapper\"><a class=\"wp-block-button__link wp-element-button\">Get more knowledge<svg class=\"icon_arrow\" width=\"17\" height=\"8\" viewBox=\"0 0 17 8\" fill=\"none\" xmlns=\"http:\/\/www.w3.org\/2000\/svg\"><path d=\"M10.2909 0L9.88856 0.627408L14.9281 3.631H0V4.36826H14.9281L9.88856 7.37259L10.2909 8L17 3.99963L10.2909 0Z\" fill=\"currentcolor\"\/><\/svg><\/a><\/span><\/div>\n<\/div>\n\n<\/div>\r\n\t<\/div>\r\n\r\n\r\n\r\n\t\t<\/div>\r\n<\/section>\n\n\r\n\r\n<section class=\"standout-block standout-column-element is-aligned alignwide\" data-block-id=\"block_d5063de6dad78b476bc5af1396ea6e83\" style=\"--block-background-color: transparent; --block-text-color: inherit; --align-content: flex-start;\" data-align-content=\"flex-start\">\r\n\r\n\t<div class=\"standout-max-container\">\t\r\n\r\n<div class=\"standout-block-inner\">\r\n\t\r\n\t\t\r\n\t\t\t<div class=\"acf-innerblocks-container\">\n\n<figure class=\"wp-block-image size-full\"><img loading=\"lazy\" decoding=\"async\" width=\"460\" height=\"360\" src=\"https:\/\/arbejdermuseet.dk\/wp-content\/uploads\/2025\/03\/1-maj-mangler-aarstal-m20080305051_02-kopi-790x600-1.jpg\" alt=\"\" class=\"wp-image-348\" srcset=\"https:\/\/arbejdermuseet.dk\/en\/wp-content\/uploads\/sites\/2\/2025\/03\/1-maj-mangler-aarstal-m20080305051_02-kopi-790x600-1.jpg 460w, https:\/\/arbejdermuseet.dk\/en\/wp-content\/uploads\/sites\/2\/2025\/03\/1-maj-mangler-aarstal-m20080305051_02-kopi-790x600-1-300x235.jpg 300w, https:\/\/arbejdermuseet.dk\/en\/wp-content\/uploads\/sites\/2\/2025\/03\/1-maj-mangler-aarstal-m20080305051_02-kopi-790x600-1-115x90.jpg 115w\" sizes=\"(max-width: 460px) 100vw, 460px\"  data-full-url=\"https:\/\/arbejdermuseet.dk\/en\/wp-content\/uploads\/sites\/2\/2025\/03\/1-maj-mangler-aarstal-m20080305051_02-kopi-790x600-1.jpg\" data-full-width=\"460\" data-full-height=\"360\" \/><\/figure>\n\n\n\n<h3 class=\"wp-block-heading\">THE BATTLE FOR TIME<\/h3>\n\n\n\n<p>Working 48 hours a week. It sounds like a lot for a Danish worker in 2019. But 100 years earlier, it was just..<\/p>\n\n\n\n<div class=\"wp-block-buttons is-layout-flex wp-block-buttons-is-layout-flex\">\n<div class=\"wp-block-button is-style-standout-bottom-border\"><span class=\"btn_wrapper\"><a class=\"wp-block-button__link wp-element-button\">Learn more<svg class=\"icon_arrow\" width=\"17\" height=\"8\" viewBox=\"0 0 17 8\" fill=\"none\" xmlns=\"http:\/\/www.w3.org\/2000\/svg\"><path d=\"M10.2909 0L9.88856 0.627408L14.9281 3.631H0V4.36826H14.9281L9.88856 7.37259L10.2909 8L17 3.99963L10.2909 0Z\" fill=\"currentcolor\"\/><\/svg><\/a><\/span><\/div>\n<\/div>\n\n<\/div>\r\n\t<\/div>\r\n\r\n\r\n\r\n\t\t<\/div>\r\n<\/section>\n<\/div>\r\n\t<\/div>\r\n\r\n\r\n\r\n\t\t<\/div>\r\n<\/section>\n<\/div>\r\n\t<\/div>\r\n\r\n\r\n\r\n\t\t<\/div>\r\n<\/section>\n\n\r\n\r\n<section class=\"standout-section standout-block standout-related-content is-aligned alignfull off-center-slider\" data-block-id=\"block_364f50fb3395e7465f07918612357635\" style=\"--block-background-color: transparent; --block-text-color: inherit;\">\r\n\r\n\t<div class=\"standout-max-container\">\t\r\n\r\n<div class=\"standout-block-inner\">\r\n\t\t\t<div class=\"acf-innerblocks-container\">\n\n<h3 class=\"wp-block-heading\" style=\"text-transform:uppercase\">If you find this topic interesting<\/h3>\n\n\n\r\n\r\n<section class=\"standout-block standout-related-content-inner is-aligned alignfull\" data-block-id=\"block_94eeaf94cc3038e3bbf07ad80461e9ec\" style=\"--block-background-color: transparent; --block-text-color: inherit;\" data-related-content=\"tag\">\r\n\r\n\t<div class=\"standout-max-container\">\t\r\n\r\n\r\n\r\n<div class=\"standout-block-inner\">\r\n\t\t\t\r\n\r\n<section class=\"standout-section standout-block standout-posts is-aligned alignwide\" data-block-id=\"block_02b05628d71cacaefc76dcf1b1aedb91\" style=\"--block-background-color: transparent; --block-text-color: inherit;\" template=\"02\">\r\n\r\n\t<div class=\"standout-max-container\">\t\r\n\r\n<div class=\"standout-block-inner\">\r\n\t<div class=\"acf-innerblocks-container\">\r\n\t\t\r\n\r\n<section class=\"standout-section standout-block standout-slider is-aligned alignfull has-bg\" data-block-id=\"block_aa52551ac3fae79a4ee654280ee9deb1\" style=\"--block-background-color: transparent; --block-text-color: inherit; --slider-columns: 4;\" data-columns=\"4\" data-slider=\"{&quot;slidesToShow&quot;:&quot;4&quot;,&quot;slidesToScroll&quot;:&quot;1&quot;,&quot;dots&quot;:&quot;false&quot;,&quot;arrows&quot;:&quot;true&quot;,&quot;adaptiveHeight&quot;:&quot;false&quot;,&quot;autoplay&quot;:&quot;true&quot;,&quot;autoplaySpeed&quot;:&quot;5000&quot;,&quot;speed&quot;:&quot;1000&quot;,&quot;infinite&quot;:&quot;true&quot;,&quot;centerMode&quot;:&quot;false&quot;,&quot;fade&quot;:&quot;false&quot;}\" data-slider-responsive=\"null\">\r\n\r\n\t<div class=\"standout-max-container\">\t\n\n<div class=\"standout-block-inner\" >\n\t\t\t\t\t<div class=\"acf-innerblocks-container is-slick-slider\">\n\t\t\t\r\n\r\n<section class=\"standout-block standout-slide-element is-aligned alignwide\" data-block-id=\"block_adba0474ba8fbe90dfc5a5060d17ed3d\" style=\"--block-background-color: transparent; --block-text-color: inherit;\">\r\n\r\n\t\t\r\n\r\n\t<div class=\"acf-innerblocks-container\">\r\n\t\t\r\n<div class=\"post post-loop post-loop-type-page\">\r\n\t\t\t<div class=\"post-thumbnail-wrap\">\r\n\t\t\t\t\t\t\t<img loading=\"lazy\" decoding=\"async\" width=\"1920\" height=\"1280\" src=\"https:\/\/arbejdermuseet.dk\/en\/wp-content\/uploads\/sites\/2\/2025\/11\/20A1F21920x12xx.jpg\" class=\"attachment-post-thumbnail size-post-thumbnail wp-post-image\" alt=\"\" srcset=\"https:\/\/arbejdermuseet.dk\/en\/wp-content\/uploads\/sites\/2\/2025\/11\/20A1F21920x12xx.jpg 1920w, https:\/\/arbejdermuseet.dk\/en\/wp-content\/uploads\/sites\/2\/2025\/11\/20A1F21920x12xx-600x400.jpg 600w, https:\/\/arbejdermuseet.dk\/en\/wp-content\/uploads\/sites\/2\/2025\/11\/20A1F21920x12xx-300x200.jpg 300w, https:\/\/arbejdermuseet.dk\/en\/wp-content\/uploads\/sites\/2\/2025\/11\/20A1F21920x12xx-768x512.jpg 768w, https:\/\/arbejdermuseet.dk\/en\/wp-content\/uploads\/sites\/2\/2025\/11\/20A1F21920x12xx-1536x1024.jpg 1536w, https:\/\/arbejdermuseet.dk\/en\/wp-content\/uploads\/sites\/2\/2025\/11\/20A1F21920x12xx-135x90.jpg 135w, https:\/\/arbejdermuseet.dk\/en\/wp-content\/uploads\/sites\/2\/2025\/11\/20A1F21920x12xx-1200x800.jpg 1200w\" sizes=\"(max-width: 1920px) 100vw, 1920px\" data-copyright=\"Malthe Folke Ivarsson\" data-headline=\"20A1F2~1920x12xx\" data-description=\"\"  data-full-url=\"\" \/>\t\t\t\t\t<\/div>\r\n\t\r\n\t\t\t\t<div class=\"post-ancestor-title\">\r\n\t\t\t<span>EXHIBITIONS<\/span>\r\n\t\t<\/div>\r\n\t\r\n\t<div class=\"post-title-wrap\">\r\n\t\t<span class=\"post-title\">Children&#8217;s Workers Museum<\/span>\r\n\t<\/div>\r\n\r\n\t<a class=\"post-read-more-link\" href=\"https:\/\/arbejdermuseet.dk\/en\/its-happening\/childrens-labor-museum\/\">\r\n\t\tRead more <span height=\"1em\" class=\"standout-custom-svg custom-svg\"><svg height=\"1em\" xmlns=\"http:\/\/www.w3.org\/2000\/svg\" viewBox=\"0 0 17 8\" fill=\"none\">\r\n  <path d=\"M9.95456 0L9.5654 0.627408L14.4402 3.631H0V4.36826H14.4402L9.5654 7.37259L9.95456 8L16.4444 3.99963L9.95456 0Z\" fill=\"#B12320\"\/>\r\n<\/svg><\/span>\t<\/a>\r\n<\/div>\r\n\t<\/div>\r\n\r\n\r\n\r\n\t\t\r\n<\/section>\r\n\r\n<section class=\"standout-block standout-slide-element is-aligned alignwide\" data-block-id=\"block_d45e7f291f1d48482c84371122aa0faf\" style=\"--block-background-color: transparent; --block-text-color: inherit;\">\r\n\r\n\t<div class=\"standout-max-container\">\t\r\n\r\n\t<div class=\"acf-innerblocks-container\">\r\n\t\t\r\n<div class=\"post post-loop post-loop-type-standout_event\">\r\n\t\t\t<div class=\"post-thumbnail-wrap\">\r\n\t\t\t\t\t\t\t<img loading=\"lazy\" decoding=\"async\" width=\"1920\" height=\"1080\" src=\"https:\/\/arbejdermuseet.dk\/en\/wp-content\/uploads\/sites\/2\/2026\/01\/Vinterferie2026_1920x1080.jpg\" class=\"attachment-post-thumbnail size-post-thumbnail wp-post-image\" alt=\"\" srcset=\"https:\/\/arbejdermuseet.dk\/en\/wp-content\/uploads\/sites\/2\/2026\/01\/Vinterferie2026_1920x1080.jpg 1920w, https:\/\/arbejdermuseet.dk\/en\/wp-content\/uploads\/sites\/2\/2026\/01\/Vinterferie2026_1920x1080-600x338.jpg 600w, https:\/\/arbejdermuseet.dk\/en\/wp-content\/uploads\/sites\/2\/2026\/01\/Vinterferie2026_1920x1080-300x169.jpg 300w, https:\/\/arbejdermuseet.dk\/en\/wp-content\/uploads\/sites\/2\/2026\/01\/Vinterferie2026_1920x1080-768x432.jpg 768w, https:\/\/arbejdermuseet.dk\/en\/wp-content\/uploads\/sites\/2\/2026\/01\/Vinterferie2026_1920x1080-1536x864.jpg 1536w, https:\/\/arbejdermuseet.dk\/en\/wp-content\/uploads\/sites\/2\/2026\/01\/Vinterferie2026_1920x1080-160x90.jpg 160w, https:\/\/arbejdermuseet.dk\/en\/wp-content\/uploads\/sites\/2\/2026\/01\/Vinterferie2026_1920x1080-1200x675.jpg 1200w\" sizes=\"(max-width: 1920px) 100vw, 1920px\" data-copyright=\"\" data-headline=\"Vinterferie2026_1920x1080\" data-description=\"\"  data-full-url=\"\" \/>\t\t\t\t\t<\/div>\r\n\t\r\n\t\t\t\t<div class=\"post-ancestor-title\">\r\n\t\t\t<span>EVENTS<\/span>\r\n\t\t<\/div>\r\n\t\r\n\t<div class=\"post-title-wrap\">\r\n\t\t<span class=\"post-title\">Flying Free &#8211; Winter break at the Workers&#8217; Museum<\/span>\r\n\t<\/div>\r\n\r\n\t<a class=\"post-read-more-link\" href=\"https:\/\/arbejdermuseet.dk\/en\/event\/freedom-flies-winter-break-at-the-workers-museum\/\">\r\n\t\tRead more <span height=\"1em\" class=\"standout-custom-svg custom-svg\"><svg height=\"1em\" xmlns=\"http:\/\/www.w3.org\/2000\/svg\" viewBox=\"0 0 17 8\" fill=\"none\">\r\n  <path d=\"M9.95456 0L9.5654 0.627408L14.4402 3.631H0V4.36826H14.4402L9.5654 7.37259L9.95456 8L16.4444 3.99963L9.95456 0Z\" fill=\"#B12320\"\/>\r\n<\/svg><\/span>\t<\/a>\r\n<\/div>\r\n\t<\/div>\r\n\r\n\r\n\r\n\t\t<\/div>\r\n<\/section>\r\n\r\n<section class=\"standout-block standout-slide-element is-aligned alignwide\" data-block-id=\"block_77054fca9d42df31c85a82f01d0a0c65\" style=\"--block-background-color: transparent; --block-text-color: inherit;\">\r\n\r\n\t<div class=\"standout-max-container\">\t\r\n\r\n\t<div class=\"acf-innerblocks-container\">\r\n\t\t\r\n<div class=\"post post-loop post-loop-type-page\">\r\n\t\t\t<div class=\"post-thumbnail-wrap\">\r\n\t\t\t\t\t\t\t<img loading=\"lazy\" decoding=\"async\" width=\"331\" height=\"450\" src=\"https:\/\/arbejdermuseet.dk\/en\/wp-content\/uploads\/sites\/2\/2025\/11\/Pedro.jpg\" class=\"attachment-post-thumbnail size-post-thumbnail wp-post-image\" alt=\"\" srcset=\"https:\/\/arbejdermuseet.dk\/en\/wp-content\/uploads\/sites\/2\/2025\/11\/Pedro.jpg 331w, https:\/\/arbejdermuseet.dk\/en\/wp-content\/uploads\/sites\/2\/2025\/11\/Pedro-221x300.jpg 221w, https:\/\/arbejdermuseet.dk\/en\/wp-content\/uploads\/sites\/2\/2025\/11\/Pedro-66x90.jpg 66w\" sizes=\"(max-width: 331px) 100vw, 331px\" data-copyright=\"\" data-headline=\"Pedro\" data-description=\"\"  data-full-url=\"\" \/>\t\t\t\t\t<\/div>\r\n\t\r\n\t\t\t\t<div class=\"post-ancestor-title\">\r\n\t\t\t<span>LABOUR HISTORY<\/span>\r\n\t\t<\/div>\r\n\t\r\n\t<div class=\"post-title-wrap\">\r\n\t\t<span class=\"post-title\">&#8220;Felice Navidades&#8221; &#8211; a Christmas greeting from Pedro<\/span>\r\n\t<\/div>\r\n\r\n\t<a class=\"post-read-more-link\" href=\"https:\/\/arbejdermuseet.dk\/en\/library-archive\/international-solidarity\/felice-navidades-a-christmas-greeting-from-pedro\/\">\r\n\t\tRead more <span height=\"1em\" class=\"standout-custom-svg custom-svg\"><svg height=\"1em\" xmlns=\"http:\/\/www.w3.org\/2000\/svg\" viewBox=\"0 0 17 8\" fill=\"none\">\r\n  <path d=\"M9.95456 0L9.5654 0.627408L14.4402 3.631H0V4.36826H14.4402L9.5654 7.37259L9.95456 8L16.4444 3.99963L9.95456 0Z\" fill=\"#B12320\"\/>\r\n<\/svg><\/span>\t<\/a>\r\n<\/div>\r\n\t<\/div>\r\n\r\n\r\n\r\n\t\t<\/div>\r\n<\/section>\r\n\r\n<section class=\"standout-block standout-slide-element is-aligned alignwide\" data-block-id=\"block_513e01610629f860395066e4098076ea\" style=\"--block-background-color: transparent; --block-text-color: inherit;\">\r\n\r\n\t<div class=\"standout-max-container\">\t\r\n\r\n\t<div class=\"acf-innerblocks-container\">\r\n\t\t\r\n<div class=\"post post-loop post-loop-type-standout_event\">\r\n\t\t\t<div class=\"post-thumbnail-wrap\">\r\n\t\t\t\t\t\t\t<img loading=\"lazy\" decoding=\"async\" width=\"1920\" height=\"1080\" src=\"https:\/\/arbejdermuseet.dk\/en\/wp-content\/uploads\/sites\/2\/2026\/01\/2063A3_1920x1080.jpg\" class=\"attachment-post-thumbnail size-post-thumbnail wp-post-image\" alt=\"\" srcset=\"https:\/\/arbejdermuseet.dk\/en\/wp-content\/uploads\/sites\/2\/2026\/01\/2063A3_1920x1080.jpg 1920w, https:\/\/arbejdermuseet.dk\/en\/wp-content\/uploads\/sites\/2\/2026\/01\/2063A3_1920x1080-600x338.jpg 600w, https:\/\/arbejdermuseet.dk\/en\/wp-content\/uploads\/sites\/2\/2026\/01\/2063A3_1920x1080-300x169.jpg 300w, https:\/\/arbejdermuseet.dk\/en\/wp-content\/uploads\/sites\/2\/2026\/01\/2063A3_1920x1080-768x432.jpg 768w, https:\/\/arbejdermuseet.dk\/en\/wp-content\/uploads\/sites\/2\/2026\/01\/2063A3_1920x1080-1536x864.jpg 1536w, https:\/\/arbejdermuseet.dk\/en\/wp-content\/uploads\/sites\/2\/2026\/01\/2063A3_1920x1080-160x90.jpg 160w, https:\/\/arbejdermuseet.dk\/en\/wp-content\/uploads\/sites\/2\/2026\/01\/2063A3_1920x1080-1200x675.jpg 1200w\" sizes=\"(max-width: 1920px) 100vw, 1920px\" data-copyright=\"Malthe Folke Ivarsson\" data-headline=\"2063A3_1920x1080\" data-description=\"\"  data-full-url=\"\" \/>\t\t\t\t\t<\/div>\r\n\t\r\n\t\t\t\t<div class=\"post-ancestor-title\">\r\n\t\t\t<span>EVENTS<\/span>\r\n\t\t<\/div>\r\n\t\r\n\t<div class=\"post-title-wrap\">\r\n\t\t<span class=\"post-title\">Family tour: Leif Sylvester &#8211; Freedom Flies<\/span>\r\n\t<\/div>\r\n\r\n\t<a class=\"post-read-more-link\" href=\"https:\/\/arbejdermuseet.dk\/en\/event\/family-tour-leif-sylvester-freedom-flies\/\">\r\n\t\tRead more <span height=\"1em\" class=\"standout-custom-svg custom-svg\"><svg height=\"1em\" xmlns=\"http:\/\/www.w3.org\/2000\/svg\" viewBox=\"0 0 17 8\" fill=\"none\">\r\n  <path d=\"M9.95456 0L9.5654 0.627408L14.4402 3.631H0V4.36826H14.4402L9.5654 7.37259L9.95456 8L16.4444 3.99963L9.95456 0Z\" fill=\"#B12320\"\/>\r\n<\/svg><\/span>\t<\/a>\r\n<\/div>\r\n\t<\/div>\r\n\r\n\r\n\r\n\t\t<\/div>\r\n<\/section>\r\n\r\n<section class=\"standout-block standout-slide-element is-aligned alignwide\" data-block-id=\"block_ab54edf9d61c0f759f36b395a14cb02b\" style=\"--block-background-color: transparent; --block-text-color: inherit;\">\r\n\r\n\t<div class=\"standout-max-container\">\t\r\n\r\n\t<div class=\"acf-innerblocks-container\">\r\n\t\t\r\n<div class=\"post post-loop post-loop-type-standout_event\">\r\n\t\t\t<div class=\"post-thumbnail-wrap\">\r\n\t\t\t\t\t\t\t<img loading=\"lazy\" decoding=\"async\" width=\"1920\" height=\"1080\" src=\"https:\/\/arbejdermuseet.dk\/en\/wp-content\/uploads\/sites\/2\/2025\/12\/Kulturnat-1.jpg\" class=\"attachment-post-thumbnail size-post-thumbnail wp-post-image\" alt=\"\" srcset=\"https:\/\/arbejdermuseet.dk\/en\/wp-content\/uploads\/sites\/2\/2025\/12\/Kulturnat-1.jpg 1920w, https:\/\/arbejdermuseet.dk\/en\/wp-content\/uploads\/sites\/2\/2025\/12\/Kulturnat-1-600x338.jpg 600w, https:\/\/arbejdermuseet.dk\/en\/wp-content\/uploads\/sites\/2\/2025\/12\/Kulturnat-1-300x169.jpg 300w, https:\/\/arbejdermuseet.dk\/en\/wp-content\/uploads\/sites\/2\/2025\/12\/Kulturnat-1-768x432.jpg 768w, https:\/\/arbejdermuseet.dk\/en\/wp-content\/uploads\/sites\/2\/2025\/12\/Kulturnat-1-1536x864.jpg 1536w, https:\/\/arbejdermuseet.dk\/en\/wp-content\/uploads\/sites\/2\/2025\/12\/Kulturnat-1-160x90.jpg 160w, https:\/\/arbejdermuseet.dk\/en\/wp-content\/uploads\/sites\/2\/2025\/12\/Kulturnat-1-1200x675.jpg 1200w\" sizes=\"(max-width: 1920px) 100vw, 1920px\" data-copyright=\"\" data-headline=\"Kulturnat\" data-description=\"\"  data-full-url=\"\" \/>\t\t\t\t\t<\/div>\r\n\t\r\n\t\t\t\t<div class=\"post-ancestor-title\">\r\n\t\t\t<span>EVENTS<\/span>\r\n\t\t<\/div>\r\n\t\r\n\t<div class=\"post-title-wrap\">\r\n\t\t<span class=\"post-title\">The Little Culture Night 2026<\/span>\r\n\t<\/div>\r\n\r\n\t<a class=\"post-read-more-link\" href=\"https:\/\/arbejdermuseet.dk\/en\/event\/the-little-culture-night-2026\/\">\r\n\t\tRead more <span height=\"1em\" class=\"standout-custom-svg custom-svg\"><svg height=\"1em\" xmlns=\"http:\/\/www.w3.org\/2000\/svg\" viewBox=\"0 0 17 8\" fill=\"none\">\r\n  <path d=\"M9.95456 0L9.5654 0.627408L14.4402 3.631H0V4.36826H14.4402L9.5654 7.37259L9.95456 8L16.4444 3.99963L9.95456 0Z\" fill=\"#B12320\"\/>\r\n<\/svg><\/span>\t<\/a>\r\n<\/div>\r\n\t<\/div>\r\n\r\n\r\n\r\n\t\t<\/div>\r\n<\/section>\t\t<\/div>\n\t\n\t\n\t\n<\/div>\n\n\n\t<style>\n\t\t.standout-slider[data-block-id=\"block_aa52551ac3fae79a4ee654280ee9deb1\"]>*>*>.acf-innerblocks-container:not(.slick-initialized)>*:nth-child(4)~* {\n\t\t\tdisplay: none;\n\t\t}\n\t<\/style>\n\n\n\r\n\t\t<\/div>\r\n<\/section>\t<\/div>\r\n<\/div>\r\n\r\n\r\n\r\n\t\t<\/div>\r\n<\/section>\t<\/div>\r\n\r\n\r\n\r\n\t\t<\/div>\r\n<\/section>\n<\/div>\r\n\t<\/div>\r\n\r\n\r\n\r\n\t\t<\/div>\r\n<\/section>","protected":false},"excerpt":{"rendered":"<p>DUI &#8211; De Unges Idr\u00e6t was founded on November 10, 1905 as the labor movement&#8217;s answer to the Christian scout and outdoor movement FDF (Frivilligt Drenge Forbund). By: Hans Uwe Petersen The initiative for DUI came from Louis Florin, who was a member of the Social Democratic Youth League (SUF) and also leader of the&#8230;<\/p>\n","protected":false},"author":7,"featured_media":42003,"parent":41485,"menu_order":22,"comment_status":"closed","ping_status":"closed","template":"page-with-title.php","meta":{"_acf_changed":false,"editor_notices":[],"footnotes":""},"class_list":["post-40503","page","type-page","status-publish","has-post-thumbnail","hentry"],"acf":[],"yoast_head":"<!-- This site is optimized with the Yoast SEO plugin v26.3 - https:\/\/yoast.com\/wordpress\/plugins\/seo\/ -->\n<title>Pages of DUI History - Arbejdermuseet<\/title>\n<meta name=\"robots\" content=\"index, follow, max-snippet:-1, max-image-preview:large, max-video-preview:-1\" \/>\n<link rel=\"canonical\" href=\"https:\/\/arbejdermuseet.dk\/en\/library-archive\/party\/social-democratic-party\/pages-of-dui-history\/\" \/>\n<meta property=\"og:locale\" content=\"en_US\" \/>\n<meta property=\"og:type\" content=\"article\" \/>\n<meta property=\"og:title\" content=\"Pages of DUI History - Arbejdermuseet\" \/>\n<meta property=\"og:description\" content=\"DUI &#8211; De Unges Idr\u00e6t was founded on November 10, 1905 as the labor movement&#8217;s answer to the Christian scout and outdoor movement FDF (Frivilligt Drenge Forbund). By: Hans Uwe Petersen The initiative for DUI came from Louis Florin, who was a member of the Social Democratic Youth League (SUF) and also leader of the...\" \/>\n<meta property=\"og:url\" content=\"https:\/\/arbejdermuseet.dk\/en\/library-archive\/party\/social-democratic-party\/pages-of-dui-history\/\" \/>\n<meta property=\"og:site_name\" content=\"Arbejdermuseet\" \/>\n<meta property=\"article:modified_time\" content=\"2026-01-29T07:25:35+00:00\" \/>\n<meta property=\"og:image\" content=\"https:\/\/arbejdermuseet.dk\/en\/wp-content\/uploads\/sites\/2\/2025\/10\/F20120724057.jpg\" \/>\n\t<meta property=\"og:image:width\" content=\"2394\" \/>\n\t<meta property=\"og:image:height\" content=\"1664\" \/>\n\t<meta property=\"og:image:type\" content=\"image\/jpeg\" \/>\n<meta name=\"twitter:card\" content=\"summary_large_image\" \/>\n<meta name=\"twitter:label1\" content=\"Est. reading time\" \/>\n\t<meta name=\"twitter:data1\" content=\"10 minutes\" \/>\n<!-- \/ Yoast SEO plugin. -->","yoast_head_json":{"title":"Pages of DUI History - Arbejdermuseet","robots":{"index":"index","follow":"follow","max-snippet":"max-snippet:-1","max-image-preview":"max-image-preview:large","max-video-preview":"max-video-preview:-1"},"canonical":"https:\/\/arbejdermuseet.dk\/en\/library-archive\/party\/social-democratic-party\/pages-of-dui-history\/","og_locale":"en_US","og_type":"article","og_title":"Pages of DUI History - Arbejdermuseet","og_description":"DUI &#8211; De Unges Idr\u00e6t was founded on November 10, 1905 as the labor movement&#8217;s answer to the Christian scout and outdoor movement FDF (Frivilligt Drenge Forbund). By: Hans Uwe Petersen The initiative for DUI came from Louis Florin, who was a member of the Social Democratic Youth League (SUF) and also leader of the...","og_url":"https:\/\/arbejdermuseet.dk\/en\/library-archive\/party\/social-democratic-party\/pages-of-dui-history\/","og_site_name":"Arbejdermuseet","article_modified_time":"2026-01-29T07:25:35+00:00","og_image":[{"width":2394,"height":1664,"url":"https:\/\/arbejdermuseet.dk\/en\/wp-content\/uploads\/sites\/2\/2025\/10\/F20120724057.jpg","type":"image\/jpeg"}],"twitter_card":"summary_large_image","twitter_misc":{"Est. reading time":"10 minutes"},"schema":{"@context":"https:\/\/schema.org","@graph":[{"@type":"WebPage","@id":"https:\/\/arbejdermuseet.dk\/en\/library-archive\/party\/social-democratic-party\/pages-of-dui-history\/","url":"https:\/\/arbejdermuseet.dk\/en\/library-archive\/party\/social-democratic-party\/pages-of-dui-history\/","name":"Pages of DUI History - Arbejdermuseet","isPartOf":{"@id":"https:\/\/arbejdermuseet.dk\/en\/#website"},"primaryImageOfPage":{"@id":"https:\/\/arbejdermuseet.dk\/en\/library-archive\/party\/social-democratic-party\/pages-of-dui-history\/#primaryimage"},"image":{"@id":"https:\/\/arbejdermuseet.dk\/en\/library-archive\/party\/social-democratic-party\/pages-of-dui-history\/#primaryimage"},"thumbnailUrl":"https:\/\/arbejdermuseet.dk\/en\/wp-content\/uploads\/sites\/2\/2025\/10\/F20120724057.jpg","datePublished":"2025-09-25T07:57:46+00:00","dateModified":"2026-01-29T07:25:35+00:00","breadcrumb":{"@id":"https:\/\/arbejdermuseet.dk\/en\/library-archive\/party\/social-democratic-party\/pages-of-dui-history\/#breadcrumb"},"inLanguage":"en-US","potentialAction":[{"@type":"ReadAction","target":["https:\/\/arbejdermuseet.dk\/en\/library-archive\/party\/social-democratic-party\/pages-of-dui-history\/"]}]},{"@type":"ImageObject","inLanguage":"en-US","@id":"https:\/\/arbejdermuseet.dk\/en\/library-archive\/party\/social-democratic-party\/pages-of-dui-history\/#primaryimage","url":"https:\/\/arbejdermuseet.dk\/en\/wp-content\/uploads\/sites\/2\/2025\/10\/F20120724057.jpg","contentUrl":"https:\/\/arbejdermuseet.dk\/en\/wp-content\/uploads\/sites\/2\/2025\/10\/F20120724057.jpg","width":2394,"height":1664},{"@type":"BreadcrumbList","@id":"https:\/\/arbejdermuseet.dk\/en\/library-archive\/party\/social-democratic-party\/pages-of-dui-history\/#breadcrumb","itemListElement":[{"@type":"ListItem","position":1,"name":"Hjem","item":"https:\/\/arbejdermuseet.dk\/en\/"},{"@type":"ListItem","position":2,"name":"LIBRARY &amp; ARCHIVE","item":"https:\/\/arbejdermuseet.dk\/en\/library-archive\/"},{"@type":"ListItem","position":3,"name":"Parties","item":"https:\/\/arbejdermuseet.dk\/en\/library-archive\/party\/"},{"@type":"ListItem","position":4,"name":"Social Democratic Party","item":"https:\/\/arbejdermuseet.dk\/en\/library-archive\/party\/social-democratic-party\/"},{"@type":"ListItem","position":5,"name":"Pages of DUI History"}]},{"@type":"WebSite","@id":"https:\/\/arbejdermuseet.dk\/en\/#website","url":"https:\/\/arbejdermuseet.dk\/en\/","name":"Arbejdermuseet","description":"","publisher":{"@id":"https:\/\/arbejdermuseet.dk\/en\/#organization"},"potentialAction":[{"@type":"SearchAction","target":{"@type":"EntryPoint","urlTemplate":"https:\/\/arbejdermuseet.dk\/en\/?s={search_term_string}"},"query-input":{"@type":"PropertyValueSpecification","valueRequired":true,"valueName":"search_term_string"}}],"inLanguage":"en-US"},{"@type":"Organization","@id":"https:\/\/arbejdermuseet.dk\/en\/#organization","name":"Arbejdermuseet","url":"https:\/\/arbejdermuseet.dk\/en\/","logo":{"@type":"ImageObject","inLanguage":"en-US","@id":"https:\/\/arbejdermuseet.dk\/en\/#\/schema\/logo\/image\/","url":"https:\/\/arbejdermuseet.dk\/en\/wp-content\/uploads\/sites\/2\/2025\/01\/Logo.svg","contentUrl":"https:\/\/arbejdermuseet.dk\/en\/wp-content\/uploads\/sites\/2\/2025\/01\/Logo.svg","caption":"Arbejdermuseet"},"image":{"@id":"https:\/\/arbejdermuseet.dk\/en\/#\/schema\/logo\/image\/"}}]}},"_links":{"self":[{"href":"https:\/\/arbejdermuseet.dk\/en\/wp-json\/wp\/v2\/pages\/40503","targetHints":{"allow":["GET"]}}],"collection":[{"href":"https:\/\/arbejdermuseet.dk\/en\/wp-json\/wp\/v2\/pages"}],"about":[{"href":"https:\/\/arbejdermuseet.dk\/en\/wp-json\/wp\/v2\/types\/page"}],"author":[{"embeddable":true,"href":"https:\/\/arbejdermuseet.dk\/en\/wp-json\/wp\/v2\/users\/7"}],"replies":[{"embeddable":true,"href":"https:\/\/arbejdermuseet.dk\/en\/wp-json\/wp\/v2\/comments?post=40503"}],"version-history":[{"count":6,"href":"https:\/\/arbejdermuseet.dk\/en\/wp-json\/wp\/v2\/pages\/40503\/revisions"}],"predecessor-version":[{"id":47677,"href":"https:\/\/arbejdermuseet.dk\/en\/wp-json\/wp\/v2\/pages\/40503\/revisions\/47677"}],"up":[{"embeddable":true,"href":"https:\/\/arbejdermuseet.dk\/en\/wp-json\/wp\/v2\/pages\/41485"}],"wp:featuredmedia":[{"embeddable":true,"href":"https:\/\/arbejdermuseet.dk\/en\/wp-json\/wp\/v2\/media\/42003"}],"wp:attachment":[{"href":"https:\/\/arbejdermuseet.dk\/en\/wp-json\/wp\/v2\/media?parent=40503"}],"curies":[{"name":"wp","href":"https:\/\/api.w.org\/{rel}","templated":true}]}}